{"id":3571,"date":"2024-05-10T12:59:07","date_gmt":"2024-05-10T10:59:07","guid":{"rendered":"https:\/\/dara.aragon.es\/dara\/archivosfotograficos\/?page_id=3571"},"modified":"2025-10-28T17:51:24","modified_gmt":"2025-10-28T16:51:24","slug":"juan-mora-insa","status":"publish","type":"page","link":"https:\/\/dara.aragon.es\/dara\/archivosfotograficos\/fotografos-y-empresas-de-fotografia\/juan-mora-insa\/","title":{"rendered":"Juan Mora Insa"},"content":{"rendered":"<p>[et_pb_section fb_built=\u00bb1&#8243; _builder_version=\u00bb4.20.2&#8243; _module_preset=\u00bbdefault\u00bb global_colors_info=\u00bb{}\u00bb theme_builder_area=\u00bbpost_content\u00bb][et_pb_row column_structure=\u00bb1_5,3_5,1_5&#8243; _builder_version=\u00bb4.20.2&#8243; _module_preset=\u00bbdefault\u00bb global_colors_info=\u00bb{}\u00bb theme_builder_area=\u00bbpost_content\u00bb][et_pb_column type=\u00bb1_5&#8243; _builder_version=\u00bb4.20.2&#8243; _module_preset=\u00bbdefault\u00bb global_colors_info=\u00bb{}\u00bb theme_builder_area=\u00bbpost_content\u00bb][et_pb_text _builder_version=\u00bb4.27.4&#8243; _module_preset=\u00bbdefault\u00bb background_image=\u00bbhttps:\/\/dara.aragon.es\/dara\/archivosfotograficos\/wp-content\/uploads\/sites\/6\/2024\/10\/Juan-Mora-Insa.png\u00bb min_height=\u00bb377.4px\u00bb custom_margin=\u00bb||||false|false\u00bb custom_padding=\u00bb||||false|false\u00bb border_color_all=\u00bb#0C71C3&#8243; border_style_all=\u00bbnone\u00bb global_colors_info=\u00bb{}\u00bb theme_builder_area=\u00bbpost_content\u00bb]<\/p>\n<div class=\"container text-center\"><\/div>\n<div id=\"tf-about\">\n<div class=\"container\">\n<div class=\"row\">\n<div class=\"col-md-12 \">\n<div class=\"section-title-dara-subportal\">\n<div><\/div>\n<\/div>\n<\/div>\n<\/div>\n<\/div>\n<\/div>\n<p>[\/et_pb_text][et_pb_button button_url=\u00bbhttps:\/\/dara.aragon.es\/opac\/app\/item\/arfo?q=JUAN+MORA&#038;vm=mv&#038;i=112&#038;ft=archive:1&#8243; url_new_window=\u00bbon\u00bb button_text=\u00bbDescripci\u00f3n del fondo \u00bb _builder_version=\u00bb4.27.4&#8243; _module_preset=\u00bbdefault\u00bb custom_button=\u00bbon\u00bb button_text_size=\u00bb16px\u00bb button_text_color=\u00bb#26528D\u00bb button_border_width=\u00bb0px\u00bb button_border_radius=\u00bb0px\u00bb button_icon=\u00bb&#xf35d;||fa||900&#8243; button_on_hover=\u00bboff\u00bb custom_margin=\u00bb||40px||false|false\u00bb locked=\u00bboff\u00bb global_colors_info=\u00bb%91%93&#8243; theme_builder_area=\u00bbpost_content\u00bb][\/et_pb_button][\/et_pb_column][et_pb_column type=\u00bb3_5&#8243; _builder_version=\u00bb4.20.2&#8243; _module_preset=\u00bbdefault\u00bb global_colors_info=\u00bb{}\u00bb theme_builder_area=\u00bbpost_content\u00bb][et_pb_text _builder_version=\u00bb4.20.2&#8243; _module_preset=\u00bbdefault\u00bb text_text_color=\u00bb#8F8F8F\u00bb text_font_size=\u00bb15px\u00bb width=\u00bb84%\u00bb custom_margin=\u00bb||||false|false\u00bb custom_padding=\u00bb||0px||false|false\u00bb global_colors_info=\u00bb{}\u00bb theme_builder_area=\u00bbpost_content\u00bb]<\/p>\n<h2 style=\"text-align: left\"><span style=\"color: #0c71c3\"><strong>ARCHIVO FOTOGR\u00c1FICO DE JUAN MORA INSA (<span>1905-1954<\/span>)<\/strong><\/span><\/h2>\n<h3 style=\"text-align: left\"><a href=\"https:\/\/dara.aragon.es\/dara\/archivosfotograficos\/archivo-historico-provincial-de-zaragoza\/\" target=\"_blank\" rel=\"noopener\"><span style=\"color: #2b2b2b\">ARCHIVO HIST\u00d3RICO PROVINCIAL DE ZARAGOZA<\/span><\/a><\/h3>\n<p>[\/et_pb_text][et_pb_text _builder_version=\u00bb4.20.2&#8243; _module_preset=\u00bbdefault\u00bb global_colors_info=\u00bb{}\u00bb theme_builder_area=\u00bbpost_content\u00bb]<\/p>\n<p style=\"text-align: justify\">Juan Mora Insa (Escatr\u00f3n, 1880 \u2013 Zaragoza, 1954) fue un fot\u00f3grafo profesional. Se form\u00f3 desde 1896 en la Escuela de Artes y Oficios de Zaragoza, primero estudiando asignaturas generales y, entre 1899 y 1902, en el reci\u00e9n creado taller pr\u00e1ctico de \u00abFotograf\u00eda y Procedimientos Fotoqu\u00edmicos\u00bb, donde obtuvo excelentes calificaciones. Sin acabar de terminar sus estudios, pas\u00f3 a formarse simult\u00e1neamente en el estudio de <a href=\"https:\/\/dara.aragon.es\/dara\/archivosfotograficos\/estudio-coyne-4\/\">Ignacio Coyne<\/a> (1900-1905). Posteriormente, viaj\u00f3 a Par\u00eds para ampliar sus conocimientos fotogr\u00e1ficos donde trabaj\u00f3 en el estudio fotogr\u00e1fico de Henri Manuel entre 1905 y 1908.<\/p>\n<p style=\"text-align: justify\">De vuelta a Zaragoza, se estableci\u00f3 por su cuenta e inici\u00f3 un trabajo sistem\u00e1tico llamado \u00abArchivo de arte aragon\u00e9s\u00bb, el cual consist\u00eda en recoger fotograf\u00edas de los monumentos, especialmente arquitectura y escultura de toda la regi\u00f3n. Perdi\u00f3 una pierna en su infancia, pero esto no le impidi\u00f3 viajar por las tres provincias y algunas otras lim\u00edtrofes, como Navarra o Soria, muy a menudo utilizando la bicicleta como medio de locomoci\u00f3n y de transporte del equipo.<\/p>\n<p style=\"text-align: justify\">Su primera exposici\u00f3n tuvo lugar en Zaragoza, en 1924. Public\u00f3 sus fotograf\u00edas en la prensa regional, especialmente en el<span>\u00a0<\/span><em>Heraldo de Arag\u00f3n<\/em><span>\u00a0<\/span>y en la<span>\u00a0<\/span><em>Revista Arag\u00f3n<\/em>. Tambi\u00e9n comercializ\u00f3 sus trabajos en tarjetas postales.<span>\u00a0<\/span><span>Adem\u00e1s del Archivo de arte aragon\u00e9s, tambi\u00e9n cultiv\u00f3 la fotograf\u00eda industrial. En 1929 fue nombrado fot\u00f3grafo de la reci\u00e9n creada Confederaci\u00f3n Hidrogr\u00e1fica del Ebro. Fue miembro de la Sociedad Fotogr\u00e1fica de Zaragoza y de la Real Academia de Bellas Artes de San Luis de Zaragoza y del\u00a0<em>College of Arts Association of America<\/em>.<\/span><\/p>\n<p style=\"text-align: justify\"><span>El fondo fotogr\u00e1fico se deposita en el archivo en 1998, complementado en 2004 con el ingreso de material complementario y fue comprado por la Diputaci\u00f3n General de Arag\u00f3n en 1985 y depositado en el Archivo.<\/span><\/p>\n<p>[\/et_pb_text][et_pb_tabs _builder_version=\u00bb4.27.4&#8243; _module_preset=\u00bbdefault\u00bb body_text_color=\u00bb#232323&#8243; global_colors_info=\u00bb{}\u00bb theme_builder_area=\u00bbpost_content\u00bb][et_pb_tab title=\u00bbVOLUMEN Y SOPORTE\u00bb _builder_version=\u00bb4.27.4&#8243; _module_preset=\u00bbdefault\u00bb body_font=\u00bb||||||||\u00bb body_text_color=\u00bb#232323&#8243; tab_font=\u00bb|600|||||||\u00bb tab_font_size=\u00bb13px\u00bb global_colors_info=\u00bb{}\u00bb theme_builder_area=\u00bbpost_content\u00bb]<\/p>\n<p><span>5.645 fotograf\u00edas<\/span><br \/><span>Placas de cristal y pel\u00edculas de acetato (negativos) y positivos en papel. Negativos, en su mayor parte sobre placas de vidrio de 13 x 18 cm<\/span><\/p>\n<p>[\/et_pb_tab][et_pb_tab title=\u00bbALCANCE Y CONTENIDO\u00bb _builder_version=\u00bb4.20.2&#8243; _module_preset=\u00bbdefault\u00bb global_colors_info=\u00bb{}\u00bb theme_builder_area=\u00bbpost_content\u00bb]<\/p>\n<p style=\"text-align: justify\"><span>La mayor parte del fondo est\u00e1 constituido por el Archivo de Arte Aragon\u00e9s. Contiene fotograf\u00edas del patrimonio art\u00edstico aragon\u00e9s y patrimonio industrial.<\/span><\/p>\n<p style=\"text-align: justify\"><span>El fondo est\u00e1 dividido en dos agrupaciones: el Archivo de Arte Aragon\u00e9s, con 3769 fotograf\u00edas, y el resto de las im\u00e1genes que se conservan, bajo el t\u00edtulo de Mora industrial. La primera agrupaci\u00f3n se hallaba descrita por el mismo fot\u00f3grafo, con fichas de lugares, autores, temas y estilos art\u00edsticos. Esta descripci\u00f3n se ha respetado al incorporarse al Archivo porque ha sido muy conocida y utilizada. La segunda secci\u00f3n, el Mora Industrial, es el resultado de los trabajos de estudio por encargo e incluye un grupo importante de fotograf\u00edas sobre las obras del Pilar, adem\u00e1s de algunas relacionadas con la Confederaci\u00f3n Hidrogr\u00e1fica del Ebro. La descripci\u00f3n, somera, ha sido realizada por el Archivo Hist\u00f3rico Provincial.<\/span><\/p>\n<p style=\"text-align: justify\"><span>Fotograf\u00edas de encargo de Juan Mora como fot\u00f3grafo profesional, junto con algunos artefactos con importantes retoques que fueron utilizados como ensayos o pruebas del fot\u00f3grafo.<\/span><\/p>\n<p style=\"text-align: justify\">Por la diversidad de sus clientes, obedecen a los m\u00e1s variados temas pero destacan especialmente las fotograf\u00edas de instalaciones industriales y fabriles como la f\u00e1brica de cervezas de la Zaragozana o las cocinas Izuzquiza.<\/p>\n<p style=\"text-align: justify\">Tambi\u00e9n son importantes los reportajes relacionados con artistas aragoneses de su \u00e9poca para documentar las obras que estaban realizando. Es el caso de pintores como Salvador Mart\u00ednez Blasco o Luis Gracia Pueyo, o de escultores como F\u00e9lix Burriel o Jos\u00e9 Bueno.<\/p>\n<p style=\"text-align: justify\">Entre sus clientes tambi\u00e9n figuran las m\u00e1s importantes instituciones culturales de Zaragoza, como la Biblioteca Universitaria, el Archivo Municipal o el Museo de Zaragoza, lo que se queda reflejado en la cantidad de fotograf\u00edas que se conservan de ellas.<\/p>\n<p style=\"text-align: justify\">No menos importantes son las fotograf\u00edas encargadas por los Cabildos de la Seo y del Pilar. En este grupo destacan reportajes como los dedicados a la restauraci\u00f3n de la Bas\u00edlica del Pilar.<\/p>\n<p style=\"text-align: justify\">Por su volumen, es significativo el grupo de fotograf\u00edas de arte, que complemente la secci\u00f3n de Archivo de Arte Aragon\u00e9s del mismo fondo.<\/p>\n<p>[\/et_pb_tab][et_pb_tab title=\u00bbM\u00c1S INFORMACI\u00d3N\u00bb _builder_version=\u00bb4.20.2&#8243; _module_preset=\u00bbdefault\u00bb global_colors_info=\u00bb{}\u00bb theme_builder_area=\u00bbpost_content\u00bb]<\/p>\n<p><span>&#8211; CARB\u00d3 PERSEGUER, Enrique, \u00abUna memoria gr\u00e1fica de Arag\u00f3n: el Archivo fotogr\u00e1fico de Juan Mora Insa\u00bb, en <i>Im\u00e1genes de Arag\u00f3n, Ayer: fotograf\u00edas de Juan Mora Insa,\u00a0<\/i>Zaragoza: Diputaci\u00f3n General de Arag\u00f3n, Dpto. de Cultura y Educaci\u00f3n, 1986, pp. 17-28.<\/span><\/p>\n<p><span>&#8211; ESP\u00c1 LASAOSA, Virginia: <i>Juan Mora Insa (1880-1954): afici\u00f3n, profesi\u00f3n y encargo en la fotograf\u00eda aragonesa,\u00a0<\/i>Universidad de Zaragoza, 2000.<\/span><\/p>\n<p>&#8211; FUENTES DE C\u00cdA, \u00c1ngel, <em>Juan Mora Insa, Archivo Fotogr\u00e1fico de Arte Aragon\u00e9s<\/em>, Zaragoza, Gobierno de Arag\u00f3n, Dpto. de Educaci\u00f3n y Cultura, 1994.<\/p>\n<p>[\/et_pb_tab][\/et_pb_tabs][\/et_pb_column][et_pb_column type=\u00bb1_5&#8243; _builder_version=\u00bb4.20.2&#8243; _module_preset=\u00bbdefault\u00bb global_colors_info=\u00bb{}\u00bb theme_builder_area=\u00bbpost_content\u00bb][et_pb_blurb title=\u00bbTodas las fotograf\u00edas\u00bb use_icon=\u00bbon\u00bb font_icon=\u00bb&#x55;||divi||400&#8243; icon_placement=\u00bbleft\u00bb image_icon_width=\u00bb30px\u00bb _builder_version=\u00bb4.27.4&#8243; _module_preset=\u00bb1ea53d41-9439-472c-8d8b-7bddb3bf9444&#8243; body_line_height=\u00bb1.3em\u00bb image_icon_custom_margin=\u00bb0px||||false|false\u00bb image_icon_custom_padding=\u00bb0px||0px||false|false\u00bb custom_margin=\u00bb||||false|false\u00bb custom_padding=\u00bb0px||||false|false\u00bb link_option_url=\u00bbhttps:\/\/dara.aragon.es\/opac\/app\/results\/arfo?p=0&#038;q=JUAN+MORA&#038;vm=mv&#038;ft=archive:1&#8243; link_option_url_new_window=\u00bbon\u00bb hover_enabled=\u00bb0&#8243; locked=\u00bboff\u00bb global_colors_info=\u00bb{%22#0e0c19%22:%91%22header_text_color%22,%22header_text_color%22%93,%22#ffc300%22:%91%22icon_color%22,%22icon_color%22%93,%22#3c3a47%22:%91%22body_text_color%22%93}\u00bb theme_builder_area=\u00bbpost_content\u00bb sticky_enabled=\u00bb0&#8243;][\/et_pb_blurb][et_pb_text _builder_version=\u00bb4.20.2&#8243; _module_preset=\u00bbdefault\u00bb custom_margin=\u00bb||||false|false\u00bb link_option_url=\u00bbhttps:\/\/www.google.com\/maps\/place\/Archivo+Hist%C3%B3rico+Provincial+de+Zaragoza\/@41.6543511,-0.87644,15z\/data=!4m14!1m7!3m6!1s0xd5914f26e1f0de7:0x3fd79b3efa663edf!2sArchivo+Hist%C3%B3rico+Provincial+de+Zaragoza!8m2!3d41.6543511!4d-0.87644!16s%2Fg%2F11cr_hl854!3m5!1s0xd5914f26e1f0de7:0x3fd79b3efa663edf!8m2!3d41.6543511!4d-0.87644!16s%2Fg%2F11cr_hl854?entry=ttu\u00bb global_colors_info=\u00bb{}\u00bb theme_builder_area=\u00bbpost_content\u00bb]<\/p>\n<p><img loading=\"lazy\" decoding=\"async\" src=\"https:\/\/dara.aragon.es\/dara\/archivosfotograficos\/wp-content\/uploads\/sites\/6\/2024\/03\/Mapa-AHPZ.png\" width=\"1300\" height=\"676\" alt=\"\" class=\"wp-image-1255 alignnone size-full\" srcset=\"https:\/\/dara.aragon.es\/dara\/archivosfotograficos\/wp-content\/uploads\/sites\/6\/2024\/03\/Mapa-AHPZ.png 1300w, https:\/\/dara.aragon.es\/dara\/archivosfotograficos\/wp-content\/uploads\/sites\/6\/2024\/03\/Mapa-AHPZ-1280x666.png 1280w, https:\/\/dara.aragon.es\/dara\/archivosfotograficos\/wp-content\/uploads\/sites\/6\/2024\/03\/Mapa-AHPZ-980x510.png 980w, https:\/\/dara.aragon.es\/dara\/archivosfotograficos\/wp-content\/uploads\/sites\/6\/2024\/03\/Mapa-AHPZ-480x250.png 480w\" sizes=\"(min-width: 0px) and (max-width: 480px) 480px, (min-width: 481px) and (max-width: 980px) 980px, (min-width: 981px) and (max-width: 1280px) 1280px, (min-width: 1281px) 1300px, 100vw\" \/><\/p>\n<p><strong>Direcci\u00f3n:<\/strong><br \/><span>C\/ Diego Dormer, n.\u00ba 6-8. 50001-Zaragoza<\/span><br \/><strong>Tel\u00e9fono de contacto:<\/strong><br \/><span style=\"color: #ff9900\">(34) 976 397 566<\/span><br \/><span style=\"color: #ff9900\">FAX: 976 397 507<\/span><span><\/span><br \/><strong>E-mail:<\/strong><br \/><span>ahpz@aragon.es<\/span><br \/><strong>Sitio web:<\/strong><br \/><a href=\"https:\/\/culturadearagon.es\/archivos\/archivo-historico-provincial-de-zaragoza\/\" target=\"_blank\" rel=\"noopener\">web del archivo<\/a><\/p>\n<p>[\/et_pb_text][et_pb_social_media_follow _builder_version=\u00bb4.20.2&#8243; _module_preset=\u00bbdefault\u00bb custom_margin=\u00bb||||false|false\u00bb custom_padding=\u00bb0px|||||\u00bb global_colors_info=\u00bb{}\u00bb theme_builder_area=\u00bbpost_content\u00bb][et_pb_social_media_follow_network social_network=\u00bbfacebook\u00bb url=\u00bbhttps:\/\/www.facebook.com\/ahpzaragoza\u00bb _builder_version=\u00bb4.20.2&#8243; _module_preset=\u00bbdefault\u00bb background_color=\u00bb#3b5998&#8243; global_colors_info=\u00bb{}\u00bb theme_builder_area=\u00bbpost_content\u00bb follow_button=\u00bboff\u00bb url_new_window=\u00bbon\u00bb]facebook[\/et_pb_social_media_follow_network][et_pb_social_media_follow_network social_network=\u00bbtwitter\u00bb url=\u00bbhttps:\/\/twitter.com\/AhpZaragoza\u00bb _builder_version=\u00bb4.22.2&#8243; _module_preset=\u00bbdefault\u00bb background_color=\u00bb#000000&#8243; global_colors_info=\u00bb{}\u00bb theme_builder_area=\u00bbpost_content\u00bb follow_button=\u00bboff\u00bb url_new_window=\u00bbon\u00bb]twitter[\/et_pb_social_media_follow_network][et_pb_social_media_follow_network social_network=\u00bbinstagram\u00bb url=\u00bbhttps:\/\/www.instagram.com\/ahpzaragoza\/\u00bb _builder_version=\u00bb4.20.2&#8243; _module_preset=\u00bbdefault\u00bb background_color=\u00bb#ea2c59&#8243; global_colors_info=\u00bb{}\u00bb theme_builder_area=\u00bbpost_content\u00bb follow_button=\u00bboff\u00bb url_new_window=\u00bbon\u00bb]instagram[\/et_pb_social_media_follow_network][\/et_pb_social_media_follow][\/et_pb_column][\/et_pb_row][\/et_pb_section]<\/p>\n","protected":false},"excerpt":{"rendered":"<p>ARCHIVO FOTOGR\u00c1FICO DE JUAN MORA INSA (1905-1954) ARCHIVO HIST\u00d3RICO PROVINCIAL DE ZARAGOZAJuan Mora Insa (Escatr\u00f3n, 1880 \u2013 Zaragoza, 1954) fue un fot\u00f3grafo profesional. Se form\u00f3 desde 1896 en la Escuela de Artes y Oficios de Zaragoza, primero estudiando asignaturas generales y, entre 1899 y 1902, en el reci\u00e9n creado taller pr\u00e1ctico de \u00abFotograf\u00eda y Procedimientos [&hellip;]<\/p>\n","protected":false},"author":31,"featured_media":1255,"parent":82,"menu_order":0,"comment_status":"closed","ping_status":"closed","template":"","meta":{"_et_pb_use_builder":"on","_et_pb_old_content":"","_et_gb_content_width":"","footnotes":""},"class_list":["post-3571","page","type-page","status-publish","has-post-thumbnail","hentry"],"yoast_head":"<!-- This site is optimized with the Yoast SEO plugin v26.2 - https:\/\/yoast.com\/wordpress\/plugins\/seo\/ -->\n<title>Juan Mora Insa - ARCHIVOS FOTOGR\u00c1FICOS<\/title>\n<meta name=\"robots\" content=\"index, follow, max-snippet:-1, max-image-preview:large, max-video-preview:-1\" \/>\n<link rel=\"canonical\" href=\"https:\/\/dara.aragon.es\/dara\/archivosfotograficos\/fotografos-y-empresas-de-fotografia\/juan-mora-insa\/\" \/>\n<meta property=\"og:locale\" content=\"es_ES\" \/>\n<meta property=\"og:type\" content=\"article\" \/>\n<meta property=\"og:title\" content=\"Juan Mora Insa - ARCHIVOS FOTOGR\u00c1FICOS\" \/>\n<meta property=\"og:description\" content=\"ARCHIVO FOTOGR\u00c1FICO DE JUAN MORA INSA (1905-1954) ARCHIVO HIST\u00d3RICO PROVINCIAL DE ZARAGOZAJuan Mora Insa (Escatr\u00f3n, 1880 \u2013 Zaragoza, 1954) fue un fot\u00f3grafo profesional. Se form\u00f3 desde 1896 en la Escuela de Artes y Oficios de Zaragoza, primero estudiando asignaturas generales y, entre 1899 y 1902, en el reci\u00e9n creado taller pr\u00e1ctico de \u00abFotograf\u00eda y Procedimientos [&hellip;]\" \/>\n<meta property=\"og:url\" content=\"https:\/\/dara.aragon.es\/dara\/archivosfotograficos\/fotografos-y-empresas-de-fotografia\/juan-mora-insa\/\" \/>\n<meta property=\"og:site_name\" content=\"ARCHIVOS FOTOGR\u00c1FICOS\" \/>\n<meta property=\"article:modified_time\" content=\"2025-10-28T16:51:24+00:00\" \/>\n<meta property=\"og:image\" content=\"https:\/\/dara.aragon.es\/dara\/archivosfotograficos\/wp-content\/uploads\/sites\/6\/2024\/03\/Mapa-AHPZ.png\" \/>\n\t<meta property=\"og:image:width\" content=\"1300\" \/>\n\t<meta property=\"og:image:height\" content=\"676\" \/>\n\t<meta property=\"og:image:type\" content=\"image\/png\" \/>\n<meta name=\"twitter:card\" content=\"summary_large_image\" \/>\n<meta name=\"twitter:label1\" content=\"Tiempo de lectura\" \/>\n\t<meta name=\"twitter:data1\" content=\"8 minutos\" \/>\n<script type=\"application\/ld+json\" class=\"yoast-schema-graph\">{\"@context\":\"https:\/\/schema.org\",\"@graph\":[{\"@type\":\"WebPage\",\"@id\":\"https:\/\/dara.aragon.es\/dara\/archivosfotograficos\/fotografos-y-empresas-de-fotografia\/juan-mora-insa\/\",\"url\":\"https:\/\/dara.aragon.es\/dara\/archivosfotograficos\/fotografos-y-empresas-de-fotografia\/juan-mora-insa\/\",\"name\":\"Juan Mora Insa - ARCHIVOS FOTOGR\u00c1FICOS\",\"isPartOf\":{\"@id\":\"https:\/\/dara.aragon.es\/dara\/archivosfotograficos\/#website\"},\"primaryImageOfPage\":{\"@id\":\"https:\/\/dara.aragon.es\/dara\/archivosfotograficos\/fotografos-y-empresas-de-fotografia\/juan-mora-insa\/#primaryimage\"},\"image\":{\"@id\":\"https:\/\/dara.aragon.es\/dara\/archivosfotograficos\/fotografos-y-empresas-de-fotografia\/juan-mora-insa\/#primaryimage\"},\"thumbnailUrl\":\"https:\/\/dara.aragon.es\/dara\/archivosfotograficos\/wp-content\/uploads\/sites\/6\/2024\/03\/Mapa-AHPZ.png\",\"datePublished\":\"2024-05-10T10:59:07+00:00\",\"dateModified\":\"2025-10-28T16:51:24+00:00\",\"breadcrumb\":{\"@id\":\"https:\/\/dara.aragon.es\/dara\/archivosfotograficos\/fotografos-y-empresas-de-fotografia\/juan-mora-insa\/#breadcrumb\"},\"inLanguage\":\"es\",\"potentialAction\":[{\"@type\":\"ReadAction\",\"target\":[\"https:\/\/dara.aragon.es\/dara\/archivosfotograficos\/fotografos-y-empresas-de-fotografia\/juan-mora-insa\/\"]}]},{\"@type\":\"ImageObject\",\"inLanguage\":\"es\",\"@id\":\"https:\/\/dara.aragon.es\/dara\/archivosfotograficos\/fotografos-y-empresas-de-fotografia\/juan-mora-insa\/#primaryimage\",\"url\":\"https:\/\/dara.aragon.es\/dara\/archivosfotograficos\/wp-content\/uploads\/sites\/6\/2024\/03\/Mapa-AHPZ.png\",\"contentUrl\":\"https:\/\/dara.aragon.es\/dara\/archivosfotograficos\/wp-content\/uploads\/sites\/6\/2024\/03\/Mapa-AHPZ.png\",\"width\":1300,\"height\":676},{\"@type\":\"BreadcrumbList\",\"@id\":\"https:\/\/dara.aragon.es\/dara\/archivosfotograficos\/fotografos-y-empresas-de-fotografia\/juan-mora-insa\/#breadcrumb\",\"itemListElement\":[{\"@type\":\"ListItem\",\"position\":1,\"name\":\"Fotodara\",\"item\":\"https:\/\/dara.aragon.es\/dara\/archivosfotograficos\/\"},{\"@type\":\"ListItem\",\"position\":2,\"name\":\"Fot\u00f3grafos\",\"item\":\"https:\/\/dara.aragon.es\/dara\/archivosfotograficos\/fotografos-y-empresas-de-fotografia\/\"},{\"@type\":\"ListItem\",\"position\":3,\"name\":\"Juan Mora Insa\"}]},{\"@type\":\"WebSite\",\"@id\":\"https:\/\/dara.aragon.es\/dara\/archivosfotograficos\/#website\",\"url\":\"https:\/\/dara.aragon.es\/dara\/archivosfotograficos\/\",\"name\":\"ARCHIVOS FOTOGR\u00c1FICOS\",\"description\":\"Otro sitio m\u00e1s de PORTALES DARA\",\"potentialAction\":[{\"@type\":\"SearchAction\",\"target\":{\"@type\":\"EntryPoint\",\"urlTemplate\":\"https:\/\/dara.aragon.es\/dara\/archivosfotograficos\/?s={search_term_string}\"},\"query-input\":{\"@type\":\"PropertyValueSpecification\",\"valueRequired\":true,\"valueName\":\"search_term_string\"}}],\"inLanguage\":\"es\"}]}<\/script>\n<!-- \/ Yoast SEO plugin. -->","yoast_head_json":{"title":"Juan Mora Insa - ARCHIVOS FOTOGR\u00c1FICOS","robots":{"index":"index","follow":"follow","max-snippet":"max-snippet:-1","max-image-preview":"max-image-preview:large","max-video-preview":"max-video-preview:-1"},"canonical":"https:\/\/dara.aragon.es\/dara\/archivosfotograficos\/fotografos-y-empresas-de-fotografia\/juan-mora-insa\/","og_locale":"es_ES","og_type":"article","og_title":"Juan Mora Insa - ARCHIVOS FOTOGR\u00c1FICOS","og_description":"ARCHIVO FOTOGR\u00c1FICO DE JUAN MORA INSA (1905-1954) ARCHIVO HIST\u00d3RICO PROVINCIAL DE ZARAGOZAJuan Mora Insa (Escatr\u00f3n, 1880 \u2013 Zaragoza, 1954) fue un fot\u00f3grafo profesional. Se form\u00f3 desde 1896 en la Escuela de Artes y Oficios de Zaragoza, primero estudiando asignaturas generales y, entre 1899 y 1902, en el reci\u00e9n creado taller pr\u00e1ctico de \u00abFotograf\u00eda y Procedimientos [&hellip;]","og_url":"https:\/\/dara.aragon.es\/dara\/archivosfotograficos\/fotografos-y-empresas-de-fotografia\/juan-mora-insa\/","og_site_name":"ARCHIVOS FOTOGR\u00c1FICOS","article_modified_time":"2025-10-28T16:51:24+00:00","og_image":[{"width":1300,"height":676,"url":"https:\/\/dara.aragon.es\/dara\/archivosfotograficos\/wp-content\/uploads\/sites\/6\/2024\/03\/Mapa-AHPZ.png","type":"image\/png"}],"twitter_card":"summary_large_image","twitter_misc":{"Tiempo de lectura":"8 minutos"},"schema":{"@context":"https:\/\/schema.org","@graph":[{"@type":"WebPage","@id":"https:\/\/dara.aragon.es\/dara\/archivosfotograficos\/fotografos-y-empresas-de-fotografia\/juan-mora-insa\/","url":"https:\/\/dara.aragon.es\/dara\/archivosfotograficos\/fotografos-y-empresas-de-fotografia\/juan-mora-insa\/","name":"Juan Mora Insa - ARCHIVOS FOTOGR\u00c1FICOS","isPartOf":{"@id":"https:\/\/dara.aragon.es\/dara\/archivosfotograficos\/#website"},"primaryImageOfPage":{"@id":"https:\/\/dara.aragon.es\/dara\/archivosfotograficos\/fotografos-y-empresas-de-fotografia\/juan-mora-insa\/#primaryimage"},"image":{"@id":"https:\/\/dara.aragon.es\/dara\/archivosfotograficos\/fotografos-y-empresas-de-fotografia\/juan-mora-insa\/#primaryimage"},"thumbnailUrl":"https:\/\/dara.aragon.es\/dara\/archivosfotograficos\/wp-content\/uploads\/sites\/6\/2024\/03\/Mapa-AHPZ.png","datePublished":"2024-05-10T10:59:07+00:00","dateModified":"2025-10-28T16:51:24+00:00","breadcrumb":{"@id":"https:\/\/dara.aragon.es\/dara\/archivosfotograficos\/fotografos-y-empresas-de-fotografia\/juan-mora-insa\/#breadcrumb"},"inLanguage":"es","potentialAction":[{"@type":"ReadAction","target":["https:\/\/dara.aragon.es\/dara\/archivosfotograficos\/fotografos-y-empresas-de-fotografia\/juan-mora-insa\/"]}]},{"@type":"ImageObject","inLanguage":"es","@id":"https:\/\/dara.aragon.es\/dara\/archivosfotograficos\/fotografos-y-empresas-de-fotografia\/juan-mora-insa\/#primaryimage","url":"https:\/\/dara.aragon.es\/dara\/archivosfotograficos\/wp-content\/uploads\/sites\/6\/2024\/03\/Mapa-AHPZ.png","contentUrl":"https:\/\/dara.aragon.es\/dara\/archivosfotograficos\/wp-content\/uploads\/sites\/6\/2024\/03\/Mapa-AHPZ.png","width":1300,"height":676},{"@type":"BreadcrumbList","@id":"https:\/\/dara.aragon.es\/dara\/archivosfotograficos\/fotografos-y-empresas-de-fotografia\/juan-mora-insa\/#breadcrumb","itemListElement":[{"@type":"ListItem","position":1,"name":"Fotodara","item":"https:\/\/dara.aragon.es\/dara\/archivosfotograficos\/"},{"@type":"ListItem","position":2,"name":"Fot\u00f3grafos","item":"https:\/\/dara.aragon.es\/dara\/archivosfotograficos\/fotografos-y-empresas-de-fotografia\/"},{"@type":"ListItem","position":3,"name":"Juan Mora Insa"}]},{"@type":"WebSite","@id":"https:\/\/dara.aragon.es\/dara\/archivosfotograficos\/#website","url":"https:\/\/dara.aragon.es\/dara\/archivosfotograficos\/","name":"ARCHIVOS FOTOGR\u00c1FICOS","description":"Otro sitio m\u00e1s de PORTALES DARA","potentialAction":[{"@type":"SearchAction","target":{"@type":"EntryPoint","urlTemplate":"https:\/\/dara.aragon.es\/dara\/archivosfotograficos\/?s={search_term_string}"},"query-input":{"@type":"PropertyValueSpecification","valueRequired":true,"valueName":"search_term_string"}}],"inLanguage":"es"}]}},"_links":{"self":[{"href":"https:\/\/dara.aragon.es\/dara\/archivosfotograficos\/wp-json\/wp\/v2\/pages\/3571","targetHints":{"allow":["GET"]}}],"collection":[{"href":"https:\/\/dara.aragon.es\/dara\/archivosfotograficos\/wp-json\/wp\/v2\/pages"}],"about":[{"href":"https:\/\/dara.aragon.es\/dara\/archivosfotograficos\/wp-json\/wp\/v2\/types\/page"}],"author":[{"embeddable":true,"href":"https:\/\/dara.aragon.es\/dara\/archivosfotograficos\/wp-json\/wp\/v2\/users\/31"}],"replies":[{"embeddable":true,"href":"https:\/\/dara.aragon.es\/dara\/archivosfotograficos\/wp-json\/wp\/v2\/comments?post=3571"}],"version-history":[{"count":13,"href":"https:\/\/dara.aragon.es\/dara\/archivosfotograficos\/wp-json\/wp\/v2\/pages\/3571\/revisions"}],"predecessor-version":[{"id":5872,"href":"https:\/\/dara.aragon.es\/dara\/archivosfotograficos\/wp-json\/wp\/v2\/pages\/3571\/revisions\/5872"}],"up":[{"embeddable":true,"href":"https:\/\/dara.aragon.es\/dara\/archivosfotograficos\/wp-json\/wp\/v2\/pages\/82"}],"wp:featuredmedia":[{"embeddable":true,"href":"https:\/\/dara.aragon.es\/dara\/archivosfotograficos\/wp-json\/wp\/v2\/media\/1255"}],"wp:attachment":[{"href":"https:\/\/dara.aragon.es\/dara\/archivosfotograficos\/wp-json\/wp\/v2\/media?parent=3571"}],"curies":[{"name":"wp","href":"https:\/\/api.w.org\/{rel}","templated":true}]}}