{"id":4119,"date":"2024-05-22T09:47:05","date_gmt":"2024-05-22T07:47:05","guid":{"rendered":"https:\/\/dara.aragon.es\/dara\/archivosfotograficos\/?page_id=4119"},"modified":"2025-10-28T17:53:18","modified_gmt":"2025-10-28T16:53:18","slug":"lorenzo-almarza-mallaina","status":"publish","type":"page","link":"https:\/\/dara.aragon.es\/dara\/archivosfotograficos\/fotografos-y-empresas-de-fotografia\/lorenzo-almarza-mallaina\/","title":{"rendered":"Lorenzo Almarza Malla\u00edna"},"content":{"rendered":"<p>[et_pb_section fb_built=\u00bb1&#8243; admin_label=\u00bbSecci\u00f3n\u00bb _builder_version=\u00bb4.20.2&#8243; _module_preset=\u00bbdefault\u00bb global_colors_info=\u00bb{}\u00bb theme_builder_area=\u00bbpost_content\u00bb][et_pb_row column_structure=\u00bb1_5,3_5,1_5&#8243; _builder_version=\u00bb4.20.2&#8243; _module_preset=\u00bbdefault\u00bb global_colors_info=\u00bb{}\u00bb theme_builder_area=\u00bbpost_content\u00bb][et_pb_column type=\u00bb1_5&#8243; _builder_version=\u00bb4.20.2&#8243; _module_preset=\u00bbdefault\u00bb global_colors_info=\u00bb{}\u00bb theme_builder_area=\u00bbpost_content\u00bb][et_pb_text _builder_version=\u00bb4.27.4&#8243; _module_preset=\u00bbdefault\u00bb background_image=\u00bbhttps:\/\/dara.aragon.es\/dara\/archivosfotograficos\/wp-content\/uploads\/sites\/6\/2025\/10\/Almarza-Mallaina-Lorenzo.jpg\u00bb min_height=\u00bb377.4px\u00bb custom_margin=\u00bb||||false|false\u00bb custom_padding=\u00bb||||false|false\u00bb border_color_all=\u00bb#0C71C3&#8243; border_style_all=\u00bbnone\u00bb global_colors_info=\u00bb{}\u00bb theme_builder_area=\u00bbpost_content\u00bb][\/et_pb_text][et_pb_button button_url=\u00bbhttps:\/\/dara.aragon.es\/opac\/app\/item\/arfo?vm=mv&#038;i=90004396&#038;ft=archive:5&#038;ft=person:Almarza+Malla%C3%ADna,+Lorenzo\u00bb url_new_window=\u00bbon\u00bb button_text=\u00bbDescripci\u00f3n del fondo \u00bb _builder_version=\u00bb4.27.4&#8243; _module_preset=\u00bbdefault\u00bb custom_button=\u00bbon\u00bb button_text_size=\u00bb16px\u00bb button_text_color=\u00bb#26528D\u00bb button_border_width=\u00bb0px\u00bb button_border_radius=\u00bb0px\u00bb button_icon=\u00bb&#xf35d;||fa||900&#8243; button_on_hover=\u00bboff\u00bb custom_margin=\u00bb||40px||false|false\u00bb locked=\u00bboff\u00bb global_colors_info=\u00bb%91%93&#8243; theme_builder_area=\u00bbpost_content\u00bb][\/et_pb_button][\/et_pb_column][et_pb_column type=\u00bb3_5&#8243; _builder_version=\u00bb4.20.2&#8243; _module_preset=\u00bbdefault\u00bb global_colors_info=\u00bb{}\u00bb theme_builder_area=\u00bbpost_content\u00bb][et_pb_text _builder_version=\u00bb4.27.4&#8243; _module_preset=\u00bbdefault\u00bb global_colors_info=\u00bb{}\u00bb theme_builder_area=\u00bbpost_content\u00bb]<\/p>\n<h2 style=\"text-align: left;\"><span style=\"color: #0c71c3;\"><strong>ARCHIVO FOTOGR\u00c1FICO DE LORENZO ALMARZA MALLA\u00cdNA (<span>1915-1930<\/span>)<\/strong><\/span><\/h2>\n<h3 style=\"text-align: left;\"><a href=\"https:\/\/www.dphuesca.es\/fototeca\" target=\"_blank\" rel=\"noopener\">FOTOTECA DE LA DIPUTACI\u00d3N PROVINCIAL DE HUESCA<\/a><\/h3>\n<p>[\/et_pb_text][et_pb_text _builder_version=\u00bb4.20.2&#8243; _module_preset=\u00bbdefault\u00bb global_colors_info=\u00bb{}\u00bb theme_builder_area=\u00bbpost_content\u00bb]<\/p>\n<p style=\"text-align: justify\"><span>(Ezcaray, 1887 &#8211; Zaragoza, 1975). Militar, empresario y fot\u00f3grafo aficionado. Hijo de Fernando Almarza , General de Brigada, y de Carlota Malla\u00edna, ingres\u00f3 en el Ej\u00e9rcito en 1905 como soldado voluntario y en la Academia de Ingenieros en 1907. Casado desde 1914 con Mar\u00eda del Carmen Laguna de Rins, perteneciente a una conocida familia de Zaragoza, har\u00e1 de esta ciudad la suya hasta su muerte. Tuvo dos grandes aficiones: la monta\u00f1a y la fotograf\u00eda; por eso no es de extra\u00f1ar que fuera socio cofundador de la Sociedad Fotogr\u00e1fica de Zaragoza y su Presidente durante 35 a\u00f1os (1932-1967) y que fundara y fuera tambi\u00e9n presidente de la asociaci\u00f3n \u00abMonta\u00f1eros de Arag\u00f3n\u00bb.<\/span><\/p>\n<p style=\"text-align: justify\"><span>Ten\u00eda un archivo de m\u00e1s de 40.000 negativos, principalmente placas estereosc\u00f3picas sobre cristal y, aunque la mayor parte se ha perdido, se conservan unas 7.000, depositadas por su familia en el Archivo de Fotograf\u00eda e Imagen del Alto Arag\u00f3n de la Diputaci\u00f3n de Huesca en 2005<\/span><\/p>\n<p>[\/et_pb_text][et_pb_tabs _builder_version=\u00bb4.27.4&#8243; _module_preset=\u00bbdefault\u00bb body_text_color=\u00bb#232323&#8243; global_colors_info=\u00bb{}\u00bb theme_builder_area=\u00bbpost_content\u00bb][et_pb_tab title=\u00bbVOLUMEN Y SOPORTE\u00bb _builder_version=\u00bb4.27.4&#8243; _module_preset=\u00bbdefault\u00bb body_font=\u00bb||||||||\u00bb body_text_color=\u00bb#232323&#8243; tab_font=\u00bb|600|||||||\u00bb tab_font_size=\u00bb13px\u00bb global_colors_info=\u00bb{}\u00bb theme_builder_area=\u00bbpost_content\u00bb]<\/p>\n<p style=\"text-align: justify;\"><span>Cerca de 4.000 fotograf\u00edas, de las que 2.729 son placas de vidrio, en su inmensa mayor\u00eda positivas y en formato estereosc\u00f3pico (algunas de ellas tratadas con la t\u00e9cnica del autocromo y, en ocasiones, viradas), 310 negativos flexibles en distintos formatos y 900 positivos en papel de diversos tama\u00f1os<\/span><br \/><span><\/span><\/p>\n<p>[\/et_pb_tab][et_pb_tab title=\u00bbALCANCE Y CONTENIDO\u00bb _builder_version=\u00bb4.20.2&#8243; _module_preset=\u00bbdefault\u00bb global_colors_info=\u00bb{}\u00bb theme_builder_area=\u00bbpost_content\u00bb]<\/p>\n<p style=\"text-align: justify\"><span>Sus primeros trabajos fotogr\u00e1ficos, realizados entre 1912 y 1920, son placas y fotografias estereosc\u00f3picas; luego comienza a trabajar con placas de mayor formato (13&#215;18), que \u00e9l mismo se encarga de retocar. De la \u00e9poca en que estuvo destinado en el Norte de \u00c1frica (1915-1926) datan sus reportajes sobre Marruecos, tratados con un estilo pictorialista muy caracter\u00edstico de aquel tiempo. En su obra se observa un especial cuidado en la elecci\u00f3n de las luces y, aunque practic\u00f3 las t\u00e9cnicas del brom\u00f3leo y el fres\u00f3n, procur\u00f3 siempre que en los positivos no hubiera grandes contrastes tonales. Le gustaba fotografiar paisajes, en los que tiene como principal protagonista el Pirineo, y escenas rurales, en las que busca el tipismo de los pueblos y gentes de la provincia de Huesca. A pesar de su mirada idealizada de la naturaleza y el hombre, y los tratamientos pigmentarios en los positivados, sus fotograf\u00edas conservan la tem\u00e1tica del documento social, es decir, la b\u00fasqueda de la realidad con una mirada testimonial y descriptiva.<\/span><\/p>\n<p>[\/et_pb_tab][et_pb_tab title=\u00bbM\u00c1S INFORMACI\u00d3N\u00bb _builder_version=\u00bb4.20.2&#8243; _module_preset=\u00bbdefault\u00bb global_colors_info=\u00bb{}\u00bb theme_builder_area=\u00bbpost_content\u00bb]<\/p>\n<p style=\"text-align: justify\">&#8211; MART\u00cdNEZ, Covadonga, \u00abLorenzo Almarza, fot\u00f3grafo y pirineista\u00bb en <em>Lorenzo Almarza. El valle de Benasque en los a\u00f1os veinte<\/em>, Diputaci\u00f3n Provincial de Huesca, 2006.<\/p>\n<p style=\"text-align: justify\">&#8211; ROMERO SANTAMAR\u00cdA, Alfredo y Carmelo Tart\u00f3n, <em>Historia de la Real Sociedad Fotogr\u00e1fica de Zaragoza<\/em>, Diputaci\u00f3n Provincial de Zaragoza, 1997.<\/p>\n<p>[\/et_pb_tab][\/et_pb_tabs][\/et_pb_column][et_pb_column type=\u00bb1_5&#8243; _builder_version=\u00bb4.20.2&#8243; _module_preset=\u00bbdefault\u00bb global_colors_info=\u00bb{}\u00bb theme_builder_area=\u00bbpost_content\u00bb][et_pb_blurb title=\u00bbTodas las fotograf\u00edas\u00bb use_icon=\u00bbon\u00bb font_icon=\u00bb&#x55;||divi||400&#8243; icon_placement=\u00bbleft\u00bb image_icon_width=\u00bb30px\u00bb _builder_version=\u00bb4.27.4&#8243; _module_preset=\u00bb1ea53d41-9439-472c-8d8b-7bddb3bf9444&#8243; body_line_height=\u00bb1.3em\u00bb image_icon_custom_margin=\u00bb0px||||false|false\u00bb image_icon_custom_padding=\u00bb0px||0px||false|false\u00bb custom_margin=\u00bb||||false|false\u00bb custom_padding=\u00bb0px||||false|false\u00bb link_option_url=\u00bbhttps:\/\/dara.aragon.es\/opac\/app\/results\/arfo?p=0&#038;vm=mv&#038;ft=archive:5&#038;ft=person:Almarza+Malla%C3%ADna,+Lorenzo\u00bb link_option_url_new_window=\u00bbon\u00bb hover_enabled=\u00bb0&#8243; locked=\u00bboff\u00bb global_colors_info=\u00bb{%22#0e0c19%22:%91%22header_text_color%22,%22header_text_color%22%93,%22#ffc300%22:%91%22icon_color%22,%22icon_color%22%93,%22#3c3a47%22:%91%22body_text_color%22%93}\u00bb theme_builder_area=\u00bbpost_content\u00bb sticky_enabled=\u00bb0&#8243;][\/et_pb_blurb][et_pb_text _builder_version=\u00bb4.20.2&#8243; _module_preset=\u00bbdefault\u00bb custom_margin=\u00bb||||false|false\u00bb link_option_url=\u00bbhttps:\/\/www.google.com\/maps\/place\/Archivo+Hist%C3%B3rico+Provincial+de+Zaragoza\/@41.6543511,-0.87644,15z\/data=!4m14!1m7!3m6!1s0xd5914f26e1f0de7:0x3fd79b3efa663edf!2sArchivo+Hist%C3%B3rico+Provincial+de+Zaragoza!8m2!3d41.6543511!4d-0.87644!16s%2Fg%2F11cr_hl854!3m5!1s0xd5914f26e1f0de7:0x3fd79b3efa663edf!8m2!3d41.6543511!4d-0.87644!16s%2Fg%2F11cr_hl854?entry=ttu\u00bb global_colors_info=\u00bb{}\u00bb theme_builder_area=\u00bbpost_content\u00bb]<\/p>\n<p><img loading=\"lazy\" decoding=\"async\" src=\"https:\/\/dara.aragon.es\/dara\/archivosfotograficos\/wp-content\/uploads\/sites\/6\/2024\/04\/fototeca.png\" width=\"516\" height=\"266\" alt=\"\" class=\"wp-image-1742 alignnone size-full\" srcset=\"https:\/\/dara.aragon.es\/dara\/archivosfotograficos\/wp-content\/uploads\/sites\/6\/2024\/04\/fototeca.png 516w, https:\/\/dara.aragon.es\/dara\/archivosfotograficos\/wp-content\/uploads\/sites\/6\/2024\/04\/fototeca-480x247.png 480w\" sizes=\"(min-width: 0px) and (max-width: 480px) 480px, (min-width: 481px) 516px, 100vw\" \/><\/p>\n<p><strong>Direcci\u00f3n:<\/strong><br \/><span>C\/ Gibraltar, n.\u00ba 13, 22071, Huesca<\/span><br \/><strong>Tel\u00e9fono de contacto:<\/strong><br \/><span style=\"color: #ff9900\">(34) 974 231 671<\/span><br \/><strong>E-mail:<\/strong><br \/><span>fototeca.consultas@dphuesca.es<\/span><br \/><strong>Sitio web:<\/strong><br \/><a href=\"https:\/\/www.dphuesca.es\/fototeca\" target=\"_blank\" rel=\"noopener\">web del archivo<\/a><\/p>\n<p>[\/et_pb_text][et_pb_social_media_follow _builder_version=\u00bb4.20.2&#8243; _module_preset=\u00bbdefault\u00bb custom_margin=\u00bb||||false|false\u00bb custom_padding=\u00bb0px|||||\u00bb global_colors_info=\u00bb{}\u00bb theme_builder_area=\u00bbpost_content\u00bb][et_pb_social_media_follow_network social_network=\u00bbfacebook\u00bb _builder_version=\u00bb4.20.2&#8243; _module_preset=\u00bbdefault\u00bb background_color=\u00bb#3b5998&#8243; global_colors_info=\u00bb{}\u00bb theme_builder_area=\u00bbpost_content\u00bb follow_button=\u00bboff\u00bb url_new_window=\u00bbon\u00bb]facebook[\/et_pb_social_media_follow_network][et_pb_social_media_follow_network social_network=\u00bbtwitter\u00bb _builder_version=\u00bb4.22.2&#8243; _module_preset=\u00bbdefault\u00bb background_color=\u00bb#000000&#8243; global_colors_info=\u00bb{}\u00bb theme_builder_area=\u00bbpost_content\u00bb follow_button=\u00bboff\u00bb url_new_window=\u00bbon\u00bb]twitter[\/et_pb_social_media_follow_network][et_pb_social_media_follow_network social_network=\u00bbinstagram\u00bb _builder_version=\u00bb4.20.2&#8243; _module_preset=\u00bbdefault\u00bb background_color=\u00bb#ea2c59&#8243; global_colors_info=\u00bb{}\u00bb theme_builder_area=\u00bbpost_content\u00bb follow_button=\u00bboff\u00bb url_new_window=\u00bbon\u00bb]instagram[\/et_pb_social_media_follow_network][\/et_pb_social_media_follow][\/et_pb_column][\/et_pb_row][\/et_pb_section]<\/p>\n","protected":false},"excerpt":{"rendered":"<p>ARCHIVO FOTOGR\u00c1FICO DE LORENZO ALMARZA MALLA\u00cdNA (1915-1930) FOTOTECA DE LA DIPUTACI\u00d3N PROVINCIAL DE HUESCA(Ezcaray, 1887 &#8211; Zaragoza, 1975). Militar, empresario y fot\u00f3grafo aficionado. Hijo de Fernando Almarza , General de Brigada, y de Carlota Malla\u00edna, ingres\u00f3 en el Ej\u00e9rcito en 1905 como soldado voluntario y en la Academia de Ingenieros en 1907. Casado desde 1914 [&hellip;]<\/p>\n","protected":false},"author":31,"featured_media":1742,"parent":82,"menu_order":0,"comment_status":"closed","ping_status":"closed","template":"","meta":{"_et_pb_use_builder":"on","_et_pb_old_content":"","_et_gb_content_width":"","footnotes":""},"class_list":["post-4119","page","type-page","status-publish","has-post-thumbnail","hentry"],"yoast_head":"<!-- This site is optimized with the Yoast SEO plugin v26.2 - https:\/\/yoast.com\/wordpress\/plugins\/seo\/ -->\n<title>Lorenzo Almarza Malla\u00edna - ARCHIVOS FOTOGR\u00c1FICOS<\/title>\n<meta name=\"robots\" content=\"index, follow, max-snippet:-1, max-image-preview:large, max-video-preview:-1\" \/>\n<link rel=\"canonical\" href=\"https:\/\/dara.aragon.es\/dara\/archivosfotograficos\/fotografos-y-empresas-de-fotografia\/lorenzo-almarza-mallaina\/\" \/>\n<meta property=\"og:locale\" content=\"es_ES\" \/>\n<meta property=\"og:type\" content=\"article\" \/>\n<meta property=\"og:title\" content=\"Lorenzo Almarza Malla\u00edna - ARCHIVOS FOTOGR\u00c1FICOS\" \/>\n<meta property=\"og:description\" content=\"ARCHIVO FOTOGR\u00c1FICO DE LORENZO ALMARZA MALLA\u00cdNA (1915-1930) FOTOTECA DE LA DIPUTACI\u00d3N PROVINCIAL DE HUESCA(Ezcaray, 1887 - Zaragoza, 1975). Militar, empresario y fot\u00f3grafo aficionado. Hijo de Fernando Almarza , General de Brigada, y de Carlota Malla\u00edna, ingres\u00f3 en el Ej\u00e9rcito en 1905 como soldado voluntario y en la Academia de Ingenieros en 1907. Casado desde 1914 [&hellip;]\" \/>\n<meta property=\"og:url\" content=\"https:\/\/dara.aragon.es\/dara\/archivosfotograficos\/fotografos-y-empresas-de-fotografia\/lorenzo-almarza-mallaina\/\" \/>\n<meta property=\"og:site_name\" content=\"ARCHIVOS FOTOGR\u00c1FICOS\" \/>\n<meta property=\"article:modified_time\" content=\"2025-10-28T16:53:18+00:00\" \/>\n<meta property=\"og:image\" content=\"https:\/\/dara.aragon.es\/dara\/archivosfotograficos\/wp-content\/uploads\/sites\/6\/2024\/04\/fototeca.png\" \/>\n\t<meta property=\"og:image:width\" content=\"516\" \/>\n\t<meta property=\"og:image:height\" content=\"266\" \/>\n\t<meta property=\"og:image:type\" content=\"image\/png\" \/>\n<meta name=\"twitter:card\" content=\"summary_large_image\" \/>\n<meta name=\"twitter:label1\" content=\"Tiempo de lectura\" \/>\n\t<meta name=\"twitter:data1\" content=\"6 minutos\" \/>\n<script type=\"application\/ld+json\" class=\"yoast-schema-graph\">{\"@context\":\"https:\/\/schema.org\",\"@graph\":[{\"@type\":\"WebPage\",\"@id\":\"https:\/\/dara.aragon.es\/dara\/archivosfotograficos\/fotografos-y-empresas-de-fotografia\/lorenzo-almarza-mallaina\/\",\"url\":\"https:\/\/dara.aragon.es\/dara\/archivosfotograficos\/fotografos-y-empresas-de-fotografia\/lorenzo-almarza-mallaina\/\",\"name\":\"Lorenzo Almarza Malla\u00edna - ARCHIVOS FOTOGR\u00c1FICOS\",\"isPartOf\":{\"@id\":\"https:\/\/dara.aragon.es\/dara\/archivosfotograficos\/#website\"},\"primaryImageOfPage\":{\"@id\":\"https:\/\/dara.aragon.es\/dara\/archivosfotograficos\/fotografos-y-empresas-de-fotografia\/lorenzo-almarza-mallaina\/#primaryimage\"},\"image\":{\"@id\":\"https:\/\/dara.aragon.es\/dara\/archivosfotograficos\/fotografos-y-empresas-de-fotografia\/lorenzo-almarza-mallaina\/#primaryimage\"},\"thumbnailUrl\":\"https:\/\/dara.aragon.es\/dara\/archivosfotograficos\/wp-content\/uploads\/sites\/6\/2024\/04\/fototeca.png\",\"datePublished\":\"2024-05-22T07:47:05+00:00\",\"dateModified\":\"2025-10-28T16:53:18+00:00\",\"breadcrumb\":{\"@id\":\"https:\/\/dara.aragon.es\/dara\/archivosfotograficos\/fotografos-y-empresas-de-fotografia\/lorenzo-almarza-mallaina\/#breadcrumb\"},\"inLanguage\":\"es\",\"potentialAction\":[{\"@type\":\"ReadAction\",\"target\":[\"https:\/\/dara.aragon.es\/dara\/archivosfotograficos\/fotografos-y-empresas-de-fotografia\/lorenzo-almarza-mallaina\/\"]}]},{\"@type\":\"ImageObject\",\"inLanguage\":\"es\",\"@id\":\"https:\/\/dara.aragon.es\/dara\/archivosfotograficos\/fotografos-y-empresas-de-fotografia\/lorenzo-almarza-mallaina\/#primaryimage\",\"url\":\"https:\/\/dara.aragon.es\/dara\/archivosfotograficos\/wp-content\/uploads\/sites\/6\/2024\/04\/fototeca.png\",\"contentUrl\":\"https:\/\/dara.aragon.es\/dara\/archivosfotograficos\/wp-content\/uploads\/sites\/6\/2024\/04\/fototeca.png\",\"width\":516,\"height\":266},{\"@type\":\"BreadcrumbList\",\"@id\":\"https:\/\/dara.aragon.es\/dara\/archivosfotograficos\/fotografos-y-empresas-de-fotografia\/lorenzo-almarza-mallaina\/#breadcrumb\",\"itemListElement\":[{\"@type\":\"ListItem\",\"position\":1,\"name\":\"Fotodara\",\"item\":\"https:\/\/dara.aragon.es\/dara\/archivosfotograficos\/\"},{\"@type\":\"ListItem\",\"position\":2,\"name\":\"Fot\u00f3grafos\",\"item\":\"https:\/\/dara.aragon.es\/dara\/archivosfotograficos\/fotografos-y-empresas-de-fotografia\/\"},{\"@type\":\"ListItem\",\"position\":3,\"name\":\"Lorenzo Almarza Malla\u00edna\"}]},{\"@type\":\"WebSite\",\"@id\":\"https:\/\/dara.aragon.es\/dara\/archivosfotograficos\/#website\",\"url\":\"https:\/\/dara.aragon.es\/dara\/archivosfotograficos\/\",\"name\":\"ARCHIVOS FOTOGR\u00c1FICOS\",\"description\":\"Otro sitio m\u00e1s de PORTALES DARA\",\"potentialAction\":[{\"@type\":\"SearchAction\",\"target\":{\"@type\":\"EntryPoint\",\"urlTemplate\":\"https:\/\/dara.aragon.es\/dara\/archivosfotograficos\/?s={search_term_string}\"},\"query-input\":{\"@type\":\"PropertyValueSpecification\",\"valueRequired\":true,\"valueName\":\"search_term_string\"}}],\"inLanguage\":\"es\"}]}<\/script>\n<!-- \/ Yoast SEO plugin. -->","yoast_head_json":{"title":"Lorenzo Almarza Malla\u00edna - ARCHIVOS FOTOGR\u00c1FICOS","robots":{"index":"index","follow":"follow","max-snippet":"max-snippet:-1","max-image-preview":"max-image-preview:large","max-video-preview":"max-video-preview:-1"},"canonical":"https:\/\/dara.aragon.es\/dara\/archivosfotograficos\/fotografos-y-empresas-de-fotografia\/lorenzo-almarza-mallaina\/","og_locale":"es_ES","og_type":"article","og_title":"Lorenzo Almarza Malla\u00edna - ARCHIVOS FOTOGR\u00c1FICOS","og_description":"ARCHIVO FOTOGR\u00c1FICO DE LORENZO ALMARZA MALLA\u00cdNA (1915-1930) FOTOTECA DE LA DIPUTACI\u00d3N PROVINCIAL DE HUESCA(Ezcaray, 1887 - Zaragoza, 1975). Militar, empresario y fot\u00f3grafo aficionado. Hijo de Fernando Almarza , General de Brigada, y de Carlota Malla\u00edna, ingres\u00f3 en el Ej\u00e9rcito en 1905 como soldado voluntario y en la Academia de Ingenieros en 1907. Casado desde 1914 [&hellip;]","og_url":"https:\/\/dara.aragon.es\/dara\/archivosfotograficos\/fotografos-y-empresas-de-fotografia\/lorenzo-almarza-mallaina\/","og_site_name":"ARCHIVOS FOTOGR\u00c1FICOS","article_modified_time":"2025-10-28T16:53:18+00:00","og_image":[{"width":516,"height":266,"url":"https:\/\/dara.aragon.es\/dara\/archivosfotograficos\/wp-content\/uploads\/sites\/6\/2024\/04\/fototeca.png","type":"image\/png"}],"twitter_card":"summary_large_image","twitter_misc":{"Tiempo de lectura":"6 minutos"},"schema":{"@context":"https:\/\/schema.org","@graph":[{"@type":"WebPage","@id":"https:\/\/dara.aragon.es\/dara\/archivosfotograficos\/fotografos-y-empresas-de-fotografia\/lorenzo-almarza-mallaina\/","url":"https:\/\/dara.aragon.es\/dara\/archivosfotograficos\/fotografos-y-empresas-de-fotografia\/lorenzo-almarza-mallaina\/","name":"Lorenzo Almarza Malla\u00edna - ARCHIVOS FOTOGR\u00c1FICOS","isPartOf":{"@id":"https:\/\/dara.aragon.es\/dara\/archivosfotograficos\/#website"},"primaryImageOfPage":{"@id":"https:\/\/dara.aragon.es\/dara\/archivosfotograficos\/fotografos-y-empresas-de-fotografia\/lorenzo-almarza-mallaina\/#primaryimage"},"image":{"@id":"https:\/\/dara.aragon.es\/dara\/archivosfotograficos\/fotografos-y-empresas-de-fotografia\/lorenzo-almarza-mallaina\/#primaryimage"},"thumbnailUrl":"https:\/\/dara.aragon.es\/dara\/archivosfotograficos\/wp-content\/uploads\/sites\/6\/2024\/04\/fototeca.png","datePublished":"2024-05-22T07:47:05+00:00","dateModified":"2025-10-28T16:53:18+00:00","breadcrumb":{"@id":"https:\/\/dara.aragon.es\/dara\/archivosfotograficos\/fotografos-y-empresas-de-fotografia\/lorenzo-almarza-mallaina\/#breadcrumb"},"inLanguage":"es","potentialAction":[{"@type":"ReadAction","target":["https:\/\/dara.aragon.es\/dara\/archivosfotograficos\/fotografos-y-empresas-de-fotografia\/lorenzo-almarza-mallaina\/"]}]},{"@type":"ImageObject","inLanguage":"es","@id":"https:\/\/dara.aragon.es\/dara\/archivosfotograficos\/fotografos-y-empresas-de-fotografia\/lorenzo-almarza-mallaina\/#primaryimage","url":"https:\/\/dara.aragon.es\/dara\/archivosfotograficos\/wp-content\/uploads\/sites\/6\/2024\/04\/fototeca.png","contentUrl":"https:\/\/dara.aragon.es\/dara\/archivosfotograficos\/wp-content\/uploads\/sites\/6\/2024\/04\/fototeca.png","width":516,"height":266},{"@type":"BreadcrumbList","@id":"https:\/\/dara.aragon.es\/dara\/archivosfotograficos\/fotografos-y-empresas-de-fotografia\/lorenzo-almarza-mallaina\/#breadcrumb","itemListElement":[{"@type":"ListItem","position":1,"name":"Fotodara","item":"https:\/\/dara.aragon.es\/dara\/archivosfotograficos\/"},{"@type":"ListItem","position":2,"name":"Fot\u00f3grafos","item":"https:\/\/dara.aragon.es\/dara\/archivosfotograficos\/fotografos-y-empresas-de-fotografia\/"},{"@type":"ListItem","position":3,"name":"Lorenzo Almarza Malla\u00edna"}]},{"@type":"WebSite","@id":"https:\/\/dara.aragon.es\/dara\/archivosfotograficos\/#website","url":"https:\/\/dara.aragon.es\/dara\/archivosfotograficos\/","name":"ARCHIVOS FOTOGR\u00c1FICOS","description":"Otro sitio m\u00e1s de PORTALES DARA","potentialAction":[{"@type":"SearchAction","target":{"@type":"EntryPoint","urlTemplate":"https:\/\/dara.aragon.es\/dara\/archivosfotograficos\/?s={search_term_string}"},"query-input":{"@type":"PropertyValueSpecification","valueRequired":true,"valueName":"search_term_string"}}],"inLanguage":"es"}]}},"_links":{"self":[{"href":"https:\/\/dara.aragon.es\/dara\/archivosfotograficos\/wp-json\/wp\/v2\/pages\/4119","targetHints":{"allow":["GET"]}}],"collection":[{"href":"https:\/\/dara.aragon.es\/dara\/archivosfotograficos\/wp-json\/wp\/v2\/pages"}],"about":[{"href":"https:\/\/dara.aragon.es\/dara\/archivosfotograficos\/wp-json\/wp\/v2\/types\/page"}],"author":[{"embeddable":true,"href":"https:\/\/dara.aragon.es\/dara\/archivosfotograficos\/wp-json\/wp\/v2\/users\/31"}],"replies":[{"embeddable":true,"href":"https:\/\/dara.aragon.es\/dara\/archivosfotograficos\/wp-json\/wp\/v2\/comments?post=4119"}],"version-history":[{"count":16,"href":"https:\/\/dara.aragon.es\/dara\/archivosfotograficos\/wp-json\/wp\/v2\/pages\/4119\/revisions"}],"predecessor-version":[{"id":5895,"href":"https:\/\/dara.aragon.es\/dara\/archivosfotograficos\/wp-json\/wp\/v2\/pages\/4119\/revisions\/5895"}],"up":[{"embeddable":true,"href":"https:\/\/dara.aragon.es\/dara\/archivosfotograficos\/wp-json\/wp\/v2\/pages\/82"}],"wp:featuredmedia":[{"embeddable":true,"href":"https:\/\/dara.aragon.es\/dara\/archivosfotograficos\/wp-json\/wp\/v2\/media\/1742"}],"wp:attachment":[{"href":"https:\/\/dara.aragon.es\/dara\/archivosfotograficos\/wp-json\/wp\/v2\/media?parent=4119"}],"curies":[{"name":"wp","href":"https:\/\/api.w.org\/{rel}","templated":true}]}}