{"id":4123,"date":"2024-05-22T10:44:52","date_gmt":"2024-05-22T08:44:52","guid":{"rendered":"https:\/\/dara.aragon.es\/dara\/archivosfotograficos\/?page_id=4123"},"modified":"2025-10-28T17:52:50","modified_gmt":"2025-10-28T16:52:50","slug":"ricardo-compaire-escartin","status":"publish","type":"page","link":"https:\/\/dara.aragon.es\/dara\/archivosfotograficos\/fotografos-y-empresas-de-fotografia\/ricardo-compaire-escartin\/","title":{"rendered":"Ricardo Compair\u00e9 Escart\u00edn"},"content":{"rendered":"<p>[et_pb_section fb_built=\u00bb1&#8243; admin_label=\u00bbSecci\u00f3n\u00bb _builder_version=\u00bb4.20.2&#8243; _module_preset=\u00bbdefault\u00bb global_colors_info=\u00bb{}\u00bb theme_builder_area=\u00bbpost_content\u00bb][et_pb_row column_structure=\u00bb1_5,3_5,1_5&#8243; _builder_version=\u00bb4.20.2&#8243; _module_preset=\u00bbdefault\u00bb global_colors_info=\u00bb{}\u00bb theme_builder_area=\u00bbpost_content\u00bb][et_pb_column type=\u00bb1_5&#8243; _builder_version=\u00bb4.20.2&#8243; _module_preset=\u00bbdefault\u00bb global_colors_info=\u00bb{}\u00bb theme_builder_area=\u00bbpost_content\u00bb][et_pb_text _builder_version=\u00bb4.27.4&#8243; _module_preset=\u00bbdefault\u00bb background_image=\u00bbhttps:\/\/dara.aragon.es\/dara\/archivosfotograficos\/wp-content\/uploads\/sites\/6\/2025\/10\/Compaire-Escartin-Ricardo.jpg\u00bb min_height=\u00bb377.4px\u00bb custom_margin=\u00bb||||false|false\u00bb custom_padding=\u00bb||||false|false\u00bb border_color_all=\u00bb#0C71C3&#8243; border_style_all=\u00bbnone\u00bb global_colors_info=\u00bb{}\u00bb theme_builder_area=\u00bbpost_content\u00bb][\/et_pb_text][et_pb_button button_url=\u00bbhttps:\/\/dara.aragon.es\/opac\/app\/item\/arfo?vm=mv&#038;i=90000018&#038;ft=archive:5&#038;ft=person:Compair%C3%A9+Escart%C3%ADn,+Ricardo\u00bb url_new_window=\u00bbon\u00bb button_text=\u00bbDescripci\u00f3n del fondo \u00bb _builder_version=\u00bb4.27.4&#8243; _module_preset=\u00bbdefault\u00bb custom_button=\u00bbon\u00bb button_text_size=\u00bb16px\u00bb button_text_color=\u00bb#26528D\u00bb button_border_width=\u00bb0px\u00bb button_border_radius=\u00bb0px\u00bb button_icon=\u00bb&#xf35d;||fa||900&#8243; button_on_hover=\u00bboff\u00bb custom_margin=\u00bb||40px||false|false\u00bb locked=\u00bboff\u00bb global_colors_info=\u00bb%91%93&#8243; theme_builder_area=\u00bbpost_content\u00bb][\/et_pb_button][\/et_pb_column][et_pb_column type=\u00bb3_5&#8243; _builder_version=\u00bb4.20.2&#8243; _module_preset=\u00bbdefault\u00bb global_colors_info=\u00bb{}\u00bb theme_builder_area=\u00bbpost_content\u00bb][et_pb_text _builder_version=\u00bb4.20.2&#8243; _module_preset=\u00bbdefault\u00bb global_colors_info=\u00bb{}\u00bb theme_builder_area=\u00bbpost_content\u00bb]<\/p>\n<h2 style=\"text-align: left\"><span style=\"color: #0c71c3\"><strong>ARCHIVO FOTOGR\u00c1FICO DE RICARDO COMPAIR\u00c9 ESCART\u00cdN (<span>1913-1945<\/span>)<\/strong><\/span><\/h2>\n<h3 style=\"text-align: left\"><a href=\"https:\/\/www.dphuesca.es\/fototeca\" target=\"_blank\" rel=\"noopener\">FOTOTECA DE LA DIPUTACI\u00d3N PROVINCIAL DE HUESCA<\/a><\/h3>\n<p>[\/et_pb_text][et_pb_text _builder_version=\u00bb4.20.2&#8243; _module_preset=\u00bbdefault\u00bb global_colors_info=\u00bb{}\u00bb theme_builder_area=\u00bbpost_content\u00bb]<\/p>\n<p style=\"text-align: justify\">Ricardo Compair\u00e9 Escart\u00edn (Villan\u00faa, 1883 &#8211; Huesca, 1965) fue farmac\u00e9utico y fot\u00f3grafo aficionado. En Barcelona curs\u00f3 los estudios universitarios de Farmacia hasta 1905, compagin\u00e1ndolos con su inter\u00e9s por la fotograf\u00eda y la pintura. Terminada su carrera, comienza a ejercer como ayudante de boticario hasta 1908, momento en el que se instala en Hecho como titular de farmacia. A\u00f1os m\u00e1s tarde, se instala en Huesca con su familia y fija su residencia hasta su muerte en 1965. Adem\u00e1s de la farmacia, incorporar\u00e1 una tienda de fotograf\u00eda y una droguer\u00eda.<\/p>\n<p style=\"text-align: justify\">La base fundamental de su trabajo fotogr\u00e1fico procede, por un lado, de sus estudios de farmacia, los cuales le facilitan el conocimiento de los procesos qu\u00edmicos del revelado; por otro, de su adici\u00f3n por la bot\u00e1nica y el excursionismo, que le permiten contemplar paisajes poco conocidos; y, por \u00faltimo, de su afici\u00f3n por la pintura, lo cual le aporta conocimientos b\u00e1sicos sobre est\u00e9tica y composici\u00f3n. <span>A todo ello hay que sumar su inter\u00e9s por el medio fotogr\u00e1fico, que le lleva a participar en distintos salones nacionales e internacionales y a intercambiar informaci\u00f3n sobre procesos y t\u00e9cnicas con profesionales como Fidel Oltra y aficionados como el italiano Rodolfo Albasini. En abril de 1920, junto a estos dos fot\u00f3grafos y otros como Nicol\u00e1s Vi\u00f1uales, Enrique Capella, <a href=\"https:\/\/dara.aragon.es\/dara\/archivosfotograficos\/ildefonso-san-agustin-mur\/\">Ildefonso San Agust\u00edn<\/a> y Francisco de las Heras, colabora en la exposici\u00f3n que tiene lugar en Huesca con motivo del II Congreso de Historia de la Corona de Arag\u00f3n.\u00a0<\/span><\/p>\n<p style=\"text-align: justify\"><span>Su car\u00e1cter inquieto y su deseo por recoger tradiciones y aspectos del Altoarag\u00f3n, le hacen experimentar con la imagen en movimiento, y es su amistad con el fot\u00f3grafo y cineasta de Jaca, Antonio de Padua Tramullas, la que le da la oportunidad de realizar cuatro cortometrajes mudos en blanco y negro. Los cortos, titulados <em>Danzantes en Sena<\/em>, <em>Procesi\u00f3n de San Lorenzo en Huesca<\/em>, <em>Procesi\u00f3n de Santa Orosia en Jaca<\/em> y <em>Una boda en Ans\u00f3<\/em> los realiza entre 1930 y 1935 con una c\u00e1mara de 16 mm. En ellos describe de forma directa y real aspectos de la vida cotidiana y fiestas populares de Arag\u00f3n.<\/span><\/p>\n<p style=\"text-align: justify\"><span>La Guerra Civil, en 1936, frena la actividad fotogr\u00e1fica de Compair\u00e9 y le lleva a marchar con su mujer e hijos a Borja (Zaragoza) hasta acabar la guerra. En 1937 ejerce como boticario en Borja y, para evitar la destrucci\u00f3n de su obra, tiene que esconder las placas de cristal en cajones de madera preparados por \u00e9l, en los s\u00f3tanos del castillo del mismo lugar.<\/span><\/p>\n<p style=\"text-align: justify\"><span>A partir de los a\u00f1os cuarenta su incursi\u00f3n en la fotograf\u00eda es menos habitual, hasta que la abandona definitivamente en 1945. Retirado de la fotograf\u00eda se dedica a sus otras aficiones: la bot\u00e1nica, la pesca y el excursionismo hasta su muerte, el 18 de febrero de 1965, en Huesca. En la actualidad, el archivo de Ricardo Compair\u00e9, con unas 4.400 fotograf\u00edas, aproximadamente, en tama\u00f1os 6&#215;9, 9&#215;12, 10&#215;15 y 13&#215;18, est\u00e1 depositado \u00edntegramente en el Archivo de Fotograf\u00eda e Imagen del Alto Arag\u00f3n de la Diputaci\u00f3n Provincial de Huesca.<\/span><\/p>\n<p>[\/et_pb_text][et_pb_tabs _builder_version=\u00bb4.27.4&#8243; _module_preset=\u00bbdefault\u00bb body_text_color=\u00bb#232323&#8243; global_colors_info=\u00bb{}\u00bb theme_builder_area=\u00bbpost_content\u00bb][et_pb_tab title=\u00bbVOLUMEN Y SOPORTE\u00bb _builder_version=\u00bb4.20.2&#8243; _module_preset=\u00bbdefault\u00bb body_font=\u00bb||||||||\u00bb body_text_color=\u00bb#232323&#8243; tab_font=\u00bb|600|||||||\u00bb tab_font_size=\u00bb13px\u00bb global_colors_info=\u00bb{}\u00bb theme_builder_area=\u00bbpost_content\u00bb]<\/p>\n<p style=\"text-align: justify\"><span>4.400 fotograf\u00edas en varios soportes: vidrio, pl\u00e1stico y papel. M\u00faltiples formatos entre los que destacan 13&#215;18 cm, 6&#215;9 cm y el formato estereosc\u00f3pico<\/span><br \/><span><\/span><\/p>\n<p>[\/et_pb_tab][et_pb_tab title=\u00bbALCANCE Y CONTENIDO\u00bb _builder_version=\u00bb4.20.2&#8243; _module_preset=\u00bbdefault\u00bb global_colors_info=\u00bb{}\u00bb theme_builder_area=\u00bbpost_content\u00bb]<\/p>\n<p style=\"text-align: justify\"><span>Las fotograf\u00edas son composiciones muy elaboradas, reconstrucciones de la vida popular. Los temas que constan en su archivo se han agrupado de la siguiente manera: 1. Vistas panor\u00e1micas y de paisajes 2. Arquitectura e interiores 3. Escenas de costumbres, actividades laborales y oficios artesanales 4. Trajes y tipos populares y retratos 5. Bodegones y utensilios dom\u00e9sticos 6. Reportajes de ferias, mercados, Semana Santa y fiestas 7. Grupos \u00e9tnicos (gitanos y h\u00fangaros)<\/span><\/p>\n<p>[\/et_pb_tab][et_pb_tab title=\u00bbM\u00c1S INFORMACI\u00d3N\u00bb _builder_version=\u00bb4.20.2&#8243; _module_preset=\u00bbdefault\u00bb global_colors_info=\u00bb{}\u00bb theme_builder_area=\u00bbpost_content\u00bb]<\/p>\n<p style=\"text-align: justify\">&#8211; COMPAIR\u00c9, Enrique Chabier, \u00abRicardo Compair\u00e9: notas y comentarios\u00bb en <em>Turia: Revista cultura<\/em>, n.\u00ba 10, 1988, pp. 195-206.<\/p>\n<p style=\"text-align: justify\">&#8211; DEL ARCO, Ricardo, \u00abLa exposici\u00f3n Compair\u00e9. El buen gusto en la fotograf\u00eda\u00bb en <em>Heraldo de Arag\u00f3n<\/em>, Zaragoza, 27 marzo 1929.<\/p>\n<p style=\"text-align: justify\">&#8211; GARI LACRUZ, \u00c1ngel, \u00abHecho-Ans\u00f3. 1920-1935 vistos por D. Ricardo Compair\u00e9\u00bb en <em>Jacetania<\/em>, a\u00f1o XVII, n.\u00ba 96, febrero 1982.<\/p>\n<p style=\"text-align: justify\">&#8211; HUERTAS, Miguel, \u00abGaler\u00eda de aficionados notables. Ricardo Compair\u00e9\u00bb en <em>El Progreso Fotogr\u00e1fico. Revista Mensual de Fotograf\u00eda y Cinematograf\u00eda<\/em>, a\u00f1o IX, n.\u00ba 100, octubre 1928.<\/p>\n<p style=\"text-align: justify\">&#8211; L\u00d3PEZ MONDEJAR, Publio, \u00abBuscando el tiempo perdido. Arag\u00f3n visto por Ricardo Compair\u00e9\u00bb en <em>Nueva Lente<\/em>, Instituto de Estudios Tulorenses, n.\u00ba 116, abril 1982.<\/p>\n<p style=\"text-align: justify\">&#8211; ROMERO SANTAMAR\u00cdA, Alfredo, <em>Compair\u00e9 1893-1965. Fotograf\u00edas<\/em>, Zaragoza, Ayuntamiento de Zaragoza, 1982.<\/p>\n<p style=\"text-align: justify\">\u00a0\u2014, \u00abArtes liberales. Fotograf\u00eda. Compair\u00e9 Escart\u00edn (1883-1965), Rescate del costumbrismo altoaragon\u00e9s por medio de la fotograf\u00eda\u00bb en <em>Andal\u00e1n<\/em>, vol. 368, n.\u00ba 15-30, 1982.<\/p>\n<p style=\"text-align: justify\">\u00a0\u2014, \u00abRicardo Compair\u00e9 Escat\u00edn (1883-1965)\u00bb en <em>Bolet\u00edn de la Sociedad Fotogr\u00e1fica de Zaragoza<\/em>, n.\u00ba 12, Zaragoza, septiembre-ocutbre 1982.<\/p>\n<p style=\"text-align: justify\">\u00a0\u2014 y Fernando Biarge, <em>Ricardo Compair\u00e9 Escart\u00edn. Huesca: Mujeres de anteayer. Fotograf\u00edas 1923-2935<\/em>, Diputaci\u00f3n Provincial de Huesca, 1991.<\/p>\n<p style=\"text-align: justify\">&#8211; VV.AA., <em>Repertorio de fot\u00f3grafos altoaragoneses (ss. XIX-XX)<\/em>, Diputaci\u00f3n provincial de Huesca, 2006.<\/p>\n<p>[\/et_pb_tab][\/et_pb_tabs][\/et_pb_column][et_pb_column type=\u00bb1_5&#8243; _builder_version=\u00bb4.20.2&#8243; _module_preset=\u00bbdefault\u00bb global_colors_info=\u00bb{}\u00bb theme_builder_area=\u00bbpost_content\u00bb][et_pb_blurb title=\u00bbTodas las fotograf\u00edas\u00bb use_icon=\u00bbon\u00bb font_icon=\u00bb&#x55;||divi||400&#8243; icon_placement=\u00bbleft\u00bb image_icon_width=\u00bb30px\u00bb _builder_version=\u00bb4.27.4&#8243; _module_preset=\u00bb1ea53d41-9439-472c-8d8b-7bddb3bf9444&#8243; body_line_height=\u00bb1.3em\u00bb image_icon_custom_margin=\u00bb0px||||false|false\u00bb image_icon_custom_padding=\u00bb0px||0px||false|false\u00bb custom_margin=\u00bb||||false|false\u00bb custom_padding=\u00bb0px||||false|false\u00bb link_option_url=\u00bbhttps:\/\/dara.aragon.es\/opac\/app\/results\/arfo?p=0&#038;vm=mv&#038;ft=archive:5&#038;ft=person:Compair%C3%A9+Escart%C3%ADn,+Ricardo\u00bb link_option_url_new_window=\u00bbon\u00bb hover_enabled=\u00bb0&#8243; locked=\u00bboff\u00bb global_colors_info=\u00bb{%22#0e0c19%22:%91%22header_text_color%22,%22header_text_color%22%93,%22#ffc300%22:%91%22icon_color%22,%22icon_color%22%93,%22#3c3a47%22:%91%22body_text_color%22%93}\u00bb theme_builder_area=\u00bbpost_content\u00bb sticky_enabled=\u00bb0&#8243;][\/et_pb_blurb][et_pb_text _builder_version=\u00bb4.20.2&#8243; _module_preset=\u00bbdefault\u00bb custom_margin=\u00bb||||false|false\u00bb link_option_url=\u00bbhttps:\/\/www.google.com\/maps\/place\/Archivo+Hist%C3%B3rico+Provincial+de+Zaragoza\/@41.6543511,-0.87644,15z\/data=!4m14!1m7!3m6!1s0xd5914f26e1f0de7:0x3fd79b3efa663edf!2sArchivo+Hist%C3%B3rico+Provincial+de+Zaragoza!8m2!3d41.6543511!4d-0.87644!16s%2Fg%2F11cr_hl854!3m5!1s0xd5914f26e1f0de7:0x3fd79b3efa663edf!8m2!3d41.6543511!4d-0.87644!16s%2Fg%2F11cr_hl854?entry=ttu\u00bb locked=\u00bboff\u00bb global_colors_info=\u00bb{}\u00bb theme_builder_area=\u00bbpost_content\u00bb]<\/p>\n<p><img loading=\"lazy\" decoding=\"async\" src=\"https:\/\/dara.aragon.es\/dara\/archivosfotograficos\/wp-content\/uploads\/sites\/6\/2024\/04\/fototeca.png\" width=\"516\" height=\"266\" alt=\"\" class=\"wp-image-1742 alignnone size-full\" srcset=\"https:\/\/dara.aragon.es\/dara\/archivosfotograficos\/wp-content\/uploads\/sites\/6\/2024\/04\/fototeca.png 516w, https:\/\/dara.aragon.es\/dara\/archivosfotograficos\/wp-content\/uploads\/sites\/6\/2024\/04\/fototeca-480x247.png 480w\" sizes=\"(min-width: 0px) and (max-width: 480px) 480px, (min-width: 481px) 516px, 100vw\" \/><\/p>\n<p><strong>Direcci\u00f3n:<\/strong><br \/><span>C\/ Gibraltar, n.\u00ba 13, 22071, Huesca<\/span><br \/><strong>Tel\u00e9fono de contacto:<\/strong><br \/><span style=\"color: #ff9900\">(34) 974 231 671<\/span><br \/><strong>E-mail:<\/strong><br \/><span>fototeca.consultas@dphuesca.es<\/span><br \/><strong>Sitio web:<\/strong><br \/><a href=\"https:\/\/www.dphuesca.es\/fototeca\" target=\"_blank\" rel=\"noopener\">web del archivo<\/a><\/p>\n<p>[\/et_pb_text][et_pb_social_media_follow _builder_version=\u00bb4.20.2&#8243; _module_preset=\u00bbdefault\u00bb custom_margin=\u00bb||||false|false\u00bb custom_padding=\u00bb0px|||||\u00bb locked=\u00bboff\u00bb global_colors_info=\u00bb{}\u00bb theme_builder_area=\u00bbpost_content\u00bb][et_pb_social_media_follow_network social_network=\u00bbfacebook\u00bb _builder_version=\u00bb4.20.2&#8243; _module_preset=\u00bbdefault\u00bb background_color=\u00bb#3b5998&#8243; global_colors_info=\u00bb{}\u00bb theme_builder_area=\u00bbpost_content\u00bb follow_button=\u00bboff\u00bb url_new_window=\u00bbon\u00bb]facebook[\/et_pb_social_media_follow_network][et_pb_social_media_follow_network social_network=\u00bbtwitter\u00bb _builder_version=\u00bb4.22.2&#8243; _module_preset=\u00bbdefault\u00bb background_color=\u00bb#000000&#8243; global_colors_info=\u00bb{}\u00bb theme_builder_area=\u00bbpost_content\u00bb follow_button=\u00bboff\u00bb url_new_window=\u00bbon\u00bb]twitter[\/et_pb_social_media_follow_network][et_pb_social_media_follow_network social_network=\u00bbinstagram\u00bb _builder_version=\u00bb4.20.2&#8243; _module_preset=\u00bbdefault\u00bb background_color=\u00bb#ea2c59&#8243; global_colors_info=\u00bb{}\u00bb theme_builder_area=\u00bbpost_content\u00bb follow_button=\u00bboff\u00bb url_new_window=\u00bbon\u00bb]instagram[\/et_pb_social_media_follow_network][\/et_pb_social_media_follow][\/et_pb_column][\/et_pb_row][et_pb_row column_structure=\u00bb1_4,3_4&#8243; _builder_version=\u00bb4.20.2&#8243; _module_preset=\u00bbdefault\u00bb background_color=\u00bbRGBA(255,255,255,0)\u00bb custom_margin=\u00bb||||false|false\u00bb global_colors_info=\u00bb{}\u00bb theme_builder_area=\u00bbpost_content\u00bb][et_pb_column type=\u00bb1_4&#8243; _builder_version=\u00bb4.20.2&#8243; _module_preset=\u00bbdefault\u00bb global_colors_info=\u00bb{}\u00bb theme_builder_area=\u00bbpost_content\u00bb][et_pb_social_media_follow _builder_version=\u00bb4.20.2&#8243; _module_preset=\u00bbdefault\u00bb custom_margin=\u00bb||||false|false\u00bb custom_padding=\u00bb0px|||||\u00bb global_colors_info=\u00bb{}\u00bb theme_builder_area=\u00bbpost_content\u00bb][et_pb_social_media_follow_network social_network=\u00bbfacebook\u00bb _builder_version=\u00bb4.20.2&#8243; _module_preset=\u00bbdefault\u00bb background_color=\u00bb#3b5998&#8243; global_colors_info=\u00bb{}\u00bb theme_builder_area=\u00bbpost_content\u00bb follow_button=\u00bboff\u00bb url_new_window=\u00bbon\u00bb]facebook[\/et_pb_social_media_follow_network][et_pb_social_media_follow_network social_network=\u00bbtwitter\u00bb _builder_version=\u00bb4.22.2&#8243; _module_preset=\u00bbdefault\u00bb background_color=\u00bb#000000&#8243; global_colors_info=\u00bb{}\u00bb theme_builder_area=\u00bbpost_content\u00bb follow_button=\u00bboff\u00bb url_new_window=\u00bbon\u00bb]twitter[\/et_pb_social_media_follow_network][et_pb_social_media_follow_network social_network=\u00bbinstagram\u00bb _builder_version=\u00bb4.20.2&#8243; _module_preset=\u00bbdefault\u00bb background_color=\u00bb#ea2c59&#8243; global_colors_info=\u00bb{}\u00bb theme_builder_area=\u00bbpost_content\u00bb follow_button=\u00bboff\u00bb url_new_window=\u00bbon\u00bb]instagram[\/et_pb_social_media_follow_network][\/et_pb_social_media_follow][\/et_pb_column][et_pb_column type=\u00bb3_4&#8243; _builder_version=\u00bb4.20.2&#8243; _module_preset=\u00bbdefault\u00bb global_colors_info=\u00bb{}\u00bb theme_builder_area=\u00bbpost_content\u00bb][et_pb_divider show_divider=\u00bboff\u00bb _builder_version=\u00bb4.20.2&#8243; _module_preset=\u00bbdefault\u00bb min_height=\u00bb31.8px\u00bb custom_margin=\u00bb-21px|7px|3px|49px|false|false\u00bb custom_padding=\u00bb0px|3px|16px|9px|false|false\u00bb global_colors_info=\u00bb{}\u00bb theme_builder_area=\u00bbpost_content\u00bb][\/et_pb_divider][et_pb_button button_url=\u00bbhttps:\/\/dara.aragon.es\/opac\/app\/results\/arfo?p=0&#038;vm=mv&#038;ft=archive:5&#038;ft=person:Compair%C3%A9+Escart%C3%ADn,+Ricardo\u00bb url_new_window=\u00bbon\u00bb button_text=\u00bbVer Archivo Fotogr\u00e1fico de Ricardo Compair\u00e9 Escart\u00edn\u00bb _builder_version=\u00bb4.20.2&#8243; _module_preset=\u00bbdefault\u00bb custom_button=\u00bbon\u00bb button_text_color=\u00bb#000000&#8243; transform_scale=\u00bb106%|106%\u00bb custom_margin=\u00bb15px||||false|false\u00bb global_colors_info=\u00bb{}\u00bb button_bg_color__hover=\u00bbRGBA(255,255,255,0)\u00bb button_bg_color__hover_enabled=\u00bbon|hover\u00bb button_border_color__hover=\u00bb#232323&#8243; button_border_color__hover_enabled=\u00bbon|hover\u00bb theme_builder_area=\u00bbpost_content\u00bb][\/et_pb_button][et_pb_button button_url=\u00bbhttps:\/\/dara.aragon.es\/opac\/app\/simple\/arfo\u00bb url_new_window=\u00bbon\u00bb button_text=\u00bbVer todo FOTO-DARA\u00bb _builder_version=\u00bb4.20.2&#8243; _module_preset=\u00bbdefault\u00bb custom_button=\u00bbon\u00bb button_text_color=\u00bb#000000&#8243; transform_scale=\u00bb106%|106%\u00bb custom_margin=\u00bb15px||||false|false\u00bb global_colors_info=\u00bb{}\u00bb button_bg_color__hover=\u00bbRGBA(255,255,255,0)\u00bb button_bg_color__hover_enabled=\u00bbon|hover\u00bb button_border_color__hover=\u00bb#232323&#8243; button_border_color__hover_enabled=\u00bbon|hover\u00bb theme_builder_area=\u00bbpost_content\u00bb][\/et_pb_button][\/et_pb_column][\/et_pb_row][\/et_pb_section]<\/p>\n","protected":false},"excerpt":{"rendered":"<p>ARCHIVO FOTOGR\u00c1FICO DE RICARDO COMPAIR\u00c9 ESCART\u00cdN (1913-1945) FOTOTECA DE LA DIPUTACI\u00d3N PROVINCIAL DE HUESCARicardo Compair\u00e9 Escart\u00edn (Villan\u00faa, 1883 &#8211; Huesca, 1965) fue farmac\u00e9utico y fot\u00f3grafo aficionado. En Barcelona curs\u00f3 los estudios universitarios de Farmacia hasta 1905, compagin\u00e1ndolos con su inter\u00e9s por la fotograf\u00eda y la pintura. Terminada su carrera, comienza a ejercer como ayudante de [&hellip;]<\/p>\n","protected":false},"author":31,"featured_media":1742,"parent":82,"menu_order":0,"comment_status":"closed","ping_status":"closed","template":"","meta":{"_et_pb_use_builder":"on","_et_pb_old_content":"","_et_gb_content_width":"","footnotes":""},"class_list":["post-4123","page","type-page","status-publish","has-post-thumbnail","hentry"],"yoast_head":"<!-- This site is optimized with the Yoast SEO plugin v26.2 - https:\/\/yoast.com\/wordpress\/plugins\/seo\/ -->\n<title>Ricardo Compair\u00e9 Escart\u00edn - ARCHIVOS FOTOGR\u00c1FICOS<\/title>\n<meta name=\"robots\" content=\"index, follow, max-snippet:-1, max-image-preview:large, max-video-preview:-1\" \/>\n<link rel=\"canonical\" href=\"https:\/\/dara.aragon.es\/dara\/archivosfotograficos\/fotografos-y-empresas-de-fotografia\/ricardo-compaire-escartin\/\" \/>\n<meta property=\"og:locale\" content=\"es_ES\" \/>\n<meta property=\"og:type\" content=\"article\" \/>\n<meta property=\"og:title\" content=\"Ricardo Compair\u00e9 Escart\u00edn - ARCHIVOS FOTOGR\u00c1FICOS\" \/>\n<meta property=\"og:description\" content=\"ARCHIVO FOTOGR\u00c1FICO DE RICARDO COMPAIR\u00c9 ESCART\u00cdN (1913-1945) FOTOTECA DE LA DIPUTACI\u00d3N PROVINCIAL DE HUESCARicardo Compair\u00e9 Escart\u00edn (Villan\u00faa, 1883 - Huesca, 1965) fue farmac\u00e9utico y fot\u00f3grafo aficionado. En Barcelona curs\u00f3 los estudios universitarios de Farmacia hasta 1905, compagin\u00e1ndolos con su inter\u00e9s por la fotograf\u00eda y la pintura. Terminada su carrera, comienza a ejercer como ayudante de [&hellip;]\" \/>\n<meta property=\"og:url\" content=\"https:\/\/dara.aragon.es\/dara\/archivosfotograficos\/fotografos-y-empresas-de-fotografia\/ricardo-compaire-escartin\/\" \/>\n<meta property=\"og:site_name\" content=\"ARCHIVOS FOTOGR\u00c1FICOS\" \/>\n<meta property=\"article:modified_time\" content=\"2025-10-28T16:52:50+00:00\" \/>\n<meta property=\"og:image\" content=\"https:\/\/dara.aragon.es\/dara\/archivosfotograficos\/wp-content\/uploads\/sites\/6\/2024\/04\/fototeca.png\" \/>\n\t<meta property=\"og:image:width\" content=\"516\" \/>\n\t<meta property=\"og:image:height\" content=\"266\" \/>\n\t<meta property=\"og:image:type\" content=\"image\/png\" \/>\n<meta name=\"twitter:card\" content=\"summary_large_image\" \/>\n<meta name=\"twitter:label1\" content=\"Tiempo de lectura\" \/>\n\t<meta name=\"twitter:data1\" content=\"10 minutos\" \/>\n<script type=\"application\/ld+json\" class=\"yoast-schema-graph\">{\"@context\":\"https:\/\/schema.org\",\"@graph\":[{\"@type\":\"WebPage\",\"@id\":\"https:\/\/dara.aragon.es\/dara\/archivosfotograficos\/fotografos-y-empresas-de-fotografia\/ricardo-compaire-escartin\/\",\"url\":\"https:\/\/dara.aragon.es\/dara\/archivosfotograficos\/fotografos-y-empresas-de-fotografia\/ricardo-compaire-escartin\/\",\"name\":\"Ricardo Compair\u00e9 Escart\u00edn - ARCHIVOS FOTOGR\u00c1FICOS\",\"isPartOf\":{\"@id\":\"https:\/\/dara.aragon.es\/dara\/archivosfotograficos\/#website\"},\"primaryImageOfPage\":{\"@id\":\"https:\/\/dara.aragon.es\/dara\/archivosfotograficos\/fotografos-y-empresas-de-fotografia\/ricardo-compaire-escartin\/#primaryimage\"},\"image\":{\"@id\":\"https:\/\/dara.aragon.es\/dara\/archivosfotograficos\/fotografos-y-empresas-de-fotografia\/ricardo-compaire-escartin\/#primaryimage\"},\"thumbnailUrl\":\"https:\/\/dara.aragon.es\/dara\/archivosfotograficos\/wp-content\/uploads\/sites\/6\/2024\/04\/fototeca.png\",\"datePublished\":\"2024-05-22T08:44:52+00:00\",\"dateModified\":\"2025-10-28T16:52:50+00:00\",\"breadcrumb\":{\"@id\":\"https:\/\/dara.aragon.es\/dara\/archivosfotograficos\/fotografos-y-empresas-de-fotografia\/ricardo-compaire-escartin\/#breadcrumb\"},\"inLanguage\":\"es\",\"potentialAction\":[{\"@type\":\"ReadAction\",\"target\":[\"https:\/\/dara.aragon.es\/dara\/archivosfotograficos\/fotografos-y-empresas-de-fotografia\/ricardo-compaire-escartin\/\"]}]},{\"@type\":\"ImageObject\",\"inLanguage\":\"es\",\"@id\":\"https:\/\/dara.aragon.es\/dara\/archivosfotograficos\/fotografos-y-empresas-de-fotografia\/ricardo-compaire-escartin\/#primaryimage\",\"url\":\"https:\/\/dara.aragon.es\/dara\/archivosfotograficos\/wp-content\/uploads\/sites\/6\/2024\/04\/fototeca.png\",\"contentUrl\":\"https:\/\/dara.aragon.es\/dara\/archivosfotograficos\/wp-content\/uploads\/sites\/6\/2024\/04\/fototeca.png\",\"width\":516,\"height\":266},{\"@type\":\"BreadcrumbList\",\"@id\":\"https:\/\/dara.aragon.es\/dara\/archivosfotograficos\/fotografos-y-empresas-de-fotografia\/ricardo-compaire-escartin\/#breadcrumb\",\"itemListElement\":[{\"@type\":\"ListItem\",\"position\":1,\"name\":\"Fotodara\",\"item\":\"https:\/\/dara.aragon.es\/dara\/archivosfotograficos\/\"},{\"@type\":\"ListItem\",\"position\":2,\"name\":\"Fot\u00f3grafos\",\"item\":\"https:\/\/dara.aragon.es\/dara\/archivosfotograficos\/fotografos-y-empresas-de-fotografia\/\"},{\"@type\":\"ListItem\",\"position\":3,\"name\":\"Ricardo Compair\u00e9 Escart\u00edn\"}]},{\"@type\":\"WebSite\",\"@id\":\"https:\/\/dara.aragon.es\/dara\/archivosfotograficos\/#website\",\"url\":\"https:\/\/dara.aragon.es\/dara\/archivosfotograficos\/\",\"name\":\"ARCHIVOS FOTOGR\u00c1FICOS\",\"description\":\"Otro sitio m\u00e1s de PORTALES DARA\",\"potentialAction\":[{\"@type\":\"SearchAction\",\"target\":{\"@type\":\"EntryPoint\",\"urlTemplate\":\"https:\/\/dara.aragon.es\/dara\/archivosfotograficos\/?s={search_term_string}\"},\"query-input\":{\"@type\":\"PropertyValueSpecification\",\"valueRequired\":true,\"valueName\":\"search_term_string\"}}],\"inLanguage\":\"es\"}]}<\/script>\n<!-- \/ Yoast SEO plugin. -->","yoast_head_json":{"title":"Ricardo Compair\u00e9 Escart\u00edn - ARCHIVOS FOTOGR\u00c1FICOS","robots":{"index":"index","follow":"follow","max-snippet":"max-snippet:-1","max-image-preview":"max-image-preview:large","max-video-preview":"max-video-preview:-1"},"canonical":"https:\/\/dara.aragon.es\/dara\/archivosfotograficos\/fotografos-y-empresas-de-fotografia\/ricardo-compaire-escartin\/","og_locale":"es_ES","og_type":"article","og_title":"Ricardo Compair\u00e9 Escart\u00edn - ARCHIVOS FOTOGR\u00c1FICOS","og_description":"ARCHIVO FOTOGR\u00c1FICO DE RICARDO COMPAIR\u00c9 ESCART\u00cdN (1913-1945) FOTOTECA DE LA DIPUTACI\u00d3N PROVINCIAL DE HUESCARicardo Compair\u00e9 Escart\u00edn (Villan\u00faa, 1883 - Huesca, 1965) fue farmac\u00e9utico y fot\u00f3grafo aficionado. En Barcelona curs\u00f3 los estudios universitarios de Farmacia hasta 1905, compagin\u00e1ndolos con su inter\u00e9s por la fotograf\u00eda y la pintura. Terminada su carrera, comienza a ejercer como ayudante de [&hellip;]","og_url":"https:\/\/dara.aragon.es\/dara\/archivosfotograficos\/fotografos-y-empresas-de-fotografia\/ricardo-compaire-escartin\/","og_site_name":"ARCHIVOS FOTOGR\u00c1FICOS","article_modified_time":"2025-10-28T16:52:50+00:00","og_image":[{"width":516,"height":266,"url":"https:\/\/dara.aragon.es\/dara\/archivosfotograficos\/wp-content\/uploads\/sites\/6\/2024\/04\/fototeca.png","type":"image\/png"}],"twitter_card":"summary_large_image","twitter_misc":{"Tiempo de lectura":"10 minutos"},"schema":{"@context":"https:\/\/schema.org","@graph":[{"@type":"WebPage","@id":"https:\/\/dara.aragon.es\/dara\/archivosfotograficos\/fotografos-y-empresas-de-fotografia\/ricardo-compaire-escartin\/","url":"https:\/\/dara.aragon.es\/dara\/archivosfotograficos\/fotografos-y-empresas-de-fotografia\/ricardo-compaire-escartin\/","name":"Ricardo Compair\u00e9 Escart\u00edn - ARCHIVOS FOTOGR\u00c1FICOS","isPartOf":{"@id":"https:\/\/dara.aragon.es\/dara\/archivosfotograficos\/#website"},"primaryImageOfPage":{"@id":"https:\/\/dara.aragon.es\/dara\/archivosfotograficos\/fotografos-y-empresas-de-fotografia\/ricardo-compaire-escartin\/#primaryimage"},"image":{"@id":"https:\/\/dara.aragon.es\/dara\/archivosfotograficos\/fotografos-y-empresas-de-fotografia\/ricardo-compaire-escartin\/#primaryimage"},"thumbnailUrl":"https:\/\/dara.aragon.es\/dara\/archivosfotograficos\/wp-content\/uploads\/sites\/6\/2024\/04\/fototeca.png","datePublished":"2024-05-22T08:44:52+00:00","dateModified":"2025-10-28T16:52:50+00:00","breadcrumb":{"@id":"https:\/\/dara.aragon.es\/dara\/archivosfotograficos\/fotografos-y-empresas-de-fotografia\/ricardo-compaire-escartin\/#breadcrumb"},"inLanguage":"es","potentialAction":[{"@type":"ReadAction","target":["https:\/\/dara.aragon.es\/dara\/archivosfotograficos\/fotografos-y-empresas-de-fotografia\/ricardo-compaire-escartin\/"]}]},{"@type":"ImageObject","inLanguage":"es","@id":"https:\/\/dara.aragon.es\/dara\/archivosfotograficos\/fotografos-y-empresas-de-fotografia\/ricardo-compaire-escartin\/#primaryimage","url":"https:\/\/dara.aragon.es\/dara\/archivosfotograficos\/wp-content\/uploads\/sites\/6\/2024\/04\/fototeca.png","contentUrl":"https:\/\/dara.aragon.es\/dara\/archivosfotograficos\/wp-content\/uploads\/sites\/6\/2024\/04\/fototeca.png","width":516,"height":266},{"@type":"BreadcrumbList","@id":"https:\/\/dara.aragon.es\/dara\/archivosfotograficos\/fotografos-y-empresas-de-fotografia\/ricardo-compaire-escartin\/#breadcrumb","itemListElement":[{"@type":"ListItem","position":1,"name":"Fotodara","item":"https:\/\/dara.aragon.es\/dara\/archivosfotograficos\/"},{"@type":"ListItem","position":2,"name":"Fot\u00f3grafos","item":"https:\/\/dara.aragon.es\/dara\/archivosfotograficos\/fotografos-y-empresas-de-fotografia\/"},{"@type":"ListItem","position":3,"name":"Ricardo Compair\u00e9 Escart\u00edn"}]},{"@type":"WebSite","@id":"https:\/\/dara.aragon.es\/dara\/archivosfotograficos\/#website","url":"https:\/\/dara.aragon.es\/dara\/archivosfotograficos\/","name":"ARCHIVOS FOTOGR\u00c1FICOS","description":"Otro sitio m\u00e1s de PORTALES DARA","potentialAction":[{"@type":"SearchAction","target":{"@type":"EntryPoint","urlTemplate":"https:\/\/dara.aragon.es\/dara\/archivosfotograficos\/?s={search_term_string}"},"query-input":{"@type":"PropertyValueSpecification","valueRequired":true,"valueName":"search_term_string"}}],"inLanguage":"es"}]}},"_links":{"self":[{"href":"https:\/\/dara.aragon.es\/dara\/archivosfotograficos\/wp-json\/wp\/v2\/pages\/4123","targetHints":{"allow":["GET"]}}],"collection":[{"href":"https:\/\/dara.aragon.es\/dara\/archivosfotograficos\/wp-json\/wp\/v2\/pages"}],"about":[{"href":"https:\/\/dara.aragon.es\/dara\/archivosfotograficos\/wp-json\/wp\/v2\/types\/page"}],"author":[{"embeddable":true,"href":"https:\/\/dara.aragon.es\/dara\/archivosfotograficos\/wp-json\/wp\/v2\/users\/31"}],"replies":[{"embeddable":true,"href":"https:\/\/dara.aragon.es\/dara\/archivosfotograficos\/wp-json\/wp\/v2\/comments?post=4123"}],"version-history":[{"count":15,"href":"https:\/\/dara.aragon.es\/dara\/archivosfotograficos\/wp-json\/wp\/v2\/pages\/4123\/revisions"}],"predecessor-version":[{"id":5889,"href":"https:\/\/dara.aragon.es\/dara\/archivosfotograficos\/wp-json\/wp\/v2\/pages\/4123\/revisions\/5889"}],"up":[{"embeddable":true,"href":"https:\/\/dara.aragon.es\/dara\/archivosfotograficos\/wp-json\/wp\/v2\/pages\/82"}],"wp:featuredmedia":[{"embeddable":true,"href":"https:\/\/dara.aragon.es\/dara\/archivosfotograficos\/wp-json\/wp\/v2\/media\/1742"}],"wp:attachment":[{"href":"https:\/\/dara.aragon.es\/dara\/archivosfotograficos\/wp-json\/wp\/v2\/media?parent=4123"}],"curies":[{"name":"wp","href":"https:\/\/api.w.org\/{rel}","templated":true}]}}