{"id":4134,"date":"2024-05-22T11:25:30","date_gmt":"2024-05-22T09:25:30","guid":{"rendered":"https:\/\/dara.aragon.es\/dara\/archivosfotograficos\/?page_id=4134"},"modified":"2025-10-28T17:53:09","modified_gmt":"2025-10-28T16:53:09","slug":"ricardo-del-arco-y-garay","status":"publish","type":"page","link":"https:\/\/dara.aragon.es\/dara\/archivosfotograficos\/fotografos-y-empresas-de-fotografia\/ricardo-del-arco-y-garay\/","title":{"rendered":"Ricardo del Arco y Garay"},"content":{"rendered":"<p>[et_pb_section fb_built=\u00bb1&#8243; _builder_version=\u00bb4.20.2&#8243; _module_preset=\u00bbdefault\u00bb global_colors_info=\u00bb{}\u00bb theme_builder_area=\u00bbpost_content\u00bb][et_pb_row column_structure=\u00bb1_5,3_5,1_5&#8243; _builder_version=\u00bb4.20.2&#8243; _module_preset=\u00bbdefault\u00bb global_colors_info=\u00bb{}\u00bb theme_builder_area=\u00bbpost_content\u00bb][et_pb_column type=\u00bb1_5&#8243; _builder_version=\u00bb4.20.2&#8243; _module_preset=\u00bbdefault\u00bb global_colors_info=\u00bb{}\u00bb theme_builder_area=\u00bbpost_content\u00bb][et_pb_text _builder_version=\u00bb4.27.4&#8243; _module_preset=\u00bbdefault\u00bb background_image=\u00bbhttps:\/\/dara.aragon.es\/dara\/archivosfotograficos\/wp-content\/uploads\/sites\/6\/2025\/10\/Arco-y-Garay-Ricardo-del-1888-1955.jpg\u00bb min_height=\u00bb377.4px\u00bb custom_margin=\u00bb||||false|false\u00bb custom_padding=\u00bb||||false|false\u00bb border_color_all=\u00bb#0C71C3&#8243; border_style_all=\u00bbnone\u00bb global_colors_info=\u00bb{}\u00bb theme_builder_area=\u00bbpost_content\u00bb][\/et_pb_text][et_pb_button button_url=\u00bbhttps:\/\/dara.aragon.es\/opac\/app\/item\/arfo?vm=mv&#038;i=90001069&#038;ft=archive:5&#038;ft=person:Arco+y+Garay,+Ricardo+del\u00bb url_new_window=\u00bbon\u00bb button_text=\u00bbDescripci\u00f3n del fondo \u00bb _builder_version=\u00bb4.27.4&#8243; _module_preset=\u00bbdefault\u00bb custom_button=\u00bbon\u00bb button_text_size=\u00bb16px\u00bb button_text_color=\u00bb#26528D\u00bb button_border_width=\u00bb0px\u00bb button_border_radius=\u00bb0px\u00bb button_icon=\u00bb&#xf35d;||fa||900&#8243; button_on_hover=\u00bboff\u00bb custom_margin=\u00bb||40px||false|false\u00bb locked=\u00bboff\u00bb global_colors_info=\u00bb%91%93&#8243; theme_builder_area=\u00bbpost_content\u00bb][\/et_pb_button][\/et_pb_column][et_pb_column type=\u00bb3_5&#8243; _builder_version=\u00bb4.20.2&#8243; _module_preset=\u00bbdefault\u00bb global_colors_info=\u00bb{}\u00bb theme_builder_area=\u00bbpost_content\u00bb][et_pb_text _builder_version=\u00bb4.20.2&#8243; _module_preset=\u00bbdefault\u00bb text_text_color=\u00bb#8F8F8F\u00bb text_font_size=\u00bb15px\u00bb width=\u00bb84%\u00bb custom_margin=\u00bb||||false|false\u00bb custom_padding=\u00bb||0px||false|false\u00bb global_colors_info=\u00bb{}\u00bb theme_builder_area=\u00bbpost_content\u00bb]<\/p>\n<h2 style=\"text-align: left\"><span style=\"color: #0c71c3\"><strong>ARCHIVO FOTOGR\u00c1FICO DE RICARDO DEL ARCO Y GARAY (<span>1914-1930<\/span>)<\/strong><\/span><\/h2>\n<h3 style=\"text-align: left\"><a href=\"https:\/\/www.dphuesca.es\/fototeca\" target=\"_blank\" rel=\"noopener\">FOTOTECA DE LA DIPUTACI\u00d3N PROVINCIAL DE HUESCA<\/a><\/h3>\n<p>[\/et_pb_text][et_pb_text _builder_version=\u00bb4.20.2&#8243; _module_preset=\u00bbdefault\u00bb global_colors_info=\u00bb{}\u00bb theme_builder_area=\u00bbpost_content\u00bb]<\/p>\n<p style=\"text-align: justify\"><span>(Granada, 1888 &#8211; Huesca, 1955). Andaluz de nacimiento, pas\u00f3 su infancia y adolescencia en Tarragona, cuyo ambiente cultural influy\u00f3 en la formaci\u00f3n de su car\u00e1cter. Licenciado en Ciencias Hist\u00f3ricas por la Universidad de Valencia en 1907. Facultativo de Archivos, Bibliotecas y Museos, tom\u00f3 posesi\u00f3n en 1908 del archivo de Hacienda de Huesca, fijando su residencia definitiva en esta ciudad. En 1911 cas\u00f3 con Luisa Fortu\u00f1o, de familia infanzona aragonesa. Cronista de la ciudad y ayudante numerario del Instituto T\u00e9cnico. Ocup\u00f3 tambi\u00e9n la direcci\u00f3n de la Biblioteca P\u00fablica y la del Museo Provincial. Delegado Provincial de Bellas Artes y de Excavaciones. Correspondiente de la Academia Espa\u00f1ola, de la de Historia y de Bellas Artes de San Fernando. Fundador y vicepresidente del Instituto de Estudios Oscenses. Interesado por la econom\u00eda altoaragonesa, perteneci\u00f3 a la Confederaci\u00f3n del Ebro y fue secretario de \u00abLamusa, Maquinaria Agr\u00edcola\u00bb. <\/span><\/p>\n<p style=\"text-align: justify\"><span>El 7-VII-1955 muri\u00f3 v\u00edctima de accidente de circulaci\u00f3n en la plaza de Navarra, de Huesca. <\/span><\/p>\n<p style=\"text-align: justify\"><span>Incansable pol\u00edgrafo e investigador, es autor de casi doscientos t\u00edtulos, entre libros y art\u00edculos cient\u00edficos, de car\u00e1cter hist\u00f3rico y art\u00edstico, con tem\u00e1tica aragonesa, entre los cuales cabe destacar <em>Arag\u00f3n<\/em> (Geograf\u00eda, Historia, Arte) (Huesca, 1931); <em>El arte rom\u00e1nico en la regi\u00f3n pirenaica<\/em> (Zaragoza, 1932); <em>La erudici\u00f3n aragonesa en el siglo XVII<\/em>, (Madrid, 1934); <em>Fernando el Cat\u00f3lico<\/em> (Zaragoza, 1939); <em>Repertorio de manuscritos referentes a la historia de Arag\u00f3n<\/em> (Madrid, 1942); <em>Cat\u00e1logo monumental de Huesca<\/em> (Valencia, 1942); <em>Notas de folklore altoaragon\u00e9s<\/em> (Madrid, 1943); <em>Sepulcros de la Casa Real de Arag\u00f3n<\/em> (Madrid, 1945) y la \u00abEspa\u00f1a cristiana hasta 1035. Arag\u00f3n y Catalu\u00f1a\u00bb (t. VI de la <em>Historia de Espa\u00f1a<\/em> dirigida por Men\u00e9ndez Pidal; Madrid, 1956). Fruto de su vasta erudici\u00f3n literaria son <em>La sociedad Espa\u00f1ola en las obras de Lope de Vega<\/em> (Madrid, 1944), y <em>La erudici\u00f3n espa\u00f1ola en el siglo XVII<\/em>\u00a0(ts. I y II; Madrid, 1950). <\/span><\/p>\n<p style=\"text-align: justify\"><span>Como historiador del pasado de Arag\u00f3n, de este profesor de Instituto merecen recordarse los trabajos en pro de inventariar los archivos del Alto Arag\u00f3n; el de la casa de Parcent (trasladado luego al Archivo Hist\u00f3rico Nacional, de Madrid); algunas de sus muchas monograf\u00edas sobre el monasterio de San Juan de la Pe\u00f1a; su <em>Zaragoza hist\u00f3rica<\/em>, que le vali\u00f3 la medalla de oro de esta ciudad y nombre a una de las calles; la biograf\u00eda del arzobispo Antonio Agust\u00edn; monograf\u00edas sobre Vincencio Juan de Lastanosa, sobre el r\u00e9gimen municipal de Huesca y sobre otros temas oscenses como los gremios, la justicia criminal, la imprenta, el escudo, las fiestas de otro tiempo, la historia de su callejero, etc. Sus publicaciones e informes sobre temas arqueol\u00f3gicos del Alto Arag\u00f3n son varios, as\u00ed como sobre la vida y obra de eruditos, coleccionistas, etc. <\/span><\/p>\n<p style=\"text-align: justify\"><span>En 2005 su hija M.\u00aa Dolores del Arco Fortu\u00f1o, accedi\u00f3 accedi\u00f3 a que el AFIAA procediera a la digitalizaci\u00f3n de las 1.028 placas de vidrio que se conservaban en su archivo.<\/span><\/p>\n<p>[\/et_pb_text][et_pb_tabs _builder_version=\u00bb4.27.4&#8243; _module_preset=\u00bbdefault\u00bb body_text_color=\u00bb#232323&#8243; global_colors_info=\u00bb{}\u00bb theme_builder_area=\u00bbpost_content\u00bb][et_pb_tab title=\u00bbVOLUMEN Y SOPORTE\u00bb _builder_version=\u00bb4.27.4&#8243; _module_preset=\u00bbdefault\u00bb body_font=\u00bb||||||||\u00bb body_text_color=\u00bb#232323&#8243; tab_font=\u00bb|600|||||||\u00bb tab_font_size=\u00bb13px\u00bb global_colors_info=\u00bb{}\u00bb theme_builder_area=\u00bbpost_content\u00bb]<\/p>\n<p>1.028 fotograf\u00edas<br \/>Placas de vidrio<\/p>\n<p>[\/et_pb_tab][et_pb_tab title=\u00bbALCANCE Y CONTENIDO\u00bb _builder_version=\u00bb4.20.2&#8243; _module_preset=\u00bbdefault\u00bb global_colors_info=\u00bb{}\u00bb theme_builder_area=\u00bbpost_content\u00bb]<\/p>\n<p><span>B\u00e1sicamente son fotograf\u00edas de monumentos y objetos de arte. Tambi\u00e9n algunas de tipos altoaragoneses, de valor etnogr\u00e1fico. Algunas fotograf\u00edas familiares<\/span><\/p>\n<p>[\/et_pb_tab][et_pb_tab title=\u00bbM\u00c1S INFORMACI\u00d3N\u00bb _builder_version=\u00bb4.20.2&#8243; _module_preset=\u00bbdefault\u00bb global_colors_info=\u00bb{}\u00bb theme_builder_area=\u00bbpost_content\u00bb]<\/p>\n<p style=\"text-align: justify\">&#8211; ABBUERRE VALENCIA, Miren Maite, \u00abLa fotograf\u00eda de Ricardo del Arco: La imagen al servicio del patrimonio cultural\u00bb en <em>Ricardo del Arco. Fotograf\u00edas de historia y arte. 1914-1924<\/em>, Diputaci\u00f3n Provincial de Huesca, 2009, pp. 59-91.<\/p>\n<p style=\"text-align: justify\">&#8211; GARC\u00c9S MANAU, Carlos, \u00abLos quince primeros a\u00f1os de Ricardo del Arco en Huesca: Vida, estudio y trabajo\u00bb en <em>Ricardo del Arco. Fotograf\u00edas de historia y arte. 1914-1924<\/em>, Diputaci\u00f3n Provincial de Huesca, 2009, pp. 11-57.<\/p>\n<p>[\/et_pb_tab][\/et_pb_tabs][\/et_pb_column][et_pb_column type=\u00bb1_5&#8243; _builder_version=\u00bb4.20.2&#8243; _module_preset=\u00bbdefault\u00bb global_colors_info=\u00bb{}\u00bb theme_builder_area=\u00bbpost_content\u00bb][et_pb_blurb title=\u00bbTodas las fotograf\u00edas\u00bb use_icon=\u00bbon\u00bb font_icon=\u00bb&#x55;||divi||400&#8243; icon_placement=\u00bbleft\u00bb image_icon_width=\u00bb30px\u00bb _builder_version=\u00bb4.27.4&#8243; _module_preset=\u00bb1ea53d41-9439-472c-8d8b-7bddb3bf9444&#8243; body_line_height=\u00bb1.3em\u00bb image_icon_custom_margin=\u00bb0px||||false|false\u00bb image_icon_custom_padding=\u00bb0px||0px||false|false\u00bb custom_margin=\u00bb||||false|false\u00bb custom_padding=\u00bb0px||||false|false\u00bb link_option_url=\u00bbhttps:\/\/dara.aragon.es\/opac\/app\/results\/arfo?p=0&#038;vm=mv&#038;ft=archive:5&#038;ft=person:Arco+y+Garay,+Ricardo+del\u00bb link_option_url_new_window=\u00bbon\u00bb hover_enabled=\u00bb0&#8243; locked=\u00bboff\u00bb global_colors_info=\u00bb{%22#0e0c19%22:%91%22header_text_color%22,%22header_text_color%22%93,%22#ffc300%22:%91%22icon_color%22,%22icon_color%22%93,%22#3c3a47%22:%91%22body_text_color%22%93}\u00bb theme_builder_area=\u00bbpost_content\u00bb sticky_enabled=\u00bb0&#8243;][\/et_pb_blurb][et_pb_text _builder_version=\u00bb4.20.2&#8243; _module_preset=\u00bbdefault\u00bb custom_margin=\u00bb||||false|false\u00bb link_option_url=\u00bbhttps:\/\/www.google.com\/maps\/place\/Archivo+Hist%C3%B3rico+Provincial+de+Zaragoza\/@41.6543511,-0.87644,15z\/data=!4m14!1m7!3m6!1s0xd5914f26e1f0de7:0x3fd79b3efa663edf!2sArchivo+Hist%C3%B3rico+Provincial+de+Zaragoza!8m2!3d41.6543511!4d-0.87644!16s%2Fg%2F11cr_hl854!3m5!1s0xd5914f26e1f0de7:0x3fd79b3efa663edf!8m2!3d41.6543511!4d-0.87644!16s%2Fg%2F11cr_hl854?entry=ttu\u00bb locked=\u00bboff\u00bb global_colors_info=\u00bb{}\u00bb theme_builder_area=\u00bbpost_content\u00bb]<\/p>\n<p><img loading=\"lazy\" decoding=\"async\" src=\"https:\/\/dara.aragon.es\/dara\/archivosfotograficos\/wp-content\/uploads\/sites\/6\/2024\/04\/fototeca.png\" width=\"516\" height=\"266\" alt=\"\" class=\"wp-image-1742 alignnone size-full\" srcset=\"https:\/\/dara.aragon.es\/dara\/archivosfotograficos\/wp-content\/uploads\/sites\/6\/2024\/04\/fototeca.png 516w, https:\/\/dara.aragon.es\/dara\/archivosfotograficos\/wp-content\/uploads\/sites\/6\/2024\/04\/fototeca-480x247.png 480w\" sizes=\"(min-width: 0px) and (max-width: 480px) 480px, (min-width: 481px) 516px, 100vw\" \/><\/p>\n<p><strong>Direcci\u00f3n:<\/strong><br \/><span>C\/ Gibraltar, n.\u00ba 13, 22071, Huesca<\/span><br \/><strong>Tel\u00e9fono de contacto:<\/strong><br \/><span style=\"color: #ff9900\">(34) 974 231 671<\/span><br \/><strong>E-mail:<\/strong><br \/><span>fototeca.consultas@dphuesca.es<\/span><br \/><strong>Sitio web:<\/strong><br \/><a href=\"https:\/\/www.dphuesca.es\/fototeca\" target=\"_blank\" rel=\"noopener\">web del archivo<\/a><\/p>\n<p>[\/et_pb_text][et_pb_social_media_follow _builder_version=\u00bb4.20.2&#8243; _module_preset=\u00bbdefault\u00bb custom_margin=\u00bb||||false|false\u00bb custom_padding=\u00bb0px|||||\u00bb locked=\u00bboff\u00bb global_colors_info=\u00bb{}\u00bb theme_builder_area=\u00bbpost_content\u00bb][et_pb_social_media_follow_network social_network=\u00bbfacebook\u00bb _builder_version=\u00bb4.20.2&#8243; _module_preset=\u00bbdefault\u00bb background_color=\u00bb#3b5998&#8243; global_colors_info=\u00bb{}\u00bb theme_builder_area=\u00bbpost_content\u00bb follow_button=\u00bboff\u00bb url_new_window=\u00bbon\u00bb]facebook[\/et_pb_social_media_follow_network][et_pb_social_media_follow_network social_network=\u00bbtwitter\u00bb _builder_version=\u00bb4.22.2&#8243; _module_preset=\u00bbdefault\u00bb background_color=\u00bb#000000&#8243; global_colors_info=\u00bb{}\u00bb theme_builder_area=\u00bbpost_content\u00bb follow_button=\u00bboff\u00bb url_new_window=\u00bbon\u00bb]twitter[\/et_pb_social_media_follow_network][et_pb_social_media_follow_network social_network=\u00bbinstagram\u00bb _builder_version=\u00bb4.20.2&#8243; _module_preset=\u00bbdefault\u00bb background_color=\u00bb#ea2c59&#8243; global_colors_info=\u00bb{}\u00bb theme_builder_area=\u00bbpost_content\u00bb follow_button=\u00bboff\u00bb url_new_window=\u00bbon\u00bb]instagram[\/et_pb_social_media_follow_network][\/et_pb_social_media_follow][\/et_pb_column][\/et_pb_row][\/et_pb_section]<\/p>\n","protected":false},"excerpt":{"rendered":"<p>ARCHIVO FOTOGR\u00c1FICO DE RICARDO DEL ARCO Y GARAY (1914-1930) FOTOTECA DE LA DIPUTACI\u00d3N PROVINCIAL DE HUESCA(Granada, 1888 &#8211; Huesca, 1955). Andaluz de nacimiento, pas\u00f3 su infancia y adolescencia en Tarragona, cuyo ambiente cultural influy\u00f3 en la formaci\u00f3n de su car\u00e1cter. Licenciado en Ciencias Hist\u00f3ricas por la Universidad de Valencia en 1907. Facultativo de Archivos, Bibliotecas [&hellip;]<\/p>\n","protected":false},"author":31,"featured_media":1742,"parent":82,"menu_order":0,"comment_status":"closed","ping_status":"closed","template":"","meta":{"_et_pb_use_builder":"on","_et_pb_old_content":"","_et_gb_content_width":"","footnotes":""},"class_list":["post-4134","page","type-page","status-publish","has-post-thumbnail","hentry"],"yoast_head":"<!-- This site is optimized with the Yoast SEO plugin v26.2 - https:\/\/yoast.com\/wordpress\/plugins\/seo\/ -->\n<title>Ricardo del Arco y Garay - ARCHIVOS FOTOGR\u00c1FICOS<\/title>\n<meta name=\"robots\" content=\"index, follow, max-snippet:-1, max-image-preview:large, max-video-preview:-1\" \/>\n<link rel=\"canonical\" href=\"https:\/\/dara.aragon.es\/dara\/archivosfotograficos\/fotografos-y-empresas-de-fotografia\/ricardo-del-arco-y-garay\/\" \/>\n<meta property=\"og:locale\" content=\"es_ES\" \/>\n<meta property=\"og:type\" content=\"article\" \/>\n<meta property=\"og:title\" content=\"Ricardo del Arco y Garay - ARCHIVOS FOTOGR\u00c1FICOS\" \/>\n<meta property=\"og:description\" content=\"ARCHIVO FOTOGR\u00c1FICO DE RICARDO DEL ARCO Y GARAY (1914-1930) FOTOTECA DE LA DIPUTACI\u00d3N PROVINCIAL DE HUESCA(Granada, 1888 - Huesca, 1955). Andaluz de nacimiento, pas\u00f3 su infancia y adolescencia en Tarragona, cuyo ambiente cultural influy\u00f3 en la formaci\u00f3n de su car\u00e1cter. Licenciado en Ciencias Hist\u00f3ricas por la Universidad de Valencia en 1907. Facultativo de Archivos, Bibliotecas [&hellip;]\" \/>\n<meta property=\"og:url\" content=\"https:\/\/dara.aragon.es\/dara\/archivosfotograficos\/fotografos-y-empresas-de-fotografia\/ricardo-del-arco-y-garay\/\" \/>\n<meta property=\"og:site_name\" content=\"ARCHIVOS FOTOGR\u00c1FICOS\" \/>\n<meta property=\"article:modified_time\" content=\"2025-10-28T16:53:09+00:00\" \/>\n<meta property=\"og:image\" content=\"https:\/\/dara.aragon.es\/dara\/archivosfotograficos\/wp-content\/uploads\/sites\/6\/2024\/04\/fototeca.png\" \/>\n\t<meta property=\"og:image:width\" content=\"516\" \/>\n\t<meta property=\"og:image:height\" content=\"266\" \/>\n\t<meta property=\"og:image:type\" content=\"image\/png\" \/>\n<meta name=\"twitter:card\" content=\"summary_large_image\" \/>\n<meta name=\"twitter:label1\" content=\"Tiempo de lectura\" \/>\n\t<meta name=\"twitter:data1\" content=\"7 minutos\" \/>\n<script type=\"application\/ld+json\" class=\"yoast-schema-graph\">{\"@context\":\"https:\/\/schema.org\",\"@graph\":[{\"@type\":\"WebPage\",\"@id\":\"https:\/\/dara.aragon.es\/dara\/archivosfotograficos\/fotografos-y-empresas-de-fotografia\/ricardo-del-arco-y-garay\/\",\"url\":\"https:\/\/dara.aragon.es\/dara\/archivosfotograficos\/fotografos-y-empresas-de-fotografia\/ricardo-del-arco-y-garay\/\",\"name\":\"Ricardo del Arco y Garay - ARCHIVOS FOTOGR\u00c1FICOS\",\"isPartOf\":{\"@id\":\"https:\/\/dara.aragon.es\/dara\/archivosfotograficos\/#website\"},\"primaryImageOfPage\":{\"@id\":\"https:\/\/dara.aragon.es\/dara\/archivosfotograficos\/fotografos-y-empresas-de-fotografia\/ricardo-del-arco-y-garay\/#primaryimage\"},\"image\":{\"@id\":\"https:\/\/dara.aragon.es\/dara\/archivosfotograficos\/fotografos-y-empresas-de-fotografia\/ricardo-del-arco-y-garay\/#primaryimage\"},\"thumbnailUrl\":\"https:\/\/dara.aragon.es\/dara\/archivosfotograficos\/wp-content\/uploads\/sites\/6\/2024\/04\/fototeca.png\",\"datePublished\":\"2024-05-22T09:25:30+00:00\",\"dateModified\":\"2025-10-28T16:53:09+00:00\",\"breadcrumb\":{\"@id\":\"https:\/\/dara.aragon.es\/dara\/archivosfotograficos\/fotografos-y-empresas-de-fotografia\/ricardo-del-arco-y-garay\/#breadcrumb\"},\"inLanguage\":\"es\",\"potentialAction\":[{\"@type\":\"ReadAction\",\"target\":[\"https:\/\/dara.aragon.es\/dara\/archivosfotograficos\/fotografos-y-empresas-de-fotografia\/ricardo-del-arco-y-garay\/\"]}]},{\"@type\":\"ImageObject\",\"inLanguage\":\"es\",\"@id\":\"https:\/\/dara.aragon.es\/dara\/archivosfotograficos\/fotografos-y-empresas-de-fotografia\/ricardo-del-arco-y-garay\/#primaryimage\",\"url\":\"https:\/\/dara.aragon.es\/dara\/archivosfotograficos\/wp-content\/uploads\/sites\/6\/2024\/04\/fototeca.png\",\"contentUrl\":\"https:\/\/dara.aragon.es\/dara\/archivosfotograficos\/wp-content\/uploads\/sites\/6\/2024\/04\/fototeca.png\",\"width\":516,\"height\":266},{\"@type\":\"BreadcrumbList\",\"@id\":\"https:\/\/dara.aragon.es\/dara\/archivosfotograficos\/fotografos-y-empresas-de-fotografia\/ricardo-del-arco-y-garay\/#breadcrumb\",\"itemListElement\":[{\"@type\":\"ListItem\",\"position\":1,\"name\":\"Fotodara\",\"item\":\"https:\/\/dara.aragon.es\/dara\/archivosfotograficos\/\"},{\"@type\":\"ListItem\",\"position\":2,\"name\":\"Fot\u00f3grafos\",\"item\":\"https:\/\/dara.aragon.es\/dara\/archivosfotograficos\/fotografos-y-empresas-de-fotografia\/\"},{\"@type\":\"ListItem\",\"position\":3,\"name\":\"Ricardo del Arco y Garay\"}]},{\"@type\":\"WebSite\",\"@id\":\"https:\/\/dara.aragon.es\/dara\/archivosfotograficos\/#website\",\"url\":\"https:\/\/dara.aragon.es\/dara\/archivosfotograficos\/\",\"name\":\"ARCHIVOS FOTOGR\u00c1FICOS\",\"description\":\"Otro sitio m\u00e1s de PORTALES DARA\",\"potentialAction\":[{\"@type\":\"SearchAction\",\"target\":{\"@type\":\"EntryPoint\",\"urlTemplate\":\"https:\/\/dara.aragon.es\/dara\/archivosfotograficos\/?s={search_term_string}\"},\"query-input\":{\"@type\":\"PropertyValueSpecification\",\"valueRequired\":true,\"valueName\":\"search_term_string\"}}],\"inLanguage\":\"es\"}]}<\/script>\n<!-- \/ Yoast SEO plugin. -->","yoast_head_json":{"title":"Ricardo del Arco y Garay - ARCHIVOS FOTOGR\u00c1FICOS","robots":{"index":"index","follow":"follow","max-snippet":"max-snippet:-1","max-image-preview":"max-image-preview:large","max-video-preview":"max-video-preview:-1"},"canonical":"https:\/\/dara.aragon.es\/dara\/archivosfotograficos\/fotografos-y-empresas-de-fotografia\/ricardo-del-arco-y-garay\/","og_locale":"es_ES","og_type":"article","og_title":"Ricardo del Arco y Garay - ARCHIVOS FOTOGR\u00c1FICOS","og_description":"ARCHIVO FOTOGR\u00c1FICO DE RICARDO DEL ARCO Y GARAY (1914-1930) FOTOTECA DE LA DIPUTACI\u00d3N PROVINCIAL DE HUESCA(Granada, 1888 - Huesca, 1955). Andaluz de nacimiento, pas\u00f3 su infancia y adolescencia en Tarragona, cuyo ambiente cultural influy\u00f3 en la formaci\u00f3n de su car\u00e1cter. Licenciado en Ciencias Hist\u00f3ricas por la Universidad de Valencia en 1907. Facultativo de Archivos, Bibliotecas [&hellip;]","og_url":"https:\/\/dara.aragon.es\/dara\/archivosfotograficos\/fotografos-y-empresas-de-fotografia\/ricardo-del-arco-y-garay\/","og_site_name":"ARCHIVOS FOTOGR\u00c1FICOS","article_modified_time":"2025-10-28T16:53:09+00:00","og_image":[{"width":516,"height":266,"url":"https:\/\/dara.aragon.es\/dara\/archivosfotograficos\/wp-content\/uploads\/sites\/6\/2024\/04\/fototeca.png","type":"image\/png"}],"twitter_card":"summary_large_image","twitter_misc":{"Tiempo de lectura":"7 minutos"},"schema":{"@context":"https:\/\/schema.org","@graph":[{"@type":"WebPage","@id":"https:\/\/dara.aragon.es\/dara\/archivosfotograficos\/fotografos-y-empresas-de-fotografia\/ricardo-del-arco-y-garay\/","url":"https:\/\/dara.aragon.es\/dara\/archivosfotograficos\/fotografos-y-empresas-de-fotografia\/ricardo-del-arco-y-garay\/","name":"Ricardo del Arco y Garay - ARCHIVOS FOTOGR\u00c1FICOS","isPartOf":{"@id":"https:\/\/dara.aragon.es\/dara\/archivosfotograficos\/#website"},"primaryImageOfPage":{"@id":"https:\/\/dara.aragon.es\/dara\/archivosfotograficos\/fotografos-y-empresas-de-fotografia\/ricardo-del-arco-y-garay\/#primaryimage"},"image":{"@id":"https:\/\/dara.aragon.es\/dara\/archivosfotograficos\/fotografos-y-empresas-de-fotografia\/ricardo-del-arco-y-garay\/#primaryimage"},"thumbnailUrl":"https:\/\/dara.aragon.es\/dara\/archivosfotograficos\/wp-content\/uploads\/sites\/6\/2024\/04\/fototeca.png","datePublished":"2024-05-22T09:25:30+00:00","dateModified":"2025-10-28T16:53:09+00:00","breadcrumb":{"@id":"https:\/\/dara.aragon.es\/dara\/archivosfotograficos\/fotografos-y-empresas-de-fotografia\/ricardo-del-arco-y-garay\/#breadcrumb"},"inLanguage":"es","potentialAction":[{"@type":"ReadAction","target":["https:\/\/dara.aragon.es\/dara\/archivosfotograficos\/fotografos-y-empresas-de-fotografia\/ricardo-del-arco-y-garay\/"]}]},{"@type":"ImageObject","inLanguage":"es","@id":"https:\/\/dara.aragon.es\/dara\/archivosfotograficos\/fotografos-y-empresas-de-fotografia\/ricardo-del-arco-y-garay\/#primaryimage","url":"https:\/\/dara.aragon.es\/dara\/archivosfotograficos\/wp-content\/uploads\/sites\/6\/2024\/04\/fototeca.png","contentUrl":"https:\/\/dara.aragon.es\/dara\/archivosfotograficos\/wp-content\/uploads\/sites\/6\/2024\/04\/fototeca.png","width":516,"height":266},{"@type":"BreadcrumbList","@id":"https:\/\/dara.aragon.es\/dara\/archivosfotograficos\/fotografos-y-empresas-de-fotografia\/ricardo-del-arco-y-garay\/#breadcrumb","itemListElement":[{"@type":"ListItem","position":1,"name":"Fotodara","item":"https:\/\/dara.aragon.es\/dara\/archivosfotograficos\/"},{"@type":"ListItem","position":2,"name":"Fot\u00f3grafos","item":"https:\/\/dara.aragon.es\/dara\/archivosfotograficos\/fotografos-y-empresas-de-fotografia\/"},{"@type":"ListItem","position":3,"name":"Ricardo del Arco y Garay"}]},{"@type":"WebSite","@id":"https:\/\/dara.aragon.es\/dara\/archivosfotograficos\/#website","url":"https:\/\/dara.aragon.es\/dara\/archivosfotograficos\/","name":"ARCHIVOS FOTOGR\u00c1FICOS","description":"Otro sitio m\u00e1s de PORTALES DARA","potentialAction":[{"@type":"SearchAction","target":{"@type":"EntryPoint","urlTemplate":"https:\/\/dara.aragon.es\/dara\/archivosfotograficos\/?s={search_term_string}"},"query-input":{"@type":"PropertyValueSpecification","valueRequired":true,"valueName":"search_term_string"}}],"inLanguage":"es"}]}},"_links":{"self":[{"href":"https:\/\/dara.aragon.es\/dara\/archivosfotograficos\/wp-json\/wp\/v2\/pages\/4134","targetHints":{"allow":["GET"]}}],"collection":[{"href":"https:\/\/dara.aragon.es\/dara\/archivosfotograficos\/wp-json\/wp\/v2\/pages"}],"about":[{"href":"https:\/\/dara.aragon.es\/dara\/archivosfotograficos\/wp-json\/wp\/v2\/types\/page"}],"author":[{"embeddable":true,"href":"https:\/\/dara.aragon.es\/dara\/archivosfotograficos\/wp-json\/wp\/v2\/users\/31"}],"replies":[{"embeddable":true,"href":"https:\/\/dara.aragon.es\/dara\/archivosfotograficos\/wp-json\/wp\/v2\/comments?post=4134"}],"version-history":[{"count":9,"href":"https:\/\/dara.aragon.es\/dara\/archivosfotograficos\/wp-json\/wp\/v2\/pages\/4134\/revisions"}],"predecessor-version":[{"id":5893,"href":"https:\/\/dara.aragon.es\/dara\/archivosfotograficos\/wp-json\/wp\/v2\/pages\/4134\/revisions\/5893"}],"up":[{"embeddable":true,"href":"https:\/\/dara.aragon.es\/dara\/archivosfotograficos\/wp-json\/wp\/v2\/pages\/82"}],"wp:featuredmedia":[{"embeddable":true,"href":"https:\/\/dara.aragon.es\/dara\/archivosfotograficos\/wp-json\/wp\/v2\/media\/1742"}],"wp:attachment":[{"href":"https:\/\/dara.aragon.es\/dara\/archivosfotograficos\/wp-json\/wp\/v2\/media?parent=4134"}],"curies":[{"name":"wp","href":"https:\/\/api.w.org\/{rel}","templated":true}]}}