{"id":4148,"date":"2024-05-22T11:56:46","date_gmt":"2024-05-22T09:56:46","guid":{"rendered":"https:\/\/dara.aragon.es\/dara\/archivosfotograficos\/?page_id=4148"},"modified":"2025-10-28T17:52:08","modified_gmt":"2025-10-28T16:52:08","slug":"alfonso-foradada-coll","status":"publish","type":"page","link":"https:\/\/dara.aragon.es\/dara\/archivosfotograficos\/fotografos-y-empresas-de-fotografia\/alfonso-foradada-coll\/","title":{"rendered":"Alfonso Foradada Coll"},"content":{"rendered":"<p>[et_pb_section fb_built=\u00bb1&#8243; _builder_version=\u00bb4.20.2&#8243; _module_preset=\u00bbdefault\u00bb global_colors_info=\u00bb{}\u00bb theme_builder_area=\u00bbpost_content\u00bb][et_pb_row column_structure=\u00bb1_5,3_5,1_5&#8243; _builder_version=\u00bb4.20.2&#8243; _module_preset=\u00bbdefault\u00bb global_colors_info=\u00bb{}\u00bb theme_builder_area=\u00bbpost_content\u00bb][et_pb_column type=\u00bb1_5&#8243; _builder_version=\u00bb4.20.2&#8243; _module_preset=\u00bbdefault\u00bb global_colors_info=\u00bb{}\u00bb theme_builder_area=\u00bbpost_content\u00bb][et_pb_text _builder_version=\u00bb4.27.4&#8243; _module_preset=\u00bbdefault\u00bb background_image=\u00bbhttps:\/\/dara.aragon.es\/dara\/archivosfotograficos\/wp-content\/uploads\/sites\/6\/2024\/10\/Alfonso-Foradada.jpg\u00bb min_height=\u00bb377.4px\u00bb custom_margin=\u00bb||||false|false\u00bb custom_padding=\u00bb||||false|false\u00bb border_color_all=\u00bb#0C71C3&#8243; border_style_all=\u00bbnone\u00bb global_colors_info=\u00bb{}\u00bb theme_builder_area=\u00bbpost_content\u00bb][\/et_pb_text][et_pb_button button_url=\u00bbhttps:\/\/dara.aragon.es\/opac\/app\/item\/arfo?vm=mv&#038;i=90001067&#038;ft=archive:5&#038;ft=person:Foradada+Coll,+Alfonso\u00bb url_new_window=\u00bbon\u00bb button_text=\u00bbDescripci\u00f3n del fondo \u00bb _builder_version=\u00bb4.27.4&#8243; _module_preset=\u00bbdefault\u00bb custom_button=\u00bbon\u00bb button_text_size=\u00bb16px\u00bb button_text_color=\u00bb#26528D\u00bb button_border_width=\u00bb0px\u00bb button_border_radius=\u00bb0px\u00bb button_icon=\u00bb&#xf35d;||fa||900&#8243; button_on_hover=\u00bboff\u00bb custom_margin=\u00bb||40px||false|false\u00bb locked=\u00bboff\u00bb global_colors_info=\u00bb%91%93&#8243; theme_builder_area=\u00bbpost_content\u00bb][\/et_pb_button][\/et_pb_column][et_pb_column type=\u00bb3_5&#8243; _builder_version=\u00bb4.20.2&#8243; _module_preset=\u00bbdefault\u00bb global_colors_info=\u00bb{}\u00bb theme_builder_area=\u00bbpost_content\u00bb][et_pb_text _builder_version=\u00bb4.20.2&#8243; _module_preset=\u00bbdefault\u00bb global_colors_info=\u00bb{}\u00bb theme_builder_area=\u00bbpost_content\u00bb]<\/p>\n<h2 style=\"text-align: left\"><span style=\"color: #0c71c3\"><strong>ARCHIVO FOTOGR\u00c1FICO DE ALFONSO FORADADA COLL (<span>1944-1960<\/span>)<\/strong><\/span><\/h2>\n<h3 style=\"text-align: left\"><a href=\"https:\/\/www.dphuesca.es\/fototeca\" target=\"_blank\" rel=\"noopener\">FOTOTECA DE LA DIPUTACI\u00d3N PROVINCIAL DE HUESCA<\/a><\/h3>\n<p>[\/et_pb_text][et_pb_text _builder_version=\u00bb4.20.2&#8243; _module_preset=\u00bbdefault\u00bb global_colors_info=\u00bb{}\u00bb theme_builder_area=\u00bbpost_content\u00bb]<\/p>\n<p style=\"text-align: justify\"><span>(Vilanova i la Geltr\u00fa, 23 de enero de 1909- Barcelona, 23 de marzo de 1980). Hijo de Joaqu\u00edn Foradada y de Engracia Coll. Realiz\u00f3 sus estudios primarios y secundarios en el Colegio de los Padres Escolapios de Vilanova y en la misma ciudad sac\u00f3 el t\u00edtulo de perito qu\u00edmico en la Escuela Industrial. Terminados sus estudios, se incorpor\u00f3 a la plantilla de la empresa Pirelii S.A., en la cual tuvo diversos cargos hasta su jubilaci\u00f3n. Entre sus m\u00faltiples aficiones destaca la de fot\u00f3grafo. Siendo muy joven se inscribi\u00f3 en la Agrupaci\u00f3n Fotogr\u00e1fica de Catalu\u00f1a, en la que comparti\u00f3 sus experiencias autodidactas con otros socios. El autodidactismo le empuj\u00f3 a acompa\u00f1ar y vigilar todo el proceso fotogr\u00e1fico, incluso el revelado de los negativos y la conversi\u00f3n a papel, en su laboratorio casero. Durante la Guerra Civil, trab\u00f3 amistad con ansotanos con los que coincidi\u00f3 en el frente. Con ellos conoci\u00f3 la parte occidental del Pirineo y se enamor\u00f3 de Ans\u00f3, donde lleg\u00f3 a construirse una casa para pasar largas temporadas. Fruto de estas estancias son las numerosas fotograf\u00edas que hizo sobre ese valle y, en general, en el Pirineo aragon\u00e9s. Algunas de ellas se publicaron en libros ya cl\u00e1sicos como\u00a0<em>El Pirineo Espa\u00f1ol\u00a0<\/em>de Ram\u00f3n Violant i Simorra o ganaron premios de fotograf\u00eda como el VI Concurso Nacional Libre de Fotograf\u00eda, promovido por la Agrupaci\u00f3n Fotogr\u00e1fica de Catalu\u00f1a y que acab\u00f3 siendo portada del peri\u00f3dico\u00a0<em>La Vanguardia.\u00a0<\/em>La fotograf\u00eda recoge un grupo de mujeres y hombres ansotanos vestidos con su atuendo tradicional.<\/span><span><\/span><\/p>\n<p style=\"text-align: justify\"><span>La familia autoriz\u00f3 el dep\u00f3sito de copia digital de la parte relacionada con la Provincia de Huesca en 2006.<\/span><\/p>\n<p>[\/et_pb_text][et_pb_tabs _builder_version=\u00bb4.27.4&#8243; _module_preset=\u00bbdefault\u00bb body_text_color=\u00bb#232323&#8243; global_colors_info=\u00bb{}\u00bb theme_builder_area=\u00bbpost_content\u00bb][et_pb_tab title=\u00bbVOLUMEN Y SOPORTE\u00bb _builder_version=\u00bb4.20.2&#8243; _module_preset=\u00bbdefault\u00bb body_font=\u00bb||||||||\u00bb body_text_color=\u00bb#232323&#8243; tab_font=\u00bb|600|||||||\u00bb tab_font_size=\u00bb13px\u00bb global_colors_info=\u00bb{}\u00bb theme_builder_area=\u00bbpost_content\u00bb]<\/p>\n<p>700 negativos<br \/>Pl\u00e1stico<\/p>\n<p>[\/et_pb_tab][et_pb_tab title=\u00bbALCANCE Y CONTENIDO\u00bb _builder_version=\u00bb4.20.2&#8243; _module_preset=\u00bbdefault\u00bb global_colors_info=\u00bb{}\u00bb theme_builder_area=\u00bbpost_content\u00bb]<\/p>\n<p><span>Fotograf\u00edas de su viaje por el Alto Arag\u00f3n<\/span><\/p>\n<p>[\/et_pb_tab][et_pb_tab title=\u00bbM\u00c1S INFORMACI\u00d3N\u00bb _builder_version=\u00bb4.20.2&#8243; _module_preset=\u00bbdefault\u00bb global_colors_info=\u00bb{}\u00bb theme_builder_area=\u00bbpost_content\u00bb]<\/p>\n<p style=\"text-align: justify\">&#8211; GORR\u00cdA IPAS, Antonio Jes\u00fas y Mercedes Foradada Morillo, <em>El valle de Ans\u00f3 en los a\u00f1os cuarenta<\/em> [exposici\u00f3n], Diputaci\u00f3n Provincial de Huesca, \u00c1rea de Cultura, 2006.<\/p>\n<p>[\/et_pb_tab][\/et_pb_tabs][\/et_pb_column][et_pb_column type=\u00bb1_5&#8243; _builder_version=\u00bb4.20.2&#8243; _module_preset=\u00bbdefault\u00bb global_colors_info=\u00bb{}\u00bb theme_builder_area=\u00bbpost_content\u00bb][et_pb_blurb title=\u00bbTodas las fotograf\u00edas\u00bb use_icon=\u00bbon\u00bb font_icon=\u00bb&#x55;||divi||400&#8243; icon_placement=\u00bbleft\u00bb image_icon_width=\u00bb30px\u00bb _builder_version=\u00bb4.27.4&#8243; _module_preset=\u00bb1ea53d41-9439-472c-8d8b-7bddb3bf9444&#8243; body_line_height=\u00bb1.3em\u00bb image_icon_custom_margin=\u00bb0px||||false|false\u00bb image_icon_custom_padding=\u00bb0px||0px||false|false\u00bb custom_margin=\u00bb||||false|false\u00bb custom_padding=\u00bb0px||||false|false\u00bb link_option_url=\u00bbhttps:\/\/dara.aragon.es\/opac\/app\/results\/arfo?p=0&#038;vm=mv&#038;ft=archive:5&#038;ft=person:Foradada+Coll,+Alfonso\u00bb link_option_url_new_window=\u00bbon\u00bb hover_enabled=\u00bb0&#8243; locked=\u00bboff\u00bb global_colors_info=\u00bb{%22#0e0c19%22:%91%22header_text_color%22,%22header_text_color%22%93,%22#ffc300%22:%91%22icon_color%22,%22icon_color%22%93,%22#3c3a47%22:%91%22body_text_color%22%93}\u00bb theme_builder_area=\u00bbpost_content\u00bb sticky_enabled=\u00bb0&#8243;][\/et_pb_blurb][et_pb_text _builder_version=\u00bb4.20.2&#8243; _module_preset=\u00bbdefault\u00bb custom_margin=\u00bb||||false|false\u00bb link_option_url=\u00bbhttps:\/\/www.google.com\/maps\/place\/Archivo+Hist%C3%B3rico+Provincial+de+Zaragoza\/@41.6543511,-0.87644,15z\/data=!4m14!1m7!3m6!1s0xd5914f26e1f0de7:0x3fd79b3efa663edf!2sArchivo+Hist%C3%B3rico+Provincial+de+Zaragoza!8m2!3d41.6543511!4d-0.87644!16s%2Fg%2F11cr_hl854!3m5!1s0xd5914f26e1f0de7:0x3fd79b3efa663edf!8m2!3d41.6543511!4d-0.87644!16s%2Fg%2F11cr_hl854?entry=ttu\u00bb locked=\u00bboff\u00bb global_colors_info=\u00bb{}\u00bb theme_builder_area=\u00bbpost_content\u00bb]<\/p>\n<p><img loading=\"lazy\" decoding=\"async\" src=\"https:\/\/dara.aragon.es\/dara\/archivosfotograficos\/wp-content\/uploads\/sites\/6\/2024\/04\/fototeca.png\" width=\"516\" height=\"266\" alt=\"\" class=\"wp-image-1742 alignnone size-full\" srcset=\"https:\/\/dara.aragon.es\/dara\/archivosfotograficos\/wp-content\/uploads\/sites\/6\/2024\/04\/fototeca.png 516w, https:\/\/dara.aragon.es\/dara\/archivosfotograficos\/wp-content\/uploads\/sites\/6\/2024\/04\/fototeca-480x247.png 480w\" sizes=\"(min-width: 0px) and (max-width: 480px) 480px, (min-width: 481px) 516px, 100vw\" \/><\/p>\n<p><strong>Direcci\u00f3n:<\/strong><br \/><span>C\/ Gibraltar, n.\u00ba 13, 22071, Huesca<\/span><br \/><strong>Tel\u00e9fono de contacto:<\/strong><br \/><span style=\"color: #ff9900\">(34) 974 231 671<\/span><br \/><strong>E-mail:<\/strong><br \/><span>fototeca.consultas@dphuesca.es<\/span><br \/><strong>Sitio web:<\/strong><br \/><a href=\"https:\/\/www.dphuesca.es\/fototeca\" target=\"_blank\" rel=\"noopener\">web del archivo<\/a><\/p>\n<p>[\/et_pb_text][et_pb_social_media_follow _builder_version=\u00bb4.20.2&#8243; _module_preset=\u00bbdefault\u00bb custom_margin=\u00bb||||false|false\u00bb custom_padding=\u00bb0px|||||\u00bb locked=\u00bboff\u00bb global_colors_info=\u00bb{}\u00bb theme_builder_area=\u00bbpost_content\u00bb][et_pb_social_media_follow_network social_network=\u00bbfacebook\u00bb _builder_version=\u00bb4.20.2&#8243; _module_preset=\u00bbdefault\u00bb background_color=\u00bb#3b5998&#8243; global_colors_info=\u00bb{}\u00bb theme_builder_area=\u00bbpost_content\u00bb follow_button=\u00bboff\u00bb url_new_window=\u00bbon\u00bb]facebook[\/et_pb_social_media_follow_network][et_pb_social_media_follow_network social_network=\u00bbtwitter\u00bb _builder_version=\u00bb4.22.2&#8243; _module_preset=\u00bbdefault\u00bb background_color=\u00bb#000000&#8243; global_colors_info=\u00bb{}\u00bb theme_builder_area=\u00bbpost_content\u00bb follow_button=\u00bboff\u00bb url_new_window=\u00bbon\u00bb]twitter[\/et_pb_social_media_follow_network][et_pb_social_media_follow_network social_network=\u00bbinstagram\u00bb _builder_version=\u00bb4.20.2&#8243; _module_preset=\u00bbdefault\u00bb background_color=\u00bb#ea2c59&#8243; global_colors_info=\u00bb{}\u00bb theme_builder_area=\u00bbpost_content\u00bb follow_button=\u00bboff\u00bb url_new_window=\u00bbon\u00bb]instagram[\/et_pb_social_media_follow_network][\/et_pb_social_media_follow][\/et_pb_column][\/et_pb_row][\/et_pb_section]<\/p>\n","protected":false},"excerpt":{"rendered":"<p>ARCHIVO FOTOGR\u00c1FICO DE ALFONSO FORADADA COLL (1944-1960) FOTOTECA DE LA DIPUTACI\u00d3N PROVINCIAL DE HUESCA(Vilanova i la Geltr\u00fa, 23 de enero de 1909- Barcelona, 23 de marzo de 1980). Hijo de Joaqu\u00edn Foradada y de Engracia Coll. Realiz\u00f3 sus estudios primarios y secundarios en el Colegio de los Padres Escolapios de Vilanova y en la misma [&hellip;]<\/p>\n","protected":false},"author":31,"featured_media":1742,"parent":82,"menu_order":0,"comment_status":"closed","ping_status":"closed","template":"","meta":{"_et_pb_use_builder":"on","_et_pb_old_content":"","_et_gb_content_width":"","footnotes":""},"class_list":["post-4148","page","type-page","status-publish","has-post-thumbnail","hentry"],"yoast_head":"<!-- This site is optimized with the Yoast SEO plugin v26.2 - https:\/\/yoast.com\/wordpress\/plugins\/seo\/ -->\n<title>Alfonso Foradada Coll - ARCHIVOS FOTOGR\u00c1FICOS<\/title>\n<meta name=\"robots\" content=\"index, follow, max-snippet:-1, max-image-preview:large, max-video-preview:-1\" \/>\n<link rel=\"canonical\" href=\"https:\/\/dara.aragon.es\/dara\/archivosfotograficos\/fotografos-y-empresas-de-fotografia\/alfonso-foradada-coll\/\" \/>\n<meta property=\"og:locale\" content=\"es_ES\" \/>\n<meta property=\"og:type\" content=\"article\" \/>\n<meta property=\"og:title\" content=\"Alfonso Foradada Coll - ARCHIVOS FOTOGR\u00c1FICOS\" \/>\n<meta property=\"og:description\" content=\"ARCHIVO FOTOGR\u00c1FICO DE ALFONSO FORADADA COLL (1944-1960) FOTOTECA DE LA DIPUTACI\u00d3N PROVINCIAL DE HUESCA(Vilanova i la Geltr\u00fa, 23 de enero de 1909- Barcelona, 23 de marzo de 1980). Hijo de Joaqu\u00edn Foradada y de Engracia Coll. Realiz\u00f3 sus estudios primarios y secundarios en el Colegio de los Padres Escolapios de Vilanova y en la misma [&hellip;]\" \/>\n<meta property=\"og:url\" content=\"https:\/\/dara.aragon.es\/dara\/archivosfotograficos\/fotografos-y-empresas-de-fotografia\/alfonso-foradada-coll\/\" \/>\n<meta property=\"og:site_name\" content=\"ARCHIVOS FOTOGR\u00c1FICOS\" \/>\n<meta property=\"article:modified_time\" content=\"2025-10-28T16:52:08+00:00\" \/>\n<meta property=\"og:image\" content=\"https:\/\/dara.aragon.es\/dara\/archivosfotograficos\/wp-content\/uploads\/sites\/6\/2024\/04\/fototeca.png\" \/>\n\t<meta property=\"og:image:width\" content=\"516\" \/>\n\t<meta property=\"og:image:height\" content=\"266\" \/>\n\t<meta property=\"og:image:type\" content=\"image\/png\" \/>\n<meta name=\"twitter:card\" content=\"summary_large_image\" \/>\n<meta name=\"twitter:label1\" content=\"Tiempo de lectura\" \/>\n\t<meta name=\"twitter:data1\" content=\"6 minutos\" \/>\n<script type=\"application\/ld+json\" class=\"yoast-schema-graph\">{\"@context\":\"https:\/\/schema.org\",\"@graph\":[{\"@type\":\"WebPage\",\"@id\":\"https:\/\/dara.aragon.es\/dara\/archivosfotograficos\/fotografos-y-empresas-de-fotografia\/alfonso-foradada-coll\/\",\"url\":\"https:\/\/dara.aragon.es\/dara\/archivosfotograficos\/fotografos-y-empresas-de-fotografia\/alfonso-foradada-coll\/\",\"name\":\"Alfonso Foradada Coll - ARCHIVOS FOTOGR\u00c1FICOS\",\"isPartOf\":{\"@id\":\"https:\/\/dara.aragon.es\/dara\/archivosfotograficos\/#website\"},\"primaryImageOfPage\":{\"@id\":\"https:\/\/dara.aragon.es\/dara\/archivosfotograficos\/fotografos-y-empresas-de-fotografia\/alfonso-foradada-coll\/#primaryimage\"},\"image\":{\"@id\":\"https:\/\/dara.aragon.es\/dara\/archivosfotograficos\/fotografos-y-empresas-de-fotografia\/alfonso-foradada-coll\/#primaryimage\"},\"thumbnailUrl\":\"https:\/\/dara.aragon.es\/dara\/archivosfotograficos\/wp-content\/uploads\/sites\/6\/2024\/04\/fototeca.png\",\"datePublished\":\"2024-05-22T09:56:46+00:00\",\"dateModified\":\"2025-10-28T16:52:08+00:00\",\"breadcrumb\":{\"@id\":\"https:\/\/dara.aragon.es\/dara\/archivosfotograficos\/fotografos-y-empresas-de-fotografia\/alfonso-foradada-coll\/#breadcrumb\"},\"inLanguage\":\"es\",\"potentialAction\":[{\"@type\":\"ReadAction\",\"target\":[\"https:\/\/dara.aragon.es\/dara\/archivosfotograficos\/fotografos-y-empresas-de-fotografia\/alfonso-foradada-coll\/\"]}]},{\"@type\":\"ImageObject\",\"inLanguage\":\"es\",\"@id\":\"https:\/\/dara.aragon.es\/dara\/archivosfotograficos\/fotografos-y-empresas-de-fotografia\/alfonso-foradada-coll\/#primaryimage\",\"url\":\"https:\/\/dara.aragon.es\/dara\/archivosfotograficos\/wp-content\/uploads\/sites\/6\/2024\/04\/fototeca.png\",\"contentUrl\":\"https:\/\/dara.aragon.es\/dara\/archivosfotograficos\/wp-content\/uploads\/sites\/6\/2024\/04\/fototeca.png\",\"width\":516,\"height\":266},{\"@type\":\"BreadcrumbList\",\"@id\":\"https:\/\/dara.aragon.es\/dara\/archivosfotograficos\/fotografos-y-empresas-de-fotografia\/alfonso-foradada-coll\/#breadcrumb\",\"itemListElement\":[{\"@type\":\"ListItem\",\"position\":1,\"name\":\"Fotodara\",\"item\":\"https:\/\/dara.aragon.es\/dara\/archivosfotograficos\/\"},{\"@type\":\"ListItem\",\"position\":2,\"name\":\"Fot\u00f3grafos\",\"item\":\"https:\/\/dara.aragon.es\/dara\/archivosfotograficos\/fotografos-y-empresas-de-fotografia\/\"},{\"@type\":\"ListItem\",\"position\":3,\"name\":\"Alfonso Foradada Coll\"}]},{\"@type\":\"WebSite\",\"@id\":\"https:\/\/dara.aragon.es\/dara\/archivosfotograficos\/#website\",\"url\":\"https:\/\/dara.aragon.es\/dara\/archivosfotograficos\/\",\"name\":\"ARCHIVOS FOTOGR\u00c1FICOS\",\"description\":\"Otro sitio m\u00e1s de PORTALES DARA\",\"potentialAction\":[{\"@type\":\"SearchAction\",\"target\":{\"@type\":\"EntryPoint\",\"urlTemplate\":\"https:\/\/dara.aragon.es\/dara\/archivosfotograficos\/?s={search_term_string}\"},\"query-input\":{\"@type\":\"PropertyValueSpecification\",\"valueRequired\":true,\"valueName\":\"search_term_string\"}}],\"inLanguage\":\"es\"}]}<\/script>\n<!-- \/ Yoast SEO plugin. -->","yoast_head_json":{"title":"Alfonso Foradada Coll - ARCHIVOS FOTOGR\u00c1FICOS","robots":{"index":"index","follow":"follow","max-snippet":"max-snippet:-1","max-image-preview":"max-image-preview:large","max-video-preview":"max-video-preview:-1"},"canonical":"https:\/\/dara.aragon.es\/dara\/archivosfotograficos\/fotografos-y-empresas-de-fotografia\/alfonso-foradada-coll\/","og_locale":"es_ES","og_type":"article","og_title":"Alfonso Foradada Coll - ARCHIVOS FOTOGR\u00c1FICOS","og_description":"ARCHIVO FOTOGR\u00c1FICO DE ALFONSO FORADADA COLL (1944-1960) FOTOTECA DE LA DIPUTACI\u00d3N PROVINCIAL DE HUESCA(Vilanova i la Geltr\u00fa, 23 de enero de 1909- Barcelona, 23 de marzo de 1980). Hijo de Joaqu\u00edn Foradada y de Engracia Coll. Realiz\u00f3 sus estudios primarios y secundarios en el Colegio de los Padres Escolapios de Vilanova y en la misma [&hellip;]","og_url":"https:\/\/dara.aragon.es\/dara\/archivosfotograficos\/fotografos-y-empresas-de-fotografia\/alfonso-foradada-coll\/","og_site_name":"ARCHIVOS FOTOGR\u00c1FICOS","article_modified_time":"2025-10-28T16:52:08+00:00","og_image":[{"width":516,"height":266,"url":"https:\/\/dara.aragon.es\/dara\/archivosfotograficos\/wp-content\/uploads\/sites\/6\/2024\/04\/fototeca.png","type":"image\/png"}],"twitter_card":"summary_large_image","twitter_misc":{"Tiempo de lectura":"6 minutos"},"schema":{"@context":"https:\/\/schema.org","@graph":[{"@type":"WebPage","@id":"https:\/\/dara.aragon.es\/dara\/archivosfotograficos\/fotografos-y-empresas-de-fotografia\/alfonso-foradada-coll\/","url":"https:\/\/dara.aragon.es\/dara\/archivosfotograficos\/fotografos-y-empresas-de-fotografia\/alfonso-foradada-coll\/","name":"Alfonso Foradada Coll - ARCHIVOS FOTOGR\u00c1FICOS","isPartOf":{"@id":"https:\/\/dara.aragon.es\/dara\/archivosfotograficos\/#website"},"primaryImageOfPage":{"@id":"https:\/\/dara.aragon.es\/dara\/archivosfotograficos\/fotografos-y-empresas-de-fotografia\/alfonso-foradada-coll\/#primaryimage"},"image":{"@id":"https:\/\/dara.aragon.es\/dara\/archivosfotograficos\/fotografos-y-empresas-de-fotografia\/alfonso-foradada-coll\/#primaryimage"},"thumbnailUrl":"https:\/\/dara.aragon.es\/dara\/archivosfotograficos\/wp-content\/uploads\/sites\/6\/2024\/04\/fototeca.png","datePublished":"2024-05-22T09:56:46+00:00","dateModified":"2025-10-28T16:52:08+00:00","breadcrumb":{"@id":"https:\/\/dara.aragon.es\/dara\/archivosfotograficos\/fotografos-y-empresas-de-fotografia\/alfonso-foradada-coll\/#breadcrumb"},"inLanguage":"es","potentialAction":[{"@type":"ReadAction","target":["https:\/\/dara.aragon.es\/dara\/archivosfotograficos\/fotografos-y-empresas-de-fotografia\/alfonso-foradada-coll\/"]}]},{"@type":"ImageObject","inLanguage":"es","@id":"https:\/\/dara.aragon.es\/dara\/archivosfotograficos\/fotografos-y-empresas-de-fotografia\/alfonso-foradada-coll\/#primaryimage","url":"https:\/\/dara.aragon.es\/dara\/archivosfotograficos\/wp-content\/uploads\/sites\/6\/2024\/04\/fototeca.png","contentUrl":"https:\/\/dara.aragon.es\/dara\/archivosfotograficos\/wp-content\/uploads\/sites\/6\/2024\/04\/fototeca.png","width":516,"height":266},{"@type":"BreadcrumbList","@id":"https:\/\/dara.aragon.es\/dara\/archivosfotograficos\/fotografos-y-empresas-de-fotografia\/alfonso-foradada-coll\/#breadcrumb","itemListElement":[{"@type":"ListItem","position":1,"name":"Fotodara","item":"https:\/\/dara.aragon.es\/dara\/archivosfotograficos\/"},{"@type":"ListItem","position":2,"name":"Fot\u00f3grafos","item":"https:\/\/dara.aragon.es\/dara\/archivosfotograficos\/fotografos-y-empresas-de-fotografia\/"},{"@type":"ListItem","position":3,"name":"Alfonso Foradada Coll"}]},{"@type":"WebSite","@id":"https:\/\/dara.aragon.es\/dara\/archivosfotograficos\/#website","url":"https:\/\/dara.aragon.es\/dara\/archivosfotograficos\/","name":"ARCHIVOS FOTOGR\u00c1FICOS","description":"Otro sitio m\u00e1s de PORTALES DARA","potentialAction":[{"@type":"SearchAction","target":{"@type":"EntryPoint","urlTemplate":"https:\/\/dara.aragon.es\/dara\/archivosfotograficos\/?s={search_term_string}"},"query-input":{"@type":"PropertyValueSpecification","valueRequired":true,"valueName":"search_term_string"}}],"inLanguage":"es"}]}},"_links":{"self":[{"href":"https:\/\/dara.aragon.es\/dara\/archivosfotograficos\/wp-json\/wp\/v2\/pages\/4148","targetHints":{"allow":["GET"]}}],"collection":[{"href":"https:\/\/dara.aragon.es\/dara\/archivosfotograficos\/wp-json\/wp\/v2\/pages"}],"about":[{"href":"https:\/\/dara.aragon.es\/dara\/archivosfotograficos\/wp-json\/wp\/v2\/types\/page"}],"author":[{"embeddable":true,"href":"https:\/\/dara.aragon.es\/dara\/archivosfotograficos\/wp-json\/wp\/v2\/users\/31"}],"replies":[{"embeddable":true,"href":"https:\/\/dara.aragon.es\/dara\/archivosfotograficos\/wp-json\/wp\/v2\/comments?post=4148"}],"version-history":[{"count":12,"href":"https:\/\/dara.aragon.es\/dara\/archivosfotograficos\/wp-json\/wp\/v2\/pages\/4148\/revisions"}],"predecessor-version":[{"id":5884,"href":"https:\/\/dara.aragon.es\/dara\/archivosfotograficos\/wp-json\/wp\/v2\/pages\/4148\/revisions\/5884"}],"up":[{"embeddable":true,"href":"https:\/\/dara.aragon.es\/dara\/archivosfotograficos\/wp-json\/wp\/v2\/pages\/82"}],"wp:featuredmedia":[{"embeddable":true,"href":"https:\/\/dara.aragon.es\/dara\/archivosfotograficos\/wp-json\/wp\/v2\/media\/1742"}],"wp:attachment":[{"href":"https:\/\/dara.aragon.es\/dara\/archivosfotograficos\/wp-json\/wp\/v2\/media?parent=4148"}],"curies":[{"name":"wp","href":"https:\/\/api.w.org\/{rel}","templated":true}]}}