{"id":82,"date":"2024-02-08T14:26:59","date_gmt":"2024-02-08T13:26:59","guid":{"rendered":"https:\/\/dara.aragon.es\/dara\/archivosfotograficos\/?page_id=82"},"modified":"2025-12-04T09:59:10","modified_gmt":"2025-12-04T08:59:10","slug":"fotografos-y-empresas-de-fotografia","status":"publish","type":"page","link":"https:\/\/dara.aragon.es\/dara\/archivosfotograficos\/fotografos-y-empresas-de-fotografia\/","title":{"rendered":"Fot\u00f3grafos"},"content":{"rendered":"<p>[et_pb_section fb_built=\u00bb1&#8243; _builder_version=\u00bb4.20.2&#8243; _module_preset=\u00bbdefault\u00bb custom_padding=\u00bb18px|||||\u00bb global_colors_info=\u00bb{}\u00bb theme_builder_area=\u00bbpost_content\u00bb][et_pb_row _builder_version=\u00bb4.27.4&#8243; _module_preset=\u00bbdefault\u00bb custom_margin=\u00bb0px||21px||false|false\u00bb custom_padding=\u00bb0px||0px||false|false\u00bb global_colors_info=\u00bb{}\u00bb theme_builder_area=\u00bbpost_content\u00bb][et_pb_column type=\u00bb4_4&#8243; _builder_version=\u00bb4.27.4&#8243; _module_preset=\u00bbdefault\u00bb global_colors_info=\u00bb{}\u00bb theme_builder_area=\u00bbpost_content\u00bb][et_pb_text _builder_version=\u00bb4.27.4&#8243; _module_preset=\u00bbdefault\u00bb header_2_font=\u00bb|||on|||||\u00bb header_2_text_align=\u00bbcenter\u00bb header_2_text_color=\u00bb#0D3857&#8243; global_colors_info=\u00bb{}\u00bb theme_builder_area=\u00bbpost_content\u00bb]<\/p>\n<h2 style=\"text-align: center;\">Fot\u00f3grafos destacados<\/h2>\n<p>[\/et_pb_text][\/et_pb_column][\/et_pb_row][et_pb_row column_structure=\u00bb1_3,1_3,1_3&#8243; disabled_on=\u00bboff|off|off\u00bb _builder_version=\u00bb4.27.4&#8243; _module_preset=\u00bbdefault\u00bb locked=\u00bboff\u00bb global_colors_info=\u00bb{}\u00bb theme_builder_area=\u00bbpost_content\u00bb][et_pb_column type=\u00bb1_3&#8243; _builder_version=\u00bb4.27.2&#8243; _module_preset=\u00bbdefault\u00bb global_colors_info=\u00bb{}\u00bb theme_builder_area=\u00bbpost_content\u00bb][et_pb_blurb title=\u00bbAlmarza Malla\u00edna, Lorenzo (1887-1975)\u00bb url=\u00bbhttps:\/\/dara.aragon.es\/dara\/archivosfotograficos\/lorenzo-almarza-mallaina\/\u00bb url_new_window=\u00bbon\u00bb image=\u00bbhttps:\/\/dara.aragon.es\/dara\/archivosfotograficos\/wp-content\/uploads\/sites\/6\/2025\/10\/Almarza-Mallaina-Lorenzo.jpg\u00bb content_max_width=\u00bb500px\u00bb _builder_version=\u00bb4.27.4&#8243; _module_preset=\u00bbdefault\u00bb header_line_height=\u00bb1.4em\u00bb text_orientation=\u00bbcenter\u00bb custom_padding=\u00bb||||false|false\u00bb link_option_url=\u00bbhttps:\/\/dara.aragon.es\/dara\/archivosfotograficos\/lorenzo-almarza-mallaina\/\u00bb border_color_all_image=\u00bb#000000&#8243; border_style_all_image=\u00bbnone\u00bb box_shadow_style_image=\u00bbpreset1&#8243; global_colors_info=\u00bb{}\u00bb theme_builder_area=\u00bbpost_content\u00bb][\/et_pb_blurb][\/et_pb_column][et_pb_column type=\u00bb1_3&#8243; _builder_version=\u00bb4.27.2&#8243; _module_preset=\u00bbdefault\u00bb global_colors_info=\u00bb{}\u00bb theme_builder_area=\u00bbpost_content\u00bb][et_pb_blurb title=\u00bbArco y Garay, Ricardo del (1888-1955)\u00bb url=\u00bbhttps:\/\/dara.aragon.es\/dara\/archivosfotograficos\/ricardo-del-arco-y-garay\/\u00bb url_new_window=\u00bbon\u00bb image=\u00bbhttps:\/\/dara.aragon.es\/dara\/archivosfotograficos\/wp-content\/uploads\/sites\/6\/2025\/10\/Arco-y-Garay-Ricardo-del-1888-1955.jpg\u00bb alt=\u00bb3 Iglesia. 2016. Juan Carlos Gil Ballano\u00bb content_max_width=\u00bb500px\u00bb _builder_version=\u00bb4.27.4&#8243; _module_preset=\u00bbdefault\u00bb header_line_height=\u00bb1.4em\u00bb text_orientation=\u00bbcenter\u00bb custom_padding=\u00bb||||false|false\u00bb link_option_url=\u00bbhttps:\/\/dara.aragon.es\/dara\/archivosfotograficos\/ricardo-del-arco-y-garay\/\u00bb border_color_all_image=\u00bb#000000&#8243; border_style_all_image=\u00bbnone\u00bb box_shadow_style_image=\u00bbpreset1&#8243; global_colors_info=\u00bb{}\u00bb theme_builder_area=\u00bbpost_content\u00bb][\/et_pb_blurb][\/et_pb_column][et_pb_column type=\u00bb1_3&#8243; _builder_version=\u00bb4.27.2&#8243; _module_preset=\u00bbdefault\u00bb global_colors_info=\u00bb{}\u00bb theme_builder_area=\u00bbpost_content\u00bb][et_pb_blurb title=\u00bbBaso Simelio, Santos (1890-1962)\u00bb url=\u00bbhttps:\/\/dara.aragon.es\/dara\/archivosfotograficos\/santos-baso-simelio\/\u00bb url_new_window=\u00bbon\u00bb image=\u00bbhttps:\/\/dara.aragon.es\/dara\/archivosfotograficos\/wp-content\/uploads\/sites\/6\/2024\/10\/Simelio.jpg\u00bb content_max_width=\u00bb500px\u00bb _builder_version=\u00bb4.27.4&#8243; _module_preset=\u00bbdefault\u00bb header_line_height=\u00bb1.4em\u00bb text_orientation=\u00bbcenter\u00bb custom_padding=\u00bb||||false|false\u00bb link_option_url=\u00bbhttps:\/\/dara.aragon.es\/dara\/archivosfotograficos\/santos-baso-simelio\/\u00bb border_color_all_image=\u00bb#000000&#8243; border_style_all_image=\u00bbnone\u00bb box_shadow_style_image=\u00bbpreset1&#8243; global_colors_info=\u00bb{}\u00bb theme_builder_area=\u00bbpost_content\u00bb][\/et_pb_blurb][\/et_pb_column][\/et_pb_row][et_pb_row column_structure=\u00bb1_3,1_3,1_3&#8243; disabled_on=\u00bboff|off|off\u00bb _builder_version=\u00bb4.27.4&#8243; _module_preset=\u00bbdefault\u00bb hover_enabled=\u00bb0&#8243; locked=\u00bboff\u00bb global_colors_info=\u00bb{}\u00bb theme_builder_area=\u00bbpost_content\u00bb sticky_enabled=\u00bb0&#8243;][et_pb_column type=\u00bb1_3&#8243; _builder_version=\u00bb4.27.2&#8243; _module_preset=\u00bbdefault\u00bb global_colors_info=\u00bb{}\u00bb theme_builder_area=\u00bbpost_content\u00bb][et_pb_blurb title=\u00bbCalvo Pedr\u00f3s, Antonio (1935-2006)\u00bb url=\u00bb@ET-DC@eyJkeW5hbWljIjp0cnVlLCJjb250ZW50IjoicG9zdF9saW5rX3VybF9wYWdlIiwic2V0dGluZ3MiOnsicG9zdF9pZCI6IjYwNTUifX0=@\u00bb url_new_window=\u00bbon\u00bb image=\u00bbhttps:\/\/dara.aragon.es\/dara\/archivosfotograficos\/wp-content\/uploads\/sites\/6\/2025\/12\/Calvo-Pedros.png\u00bb content_max_width=\u00bb500px\u00bb _builder_version=\u00bb4.27.4&#8243; _module_preset=\u00bbdefault\u00bb header_line_height=\u00bb1.4em\u00bb text_orientation=\u00bbcenter\u00bb custom_padding=\u00bb||||false|false\u00bb link_option_url=\u00bb@ET-DC@eyJkeW5hbWljIjp0cnVlLCJjb250ZW50IjoicG9zdF9saW5rX3VybF9wYWdlIiwic2V0dGluZ3MiOnsicG9zdF9pZCI6IjYwNTUifX0=@\u00bb hover_enabled=\u00bb0&#8243; border_color_all_image=\u00bb#000000&#8243; border_style_all_image=\u00bbnone\u00bb box_shadow_style_image=\u00bbpreset1&#8243; global_colors_info=\u00bb{}\u00bb theme_builder_area=\u00bbpost_content\u00bb title_text=\u00bbCalvo Pedr\u00f3s\u00bb sticky_enabled=\u00bb0&#8243; _dynamic_attributes=\u00bburl,link_option_url\u00bb][\/et_pb_blurb][\/et_pb_column][et_pb_column type=\u00bb1_3&#8243; _builder_version=\u00bb4.27.2&#8243; _module_preset=\u00bbdefault\u00bb global_colors_info=\u00bb{}\u00bb theme_builder_area=\u00bbpost_content\u00bb][et_pb_blurb title=\u00bbCompaire Escart\u00edn, Ricardo (1883-1965)\u00bb url=\u00bbhttps:\/\/dara.aragon.es\/dara\/archivosfotograficos\/ricardo-compaire-escartin\/\u00bb url_new_window=\u00bbon\u00bb image=\u00bbhttps:\/\/dara.aragon.es\/dara\/archivosfotograficos\/wp-content\/uploads\/sites\/6\/2025\/10\/Compaire-Escartin-Ricardo.jpg\u00bb content_max_width=\u00bb500px\u00bb _builder_version=\u00bb4.27.4&#8243; _module_preset=\u00bbdefault\u00bb header_line_height=\u00bb1.4em\u00bb text_orientation=\u00bbcenter\u00bb custom_padding=\u00bb||||false|false\u00bb link_option_url=\u00bbhttps:\/\/dara.aragon.es\/dara\/archivosfotograficos\/ricardo-compaire-escartin\/\u00bb hover_enabled=\u00bb0&#8243; border_color_all_image=\u00bb#000000&#8243; border_style_all_image=\u00bbnone\u00bb box_shadow_style_image=\u00bbpreset1&#8243; global_colors_info=\u00bb{}\u00bb theme_builder_area=\u00bbpost_content\u00bb sticky_enabled=\u00bb0&#8243;][\/et_pb_blurb][\/et_pb_column][et_pb_column type=\u00bb1_3&#8243; _builder_version=\u00bb4.27.2&#8243; _module_preset=\u00bbdefault\u00bb global_colors_info=\u00bb{}\u00bb theme_builder_area=\u00bbpost_content\u00bb][et_pb_blurb title=\u00bbCoyne, Estudio (Anselmo Mar\u00eda, Ignacio y Manuel Coyne; Antonio Esplugas) (1870-1998)\u00bb url=\u00bbhttps:\/\/dara.aragon.es\/dara\/archivosfotograficos\/estudio-coyne-4\/\u00bb url_new_window=\u00bbon\u00bb image=\u00bbhttps:\/\/dara.aragon.es\/dara\/archivosfotograficos\/wp-content\/uploads\/sites\/6\/2024\/10\/Gabinetes-fotograficos-1856-1936.jpg\u00bb alt=\u00bb3 Iglesia. 2016. Juan Carlos Gil Ballano\u00bb content_max_width=\u00bb500px\u00bb _builder_version=\u00bb4.27.4&#8243; _module_preset=\u00bbdefault\u00bb header_line_height=\u00bb1.4em\u00bb text_orientation=\u00bbcenter\u00bb custom_padding=\u00bb||||false|false\u00bb link_option_url=\u00bbhttps:\/\/dara.aragon.es\/dara\/archivosfotograficos\/estudio-coyne-4\/\u00bb border_color_all_image=\u00bb#000000&#8243; border_style_all_image=\u00bbnone\u00bb box_shadow_style_image=\u00bbpreset1&#8243; global_colors_info=\u00bb{}\u00bb theme_builder_area=\u00bbpost_content\u00bb][\/et_pb_blurb][\/et_pb_column][\/et_pb_row][et_pb_row column_structure=\u00bb1_3,1_3,1_3&#8243; disabled_on=\u00bboff|off|off\u00bb _builder_version=\u00bb4.27.4&#8243; _module_preset=\u00bbdefault\u00bb hover_enabled=\u00bb0&#8243; locked=\u00bboff\u00bb global_colors_info=\u00bb{}\u00bb theme_builder_area=\u00bbpost_content\u00bb sticky_enabled=\u00bb0&#8243;][et_pb_column type=\u00bb1_3&#8243; _builder_version=\u00bb4.27.4&#8243; _module_preset=\u00bbdefault\u00bb hover_enabled=\u00bb0&#8243; global_colors_info=\u00bb{}\u00bb theme_builder_area=\u00bbpost_content\u00bb sticky_enabled=\u00bb0&#8243;][et_pb_blurb title=\u00bbCobos Berges, Antonio (1913-1921)\u00bb url=\u00bbhttps:\/\/dara.aragon.es\/dara\/archivosfotograficos\/archivo-personal-de-antonio-cobos-berges\/\u00bb url_new_window=\u00bbon\u00bb image=\u00bbhttps:\/\/dara.aragon.es\/dara\/archivosfotograficos\/wp-content\/uploads\/sites\/6\/2025\/10\/Cobos-Berges-Antonio-1913-1921.jpg\u00bb content_max_width=\u00bb500px\u00bb _builder_version=\u00bb4.27.4&#8243; _module_preset=\u00bbdefault\u00bb header_line_height=\u00bb1.4em\u00bb text_orientation=\u00bbcenter\u00bb custom_padding=\u00bb||||false|false\u00bb link_option_url=\u00bbhttps:\/\/dara.aragon.es\/dara\/archivosfotograficos\/archivo-personal-de-antonio-cobos-berges\/\u00bb border_color_all_image=\u00bb#000000&#8243; border_style_all_image=\u00bbnone\u00bb box_shadow_style_image=\u00bbpreset1&#8243; global_colors_info=\u00bb{}\u00bb theme_builder_area=\u00bbpost_content\u00bb][\/et_pb_blurb][\/et_pb_column][et_pb_column type=\u00bb1_3&#8243; _builder_version=\u00bb4.27.2&#8243; _module_preset=\u00bbdefault\u00bb global_colors_info=\u00bb{}\u00bb theme_builder_area=\u00bbpost_content\u00bb][et_pb_blurb title=\u00bbFaci Abad, Gabriel (1878-1932)\u00bb url=\u00bbhttps:\/\/dara.aragon.es\/dara\/archivosfotograficos\/gabriel-faci-3\/\u00bb url_new_window=\u00bbon\u00bb image=\u00bbhttps:\/\/dara.aragon.es\/dara\/archivosfotograficos\/wp-content\/uploads\/sites\/6\/2025\/10\/Faci-Abad-Gabriel-1878-1932.jpg\u00bb content_max_width=\u00bb500px\u00bb _builder_version=\u00bb4.27.4&#8243; _module_preset=\u00bbdefault\u00bb header_line_height=\u00bb1.4em\u00bb text_orientation=\u00bbcenter\u00bb custom_padding=\u00bb||||false|false\u00bb link_option_url=\u00bbhttps:\/\/dara.aragon.es\/dara\/archivosfotograficos\/gabriel-faci-3\/\u00bb border_color_all_image=\u00bb#000000&#8243; border_style_all_image=\u00bbnone\u00bb box_shadow_style_image=\u00bbpreset1&#8243; global_colors_info=\u00bb{}\u00bb theme_builder_area=\u00bbpost_content\u00bb][\/et_pb_blurb][\/et_pb_column][et_pb_column type=\u00bb1_3&#8243; _builder_version=\u00bb4.27.4&#8243; _module_preset=\u00bbdefault\u00bb global_colors_info=\u00bb{}\u00bb theme_builder_area=\u00bbpost_content\u00bb][et_pb_blurb title=\u00bbForadada Coll, Alfonso (1909-1980)\u00bb url=\u00bbhttps:\/\/dara.aragon.es\/dara\/archivosfotograficos\/alfonso-foradada-coll\/\u00bb url_new_window=\u00bbon\u00bb image=\u00bbhttps:\/\/dara.aragon.es\/dara\/archivosfotograficos\/wp-content\/uploads\/sites\/6\/2024\/10\/Alfonso-Foradada.jpg\u00bb alt=\u00bb3 Iglesia. 2016. Juan Carlos Gil Ballano\u00bb content_max_width=\u00bb500px\u00bb _builder_version=\u00bb4.27.4&#8243; _module_preset=\u00bbdefault\u00bb header_line_height=\u00bb1.4em\u00bb text_orientation=\u00bbcenter\u00bb custom_padding=\u00bb||||false|false\u00bb link_option_url=\u00bbhttps:\/\/dara.aragon.es\/dara\/archivosfotograficos\/alfonso-foradada-coll\/\u00bb border_color_all_image=\u00bb#000000&#8243; border_style_all_image=\u00bbnone\u00bb box_shadow_style_image=\u00bbpreset1&#8243; global_colors_info=\u00bb{}\u00bb theme_builder_area=\u00bbpost_content\u00bb][\/et_pb_blurb][\/et_pb_column][\/et_pb_row][et_pb_row column_structure=\u00bb1_3,1_3,1_3&#8243; disabled_on=\u00bboff|off|off\u00bb _builder_version=\u00bb4.27.4&#8243; _module_preset=\u00bbdefault\u00bb locked=\u00bboff\u00bb global_colors_info=\u00bb{}\u00bb theme_builder_area=\u00bbpost_content\u00bb][et_pb_column type=\u00bb1_3&#8243; _builder_version=\u00bb4.27.2&#8243; _module_preset=\u00bbdefault\u00bb global_colors_info=\u00bb{}\u00bb theme_builder_area=\u00bbpost_content\u00bb][et_pb_blurb title=\u00bbFuenclara, (colecci\u00f3n. Francisco Gorriz, Serrano y Larraz, fot\u00f3grafos) (1900-ca. 1940)\u00bb url=\u00bbhttps:\/\/dara.aragon.es\/dara\/archivosfotograficos\/coleccion-fuenclara\/\u00bb url_new_window=\u00bbon\u00bb image=\u00bbhttps:\/\/dara.aragon.es\/dara\/archivosfotograficos\/wp-content\/uploads\/sites\/6\/2025\/10\/Fuenclara-coleccion.-Francisco-Gorriz-Serrano-y-Larraz-fotografos.jpg\u00bb content_max_width=\u00bb500px\u00bb _builder_version=\u00bb4.27.4&#8243; _module_preset=\u00bbdefault\u00bb header_line_height=\u00bb1.4em\u00bb text_orientation=\u00bbcenter\u00bb custom_padding=\u00bb||||false|false\u00bb link_option_url=\u00bbhttps:\/\/dara.aragon.es\/dara\/archivosfotograficos\/coleccion-fuenclara\/\u00bb border_color_all_image=\u00bb#000000&#8243; border_style_all_image=\u00bbnone\u00bb box_shadow_style_image=\u00bbpreset1&#8243; global_colors_info=\u00bb{}\u00bb theme_builder_area=\u00bbpost_content\u00bb][\/et_pb_blurb][\/et_pb_column][et_pb_column type=\u00bb1_3&#8243; _builder_version=\u00bb4.27.2&#8243; _module_preset=\u00bbdefault\u00bb global_colors_info=\u00bb{}\u00bb theme_builder_area=\u00bbpost_content\u00bb][et_pb_blurb title=\u00bbGaliay Sara\u00f1ana, Jos\u00e9 (1900-1950)\u00bb url=\u00bbhttps:\/\/dara.aragon.es\/dara\/archivosfotograficos\/jose-galiay\/\u00bb url_new_window=\u00bbon\u00bb image=\u00bbhttps:\/\/dara.aragon.es\/dara\/archivosfotograficos\/wp-content\/uploads\/sites\/6\/2025\/10\/Galiay-Saranana-Jose-1900-1950.jpg\u00bb content_max_width=\u00bb500px\u00bb _builder_version=\u00bb4.27.4&#8243; _module_preset=\u00bbdefault\u00bb header_line_height=\u00bb1.4em\u00bb text_orientation=\u00bbcenter\u00bb custom_padding=\u00bb||||false|false\u00bb link_option_url=\u00bbhttps:\/\/dara.aragon.es\/dara\/archivosfotograficos\/jose-galiay\/\u00bb border_color_all_image=\u00bb#000000&#8243; border_style_all_image=\u00bbnone\u00bb box_shadow_style_image=\u00bbpreset1&#8243; global_colors_info=\u00bb{}\u00bb theme_builder_area=\u00bbpost_content\u00bb][\/et_pb_blurb][\/et_pb_column][et_pb_column type=\u00bb1_3&#8243; _builder_version=\u00bb4.27.4&#8243; _module_preset=\u00bbdefault\u00bb global_colors_info=\u00bb{}\u00bb theme_builder_area=\u00bbpost_content\u00bb][et_pb_blurb title=\u00bbG\u00f3mez Zamora, Mariano (1906-2003)\u00bb url=\u00bbhttps:\/\/dara.aragon.es\/dara\/archivosfotograficos\/mariano-gomez-zamora\/\u00bb url_new_window=\u00bbon\u00bb image=\u00bbhttps:\/\/dara.aragon.es\/dara\/archivosfotograficos\/wp-content\/uploads\/sites\/6\/2024\/10\/Gomez-Zamora.jpg\u00bb alt=\u00bb3 Iglesia. 2016. Juan Carlos Gil Ballano\u00bb content_max_width=\u00bb500px\u00bb _builder_version=\u00bb4.27.4&#8243; _module_preset=\u00bbdefault\u00bb header_line_height=\u00bb1.4em\u00bb text_orientation=\u00bbcenter\u00bb custom_padding=\u00bb||||false|false\u00bb link_option_url=\u00bbhttps:\/\/dara.aragon.es\/dara\/archivosfotograficos\/mariano-gomez-zamora\/\u00bb border_color_all_image=\u00bb#000000&#8243; border_style_all_image=\u00bbnone\u00bb box_shadow_style_image=\u00bbpreset1&#8243; global_colors_info=\u00bb{}\u00bb theme_builder_area=\u00bbpost_content\u00bb][\/et_pb_blurb][\/et_pb_column][\/et_pb_row][et_pb_row column_structure=\u00bb1_3,1_3,1_3&#8243; disabled_on=\u00bboff|off|off\u00bb _builder_version=\u00bb4.27.4&#8243; _module_preset=\u00bbdefault\u00bb locked=\u00bboff\u00bb global_colors_info=\u00bb{}\u00bb theme_builder_area=\u00bbpost_content\u00bb][et_pb_column type=\u00bb1_3&#8243; _builder_version=\u00bb4.27.2&#8243; _module_preset=\u00bbdefault\u00bb global_colors_info=\u00bb{}\u00bb theme_builder_area=\u00bbpost_content\u00bb][et_pb_blurb title=\u00bbHeras Calvo, Francisco de las (1886-1950)\u00bb url=\u00bbhttps:\/\/dara.aragon.es\/dara\/archivosfotograficos\/archivo-fotografico-de-francisco-de-las-heras-calvo\/\u00bb url_new_window=\u00bbon\u00bb image=\u00bbhttps:\/\/dara.aragon.es\/dara\/archivosfotograficos\/wp-content\/uploads\/sites\/6\/2024\/10\/Francisco-de-las-Heras.png\u00bb content_max_width=\u00bb500px\u00bb _builder_version=\u00bb4.27.4&#8243; _module_preset=\u00bbdefault\u00bb header_line_height=\u00bb1.4em\u00bb text_orientation=\u00bbcenter\u00bb custom_padding=\u00bb||||false|false\u00bb link_option_url=\u00bbhttps:\/\/dara.aragon.es\/dara\/archivosfotograficos\/archivo-fotografico-de-francisco-de-las-heras-calvo\/\u00bb border_color_all_image=\u00bb#000000&#8243; border_style_all_image=\u00bbnone\u00bb box_shadow_style_image=\u00bbpreset1&#8243; global_colors_info=\u00bb{}\u00bb theme_builder_area=\u00bbpost_content\u00bb][\/et_pb_blurb][\/et_pb_column][et_pb_column type=\u00bb1_3&#8243; _builder_version=\u00bb4.27.2&#8243; _module_preset=\u00bbdefault\u00bb global_colors_info=\u00bb{}\u00bb theme_builder_area=\u00bbpost_content\u00bb][et_pb_blurb title=\u00bbJ\u00fadez y Ort\u00edz, Mariano (1932-1874)\u00bb url=\u00bbhttps:\/\/dara.aragon.es\/dara\/archivosfotograficos\/archivo-fotografico-mariano-judez-ortiz\/\u00bb url_new_window=\u00bbon\u00bb image=\u00bbhttps:\/\/dara.aragon.es\/dara\/archivosfotograficos\/wp-content\/uploads\/sites\/6\/2024\/10\/Mariano-Judez-y-Ortiz.png\u00bb content_max_width=\u00bb500px\u00bb _builder_version=\u00bb4.27.4&#8243; _module_preset=\u00bbdefault\u00bb header_line_height=\u00bb1.4em\u00bb text_orientation=\u00bbcenter\u00bb custom_padding=\u00bb||||false|false\u00bb link_option_url=\u00bbhttps:\/\/dara.aragon.es\/dara\/archivosfotograficos\/archivo-fotografico-mariano-judez-ortiz\/\u00bb border_color_all_image=\u00bb#000000&#8243; border_style_all_image=\u00bbnone\u00bb box_shadow_style_image=\u00bbpreset1&#8243; global_colors_info=\u00bb{}\u00bb theme_builder_area=\u00bbpost_content\u00bb][\/et_pb_blurb][\/et_pb_column][et_pb_column type=\u00bb1_3&#8243; _builder_version=\u00bb4.27.4&#8243; _module_preset=\u00bbdefault\u00bb global_colors_info=\u00bb{}\u00bb theme_builder_area=\u00bbpost_content\u00bb][et_pb_blurb title=\u00bbMora Insa, Juan (1880-1954)\u00bb url=\u00bbhttps:\/\/dara.aragon.es\/dara\/archivosfotograficos\/juan-mora-insa\/\u00bb url_new_window=\u00bbon\u00bb image=\u00bbhttps:\/\/dara.aragon.es\/dara\/archivosfotograficos\/wp-content\/uploads\/sites\/6\/2024\/10\/Juan-Mora-Insa.png\u00bb content_max_width=\u00bb500px\u00bb _builder_version=\u00bb4.27.4&#8243; _module_preset=\u00bbdefault\u00bb header_line_height=\u00bb1.4em\u00bb text_orientation=\u00bbcenter\u00bb custom_padding=\u00bb||||false|false\u00bb link_option_url=\u00bbhttps:\/\/dara.aragon.es\/dara\/archivosfotograficos\/juan-mora-insa\/\u00bb border_color_all_image=\u00bb#000000&#8243; border_style_all_image=\u00bbnone\u00bb box_shadow_style_image=\u00bbpreset1&#8243; global_colors_info=\u00bb{}\u00bb theme_builder_area=\u00bbpost_content\u00bb][\/et_pb_blurb][\/et_pb_column][\/et_pb_row][et_pb_row column_structure=\u00bb1_3,1_3,1_3&#8243; disabled_on=\u00bboff|off|off\u00bb _builder_version=\u00bb4.27.4&#8243; _module_preset=\u00bbdefault\u00bb locked=\u00bboff\u00bb global_colors_info=\u00bb{}\u00bb theme_builder_area=\u00bbpost_content\u00bb][et_pb_column type=\u00bb1_3&#8243; _builder_version=\u00bb4.27.2&#8243; _module_preset=\u00bbdefault\u00bb global_colors_info=\u00bb{}\u00bb theme_builder_area=\u00bbpost_content\u00bb][et_pb_blurb title=\u00bbMurueta-Goyena, Sabino \u00bb url=\u00bbhttps:\/\/dara.aragon.es\/dara\/archivosfotograficos\/sabino-murueta-goiena\/\u00bb url_new_window=\u00bbon\u00bb image=\u00bbhttps:\/\/dara.aragon.es\/dara\/archivosfotograficos\/wp-content\/uploads\/sites\/6\/2024\/10\/Fotografia-y-guerra-civil-1936-1939.jpg\u00bb content_max_width=\u00bb500px\u00bb _builder_version=\u00bb4.27.4&#8243; _module_preset=\u00bbdefault\u00bb header_line_height=\u00bb1.4em\u00bb text_orientation=\u00bbcenter\u00bb custom_padding=\u00bb||||false|false\u00bb link_option_url=\u00bbhttps:\/\/dara.aragon.es\/dara\/archivosfotograficos\/sabino-murueta-goiena\/\u00bb border_color_all_image=\u00bb#000000&#8243; border_style_all_image=\u00bbnone\u00bb box_shadow_style_image=\u00bbpreset1&#8243; global_colors_info=\u00bb{}\u00bb theme_builder_area=\u00bbpost_content\u00bb][\/et_pb_blurb][\/et_pb_column][et_pb_column type=\u00bb1_3&#8243; _builder_version=\u00bb4.27.2&#8243; _module_preset=\u00bbdefault\u00bb global_colors_info=\u00bb{}\u00bb theme_builder_area=\u00bbpost_content\u00bb][et_pb_blurb title=\u00bbOltra Mera, Jos\u00e9 (1913-1981)\u00bb url=\u00bbhttps:\/\/dara.aragon.es\/dara\/archivosfotograficos\/jose-oltra-mera\/\u00bb url_new_window=\u00bbon\u00bb image=\u00bbhttps:\/\/dara.aragon.es\/dara\/archivosfotograficos\/wp-content\/uploads\/sites\/6\/2024\/10\/Jose-Oltra.png\u00bb alt=\u00bb3 Iglesia. 2016. Juan Carlos Gil Ballano\u00bb content_max_width=\u00bb500px\u00bb _builder_version=\u00bb4.27.4&#8243; _module_preset=\u00bbdefault\u00bb header_line_height=\u00bb1.4em\u00bb text_orientation=\u00bbcenter\u00bb custom_padding=\u00bb||||false|false\u00bb link_option_url=\u00bbhttps:\/\/dara.aragon.es\/dara\/archivosfotograficos\/jose-oltra-mera\/\u00bb border_color_all_image=\u00bb#000000&#8243; border_style_all_image=\u00bbnone\u00bb box_shadow_style_image=\u00bbpreset1&#8243; global_colors_info=\u00bb{}\u00bb theme_builder_area=\u00bbpost_content\u00bb][\/et_pb_blurb][\/et_pb_column][et_pb_column type=\u00bb1_3&#8243; _builder_version=\u00bb4.27.4&#8243; _module_preset=\u00bbdefault\u00bb global_colors_info=\u00bb{}\u00bb theme_builder_area=\u00bbpost_content\u00bb][et_pb_blurb title=\u00bbRequejo Santos, Julio (1885-1921)\u00bb url=\u00bbhttps:\/\/dara.aragon.es\/dara\/archivosfotograficos\/julio-requejo\/\u00bb url_new_window=\u00bbon\u00bb image=\u00bbhttps:\/\/dara.aragon.es\/dara\/archivosfotograficos\/wp-content\/uploads\/sites\/6\/2025\/10\/Requejo-Santos-Julio-1885-1921.jpg\u00bb content_max_width=\u00bb500px\u00bb _builder_version=\u00bb4.27.4&#8243; _module_preset=\u00bbdefault\u00bb header_line_height=\u00bb1.4em\u00bb text_orientation=\u00bbcenter\u00bb custom_padding=\u00bb||||false|false\u00bb link_option_url=\u00bbhttps:\/\/dara.aragon.es\/dara\/archivosfotograficos\/julio-requejo\/\u00bb border_color_all_image=\u00bb#000000&#8243; border_style_all_image=\u00bbnone\u00bb box_shadow_style_image=\u00bbpreset1&#8243; global_colors_info=\u00bb{}\u00bb theme_builder_area=\u00bbpost_content\u00bb][\/et_pb_blurb][\/et_pb_column][\/et_pb_row][et_pb_row column_structure=\u00bb1_3,1_3,1_3&#8243; disabled_on=\u00bboff|off|off\u00bb _builder_version=\u00bb4.27.4&#8243; _module_preset=\u00bbdefault\u00bb locked=\u00bboff\u00bb global_colors_info=\u00bb{}\u00bb theme_builder_area=\u00bbpost_content\u00bb][et_pb_column type=\u00bb1_3&#8243; _builder_version=\u00bb4.27.2&#8243; _module_preset=\u00bbdefault\u00bb global_colors_info=\u00bb{}\u00bb theme_builder_area=\u00bbpost_content\u00bb][et_pb_blurb title=\u00bbSan Agust\u00edn Mur, Ildefonso (1882-1946)\u00bb url=\u00bbhttps:\/\/dara.aragon.es\/dara\/archivosfotograficos\/ildefonso-san-agustin-mur\/\u00bb url_new_window=\u00bbon\u00bb image=\u00bbhttps:\/\/dara.aragon.es\/dara\/archivosfotograficos\/wp-content\/uploads\/sites\/6\/2025\/10\/San-Agustin-Mur-Ildefonso-1882-1946.jpg\u00bb content_max_width=\u00bb500px\u00bb _builder_version=\u00bb4.27.4&#8243; _module_preset=\u00bbdefault\u00bb header_line_height=\u00bb1.4em\u00bb text_orientation=\u00bbcenter\u00bb custom_padding=\u00bb||||false|false\u00bb link_option_url=\u00bbhttps:\/\/dara.aragon.es\/dara\/archivosfotograficos\/ildefonso-san-agustin-mur\/\u00bb border_color_all_image=\u00bb#000000&#8243; border_style_all_image=\u00bbnone\u00bb box_shadow_style_image=\u00bbpreset1&#8243; global_colors_info=\u00bb{}\u00bb theme_builder_area=\u00bbpost_content\u00bb][\/et_pb_blurb][\/et_pb_column][et_pb_column type=\u00bb1_3&#8243; _builder_version=\u00bb4.27.2&#8243; _module_preset=\u00bbdefault\u00bb global_colors_info=\u00bb{}\u00bb theme_builder_area=\u00bbpost_content\u00bb][et_pb_blurb title=\u00bbSancho Ramo, Gerardo (1911-2007)\u00bb url=\u00bb@ET-DC@eyJkeW5hbWljIjp0cnVlLCJjb250ZW50IjoicG9zdF9saW5rX3VybF9wYWdlIiwic2V0dGluZ3MiOnsicG9zdF9pZCI6IjYwMzkifX0=@\u00bb url_new_window=\u00bbon\u00bb image=\u00bbhttps:\/\/dara.aragon.es\/dara\/archivosfotograficos\/wp-content\/uploads\/sites\/6\/2025\/12\/Gerardo-Sancho.png\u00bb content_max_width=\u00bb500px\u00bb _builder_version=\u00bb4.27.4&#8243; _module_preset=\u00bbdefault\u00bb header_line_height=\u00bb1.4em\u00bb text_orientation=\u00bbcenter\u00bb custom_padding=\u00bb||||false|false\u00bb link_option_url=\u00bb@ET-DC@eyJkeW5hbWljIjp0cnVlLCJjb250ZW50IjoicG9zdF9saW5rX3VybF9wYWdlIiwic2V0dGluZ3MiOnsicG9zdF9pZCI6IjYwMzkifX0=@\u00bb hover_enabled=\u00bb0&#8243; border_color_all_image=\u00bb#000000&#8243; border_style_all_image=\u00bbnone\u00bb box_shadow_style_image=\u00bbpreset1&#8243; global_colors_info=\u00bb{}\u00bb theme_builder_area=\u00bbpost_content\u00bb title_text=\u00bbGerardo Sancho\u00bb _dynamic_attributes=\u00bburl,link_option_url\u00bb sticky_enabled=\u00bb0&#8243;][\/et_pb_blurb][\/et_pb_column][et_pb_column type=\u00bb1_3&#8243; _builder_version=\u00bb4.27.4&#8243; _module_preset=\u00bbdefault\u00bb global_colors_info=\u00bb{}\u00bb theme_builder_area=\u00bbpost_content\u00bb][\/et_pb_column][\/et_pb_row][\/et_pb_section][et_pb_section fb_built=\u00bb1&#8243; _builder_version=\u00bb4.27.4&#8243; _module_preset=\u00bbdefault\u00bb global_colors_info=\u00bb{}\u00bb theme_builder_area=\u00bbpost_content\u00bb][et_pb_row _builder_version=\u00bb4.27.4&#8243; _module_preset=\u00bbdefault\u00bb hover_enabled=\u00bb0&#8243; global_colors_info=\u00bb{}\u00bb theme_builder_area=\u00bbpost_content\u00bb sticky_enabled=\u00bb0&#8243;][et_pb_column type=\u00bb4_4&#8243; _builder_version=\u00bb4.27.4&#8243; _module_preset=\u00bbdefault\u00bb global_colors_info=\u00bb{}\u00bb theme_builder_area=\u00bbpost_content\u00bb][et_pb_text _builder_version=\u00bb4.27.4&#8243; _module_preset=\u00bbdefault\u00bb header_2_font=\u00bb|||on|||||\u00bb header_2_text_align=\u00bbcenter\u00bb header_2_text_color=\u00bb#0D3857&#8243; global_colors_info=\u00bb{}\u00bb theme_builder_area=\u00bbpost_content\u00bb]<\/p>\n<h2 style=\"text-align: center\">Todos los fot\u00f3grafos<\/h2>\n<p>[\/et_pb_text][et_pb_code _builder_version=\u00bb4.27.4&#8243; _module_preset=\u00bbdefault\u00bb hover_enabled=\u00bb0&#8243; global_colors_info=\u00bb{}\u00bb theme_builder_area=\u00bbpost_content\u00bb sticky_enabled=\u00bb0&#8243;]<\/p>\n<div id=\"dara-photogs\" class=\"dara-photogs\"><!-- [et_pb_line_break_holder] -->  <\/p>\n<div class=\"df-toolbar\"><!-- [et_pb_line_break_holder] -->    <button class=\"df-chip is-active\" data-group=\"Todos\">Todos<\/button><!-- [et_pb_line_break_holder] -->    <button class=\"df-chip\" data-group=\"Arag\u00f3n\">Arag\u00f3n<\/button><!-- [et_pb_line_break_holder] -->    <button class=\"df-chip\" data-group=\"Resto de Espa\u00f1a\">Resto de Espa\u00f1a<\/button><!-- [et_pb_line_break_holder] -->    <button class=\"df-chip\" data-group=\"Francia\">Francia<\/button><!-- [et_pb_line_break_holder] -->    <button class=\"df-chip\" data-group=\"Gran Breta\u00f1a\">Gran Breta\u00f1a<\/button><!-- [et_pb_line_break_holder] -->  <\/div>\n<p><!-- [et_pb_line_break_holder] --><!-- [et_pb_line_break_holder] -->  <\/p>\n<div class=\"table-wrap\"><!-- [et_pb_line_break_holder] -->    <\/p>\n<table class=\"tabla\"><!-- [et_pb_line_break_holder] -->      <\/p>\n<thead><!-- [et_pb_line_break_holder] -->        <\/p>\n<tr><!-- [et_pb_line_break_holder] -->          <\/p>\n<th>Fot\u00f3grafo<\/th>\n<p><!-- [et_pb_line_break_holder] -->          <\/p>\n<th>Ciudad<\/th>\n<p><!-- [et_pb_line_break_holder] -->          <\/p>\n<th>Grupo<\/th>\n<p><!-- [et_pb_line_break_holder] -->          <\/p>\n<th>Fotos<\/th>\n<p><!-- [et_pb_line_break_holder] -->        <\/tr>\n<p><!-- [et_pb_line_break_holder] -->      <\/thead>\n<p><!-- [et_pb_line_break_holder] -->      <\/p>\n<tbody id=\"df-body\"><\/tbody>\n<p><!-- [et_pb_line_break_holder] -->    <\/table>\n<p><!-- [et_pb_line_break_holder] -->  <\/div>\n<p><!-- [et_pb_line_break_holder] --><\/div>\n<p><!-- [et_pb_line_break_holder] --><!-- [et_pb_line_break_holder] --><\/p>\n<style><!-- [et_pb_line_break_holder] -->  \/* Contenedor & tipograf\u00eda *\/<!-- [et_pb_line_break_holder] -->  .dara-photogs { --azul:#0f3a55; --azul-10:#e6eef3; --borde:#e9eef2; --chip:#eef2f5; --chip-text:#333; --chip-active:#1f5d86; --chip-active-text:#fff; }<!-- [et_pb_line_break_holder] -->  .dara-photogs .table-wrap { overflow-x:auto; border:1px solid var(--borde); border-radius:10px; background:#fff; }<!-- [et_pb_line_break_holder] --><!-- [et_pb_line_break_holder] -->  \/* Botones (chips) *\/<!-- [et_pb_line_break_holder] -->  .dara-photogs .df-toolbar{ display:flex; gap:.5rem; flex-wrap:wrap; justify-content:center; margin:8px 0 14px; }<!-- [et_pb_line_break_holder] -->  .dara-photogs .df-chip{<!-- [et_pb_line_break_holder] -->    padding:.45rem .85rem; border:1px solid #d8dee4; border-radius:9rem; background:var(--chip);<!-- [et_pb_line_break_holder] -->    color:var(--chip-text); font-weight:600; cursor:pointer; transition:.2s; line-height:1;<!-- [et_pb_line_break_holder] -->  }<!-- [et_pb_line_break_holder] -->  .dara-photogs .df-chip:hover{ transform:translateY(-1px); }<!-- [et_pb_line_break_holder] -->  .dara-photogs .df-chip.is-active{ background:var(--chip-active); color:var(--chip-active-text); border-color:transparent; }<!-- [et_pb_line_break_holder] --><!-- [et_pb_line_break_holder] -->  \/* Tabla *\/<!-- [et_pb_line_break_holder] -->  .dara-photogs table{ width:100%; border-collapse:collapse; }<!-- [et_pb_line_break_holder] -->  .dara-photogs thead th{<!-- [et_pb_line_break_holder] -->    background:var(--azul); color:#fff; text-align:left; padding:16px 18px; font-weight:700; letter-spacing:.2px;<!-- [et_pb_line_break_holder] -->  }<!-- [et_pb_line_break_holder] -->  .dara-photogs tbody td{ padding:14px 18px; border-top:1px solid var(--borde); vertical-align:middle; }<!-- [et_pb_line_break_holder] -->  .dara-photogs tbody tr:hover{ background:var(--azul-10); }<!-- [et_pb_line_break_holder] -->  .dara-photogs a{ color:#0c8aa6; text-decoration:none; font-weight:600; }<!-- [et_pb_line_break_holder] -->  .dara-photogs a:hover{ text-decoration:underline; }<!-- [et_pb_line_break_holder] --><!-- [et_pb_line_break_holder] -->  \/* Responsivo: en m\u00f3viles mantenemos tabla horizontal con scroll *\/<!-- [et_pb_line_break_holder] -->  @media (max-width:640px){<!-- [et_pb_line_break_holder] -->    .dara-photogs thead th, .dara-photogs tbody td{ padding:12px 14px; }<!-- [et_pb_line_break_holder] -->  }<!-- [et_pb_line_break_holder] --><\/style>\n<p><!-- [et_pb_line_break_holder] --><script><!-- [et_pb_line_break_holder] -->  (function(){<!-- [et_pb_line_break_holder] -->    const nf = new Intl.NumberFormat('es-ES');<!-- [et_pb_line_break_holder] --><!-- [et_pb_line_break_holder] -->    const data =<!-- [et_pb_line_break_holder] -->[<!-- [et_pb_line_break_holder] -->      {n:\"Aguilar, Benito\", u:\"https:\/\/dara.aragon.es\/opac\/app\/results\/arfo?q=aguilar+benito&ob=re:1&vm=mv\", c:\"Graus\", g:\"Arag\u00f3n\", f:2},<!-- [et_pb_line_break_holder] -->      {n:\"Algar, \u00c1ngel. Fot\u00f3grafo\", u:\"https:\/\/dara.aragon.es\/opac\/app\/results\/arfo?q=fot%C3%B3grafo&ob=re:1&ft=person:Algar,+%C3%81ngel\", c:\"Zaragoza\", g:\"Arag\u00f3n\", f:156},<!-- [et_pb_line_break_holder] -->      {n:\"Almarza Malla\u00edna, Lorenzo\", u:\"https:\/\/dara.aragon.es\/opac\/app\/results\/arfo?ft=archive:5&ft=person:Almarza+Malla%C3%ADna,+Lorenzo\", c:\"Zaragoza\", g:\"Arag\u00f3n\", f:3034},<!-- [et_pb_line_break_holder] -->      {n:\"Ango (fot\u00f3grafo)\", u:\"https:\/\/dara.aragon.es\/opac\/app\/results\/?ft=person:Ango+%28fot%C3%B3grafo%29\", c:\"Madrid\", g:\"Resto de Espa\u00f1a\", f:1},<!-- [et_pb_line_break_holder] -->      {n:\"Arco y Garay, Ricardo del\", u:\"https:\/\/dara.aragon.es\/opac\/app\/results\/arfo?ft=archive:5&ft=person:Arco+y+Garay,+Ricardo+del\", c:\"Huesca\", g:\"Arag\u00f3n\", f:1006},<!-- [et_pb_line_break_holder] -->      {n:\"Audouard y C\u00eda. Fot\u00f3grafos\", u:\"https:\/\/dara.aragon.es\/opac\/app\/results\/arfo?q=Audouard&ob=re:1&sr=1\", c:\"Barcelona\", g:\"Resto de Espa\u00f1a\", f:3},<!-- [et_pb_line_break_holder] -->      {n:\"Barrera, Abelardo de la\", u:\"https:\/\/dara.aragon.es\/opac\/app\/results\/arfo?q=%22A.+de+la+Barrera%22&vm=mv&ft=archive:24&sr=1\", c:\"San Sebasti\u00e1n\", g:\"Resto de Espa\u00f1a\", f:19},<!-- [et_pb_line_break_holder] -->      {n:\"Barrio\", u:\"https:\/\/dara.aragon.es\/opac\/app\/results\/arfo?q=barrio&q=Jaca&ob=re:1&vm=mv&sr=1\", c:\"Jaca\", g:\"Arag\u00f3n\", f:50},<!-- [et_pb_line_break_holder] -->      {n:\"Baso Simelio, Santos\", u:\"https:\/\/dara.aragon.es\/opac\/app\/results\/arfo?ft=archive:5&ft=person:Baso+Simelio,+Santos\", c:\"Huesca\", g:\"Arag\u00f3n\", f:205},<!-- [et_pb_line_break_holder] -->      {n:\"Beltr\u00e1n, Enrique\", u:\"https:\/\/dara.aragon.es\/opac\/app\/results\/arfo?dt=1905&q=beltr%C3%A1n&ob=re:1&sr=1\", c:\"Zaragoza\", g:\"Arag\u00f3n\", f:11},<!-- [et_pb_line_break_holder] -->      {n:\"Borke\", u:\"https:\/\/dara.aragon.es\/opac\/app\/results\/arfo?q=borke&ob=re:1\", c:\"Madrid\", g:\"Resto de Espa\u00f1a\", f:1},<!-- [et_pb_line_break_holder] -->      {n:\"Calvo Pedr\u00f3s, Antonio\", u:\"https:\/\/dara.aragon.es\/opac\/app\/results\/arfo?q=fot%C3%B3grafo&ob=re:1&ft=person:Calvo+Pedr%C3%B3s,+Antonio\", c:\"Zaragoza\", g:\"Arag\u00f3n\", f:33401},<!-- [et_pb_line_break_holder] -->      {n:\"Campo Ramiro, Divina\", u:\"https:\/\/dara.aragon.es\/opac\/app\/results\/arfo?ft=archive:2&ft=person:Campo+Ramiro,+Divina\", c:\"Huesca\", g:\"Arag\u00f3n\", f:16},<!-- [et_pb_line_break_holder] -->      {n:\"Cantaloup, B.\", u:\"https:\/\/dara.aragon.es\/opac\/app\/results\/arfo?ob=re:1&vm=mv&ft=person:Cantaloup,+B.+%28photographer%29&sr=1\", c:\"Luchon\", g:\"Francia\", f:1},<!-- [et_pb_line_break_holder] -->      {n:\"Carrasco\", u:\"https:\/\/dara.aragon.es\/opac\/app\/item\/arfo?q=Carrasco+fot%C3%B3grafo&ob=re:1&vm=mv&i=1169452&ft=archive:2\", c:\"Madrid\", g:\"Resto de Espa\u00f1a\", f:1},<!-- [et_pb_line_break_holder] -->      {n:\"Charnaux Fr\u00e8res et C.\", u:null, c:\"Ginebra\", g:\"Suiza\", f:1},<!-- [et_pb_line_break_holder] -->      {n:\"Chicano\", u:\"https:\/\/dara.aragon.es\/opac\/app\/results\/arfo?ft=archive:2&ft=person:Pano,+familia+%28Monz%C3%B3n%29&ft=person:Nal,+J&ft=person:Chicano\", c:\"C\u00e1diz\", g:\"Resto de Espa\u00f1a\", f:3},<!-- [et_pb_line_break_holder] -->      {n:\"Choy LLena, Manuel\", u:\"https:\/\/dara.aragon.es\/opac\/app\/results\/arfo?ft=archive:5&ft=person:Choy+LLena,+Manuel\", c:\"Huesca\", g:\"Arag\u00f3n\", f:64},<!-- [et_pb_line_break_holder] -->      {n:\"Cobos Berges, Antonio\", u:\"https:\/\/dara.aragon.es\/opac\/app\/results\/arfo?ft=archive:1&ft=person:Cobos+Berges,+Antonio\", c:\"Zaragoza\", g:\"Arag\u00f3n\", f:107},<!-- [et_pb_line_break_holder] -->      {n:\"Clifford, Charles\", u:\"https:\/\/dara.aragon.es\/opac\/app\/results\/arfo?q=Clifford&ob=re:1&vm=mv&ft=archive:24\", c:\"Madrid\", g:\"Resto de Espa\u00f1a\", f:18},<!-- [et_pb_line_break_holder] -->      {n:\"Colomina\", u:\"https:\/\/dara.aragon.es\/opac\/app\/results\/?q=Colomina&q=Graus&q=Fotograf%C3%ADa&vm=mv&sr=1\", c:\"Graus\", g:\"Arag\u00f3n\", f:21},<!-- [et_pb_line_break_holder] -->      {n:\"Compair\u00e9 Escart\u00edn, Ricardo\", u:\"https:\/\/dara.aragon.es\/opac\/app\/results\/arfo?q=fot%C3%B3grafo&ob=re:1&ft=person:Compair%C3%A9+Escart%C3%ADn,+Ricardo\", c:\"Huesca\", g:\"Arag\u00f3n\", f:270},<!-- [et_pb_line_break_holder] -->      {n:\"Compair\u00e9 Escart\u00edn, Ricardo\", u:\"https:\/\/dara.aragon.es\/opac\/app\/results\/arfo?ft=archive:5&ft=person:Compair%C3%A9+Escart%C3%ADn,+Ricardo\", c:\"Huesca\", g:\"Arag\u00f3n\", f:3730},<!-- [et_pb_line_break_holder] -->      {n:\"Corm\u00e1n Sim\u00f3n, Jes\u00fas\", u:\"https:\/\/dara.aragon.es\/opac\/app\/results\/arfo?q=fot%C3%B3grafo&ob=re:1&ft=person:Corm%C3%A1n+Sim%C3%B3n,+Jes%C3%BAs\", c:\"Zaragoza\", g:\"Arag\u00f3n\", f:146},<!-- [et_pb_line_break_holder] -->      {n:\"Correas, Fot\u00f3grafo\", u:\"https:\/\/dara.aragon.es\/opac\/app\/results\/arfo?ob=re:1&pe=Correas+fot%C3%B3grafo\", c:\"Zaragoza\", g:\"Arag\u00f3n\", f:7},<!-- [et_pb_line_break_holder] -->      {n:\"Coyne, Anselmo Mar\u00eda\", u:\"https:\/\/dara.aragon.es\/opac\/app\/results\/arfo?ft=archive:2&ft=person:Pano,+familia+%28Monz%C3%B3n%29&ft=person:Coyne+Buil,+Anselmo+Mar%C3%ADa\", c:\"Zaragoza\", g:\"Arag\u00f3n\", f:54},<!-- [et_pb_line_break_holder] -->      {n:\"Coyne Buil, Manuel\", u:\"https:\/\/dara.aragon.es\/opac\/app\/results\/arfo?ft=archive:1&ft=person:Coyne+Buil,+Manuel\", c:\"Zaragoza\", g:\"Arag\u00f3n\", f:895},<!-- [et_pb_line_break_holder] -->      {n:\"Coyne Lapetra, Ignacio\", u:\"https:\/\/dara.aragon.es\/opac\/app\/results\/arfo?q=ignacio&ft=person:Coyne+Lapetra,+Ignacio\", c:\"Zaragoza\", g:\"Arag\u00f3n\", f:334},<!-- [et_pb_line_break_holder] -->      {n:\"Crespo Yag\u00fce, \u00c1ngel\", u:\"https:\/\/dara.aragon.es\/opac\/app\/results\/arfo?q=Crespo+Yag%C3%BCe&ob=re:1&vm=mv&sr=1\", c:\"Huesca\", g:\"Arag\u00f3n\", f:399},<!-- [et_pb_line_break_holder] -->      {n:\"Disd\u00e9ri, Andr\u00e9 Adolphe Eug\u00e8ne\", u:\"https:\/\/dara.aragon.es\/opac\/app\/results\/arfo?ft=archive:2&ft=person:Pano,+familia+%28Monz%C3%B3n%29&ft=person:Disd%C3%A9ri,+Andr%C3%A9+Adolphe+Eug%C3%A8ne\", c:\"Par\u00eds\", g:\"Francia\", f:4},<!-- [et_pb_line_break_holder] -->      {n:\"Escol\u00e1 , Lucas\", u:\"https:\/\/dara.aragon.es\/opac\/app\/results\/arfo?q=L.+Escol%C3%A1&ob=df:1&sr=1\", c:\"Zaragoza\", g:\"Arag\u00f3n\", f:75},<!-- [et_pb_line_break_holder] -->      {n:\"Esplugas, Antonio\", u:\"https:\/\/dara.aragon.es\/opac\/app\/results\/arfo?q=esplugas&ft=person:Esplugas,+Antonio\", c:\"Zaragoza\", g:\"Arag\u00f3n\", f:5},<!-- [et_pb_line_break_holder] -->      {n:\"Eyr\u00e9 y V\u00e1zquez\", u:\"https:\/\/dara.aragon.es\/opac\/app\/results\/arfo?q=EYR%C3%89&ob=re:1&vm=mv\", c:\"Guadalajara\", g:\"Resto de Espa\u00f1a\", f:2},<!-- [et_pb_line_break_holder] -->      {n:\"Faci Abad, Gabriel\", u:\"https:\/\/dara.aragon.es\/opac\/app\/results\/arfo?ft=archive:1&ft=person:Faci+Abad,+Gabriel\", c:\"Zaragoza\", g:\"Arag\u00f3n\", f:511},<!-- [et_pb_line_break_holder] -->      {n:\"Fanlo Cuello, Manuel\", u:\"https:\/\/dara.aragon.es\/opac\/app\/results\/arfo?ft=archive:2&ft=person:Fanlo+Cuello,+Manuel+%28fot%C3%B3grafo%29\", c:\"Huesca\", g:\"Arag\u00f3n\", f:94},<!-- [et_pb_line_break_holder] -->      {n:\"Font, \u00c1ngel\", u:\"https:\/\/dara.aragon.es\/opac\/app\/results\/arfo?ob=re:1&pe=Font,+%C3%81ngel&sr=1\", c:\"Zaragoza\", g:\"Arag\u00f3n\", f:69},<!-- [et_pb_line_break_holder] -->      {n:\"Foradada Coll, Alfonso\", u:\"https:\/\/dara.aragon.es\/opac\/app\/results\/arfo?ft=archive:5&ft=person:Foradada+Coll,+Alfonso\", c:\"Barcelona\", g:\"Resto de Espa\u00f1a\", f:704},<!-- [et_pb_line_break_holder] -->      {n:\"Foto ALPI. Zaragoza\", u:\"https:\/\/dara.aragon.es\/opac\/app\/results\/arfo?q=fot%C3%B3grafo&ob=re:1&ft=person:Foto+ALPI.+Zaragoza\", c:\"Zaragoza\", g:\"Arag\u00f3n\", f:214},<!-- [et_pb_line_break_holder] -->      {n:\"Freudenthal, Gustav, fot\u00f3grafo (1869 - 1948)\", u:\"https:\/\/dara.aragon.es\/opac\/app\/results\/arfo?ob=re:1&pe=Freudenthal&sr=1\", c:\"Zaragoza\", g:\"Arag\u00f3n\", f:8},<!-- [et_pb_line_break_holder] -->      {n:\"Fuente, Alberta de la (Viuda de Antonio Medarde)\", u:\"https:\/\/dara.aragon.es\/opac\/app\/results\/arfo?q=viuda+de+antonio+medarde&ob=re:1&vm=mv&sr=1\", c:\"Calatayud\", g:\"Arag\u00f3n\", f:6},<!-- [et_pb_line_break_holder] -->      {n:\"Gal\u00e1n Bernal, Joaqu\u00edn\", u:\"https:\/\/dara.aragon.es\/opac\/app\/results\/arfo?ft=archive:5&ft=person:Gal%C3%A1n+Bernal,+Joaqu%C3%ADn\", c:\"Huesca\", g:\"Arag\u00f3n\", f:323},<!-- [et_pb_line_break_holder] -->      {n:\"Galiay Sara\u00f1ana, Jos\u00e9\", u:\"https:\/\/dara.aragon.es\/opac\/app\/results\/arfo?ft=archive:1&ft=person:Galiay+Sara%C3%B1ana,+Jos%C3%A9\", c:\"Zaragoza\", g:\"Arag\u00f3n\", f:1799},<!-- [et_pb_line_break_holder] -->      {n:\"Gallifa, Manuel (fot\u00f3grafo)\", u:\"https:\/\/dara.aragon.es\/opac\/app\/results\/arfo?q=Gallifa&ob=re:1&sr=1\", c:\"Barbastro\", g:\"Arag\u00f3n\", f:20},<!-- [et_pb_line_break_holder] -->      {n:\"Gil Marraco, Joaqu\u00edn\", u:\"https:\/\/dara.aragon.es\/opac\/app\/results\/arfo?q=Gil+Marraco&ar=2,3,1,68,11,24,7,70,5,8&ob=re:1&ft=person:GIL+MARRACO,+J.\", c:\"Zaragoza\", g:\"Arag\u00f3n\", f:44},<!-- [et_pb_line_break_holder] -->      {n:\"Gil, Ladislao (fot\u00f3grafo)\", u:\"https:\/\/dara.aragon.es\/opac\/app\/results\/arfo?q=Gil,+Ladislao&ob=re:1&sr=1\", c:\"Huesca\", g:\"Arag\u00f3n\", f:16},<!-- [et_pb_line_break_holder] -->      {n:\"G\u00f3mez Zamora, Mariano\", u:\"https:\/\/dara.aragon.es\/opac\/app\/results\/arfo?ft=archive:5&ft=person:G%C3%B3mez+Zamora,+Mariano\", c:\"Huesca\", g:\"Arag\u00f3n\", f:222},<!-- [et_pb_line_break_holder] -->      {n:\"G\u00f3rriz, Francisco\", u:\"https:\/\/dara.aragon.es\/opac\/app\/results\/arfo?q=fot%C3%B3grafo&ob=re:1&ft=person:G%C3%B3rriz,+Francisco\", c:\"Zaragoza\", g:\"Arag\u00f3n\", f:592},<!-- [et_pb_line_break_holder] -->      {n:\"Goyo\", u:\"https:\/\/dara.aragon.es\/opac\/app\/results\/arfo?q=goyo+sabi%C3%B1%C3%A1nigo&ob=re:1&vm=mv&sr=1\", c:\"Sabi\u00f1\u00e1nigo\", g:\"Arag\u00f3n\", f:4},<!-- [et_pb_line_break_holder] -->      {n:\"Gracia, fot\u00f3grafo\", u:\"https:\/\/dara.aragon.es\/opac\/app\/results\/arfo?q=%22Gracia,+fot%C3%B3grafo%22&ar=2,3,1,68,11,24,7,70,5,8&ob=re:1\", c:\"Huesca\", g:\"Arag\u00f3n\", f:2},<!-- [et_pb_line_break_holder] -->      {n:\"Grasa Sancho, Aurelio\", u:\"https:\/\/dara.aragon.es\/opac\/app\/results\/arfo?q=%22a.+grasa%22+or+%22Aurelio+grasa%22&ob=re:1&vm=mv&sr=1\", c:\"Zaragoza\", g:\"Arag\u00f3n\", f:4},<!-- [et_pb_line_break_holder] -->      {n:\"Heras Calvo, Francisco de las Heras (F.H.)\", u:\"https:\/\/dara.aragon.es\/opac\/app\/results\/arfo?q=F.H.&ob=re:1&vm=mv\", c:\"Huesca\", g:\"Arag\u00f3n\", f:4},<!-- [et_pb_line_break_holder] -->      {n:\"Hermes Pato, Mart\u00edn\", u:\"https:\/\/dara.aragon.es\/opac\/app\/results\/arfo?q=Hermes+pato+mart%C3%ADn&ob=re:1&vm=mv\", c:\"Zaragoza\", g:\"Arag\u00f3n\", f:2},<!-- [et_pb_line_break_holder] -->      {n:\"Hortet, M.\", u:\"https:\/\/dara.aragon.es\/opac\/app\/results\/arfo?q=Hortet&q=fot%C3%B3grafo&ob=re:1&sr=1\", c:\"Zaragoza\", g:\"Arag\u00f3n\", f:59},<!-- [et_pb_line_break_holder] -->      {n:\"Ismael\", u:\"https:\/\/dara.aragon.es\/opac\/app\/results\/arfo?q=Ismael&ob=re:1&vm=mv&ft=archive:2\", c:\"Barbastro\", g:\"Arag\u00f3n\", f:5},<!-- [et_pb_line_break_holder] -->      {n:\"Jaria Serrano, Jos\u00e9\", u:\"https:\/\/dara.aragon.es\/opac\/app\/results\/arfo?q=Jaria&ob=re:1&sr=1\", c:\"Zaragoza\", g:\"Arag\u00f3n\", f:3134},<!-- [et_pb_line_break_holder] -->      {n:\"Jarke\", u:\"https:\/\/dara.aragon.es\/opac\/app\/results\/arfo?q=Jarke&ob=re:1&sr=1\", c:\"Zaragoza\", g:\"Arag\u00f3n\", f:711},<!-- [et_pb_line_break_holder] -->      {n:\"Jarke-Jaria\", u:\"https:\/\/dara.aragon.es\/opac\/app\/results\/arfo?q=Jarke-Jaria&ob=re:1&sr=1\", c:\"Zaragoza\", g:\"Arag\u00f3n\", f:397},<!-- [et_pb_line_break_holder] -->      {n:\"J\u00fadez y Ortiz, Mariano\", u:\"https:\/\/dara.aragon.es\/opac\/app\/results\/arfo?ft=archive:2&ft=person:Pano,+familia+%28Monz%C3%B3n%29&ft=person:J%C3%BAdez+y+Ortiz,+Mariano\", c:\"Zaragoza\", g:\"Arag\u00f3n\", f:49},<!-- [et_pb_line_break_holder] -->      {n:\"Kaulak\", u:\"https:\/\/dara.aragon.es\/opac\/app\/results\/arfo?ft=archive:2&ft=person:Pano,+familia+%28Monz%C3%B3n%29&ft=person:Pano+Rodr%C3%ADguez+de+Arias,+Jacobo&ft=institution:Kaulak\", c:\"Madrid\", g:\"Resto de Espa\u00f1a\", f:2},<!-- [et_pb_line_break_holder] -->      {n:\"Lacoste\", u:\"https:\/\/dara.aragon.es\/opac\/app\/results\/arfo?ob=re:1&vm=mv&ft=person:Lacoste+y+Borde,+Jos%C3%A9&sr=1\", c:\"Madrid\", g:\"Resto de Espa\u00f1a\", f:10},<!-- [et_pb_line_break_holder] -->      {n:\"Laurent\", u:\"https:\/\/dara.aragon.es\/opac\/app\/results\/arfo?q=Laurent&ob=re:1&sr=1\", c:\"Madrid\", g:\"Resto de Espa\u00f1a\", f:57},<!-- [et_pb_line_break_holder] -->      {n:\"Le Bondidier, Louis\", u:\"https:\/\/dara.aragon.es\/opac\/app\/results\/arfo?q=Le+Bondidier&ob=re:1&vm=mv&sr=1\", c:\"Bagneres de Luchon\", g:\"Francia\", f:20},<!-- [et_pb_line_break_holder] -->      {n:\"Leal Moreno, Joaqu\u00edn\", u:\"https:\/\/dara.aragon.es\/opac\/app\/results\/arfo?ft=archive:2&ft=person:Leal+Moreno,+Joaqu%C3%ADn\", c:\"Barcelona\", g:\"Resto de Espa\u00f1a\", f:116},<!-- [et_pb_line_break_holder] -->      {n:\"Leon & Levy\", u:\"https:\/\/dara.aragon.es\/opac\/app\/results\/arfo?q=leon+%26+levy&ob=re:1&sr=1\", c:\"Par\u00eds\", g:\"Francia\", f:12},<!-- [et_pb_line_break_holder] -->      {n:\"Levy & fils\", u:\"https:\/\/dara.aragon.es\/opac\/app\/results\/arfo?q=fils&ar=2,3,1,68,11,24,7,70,5,8&ob=re:1&ft=institution:Levy+Fils+%26+Cie.\", c:\"Par\u00eds\", g:\"Francia\", f:3},<!-- [et_pb_line_break_holder] -->      {n:\"Levy et Neurdien R\u00e9unis\", u:\"https:\/\/dara.aragon.es\/opac\/app\/results\/arfo?q=levy&ob=re:1&vm=mv&ft=institution:Levy+et+Neurdein+R%C3%A9unis\", c:\"Par\u00eds\", g:\"Francia\", f:5},<!-- [et_pb_line_break_holder] -->      {n:\"Llanas Aguilaniedo, Feliciano\", u:\"https:\/\/dara.aragon.es\/opac\/app\/results\/arfo?ft=archive:5&ft=person:Llanas+Aguilaniedo,+Feliciano\", c:\"Huesca\", g:\"Arag\u00f3n\", f:2},<!-- [et_pb_line_break_holder] -->      {n:\"L\u00f3pez Santolaria, Antonio\", u:\"https:\/\/dara.aragon.es\/opac\/app\/results\/arfo?q=fot%C3%B3grafo&ob=re:1&ft=person:L%C3%B3pez+Santolaria,+Antonio\", c:\"Graus\", g:\"Arag\u00f3n\", f:245},<!-- [et_pb_line_break_holder] -->      {n:\"Manglano\", u:\"https:\/\/dara.aragon.es\/opac\/app\/results\/arfo?q=manglano&q=sabi%C3%B1%C3%A1nigo&ob=re:1&vm=mv&sr=1\", c:\"Sabi\u00f1\u00e1nigo\", g:\"Arag\u00f3n\", f:3},<!-- [et_pb_line_break_holder] -->      {n:\"Mar\u00edn Chivite. Zaragoza\", u:\"https:\/\/dara.aragon.es\/opac\/app\/results\/arfo?q=fot%C3%B3grafo&ob=re:1&ft=person:Mar%C3%ADn+Chivite.+Zaragoza\", c:\"Zaragoza\", g:\"Arag\u00f3n\", f:172},<!-- [et_pb_line_break_holder] -->      {n:\"Mas Ginesta, Adolfo\", u:\"https:\/\/dara.aragon.es\/opac\/app\/results\/arfo?q=fot%C3%B3grafo&ob=re:1&ft=person:Mas+Ginesta,+Adolfo\", c:\"Barcelona\", g:\"Resto de Espa\u00f1a\", f:448},<!-- [et_pb_line_break_holder] -->      {n:\"Monge, Fot\u00f3grafo\", u:\"https:\/\/dara.aragon.es\/opac\/app\/results\/arfo?q=Monge&q=fot%C3%B3grafo&ob=re:1&ft=archive:24\", c:\"Zaragoza\", g:\"Arag\u00f3n\", f:8},<!-- [et_pb_line_break_holder] -->      {n:\"Mora Insa, Juan\", u:\"https:\/\/dara.aragon.es\/opac\/app\/results\/arfo?q=fot%C3%B3grafo&ob=re:1&ft=person:Mora+Insa,+Juan\", c:\"Zaragoza\", g:\"Arag\u00f3n\", f:3525},<!-- [et_pb_line_break_holder] -->      {n:\"Mora Insa, Juan\", u:\"https:\/\/dara.aragon.es\/opac\/app\/results\/arfo?ft=archive:1&ft=person:Mora+Insa,+Juan\", c:\"Zaragoza\", g:\"Arag\u00f3n\", f:5533},<!-- [et_pb_line_break_holder] -->      {n:\"Murueta-Goiena Iraz\u00e1bal, Sabino\", u:\"https:\/\/dara.aragon.es\/opac\/app\/results\/arfo?q=fot%C3%B3grafo&ob=re:1&ft=person:Murueta-Goiena+Iraz%C3%A1bal,+Sabino\", c:\"\", g:\"Resto de Espa\u00f1a\", f:416},<!-- [et_pb_line_break_holder] -->      {n:\"Nal, J\", u:\"https:\/\/dara.aragon.es\/opac\/app\/results\/arfo?ft=archive:2&ft=person:Pano,+familia+%28Monz%C3%B3n%29&ft=person:Nal,+J\", c:\"C\u00e1diz\", g:\"Resto de Espa\u00f1a\", f:4},<!-- [et_pb_line_break_holder] -->      {n:\"Napole\u00f3n\", u:\"https:\/\/dara.aragon.es\/opac\/app\/results\/arfo?dt=1900&q=Napole%C3%B3n&ob=re:1&sr=1\", c:\"Barcelona\", g:\"Resto de Espa\u00f1a\", f:13},<!-- [et_pb_line_break_holder] -->      {n:\"Novelty\", u:\"https:\/\/dara.aragon.es\/opac\/app\/results\/arfo?q=Photos+Novelty&ob=re:1&ft=institution:Photos+Novelty\", c:\"Madrid\", g:\"Resto de Espa\u00f1a\", f:1},<!-- [et_pb_line_break_holder] -->      {n:\"Olalde, G. de (fot\u00f3grafo)\", u:\"https:\/\/dara.aragon.es\/opac\/app\/results\/arfo?q=Olalde&ob=re:1&sr=1\", c:\"Zaragoza\", g:\"Arag\u00f3n\", f:3},<!-- [et_pb_line_break_holder] -->      {n:\"Oltra G\u00f3mez, Fidel\", u:\"https:\/\/dara.aragon.es\/opac\/app\/results\/arfo?ft=archive:5&ft=person:Oltra+G%C3%B3mez,+Fidel\", c:\"Huesca\", g:\"Arag\u00f3n\", f:14},<!-- [et_pb_line_break_holder] -->      {n:\"Oltra Mera, Jos\u00e9\", u:\"https:\/\/dara.aragon.es\/opac\/app\/results\/arfo?ft=archive:5&ft=person:Oltra+Mera,+Jos%C3%A9\", c:\"Huesca\", g:\"Arag\u00f3n\", f:1775},<!-- [et_pb_line_break_holder] -->      {n:\"Ortega\", u:\"https:\/\/dara.aragon.es\/opac\/app\/results\/arfo?q=Ortega+tamarite&ob=re:1&vm=mv&sr=1\", c:\"Tamarite de Litera\", g:\"Arag\u00f3n\", f:2},<!-- [et_pb_line_break_holder] -->      {n:\"Otal y Valonga, Francisco\", u:\"https:\/\/dara.aragon.es\/opac\/app\/results\/?st=.349996.326089.331617.331628.331807.331810.590731&ft=description_level:8\", c:\"Fonz\", g:\"Arag\u00f3n\", f:108},<!-- [et_pb_line_break_holder] -->      {n:\"Pacheco (Franco-Hispana)\", u:\"https:\/\/dara.aragon.es\/opac\/app\/results\/arfo?q=pacheco+fot%C3%B3grafo&ob=re:1&vm=mv&i=1268442\", c:\"Madrid\", g:\"Resto de Espa\u00f1a\", f:1},<!-- [et_pb_line_break_holder] -->      {n:\"Palacio\", u:\"https:\/\/dara.aragon.es\/opac\/app\/results\/arfo?q=palacio+ayerbe&ob=re:1&vm=mv&ft=institution:Fotograf%C3%ADa+Palacio+%28Ayerbe%29\", c:\"Ayerbe\", g:\"Arag\u00f3n\", f:3},<!-- [et_pb_line_break_holder] -->      {n:\"Paris, fot\u00f3grafo\", u:\"https:\/\/dara.aragon.es\/opac\/app\/results\/arfo?q=Paris&q=fot%C3%B3grafo&ob=re:1&sr=1\", c:\"Zaragoza\", g:\"Arag\u00f3n\", f:393},<!-- [et_pb_line_break_holder] -->      {n:\"Pellew\", u:\"https:\/\/dara.aragon.es\/opac\/app\/results\/arfo?q=hospital+de+benasque&ob=re:1&vm=mv&ft=person:Pellew\", c:\"\", g:\"Gran Breta\u00f1a\", f:3},<!-- [et_pb_line_break_holder] -->      {n:\"P\u00e9rez Temprado, Manuel (1865-1954)\", u:\"https:\/\/dara.aragon.es\/opac\/app\/results\/arfo?ft=archive:1&ft=person:P%C3%A9rez+Temprado,+Manuel+%281865-1954%29\", c:\"Teruel\", g:\"Arag\u00f3n\", f:75},<!-- [et_pb_line_break_holder] -->      {n:\"Piortiz (fot\u00f3grafo)\", u:\"https:\/\/dara.aragon.es\/opac\/app\/results\/arfo?q=Piortiz&ob=re:1&sr=1\", c:\"Madrid\", g:\"Resto de Espa\u00f1a\", f:1},<!-- [et_pb_line_break_holder] -->      {n:\"Preciado Arnillas, F\u00e9lix\", u:\"https:\/\/dara.aragon.es\/opac\/app\/results\/arfo?q=preciado&ob=re:1&ft=person:Preciado+Arnillas,+F%C3%A9lix\", c:\"Huesca\", g:\"Arag\u00f3n\", f:6},<!-- [et_pb_line_break_holder] -->      {n:\"Provost, Joseph\", u:\"https:\/\/dara.aragon.es\/opac\/app\/results\/arfo?ob=re:1&vm=mv&ft=person:Provost,+Joseph&sr=1\", c:\"Luchon\", g:\"Francia\", f:8},<!-- [et_pb_line_break_holder] -->      {n:\"Puig (fot\u00f3grafo)\", u:\"https:\/\/dara.aragon.es\/opac\/app\/results\/?vm=mv&ft=institution:Fotos+Puig+%28Monzon%29\", c:\"Monz\u00f3n\", g:\"Arag\u00f3n\", f:4},<!-- [et_pb_line_break_holder] -->      {n:\"Puig, J.E. (fot\u00f3grafo)\", u:\"https:\/\/dara.aragon.es\/opac\/app\/results\/arfo?q=Puig,+J.E.&ob=re:1&sr=1\", c:\"Barcelona\", g:\"Resto de Espa\u00f1a\", f:1},<!-- [et_pb_line_break_holder] -->      {n:\"Quiroga y Losada, Diego (marqu\u00e9s de Santa Mar\u00eda del Villar)\", u:\"https:\/\/dara.aragon.es\/opac\/app\/results\/arfo?ft=archive:5&ft=person:Quiroga+y+Losada,+Diego+%28marqu%C3%A9s+de+Santa+Mar%C3%ADa+del+Villar%29\", c:\"Madrid\", g:\"Resto de Espa\u00f1a\", f:132},<!-- [et_pb_line_break_holder] -->      {n:\"Requejo, Julio\", u:\"https:\/\/dara.aragon.es\/opac\/app\/results\/arfo?ft=archive:1&ft=person:Requejo,+Julio\", c:\"Zaragoza\", g:\"Arag\u00f3n\", f:1381},<!-- [et_pb_line_break_holder] -->      {n:\"Roisin. Fot\u00f3grafo\", u:\"https:\/\/dara.aragon.es\/opac\/app\/results\/arfo?q=Roisin&ob=re:1&sr=1\", c:\"Barcelona\", g:\"Resto de Espa\u00f1a\", f:59},<!-- [et_pb_line_break_holder] -->      {n:\"Rosendo\", u:\"https:\/\/dara.aragon.es\/opac\/app\/results\/?ft=institution:Fot%C3%B3grafo+Rosendo+%28Sari%C3%B1ena%29\", c:\"Sari\u00f1ena\", g:\"Arag\u00f3n\", f:31},<!-- [et_pb_line_break_holder] -->      {n:\"San Agust\u00edn Mur, Ildefonso\", u:\"https:\/\/dara.aragon.es\/opac\/app\/results\/arfo?ft=archive:5&ft=person:San+Agust%C3%ADn+Mur,+Ildefonso\", c:\"Huesca\", g:\"Arag\u00f3n\", f:1243},<!-- [et_pb_line_break_holder] -->      {n:\"Sancho Ramo, Gerardo\", u:\"https:\/\/dara.aragon.es\/opac\/app\/results\/arfo?q=fot%C3%B3grafo&ob=re:1&ft=person:Sancho+Ramo,+Gerardo\", c:\"Zaragoza\", g:\"Arag\u00f3n\", f:108456},<!-- [et_pb_line_break_holder] -->      {n:\"S\u00e1nchez, L.\", u:null, c:\"Barcelona\", g:\"Resto de Espa\u00f1a\", f:1},<!-- [et_pb_line_break_holder] -->      {n:\"Serrano\", u:\"https:\/\/dara.aragon.es\/opac\/app\/results\/arfo?q=serrano+fraga+fotograf%C3%ADa&ob=re:1&vm=mv&ft=archive:2\", c:\"Fraga\", g:\"Arag\u00f3n\", f:5},<!-- [et_pb_line_break_holder] -->      {n:\"Silli (fot\u00f3grafo)\", u:\"https:\/\/dara.aragon.es\/opac\/app\/results\/arfo?q=Silli&ob=re:1&sr=1\", c:\"Nice\", g:\"Francia\", f:3},<!-- [et_pb_line_break_holder] -->      {n:\"Soule, E. (fot\u00f3grafo)\", u:\"https:\/\/dara.aragon.es\/opac\/app\/results\/arfo?q=Soule+Phot&ob=re:1&sr=1\", c:\"Luch\u00f3n\", g:\"Francia\", f:1},<!-- [et_pb_line_break_holder] -->      {n:\"Tuck, Raphael\", u:\"https:\/\/dara.aragon.es\/opac\/app\/results\/arfo?ft=archive:2&ft=person:Pano,+familia+%28Monz%C3%B3n%29&ft=person:Tuck,+Raphael\", c:\"Londres\", g:\"Gran Breta\u00f1a\", f:8},<!-- [et_pb_line_break_holder] -->      {n:\"Vi\u00f1uales, El\u00edas\", u:null, c:\"Huesca\", g:\"Arag\u00f3n\", f:2},<!-- [et_pb_line_break_holder] -->      {n:\"Vives, Fot\u00f3grafo\", u:\"https:\/\/dara.aragon.es\/opac\/app\/results\/arfo?ob=re:1&pe=Vives+fot%C3%B3grafo&sr=1\", c:\"Soria\", g:\"Resto de Espa\u00f1a\", f:1},<!-- [et_pb_line_break_holder] -->      {n:\"Wamba, Fot\u00f3grafo\", u:\"https:\/\/dara.aragon.es\/opac\/app\/results\/arfo?ob=re:1&pe=Wamba&sr=1\", c:\"Zaragoza\", g:\"Arag\u00f3n\", f:8}<!-- [et_pb_line_break_holder] -->];<!-- [et_pb_line_break_holder] --><!-- [et_pb_line_break_holder] -->    \/\/ Render<!-- [et_pb_line_break_holder] -->    const tbody = document.getElementById('df-body');<!-- [et_pb_line_break_holder] -->    function draw(filter=\"Todos\"){<!-- [et_pb_line_break_holder] -->      tbody.innerHTML = \"\";<!-- [et_pb_line_break_holder] -->      data<!-- [et_pb_line_break_holder] -->        .filter(r => filter===\"Todos\" ? true : r.g===filter)<!-- [et_pb_line_break_holder] -->        .sort((a,b)=> a.n.localeCompare(b.n, 'es'))<!-- [et_pb_line_break_holder] -->        .forEach(r=>{<!-- [et_pb_line_break_holder] -->          const tr = document.createElement('tr');<!-- [et_pb_line_break_holder] -->          tr.dataset.group = r.g;<!-- [et_pb_line_break_holder] --><!-- [et_pb_line_break_holder] -->          const name = r.u ? `<a href=\"${r.u}\" target=\"_blank\" rel=\"noopener\">${r.n}<\/a>` : r.n;<!-- [et_pb_line_break_holder] -->          const fotos = (r.f===null || r.f===undefined) ? \"\u2014\" : nf.format(r.f);<!-- [et_pb_line_break_holder] --><!-- [et_pb_line_break_holder] -->          tr.innerHTML = `<!-- [et_pb_line_break_holder] -->            <\/p>\n<td>${name}<\/td>\n<p><!-- [et_pb_line_break_holder] -->            <\/p>\n<td>${r.c || \"\"}<\/td>\n<p><!-- [et_pb_line_break_holder] -->            <\/p>\n<td>${r.g}<\/td>\n<p><!-- [et_pb_line_break_holder] -->            <\/p>\n<td>${fotos}<\/td>\n<p><!-- [et_pb_line_break_holder] -->          `;<!-- [et_pb_line_break_holder] -->          tbody.appendChild(tr);<!-- [et_pb_line_break_holder] -->        });<!-- [et_pb_line_break_holder] -->    }<!-- [et_pb_line_break_holder] -->    draw();<!-- [et_pb_line_break_holder] --><!-- [et_pb_line_break_holder] -->    \/\/ Filtros<!-- [et_pb_line_break_holder] -->    document.querySelectorAll('#dara-photogs .df-chip').forEach(btn=>{<!-- [et_pb_line_break_holder] -->      btn.addEventListener('click', ()=>{<!-- [et_pb_line_break_holder] -->        document.querySelectorAll('#dara-photogs .df-chip').forEach(b=>b.classList.remove('is-active'));<!-- [et_pb_line_break_holder] -->        btn.classList.add('is-active');<!-- [et_pb_line_break_holder] -->        draw(btn.dataset.group);<!-- [et_pb_line_break_holder] -->      });<!-- [et_pb_line_break_holder] -->    });<!-- [et_pb_line_break_holder] -->  })();<!-- [et_pb_line_break_holder] --><\/script><!-- [et_pb_line_break_holder] -->[\/et_pb_code][\/et_pb_column][\/et_pb_row][\/et_pb_section]<\/p>\n","protected":false},"excerpt":{"rendered":"<p>Fot\u00f3grafos destacadosTodos los fot\u00f3grafos<\/p>\n","protected":false},"author":29,"featured_media":1543,"parent":0,"menu_order":0,"comment_status":"closed","ping_status":"closed","template":"","meta":{"_et_pb_use_builder":"on","_et_pb_old_content":"","_et_gb_content_width":"","footnotes":""},"class_list":["post-82","page","type-page","status-publish","has-post-thumbnail","hentry"],"yoast_head":"<!-- This site is optimized with the Yoast SEO plugin v26.2 - https:\/\/yoast.com\/wordpress\/plugins\/seo\/ -->\n<title>Fot\u00f3grafos - ARCHIVOS FOTOGR\u00c1FICOS<\/title>\n<meta name=\"robots\" content=\"index, follow, max-snippet:-1, max-image-preview:large, max-video-preview:-1\" \/>\n<link rel=\"canonical\" href=\"https:\/\/dara.aragon.es\/dara\/archivosfotograficos\/fotografos-y-empresas-de-fotografia\/\" \/>\n<meta property=\"og:locale\" content=\"es_ES\" \/>\n<meta property=\"og:type\" content=\"article\" \/>\n<meta property=\"og:title\" content=\"Fot\u00f3grafos - ARCHIVOS FOTOGR\u00c1FICOS\" \/>\n<meta property=\"og:description\" content=\"Fot\u00f3grafos destacadosTodos los fot\u00f3grafos\" \/>\n<meta property=\"og:url\" content=\"https:\/\/dara.aragon.es\/dara\/archivosfotograficos\/fotografos-y-empresas-de-fotografia\/\" \/>\n<meta property=\"og:site_name\" content=\"ARCHIVOS FOTOGR\u00c1FICOS\" \/>\n<meta property=\"article:modified_time\" content=\"2025-12-04T08:59:10+00:00\" \/>\n<meta property=\"og:image\" content=\"https:\/\/dara.aragon.es\/dara\/archivosfotograficos\/wp-content\/uploads\/sites\/6\/2024\/04\/estudio-interior-coyne-3.png\" \/>\n\t<meta property=\"og:image:width\" content=\"744\" \/>\n\t<meta property=\"og:image:height\" content=\"332\" \/>\n\t<meta property=\"og:image:type\" content=\"image\/png\" \/>\n<meta name=\"twitter:card\" content=\"summary_large_image\" \/>\n<meta name=\"twitter:label1\" content=\"Tiempo de lectura\" \/>\n\t<meta name=\"twitter:data1\" content=\"14 minutos\" \/>\n<script type=\"application\/ld+json\" class=\"yoast-schema-graph\">{\"@context\":\"https:\/\/schema.org\",\"@graph\":[{\"@type\":\"WebPage\",\"@id\":\"https:\/\/dara.aragon.es\/dara\/archivosfotograficos\/fotografos-y-empresas-de-fotografia\/\",\"url\":\"https:\/\/dara.aragon.es\/dara\/archivosfotograficos\/fotografos-y-empresas-de-fotografia\/\",\"name\":\"Fot\u00f3grafos - ARCHIVOS FOTOGR\u00c1FICOS\",\"isPartOf\":{\"@id\":\"https:\/\/dara.aragon.es\/dara\/archivosfotograficos\/#website\"},\"primaryImageOfPage\":{\"@id\":\"https:\/\/dara.aragon.es\/dara\/archivosfotograficos\/fotografos-y-empresas-de-fotografia\/#primaryimage\"},\"image\":{\"@id\":\"https:\/\/dara.aragon.es\/dara\/archivosfotograficos\/fotografos-y-empresas-de-fotografia\/#primaryimage\"},\"thumbnailUrl\":\"https:\/\/dara.aragon.es\/dara\/archivosfotograficos\/wp-content\/uploads\/sites\/6\/2024\/04\/estudio-interior-coyne-3.png\",\"datePublished\":\"2024-02-08T13:26:59+00:00\",\"dateModified\":\"2025-12-04T08:59:10+00:00\",\"breadcrumb\":{\"@id\":\"https:\/\/dara.aragon.es\/dara\/archivosfotograficos\/fotografos-y-empresas-de-fotografia\/#breadcrumb\"},\"inLanguage\":\"es\",\"potentialAction\":[{\"@type\":\"ReadAction\",\"target\":[\"https:\/\/dara.aragon.es\/dara\/archivosfotograficos\/fotografos-y-empresas-de-fotografia\/\"]}]},{\"@type\":\"ImageObject\",\"inLanguage\":\"es\",\"@id\":\"https:\/\/dara.aragon.es\/dara\/archivosfotograficos\/fotografos-y-empresas-de-fotografia\/#primaryimage\",\"url\":\"https:\/\/dara.aragon.es\/dara\/archivosfotograficos\/wp-content\/uploads\/sites\/6\/2024\/04\/estudio-interior-coyne-3.png\",\"contentUrl\":\"https:\/\/dara.aragon.es\/dara\/archivosfotograficos\/wp-content\/uploads\/sites\/6\/2024\/04\/estudio-interior-coyne-3.png\",\"width\":744,\"height\":332},{\"@type\":\"BreadcrumbList\",\"@id\":\"https:\/\/dara.aragon.es\/dara\/archivosfotograficos\/fotografos-y-empresas-de-fotografia\/#breadcrumb\",\"itemListElement\":[{\"@type\":\"ListItem\",\"position\":1,\"name\":\"Fotodara\",\"item\":\"https:\/\/dara.aragon.es\/dara\/archivosfotograficos\/\"},{\"@type\":\"ListItem\",\"position\":2,\"name\":\"Fot\u00f3grafos\"}]},{\"@type\":\"WebSite\",\"@id\":\"https:\/\/dara.aragon.es\/dara\/archivosfotograficos\/#website\",\"url\":\"https:\/\/dara.aragon.es\/dara\/archivosfotograficos\/\",\"name\":\"ARCHIVOS FOTOGR\u00c1FICOS\",\"description\":\"Otro sitio m\u00e1s de PORTALES DARA\",\"potentialAction\":[{\"@type\":\"SearchAction\",\"target\":{\"@type\":\"EntryPoint\",\"urlTemplate\":\"https:\/\/dara.aragon.es\/dara\/archivosfotograficos\/?s={search_term_string}\"},\"query-input\":{\"@type\":\"PropertyValueSpecification\",\"valueRequired\":true,\"valueName\":\"search_term_string\"}}],\"inLanguage\":\"es\"}]}<\/script>\n<!-- \/ Yoast SEO plugin. -->","yoast_head_json":{"title":"Fot\u00f3grafos - ARCHIVOS FOTOGR\u00c1FICOS","robots":{"index":"index","follow":"follow","max-snippet":"max-snippet:-1","max-image-preview":"max-image-preview:large","max-video-preview":"max-video-preview:-1"},"canonical":"https:\/\/dara.aragon.es\/dara\/archivosfotograficos\/fotografos-y-empresas-de-fotografia\/","og_locale":"es_ES","og_type":"article","og_title":"Fot\u00f3grafos - ARCHIVOS FOTOGR\u00c1FICOS","og_description":"Fot\u00f3grafos destacadosTodos los fot\u00f3grafos","og_url":"https:\/\/dara.aragon.es\/dara\/archivosfotograficos\/fotografos-y-empresas-de-fotografia\/","og_site_name":"ARCHIVOS FOTOGR\u00c1FICOS","article_modified_time":"2025-12-04T08:59:10+00:00","og_image":[{"width":744,"height":332,"url":"https:\/\/dara.aragon.es\/dara\/archivosfotograficos\/wp-content\/uploads\/sites\/6\/2024\/04\/estudio-interior-coyne-3.png","type":"image\/png"}],"twitter_card":"summary_large_image","twitter_misc":{"Tiempo de lectura":"14 minutos"},"schema":{"@context":"https:\/\/schema.org","@graph":[{"@type":"WebPage","@id":"https:\/\/dara.aragon.es\/dara\/archivosfotograficos\/fotografos-y-empresas-de-fotografia\/","url":"https:\/\/dara.aragon.es\/dara\/archivosfotograficos\/fotografos-y-empresas-de-fotografia\/","name":"Fot\u00f3grafos - ARCHIVOS FOTOGR\u00c1FICOS","isPartOf":{"@id":"https:\/\/dara.aragon.es\/dara\/archivosfotograficos\/#website"},"primaryImageOfPage":{"@id":"https:\/\/dara.aragon.es\/dara\/archivosfotograficos\/fotografos-y-empresas-de-fotografia\/#primaryimage"},"image":{"@id":"https:\/\/dara.aragon.es\/dara\/archivosfotograficos\/fotografos-y-empresas-de-fotografia\/#primaryimage"},"thumbnailUrl":"https:\/\/dara.aragon.es\/dara\/archivosfotograficos\/wp-content\/uploads\/sites\/6\/2024\/04\/estudio-interior-coyne-3.png","datePublished":"2024-02-08T13:26:59+00:00","dateModified":"2025-12-04T08:59:10+00:00","breadcrumb":{"@id":"https:\/\/dara.aragon.es\/dara\/archivosfotograficos\/fotografos-y-empresas-de-fotografia\/#breadcrumb"},"inLanguage":"es","potentialAction":[{"@type":"ReadAction","target":["https:\/\/dara.aragon.es\/dara\/archivosfotograficos\/fotografos-y-empresas-de-fotografia\/"]}]},{"@type":"ImageObject","inLanguage":"es","@id":"https:\/\/dara.aragon.es\/dara\/archivosfotograficos\/fotografos-y-empresas-de-fotografia\/#primaryimage","url":"https:\/\/dara.aragon.es\/dara\/archivosfotograficos\/wp-content\/uploads\/sites\/6\/2024\/04\/estudio-interior-coyne-3.png","contentUrl":"https:\/\/dara.aragon.es\/dara\/archivosfotograficos\/wp-content\/uploads\/sites\/6\/2024\/04\/estudio-interior-coyne-3.png","width":744,"height":332},{"@type":"BreadcrumbList","@id":"https:\/\/dara.aragon.es\/dara\/archivosfotograficos\/fotografos-y-empresas-de-fotografia\/#breadcrumb","itemListElement":[{"@type":"ListItem","position":1,"name":"Fotodara","item":"https:\/\/dara.aragon.es\/dara\/archivosfotograficos\/"},{"@type":"ListItem","position":2,"name":"Fot\u00f3grafos"}]},{"@type":"WebSite","@id":"https:\/\/dara.aragon.es\/dara\/archivosfotograficos\/#website","url":"https:\/\/dara.aragon.es\/dara\/archivosfotograficos\/","name":"ARCHIVOS FOTOGR\u00c1FICOS","description":"Otro sitio m\u00e1s de PORTALES DARA","potentialAction":[{"@type":"SearchAction","target":{"@type":"EntryPoint","urlTemplate":"https:\/\/dara.aragon.es\/dara\/archivosfotograficos\/?s={search_term_string}"},"query-input":{"@type":"PropertyValueSpecification","valueRequired":true,"valueName":"search_term_string"}}],"inLanguage":"es"}]}},"_links":{"self":[{"href":"https:\/\/dara.aragon.es\/dara\/archivosfotograficos\/wp-json\/wp\/v2\/pages\/82","targetHints":{"allow":["GET"]}}],"collection":[{"href":"https:\/\/dara.aragon.es\/dara\/archivosfotograficos\/wp-json\/wp\/v2\/pages"}],"about":[{"href":"https:\/\/dara.aragon.es\/dara\/archivosfotograficos\/wp-json\/wp\/v2\/types\/page"}],"author":[{"embeddable":true,"href":"https:\/\/dara.aragon.es\/dara\/archivosfotograficos\/wp-json\/wp\/v2\/users\/29"}],"replies":[{"embeddable":true,"href":"https:\/\/dara.aragon.es\/dara\/archivosfotograficos\/wp-json\/wp\/v2\/comments?post=82"}],"version-history":[{"count":110,"href":"https:\/\/dara.aragon.es\/dara\/archivosfotograficos\/wp-json\/wp\/v2\/pages\/82\/revisions"}],"predecessor-version":[{"id":6066,"href":"https:\/\/dara.aragon.es\/dara\/archivosfotograficos\/wp-json\/wp\/v2\/pages\/82\/revisions\/6066"}],"wp:featuredmedia":[{"embeddable":true,"href":"https:\/\/dara.aragon.es\/dara\/archivosfotograficos\/wp-json\/wp\/v2\/media\/1543"}],"wp:attachment":[{"href":"https:\/\/dara.aragon.es\/dara\/archivosfotograficos\/wp-json\/wp\/v2\/media?parent=82"}],"curies":[{"name":"wp","href":"https:\/\/api.w.org\/{rel}","templated":true}]}}