{"id":22,"date":"2025-04-18T06:57:33","date_gmt":"2025-04-18T04:57:33","guid":{"rendered":"https:\/\/dara.aragon.es\/dara\/joaquin-costa\/?page_id=22"},"modified":"2025-04-18T09:45:26","modified_gmt":"2025-04-18T07:45:26","slug":"inicio","status":"publish","type":"page","link":"https:\/\/dara.aragon.es\/dara\/joaquin-costa\/","title":{"rendered":"Inicio"},"content":{"rendered":"<p>[et_pb_section fb_built=\u00bb1&#8243; fullwidth=\u00bbon\u00bb disabled_on=\u00bbon|off|off\u00bb admin_label=\u00bbcabecera v\u00eddeo\u00bb _builder_version=\u00bb4.27.4&#8243; _module_preset=\u00bbdefault\u00bb background_color=\u00bb#0C71C3&#8243; background_enable_video_webm=\u00bboff\u00bb background_video_width=\u00bb100%\u00bb max_width=\u00bb100%\u00bb custom_margin=\u00bb0px||||false|false\u00bb custom_padding=\u00bb|||\u00bb bottom_divider_color=\u00bb#FFFFFF\u00bb hover_enabled=\u00bb0&#8243; global_colors_info=\u00bb{}\u00bb background_video_mp4=\u00bbhttps:\/\/www.bauldecursos.com\/demo\/cabecera-costa.mp4&#8243; sticky_enabled=\u00bb0&#8243;][et_pb_fullwidth_header title=\u00bbJoaqu\u00edn Costa Mart\u00cdnez\u00bb text_orientation=\u00bbcenter\u00bb header_scroll_down=\u00bbon\u00bb scroll_down_icon=\u00bb%%2%%\u00bb scroll_down_icon_color=\u00bb#ffffff\u00bb background_overlay_color=\u00bbrgba(0,0,0,0.4)\u00bb admin_label=\u00bbContents\u00bb _builder_version=\u00bb4.27.4&#8243; _module_preset=\u00bbdefault\u00bb title_font=\u00bbOswald|||on|\u00bb title_text_align=\u00bbcenter\u00bb title_font_size=\u00bb50px\u00bb title_letter_spacing=\u00bb0.05em\u00bb title_line_height=\u00bb2.1em\u00bb subhead_font=\u00bb&#8211;et_global_heading_font|600|||||||\u00bb subhead_font_size=\u00bb39px\u00bb subhead_line_height=\u00bb1.9em\u00bb custom_button_one=\u00bbon\u00bb button_one_text_size=\u00bb15px\u00bb button_one_bg_color=\u00bb#dca57d\u00bb button_one_border_width=\u00bb10px\u00bb button_one_border_color=\u00bb#dca57d\u00bb button_one_border_radius=\u00bb0px\u00bb button_one_letter_spacing=\u00bb3px\u00bb button_one_font=\u00bbOswald|||on|\u00bb button_one_use_icon=\u00bboff\u00bb min_height=\u00bb600px\u00bb height=\u00bb600px\u00bb max_height=\u00bb600px\u00bb custom_margin=\u00bb0px|0px|0px|0px|false|false\u00bb custom_padding=\u00bb150px|0px|0px|0px|false|false\u00bb animation_style=\u00bbfade\u00bb animation_starting_opacity=\u00bb50%\u00bb animation_speed_curve=\u00bbease-in\u00bb title_font_size_tablet=\u00bb60px\u00bb title_font_size_phone=\u00bb40px\u00bb title_font_size_last_edited=\u00bbon|tablet\u00bb button_one_border_color_hover=\u00bb#c99872&#8243; button_one_border_radius_hover=\u00bb0px\u00bb button_one_letter_spacing_hover=\u00bb3px\u00bb button_one_bg_color_hover=\u00bb#c99872&#8243; global_colors_info=\u00bb{}\u00bb button_one_text_size__hover_enabled=\u00bboff\u00bb button_two_text_size__hover_enabled=\u00bboff\u00bb button_one_text_color__hover_enabled=\u00bboff\u00bb button_two_text_color__hover_enabled=\u00bboff\u00bb button_one_border_width__hover_enabled=\u00bboff\u00bb button_two_border_width__hover_enabled=\u00bboff\u00bb button_one_border_color__hover_enabled=\u00bbon\u00bb button_one_border_color__hover=\u00bb#c99872&#8243; button_two_border_color__hover_enabled=\u00bboff\u00bb button_one_border_radius__hover_enabled=\u00bbon\u00bb button_one_border_radius__hover=\u00bb0px\u00bb button_two_border_radius__hover_enabled=\u00bboff\u00bb button_one_letter_spacing__hover_enabled=\u00bbon\u00bb button_one_letter_spacing__hover=\u00bb3px\u00bb button_two_letter_spacing__hover_enabled=\u00bboff\u00bb button_one_bg_color__hover_enabled=\u00bbon\u00bb button_one_bg_color__hover=\u00bb#c99872&#8243; button_two_bg_color__hover_enabled=\u00bboff\u00bb subhead=\u00bb (1846 &#8211; 1911)\u00bb sticky_enabled=\u00bb0&#8243; background_color=\u00bbrgba(255, 255, 255, 0)\u00bb background_enable_image=\u00bboff\u00bb parallax=\u00bbon\u00bb parallax_method=\u00bbon\u00bb background_enable_video_mp4=\u00bboff\u00bb background_video_width=\u00bb100%\u00bb hover_enabled=\u00bb0&#8243;][\/et_pb_fullwidth_header][\/et_pb_section][et_pb_section fb_built=\u00bb1&#8243; _builder_version=\u00bb4.25.1&#8243; _module_preset=\u00bb_initial\u00bb background_color=\u00bbRGBA(255,255,255,0)\u00bb background_enable_image=\u00bboff\u00bb custom_margin=\u00bb||0px||false|false\u00bb custom_padding=\u00bb||0px||false|false\u00bb global_colors_info=\u00bb{}\u00bb][et_pb_row column_structure=\u00bb1_6,1_6,1_6,1_6,1_6,1_6&#8243; make_equal=\u00bbon\u00bb _builder_version=\u00bb4.27.4&#8243; _module_preset=\u00bbdefault\u00bb max_width=\u00bb100%\u00bb module_alignment=\u00bbcenter\u00bb custom_margin=\u00bb40px|auto|40px|auto|false|false\u00bb custom_padding=\u00bb0px|0px|0px|0px|false|false\u00bb locked=\u00bboff\u00bb global_colors_info=\u00bb{}\u00bb][et_pb_column type=\u00bb1_6&#8243; _builder_version=\u00bb4.16&#8243; _module_preset=\u00bbdefault\u00bb global_colors_info=\u00bb{}\u00bb][et_pb_blurb title=\u00bbActividad Jur\u00eddica\u00bb image=\u00bbhttps:\/\/dara.aragon.es\/dara\/joaquin-costa\/wp-content\/uploads\/sites\/8\/2025\/04\/costa-actividad-juridica.png\u00bb alt=\u00bbBolea UCD\u00bb content_max_width=\u00bb500px\u00bb _builder_version=\u00bb4.27.4&#8243; _module_preset=\u00bbdefault\u00bb header_font=\u00bb|||on|||||\u00bb header_line_height=\u00bb1.4em\u00bb custom_padding=\u00bb||||false|false\u00bb link_option_url=\u00bbhttps:\/\/dara.aragon.es\/dara\/joaquin-costa\/actividad-juridica\/\u00bb border_color_all_image=\u00bb#000000&#8243; border_style_all_image=\u00bbnone\u00bb box_shadow_style_image=\u00bbpreset1&#8243; global_colors_info=\u00bb{}\u00bb][\/et_pb_blurb][\/et_pb_column][et_pb_column type=\u00bb1_6&#8243; _builder_version=\u00bb4.16&#8243; _module_preset=\u00bbdefault\u00bb global_colors_info=\u00bb{}\u00bb][et_pb_blurb title=\u00bbActividad Pol\u00edtica\u00bb image=\u00bbhttps:\/\/dara.aragon.es\/dara\/joaquin-costa\/wp-content\/uploads\/sites\/8\/2025\/04\/costa-actividad-politica.png\u00bb content_max_width=\u00bb500px\u00bb _builder_version=\u00bb4.27.4&#8243; _module_preset=\u00bbdefault\u00bb header_font=\u00bb|||on|||||\u00bb header_line_height=\u00bb1.4em\u00bb custom_padding=\u00bb||||false|false\u00bb link_option_url=\u00bbhttps:\/\/dara.aragon.es\/dara\/joaquin-costa\/actividad-politica\/\u00bb border_color_all_image=\u00bb#000000&#8243; border_style_all_image=\u00bbnone\u00bb box_shadow_style_image=\u00bbpreset1&#8243; global_colors_info=\u00bb{%22#0e0c19%22:%91%22header_text_color%22,%22header_text_color%22,%22header_text_color%22,%22header_text_color%22,%22header_text_color%22,%22header_text_color%22,%22header_text_color%22,%22header_text_color%22,%22header_text_color%22,%22header_text_color%22,%22header_text_color%22,%22header_text_color%22,%22header_text_color%22,%22header_text_color%22,%22header_text_color%22,%22header_text_color%22%93,%22#ffc300%22:%91%22icon_color%22,%22icon_color%22,%22icon_color%22,%22icon_color%22,%22icon_color%22,%22icon_color%22,%22icon_color%22,%22icon_color%22,%22icon_color%22,%22icon_color%22%93,%22#3c3a47%22:%91%22body_text_color%22,%22body_text_color%22,%22body_text_color%22,%22body_text_color%22,%22body_text_color%22,%22body_text_color%22,%22body_text_color%22,%22body_text_color%22%93}\u00bb][\/et_pb_blurb][\/et_pb_column][et_pb_column type=\u00bb1_6&#8243; _builder_version=\u00bb4.16&#8243; _module_preset=\u00bbdefault\u00bb global_colors_info=\u00bb{}\u00bb][et_pb_blurb title=\u00bbActividad sociopol\u00edtica y econ\u00f3mica\u00bb image=\u00bbhttps:\/\/dara.aragon.es\/dara\/joaquin-costa\/wp-content\/uploads\/sites\/8\/2025\/04\/costa-actividad-sociopolitica-economica.png\u00bb content_max_width=\u00bb500px\u00bb _builder_version=\u00bb4.27.4&#8243; _module_preset=\u00bbdefault\u00bb header_font=\u00bb|||on|||||\u00bb header_line_height=\u00bb1.4em\u00bb custom_padding=\u00bb||||false|false\u00bb link_option_url=\u00bbhttps:\/\/dara.aragon.es\/dara\/joaquin-costa\/actividad-sociopolitica-y-economica\/\u00bb border_color_all_image=\u00bb#000000&#8243; border_style_all_image=\u00bbnone\u00bb box_shadow_style_image=\u00bbpreset1&#8243; global_colors_info=\u00bb{}\u00bb][\/et_pb_blurb][\/et_pb_column][et_pb_column type=\u00bb1_6&#8243; _builder_version=\u00bb4.16&#8243; _module_preset=\u00bbdefault\u00bb global_colors_info=\u00bb{}\u00bb][et_pb_blurb title=\u00bbCorrespondencia\u00bb image=\u00bbhttps:\/\/dara.aragon.es\/dara\/joaquin-costa\/wp-content\/uploads\/sites\/8\/2025\/04\/costa-correspondencia.png\u00bb content_max_width=\u00bb500px\u00bb _builder_version=\u00bb4.27.4&#8243; _module_preset=\u00bbdefault\u00bb header_font=\u00bb|||on|||||\u00bb header_line_height=\u00bb1.4em\u00bb custom_padding=\u00bb||||false|false\u00bb link_option_url=\u00bbhttps:\/\/dara.aragon.es\/dara\/joaquin-costa\/correspondencia\/\u00bb border_color_all_image=\u00bb#000000&#8243; border_style_all_image=\u00bbnone\u00bb box_shadow_style_image=\u00bbpreset1&#8243; global_colors_info=\u00bb{}\u00bb][\/et_pb_blurb][\/et_pb_column][et_pb_column type=\u00bb1_6&#8243; _builder_version=\u00bb4.16&#8243; _module_preset=\u00bbdefault\u00bb global_colors_info=\u00bb{}\u00bb][et_pb_blurb title=\u00bbDocumentos personales\u00bb url=\u00bbhttps:\/\/dara.aragon.es\/dara\/joaquin-costa\/documentos-personales\/\u00bb url_new_window=\u00bbon\u00bb image=\u00bbhttps:\/\/dara.aragon.es\/dara\/joaquin-costa\/wp-content\/uploads\/sites\/8\/2025\/04\/costa-documentos-personales.png\u00bb content_max_width=\u00bb500px\u00bb _builder_version=\u00bb4.27.4&#8243; _module_preset=\u00bbdefault\u00bb header_font=\u00bb|||on|||||\u00bb header_line_height=\u00bb1.4em\u00bb custom_padding=\u00bb||||false|false\u00bb border_color_all_image=\u00bb#000000&#8243; border_style_all_image=\u00bbnone\u00bb box_shadow_style_image=\u00bbpreset1&#8243; global_colors_info=\u00bb{}\u00bb][\/et_pb_blurb][\/et_pb_column][et_pb_column type=\u00bb1_6&#8243; _builder_version=\u00bb4.16&#8243; _module_preset=\u00bbdefault\u00bb global_colors_info=\u00bb{}\u00bb][et_pb_blurb title=\u00bbObras\u00bb url=\u00bbhttps:\/\/dara.aragon.es\/dara\/joaquin-costa\/obras\/\u00bb url_new_window=\u00bbon\u00bb image=\u00bbhttps:\/\/dara.aragon.es\/dara\/joaquin-costa\/wp-content\/uploads\/sites\/8\/2025\/04\/costa-obras.png\u00bb content_max_width=\u00bb500px\u00bb _builder_version=\u00bb4.27.4&#8243; _module_preset=\u00bbdefault\u00bb header_font=\u00bb|||on|||||\u00bb header_line_height=\u00bb1.4em\u00bb custom_padding=\u00bb||||false|false\u00bb border_color_all_image=\u00bb#000000&#8243; border_style_all_image=\u00bbnone\u00bb box_shadow_style_image=\u00bbpreset1&#8243; global_colors_info=\u00bb{}\u00bb][\/et_pb_blurb][\/et_pb_column][\/et_pb_row][\/et_pb_section][et_pb_section fb_built=\u00bb1&#8243; prev_background_color=\u00bbRGBA(255,255,255,0)\u00bb _builder_version=\u00bb4.27.4&#8243; _module_preset=\u00bb_initial\u00bb background_color=\u00bb#26528D\u00bb background_enable_image=\u00bboff\u00bb background_blend=\u00bbmultiply\u00bb top_divider_style=\u00bbarrow3&#8243; top_divider_height=\u00bb122px\u00bb bottom_divider_height=\u00bb14px\u00bb global_colors_info=\u00bb{}\u00bb][et_pb_row _builder_version=\u00bb4.27.4&#8243; _module_preset=\u00bbdefault\u00bb global_colors_info=\u00bb{}\u00bb][et_pb_column type=\u00bb4_4&#8243; _builder_version=\u00bb4.27.4&#8243; _module_preset=\u00bbdefault\u00bb global_colors_info=\u00bb{}\u00bb][et_pb_text admin_label=\u00bbTittle\u00bb _builder_version=\u00bb4.27.4&#8243; _module_preset=\u00bbdefault\u00bb text_font=\u00bbNunito|||||on|||\u00bb text_text_color=\u00bb#FFFFFF\u00bb text_font_size=\u00bb18px\u00bb text_line_height=\u00bb1.8em\u00bb header_font=\u00bb|||on|||||\u00bb header_font_size=\u00bb18px\u00bb header_letter_spacing=\u00bb1px\u00bb header_line_height=\u00bb1.5em\u00bb header_2_font=\u00bbOswald|||on|||||\u00bb header_2_text_align=\u00bbcenter\u00bb header_2_text_color=\u00bb#FFFFFF\u00bb header_2_font_size=\u00bb40px\u00bb header_2_letter_spacing=\u00bb1px\u00bb header_2_line_height=\u00bb1.5em\u00bb header_3_font=\u00bb||||||||\u00bb text_orientation=\u00bbcenter\u00bb background_layout=\u00bbdark\u00bb locked=\u00bboff\u00bb global_colors_info=\u00bb{%22#0e0c19%22:%91%22header_text_color%22,%22header_text_color%22,%22header_text_color%22,%22header_text_color%22,%22header_text_color%22,%22header_text_color%22,%22header_text_color%22,%22header_text_color%22,%22header_text_color%22,%22header_text_color%22,%22header_text_color%22,%22header_text_color%22,%22header_text_color%22,%22header_text_color%22,%22header_text_color%22,%22header_text_color%22%93,%22#ffc300%22:%91%22icon_color%22,%22icon_color%22,%22icon_color%22,%22icon_color%22,%22icon_color%22,%22icon_color%22,%22icon_color%22,%22icon_color%22,%22icon_color%22,%22icon_color%22%93,%22#3c3a47%22:%91%22body_text_color%22,%22body_text_color%22,%22body_text_color%22,%22body_text_color%22,%22body_text_color%22,%22body_text_color%22,%22body_text_color%22,%22body_text_color%22%93}\u00bb]<\/p>\n<h2>buscadores DARA<\/h2>\n<p>[\/et_pb_text][\/et_pb_column][\/et_pb_row][et_pb_row column_structure=\u00bb1_3,1_3,1_3&#8243; _builder_version=\u00bb4.27.4&#8243; _module_preset=\u00bbdefault\u00bb custom_padding=\u00bb||||false|false\u00bb global_colors_info=\u00bb{}\u00bb][et_pb_column type=\u00bb1_3&#8243; _builder_version=\u00bb4.27.4&#8243; _module_preset=\u00bbdefault\u00bb custom_padding=\u00bb15px||||false|false\u00bb border_width_all=\u00bb1px\u00bb border_color_all=\u00bb#FFFFFF\u00bb box_shadow_style=\u00bbpreset1&#8243; global_colors_info=\u00bb{}\u00bb][et_pb_blurb title=\u00bbBuscar documentos\u00bb use_icon=\u00bbon\u00bb font_icon=\u00bb&#x55;||divi||400&#8243; icon_color=\u00bb#FFFFFF\u00bb image_icon_width=\u00bb50px\u00bb _builder_version=\u00bb4.27.4&#8243; _module_preset=\u00bbdefault\u00bb header_font=\u00bb|||on|||||\u00bb header_font_size=\u00bb18px\u00bb header_letter_spacing=\u00bb1px\u00bb header_line_height=\u00bb1.5em\u00bb text_orientation=\u00bbcenter\u00bb background_layout=\u00bbdark\u00bb height=\u00bb150px\u00bb custom_padding=\u00bb11px||||false|false\u00bb link_option_url=\u00bbhttps:\/\/dara.aragon.es\/opac\/app\/simple\/apjc\u00bb link_option_url_new_window=\u00bbon\u00bb locked=\u00bboff\u00bb global_colors_info=\u00bb{%22#0e0c19%22:%91%22header_text_color%22,%22header_text_color%22,%22header_text_color%22,%22header_text_color%22,%22header_text_color%22,%22header_text_color%22,%22header_text_color%22,%22header_text_color%22,%22header_text_color%22,%22header_text_color%22,%22header_text_color%22,%22header_text_color%22,%22header_text_color%22,%22header_text_color%22,%22header_text_color%22,%22header_text_color%22%93,%22#ffc300%22:%91%22icon_color%22,%22icon_color%22,%22icon_color%22,%22icon_color%22,%22icon_color%22,%22icon_color%22,%22icon_color%22,%22icon_color%22,%22icon_color%22,%22icon_color%22%93,%22#3c3a47%22:%91%22body_text_color%22,%22body_text_color%22,%22body_text_color%22,%22body_text_color%22,%22body_text_color%22,%22body_text_color%22,%22body_text_color%22,%22body_text_color%22%93}\u00bb][\/et_pb_blurb][\/et_pb_column][et_pb_column type=\u00bb1_3&#8243; _builder_version=\u00bb4.27.4&#8243; _module_preset=\u00bbdefault\u00bb custom_padding=\u00bb15px||||false|false\u00bb border_width_all=\u00bb1px\u00bb border_color_all=\u00bb#FFFFFF\u00bb box_shadow_style=\u00bbpreset1&#8243; global_colors_info=\u00bb{}\u00bb][et_pb_blurb title=\u00bbDocumentos\u00bb use_icon=\u00bbon\u00bb font_icon=\u00bb&#xe101;||divi||400&#8243; icon_color=\u00bb#FFFFFF\u00bb image_icon_width=\u00bb50px\u00bb _builder_version=\u00bb4.27.4&#8243; _module_preset=\u00bbdefault\u00bb header_font=\u00bb|||on|||||\u00bb header_font_size=\u00bb18px\u00bb header_letter_spacing=\u00bb1px\u00bb header_line_height=\u00bb1.5em\u00bb text_orientation=\u00bbcenter\u00bb background_layout=\u00bbdark\u00bb height=\u00bb150px\u00bb custom_padding=\u00bb11px||||false|false\u00bb link_option_url=\u00bbhttps:\/\/dara.aragon.es\/opac\/app\/results\/apjc?p=0&#038;q=*&#038;ob=re:1&#038;vm=mv\u00bb link_option_url_new_window=\u00bbon\u00bb locked=\u00bboff\u00bb global_colors_info=\u00bb{%22#0e0c19%22:%91%22header_text_color%22,%22header_text_color%22,%22header_text_color%22,%22header_text_color%22,%22header_text_color%22,%22header_text_color%22,%22header_text_color%22,%22header_text_color%22,%22header_text_color%22,%22header_text_color%22,%22header_text_color%22,%22header_text_color%22,%22header_text_color%22,%22header_text_color%22,%22header_text_color%22,%22header_text_color%22,%22header_text_color%22,%22header_text_color%22,%22header_text_color%22,%22header_text_color%22,%22header_text_color%22,%22header_text_color%22,%22header_text_color%22,%22header_text_color%22,%22header_text_color%22,%22header_text_color%22,%22header_text_color%22,%22header_text_color%22,%22header_text_color%22,%22header_text_color%22,%22header_text_color%22,%22header_text_color%22,%22header_text_color%22,%22header_text_color%22,%22header_text_color%22,%22header_text_color%22,%22header_text_color%22,%22header_text_color%22,%22header_text_color%22,%22header_text_color%22,%22header_text_color%22,%22header_text_color%22,%22header_text_color%22,%22header_text_color%22,%22header_text_color%22,%22header_text_color%22,%22header_text_color%22,%22header_text_color%22,%22header_text_color%22,%22header_text_color%22,%22header_text_color%22,%22header_text_color%22,%22header_text_color%22,%22header_text_color%22,%22header_text_color%22,%22header_text_color%22,%22header_text_color%22,%22header_text_color%22,%22header_text_color%22,%22header_text_color%22%93,%22#ffc300%22:%91%22icon_color%22,%22icon_color%22,%22icon_color%22,%22icon_color%22,%22icon_color%22,%22icon_color%22,%22icon_color%22,%22icon_color%22,%22icon_color%22,%22icon_color%22,%22icon_color%22,%22icon_color%22,%22icon_color%22,%22icon_color%22,%22icon_color%22,%22icon_color%22,%22icon_color%22,%22icon_color%22,%22icon_color%22,%22icon_color%22,%22icon_color%22,%22icon_color%22,%22icon_color%22,%22icon_color%22,%22icon_color%22,%22icon_color%22,%22icon_color%22,%22icon_color%22,%22icon_color%22,%22icon_color%22,%22icon_color%22,%22icon_color%22,%22icon_color%22,%22icon_color%22,%22icon_color%22,%22icon_color%22,%22icon_color%22,%22icon_color%22%93,%22#3c3a47%22:%91%22body_text_color%22,%22body_text_color%22,%22body_text_color%22,%22body_text_color%22,%22body_text_color%22,%22body_text_color%22,%22body_text_color%22,%22body_text_color%22,%22body_text_color%22,%22body_text_color%22,%22body_text_color%22,%22body_text_color%22,%22body_text_color%22,%22body_text_color%22,%22body_text_color%22,%22body_text_color%22,%22body_text_color%22,%22body_text_color%22,%22body_text_color%22,%22body_text_color%22,%22body_text_color%22,%22body_text_color%22,%22body_text_color%22,%22body_text_color%22,%22body_text_color%22,%22body_text_color%22,%22body_text_color%22,%22body_text_color%22,%22body_text_color%22,%22body_text_color%22%93}\u00bb][\/et_pb_blurb][\/et_pb_column][et_pb_column type=\u00bb1_3&#8243; _builder_version=\u00bb4.27.4&#8243; _module_preset=\u00bbdefault\u00bb custom_padding=\u00bb15px||||false|false\u00bb border_width_all=\u00bb1px\u00bb border_color_all=\u00bb#FFFFFF\u00bb box_shadow_style=\u00bbpreset1&#8243; global_colors_info=\u00bb{}\u00bb][et_pb_blurb title=\u00bbFotograf\u00edas\u00bb use_icon=\u00bbon\u00bb font_icon=\u00bb&#xf03e;||fa||900&#8243; icon_color=\u00bb#FFFFFF\u00bb image_icon_width=\u00bb50px\u00bb _builder_version=\u00bb4.27.4&#8243; _module_preset=\u00bbdefault\u00bb header_font=\u00bb|||on|||||\u00bb header_font_size=\u00bb18px\u00bb header_letter_spacing=\u00bb1px\u00bb header_line_height=\u00bb1.5em\u00bb text_orientation=\u00bbcenter\u00bb background_layout=\u00bbdark\u00bb height=\u00bb150px\u00bb custom_padding=\u00bb11px||||false|false\u00bb link_option_url=\u00bbhttps:\/\/dara.aragon.es\/opac\/app\/results\/apjc?p=0&#038;q=*&#038;pmp=%25foto%25,foto&#038;ob=os:1&#038;vm=mv\u00bb link_option_url_new_window=\u00bbon\u00bb locked=\u00bboff\u00bb global_colors_info=\u00bb{%22#0e0c19%22:%91%22header_text_color%22,%22header_text_color%22,%22header_text_color%22,%22header_text_color%22,%22header_text_color%22,%22header_text_color%22,%22header_text_color%22,%22header_text_color%22,%22header_text_color%22,%22header_text_color%22,%22header_text_color%22,%22header_text_color%22,%22header_text_color%22,%22header_text_color%22,%22header_text_color%22,%22header_text_color%22,%22header_text_color%22,%22header_text_color%22,%22header_text_color%22,%22header_text_color%22,%22header_text_color%22,%22header_text_color%22,%22header_text_color%22,%22header_text_color%22,%22header_text_color%22,%22header_text_color%22,%22header_text_color%22,%22header_text_color%22,%22header_text_color%22,%22header_text_color%22,%22header_text_color%22,%22header_text_color%22,%22header_text_color%22,%22header_text_color%22,%22header_text_color%22,%22header_text_color%22,%22header_text_color%22,%22header_text_color%22,%22header_text_color%22,%22header_text_color%22,%22header_text_color%22,%22header_text_color%22,%22header_text_color%22,%22header_text_color%22,%22header_text_color%22,%22header_text_color%22,%22header_text_color%22,%22header_text_color%22,%22header_text_color%22,%22header_text_color%22,%22header_text_color%22,%22header_text_color%22,%22header_text_color%22,%22header_text_color%22,%22header_text_color%22,%22header_text_color%22,%22header_text_color%22,%22header_text_color%22,%22header_text_color%22,%22header_text_color%22,%22header_text_color%22,%22header_text_color%22,%22header_text_color%22,%22header_text_color%22,%22header_text_color%22,%22header_text_color%22,%22header_text_color%22,%22header_text_color%22,%22header_text_color%22,%22header_text_color%22,%22header_text_color%22,%22header_text_color%22,%22header_text_color%22,%22header_text_color%22,%22header_text_color%22,%22header_text_color%22,%22header_text_color%22,%22header_text_color%22,%22header_text_color%22,%22header_text_color%22,%22header_text_color%22,%22header_text_color%22,%22header_text_color%22,%22header_text_color%22%93,%22#ffc300%22:%91%22icon_color%22,%22icon_color%22,%22icon_color%22,%22icon_color%22,%22icon_color%22,%22icon_color%22,%22icon_color%22,%22icon_color%22,%22icon_color%22,%22icon_color%22,%22icon_color%22,%22icon_color%22,%22icon_color%22,%22icon_color%22,%22icon_color%22,%22icon_color%22,%22icon_color%22,%22icon_color%22,%22icon_color%22,%22icon_color%22,%22icon_color%22,%22icon_color%22,%22icon_color%22,%22icon_color%22,%22icon_color%22,%22icon_color%22,%22icon_color%22,%22icon_color%22,%22icon_color%22,%22icon_color%22,%22icon_color%22,%22icon_color%22,%22icon_color%22,%22icon_color%22,%22icon_color%22,%22icon_color%22,%22icon_color%22,%22icon_color%22,%22icon_color%22,%22icon_color%22,%22icon_color%22,%22icon_color%22,%22icon_color%22,%22icon_color%22,%22icon_color%22,%22icon_color%22,%22icon_color%22,%22icon_color%22,%22icon_color%22,%22icon_color%22,%22icon_color%22,%22icon_color%22,%22icon_color%22,%22icon_color%22%93,%22#3c3a47%22:%91%22body_text_color%22,%22body_text_color%22,%22body_text_color%22,%22body_text_color%22,%22body_text_color%22,%22body_text_color%22,%22body_text_color%22,%22body_text_color%22,%22body_text_color%22,%22body_text_color%22,%22body_text_color%22,%22body_text_color%22,%22body_text_color%22,%22body_text_color%22,%22body_text_color%22,%22body_text_color%22,%22body_text_color%22,%22body_text_color%22,%22body_text_color%22,%22body_text_color%22,%22body_text_color%22,%22body_text_color%22,%22body_text_color%22,%22body_text_color%22,%22body_text_color%22,%22body_text_color%22,%22body_text_color%22,%22body_text_color%22,%22body_text_color%22,%22body_text_color%22,%22body_text_color%22,%22body_text_color%22,%22body_text_color%22,%22body_text_color%22,%22body_text_color%22,%22body_text_color%22,%22body_text_color%22,%22body_text_color%22,%22body_text_color%22,%22body_text_color%22,%22body_text_color%22,%22body_text_color%22%93}\u00bb][\/et_pb_blurb][\/et_pb_column][\/et_pb_row][\/et_pb_section][et_pb_section fb_built=\u00bb1&#8243; prev_background_color=\u00bb#26528D\u00bb admin_label=\u00bbSecci\u00f3n\u00bb _builder_version=\u00bb4.27.0&#8243; _module_preset=\u00bb1a08a2a8-4ab4-4d5a-aa64-ccfffe0d51c6&#8243; top_divider_style=\u00bbarrow3&#8243; top_divider_height=\u00bb11px\u00bb locked=\u00bboff\u00bb global_colors_info=\u00bb{}\u00bb][et_pb_row column_structure=\u00bb1_4,3_4&#8243; use_custom_gutter=\u00bbon\u00bb gutter_width=\u00bb2&#8243; _builder_version=\u00bb4.27.4&#8243; _module_preset=\u00bb_initial\u00bb max_width=\u00bb80%\u00bb custom_padding=\u00bb|0px|0px|0px|false|false\u00bb global_colors_info=\u00bb{}\u00bb][et_pb_column type=\u00bb1_4&#8243; _builder_version=\u00bb4.27.0&#8243; _module_preset=\u00bbdefault\u00bb background_enable_image=\u00bboff\u00bb global_colors_info=\u00bb{}\u00bb][et_pb_image src=\u00bbhttps:\/\/dara.aragon.es\/dara\/wp-content\/uploads\/2024\/07\/4.jpg\u00bb alt=\u00bbJoaqu\u00edn Costa Mart\u00ednez\u00bb title_text=\u00bbJoaqu\u00edn Costa Mart\u00ednez\u00bb _builder_version=\u00bb4.27.3&#8243; _module_preset=\u00bbdefault\u00bb global_colors_info=\u00bb{}\u00bb][\/et_pb_image][\/et_pb_column][et_pb_column type=\u00bb3_4&#8243; _builder_version=\u00bb4.27.0&#8243; _module_preset=\u00bbdefault\u00bb background_enable_image=\u00bboff\u00bb global_colors_info=\u00bb{}\u00bb][et_pb_text _builder_version=\u00bb4.27.3&#8243; _module_preset=\u00bb_initial\u00bb global_colors_info=\u00bb{}\u00bb]<\/p>\n<p style=\"text-align: justify\">Joaqu\u00edn Costa es una de las figuras m\u00e1s destacadas del pensamiento espa\u00f1ol de los \u00faltimos a\u00f1os del siglo XIX y primeros del XX.<\/p>\n<p style=\"text-align: justify\">Naci\u00f3 en Monz\u00f3n (Huesca) en 1846, de familia humilde. Pas\u00f3 su infancia y parte de su adolescencia en Graus y Huesca; en esta \u00faltima ciudad estudi\u00f3 el bachillerato (1864) y obtuvo el t\u00edtulo de maestro (1869). En 1867 una beca como observador de la Exposici\u00f3n Universal de Par\u00eds abre su mente a nuevos mundos e influencias. Licenciado en Filosof\u00eda y Derecho por la Universidad de Madrid, obtiene plaza como Oficial Letrado de Hacienda. Gana despu\u00e9s las oposiciones de Notario, actuando en Ja\u00e9n y Madrid, y ejerce tambi\u00e9n profesionalmente como abogado. Participa en la fundaci\u00f3n de la Instituci\u00f3n Libre de Ense\u00f1anza, a la que estuvo vinculado como profesor y como director de su Bolet\u00edn. Su intervenci\u00f3n en la vida p\u00fablica se inicia con la creaci\u00f3n en 1891 de la Liga de Contribuyentes de Ribagorza, germen de la C\u00e1mara Agr\u00edcola del Altoarag\u00f3n que, unida a otras organizaciones sociales, da lugar a la Liga Nacional de Productores en 1899. En 1900 participa activamente en el movimiento Uni\u00f3n Nacional y, tras su fracaso, se une al Partido Republicano como candidato a las elecciones a Cortes en 1903. Enfermo, se retira poco despu\u00e9s a Graus donde pasa escribiendo los \u00faltimos a\u00f1os de su vida, hasta su muerte en 1911.<\/p>\n<p style=\"text-align: justify\">Joaqu\u00edn Costa es autor de numerosas monograf\u00edas, art\u00edculos en revistas especializadas y colaboraciones en la prensa peri\u00f3dica de su \u00e9poca. El objeto de sus publicaciones es muy amplio y abarca diferentes disciplinas: derecho, educaci\u00f3n, antropolog\u00eda, pol\u00edtica, historia, geograf\u00eda, colonialismo, agricultura, etc.<\/p>\n<p>[\/et_pb_text][\/et_pb_column][\/et_pb_row][\/et_pb_section][et_pb_section fb_built=\u00bb1&#8243; next_background_color=\u00bb#26528D\u00bb admin_label=\u00bbSecci\u00f3n\u00bb _builder_version=\u00bb4.27.4&#8243; _module_preset=\u00bb_initial\u00bb background_enable_color=\u00bboff\u00bb background_image=\u00bbhttps:\/\/dara.aragon.es\/dara\/joaquin-costa\/wp-content\/uploads\/sites\/8\/2025\/04\/Diseno-sin-titulo.png\u00bb parallax=\u00bbon\u00bb custom_margin=\u00bb||0px||false|false\u00bb custom_padding=\u00bb||||false|false\u00bb top_divider_style=\u00bbarrow3&#8243; top_divider_color=\u00bb#FFFFFF\u00bb top_divider_height=\u00bb20px\u00bb bottom_divider_style=\u00bbarrow3&#8243; bottom_divider_height=\u00bb20px\u00bb saved_tabs=\u00bball\u00bb locked=\u00bboff\u00bb global_colors_info=\u00bb{}\u00bb][et_pb_row _builder_version=\u00bb4.27.4&#8243; _module_preset=\u00bbdefault\u00bb width=\u00bb90%\u00bb max_width=\u00bb1280px\u00bb global_colors_info=\u00bb{}\u00bb][et_pb_column type=\u00bb4_4&#8243; _builder_version=\u00bb4.27.4&#8243; _module_preset=\u00bbdefault\u00bb global_colors_info=\u00bb{}\u00bb][et_pb_text admin_label=\u00bbTittle\u00bb _builder_version=\u00bb4.27.4&#8243; _module_preset=\u00bbdefault\u00bb text_font=\u00bbNunito|||||on|||\u00bb text_text_color=\u00bb#FFFFFF\u00bb text_font_size=\u00bb18px\u00bb text_line_height=\u00bb1.8em\u00bb header_font=\u00bb||||||||\u00bb header_text_color=\u00bb#FFFFFF\u00bb header_2_font=\u00bbOswald|||on|||||\u00bb header_2_text_align=\u00bbcenter\u00bb header_2_text_color=\u00bb#FFFFFF\u00bb header_2_font_size=\u00bb40px\u00bb header_2_letter_spacing=\u00bb1px\u00bb header_2_line_height=\u00bb1.5em\u00bb header_3_font=\u00bb||||||||\u00bb max_width=\u00bb600px\u00bb max_width_last_edited=\u00bboff|desktop\u00bb module_alignment=\u00bbcenter\u00bb custom_margin=\u00bb||10px||false|false\u00bb locked=\u00bboff\u00bb global_colors_info=\u00bb{}\u00bb]<\/p>\n<h2>EL ARCHIVO<\/h2>\n<p>[\/et_pb_text][\/et_pb_column][\/et_pb_row][et_pb_row column_structure=\u00bb1_4,1_4,1_4,1_4&#8243; admin_label=\u00bbcontador\u00bb _builder_version=\u00bb4.27.4&#8243; _module_preset=\u00bbdefault\u00bb width=\u00bb90%\u00bb max_width=\u00bb1280px\u00bb global_colors_info=\u00bb{}\u00bb][et_pb_column type=\u00bb1_4&#8243; _builder_version=\u00bb4.18.0&#8243; _module_preset=\u00bbdefault\u00bb global_colors_info=\u00bb{}\u00bb][et_pb_number_counter title=\u00bbCajas\u00bb number=\u00bb246&#8243; percent_sign=\u00bboff\u00bb _builder_version=\u00bb4.27.4&#8243; _module_preset=\u00bbdefault\u00bb title_level=\u00bbh5&#8243; title_font=\u00bb|||on|||||\u00bb title_text_color=\u00bb#FFFFFF\u00bb title_font_size=\u00bb25px\u00bb title_line_height=\u00bb1.3em\u00bb number_text_color=\u00bb#FFFFFF\u00bb number_font_size=\u00bb45px\u00bb background_layout=\u00bbdark\u00bb number_letter_spacing_tablet=\u00bb\u00bb number_letter_spacing_phone=\u00bb\u00bb number_letter_spacing_last_edited=\u00bbon|desktop\u00bb global_colors_info=\u00bb{}\u00bb number_letter_spacing__hover_enabled=\u00bbon|desktop\u00bb][\/et_pb_number_counter][\/et_pb_column][et_pb_column type=\u00bb1_4&#8243; _builder_version=\u00bb4.18.0&#8243; _module_preset=\u00bbdefault\u00bb global_colors_info=\u00bb{}\u00bb][et_pb_number_counter title=\u00bbLibros\u00bb number=\u00bb378&#8243; percent_sign=\u00bboff\u00bb _builder_version=\u00bb4.27.4&#8243; _module_preset=\u00bbdefault\u00bb title_level=\u00bbh5&#8243; title_font=\u00bb|||on|||||\u00bb title_text_color=\u00bb#FFFFFF\u00bb title_font_size=\u00bb25px\u00bb title_line_height=\u00bb1.3em\u00bb number_text_color=\u00bb#FFFFFF\u00bb number_font_size=\u00bb45px\u00bb background_layout=\u00bbdark\u00bb number_letter_spacing_tablet=\u00bb\u00bb number_letter_spacing_phone=\u00bb\u00bb number_letter_spacing_last_edited=\u00bbon|desktop\u00bb global_colors_info=\u00bb{}\u00bb number_letter_spacing__hover_enabled=\u00bbon|desktop\u00bb][\/et_pb_number_counter][\/et_pb_column][et_pb_column type=\u00bb1_4&#8243; _builder_version=\u00bb4.18.0&#8243; _module_preset=\u00bbdefault\u00bb global_colors_info=\u00bb{}\u00bb][et_pb_number_counter title=\u00bbFolletos\u00bb number=\u00bb439&#8243; percent_sign=\u00bboff\u00bb _builder_version=\u00bb4.27.4&#8243; _module_preset=\u00bbdefault\u00bb title_level=\u00bbh5&#8243; title_font=\u00bb|||on|||||\u00bb title_text_color=\u00bb#FFFFFF\u00bb title_font_size=\u00bb25px\u00bb title_line_height=\u00bb1.3em\u00bb number_text_color=\u00bb#FFFFFF\u00bb number_font_size=\u00bb45px\u00bb background_layout=\u00bbdark\u00bb number_letter_spacing_tablet=\u00bb\u00bb number_letter_spacing_phone=\u00bb\u00bb number_letter_spacing_last_edited=\u00bbon|desktop\u00bb global_colors_info=\u00bb{}\u00bb number_letter_spacing__hover_enabled=\u00bbon|desktop\u00bb][\/et_pb_number_counter][\/et_pb_column][et_pb_column type=\u00bb1_4&#8243; _builder_version=\u00bb4.18.0&#8243; _module_preset=\u00bbdefault\u00bb global_colors_info=\u00bb{}\u00bb][et_pb_number_counter title=\u00bbPublicaciones\u00bb number=\u00bb124&#8243; percent_sign=\u00bboff\u00bb _builder_version=\u00bb4.27.4&#8243; _module_preset=\u00bbdefault\u00bb title_level=\u00bbh5&#8243; title_font=\u00bb|||on|||||\u00bb title_text_color=\u00bb#FFFFFF\u00bb title_font_size=\u00bb25px\u00bb title_line_height=\u00bb1.3em\u00bb number_text_color=\u00bb#FFFFFF\u00bb number_font_size=\u00bb45px\u00bb background_layout=\u00bbdark\u00bb number_letter_spacing_tablet=\u00bb\u00bb number_letter_spacing_phone=\u00bb\u00bb number_letter_spacing_last_edited=\u00bbon|desktop\u00bb global_colors_info=\u00bb{}\u00bb number_letter_spacing__hover_enabled=\u00bbon|desktop\u00bb][\/et_pb_number_counter][\/et_pb_column][\/et_pb_row][\/et_pb_section]<\/p>\n","protected":false},"excerpt":{"rendered":"<p>buscadores DARAJoaqu\u00edn Costa es una de las figuras m\u00e1s destacadas del pensamiento espa\u00f1ol de los \u00faltimos a\u00f1os del siglo XIX y primeros del XX. Naci\u00f3 en Monz\u00f3n (Huesca) en 1846, de familia humilde. Pas\u00f3 su infancia y parte de su adolescencia en Graus y Huesca; en esta \u00faltima ciudad estudi\u00f3 el bachillerato (1864) y obtuvo [&hellip;]<\/p>\n","protected":false},"author":1,"featured_media":48,"parent":0,"menu_order":0,"comment_status":"closed","ping_status":"closed","template":"","meta":{"_et_pb_use_builder":"on","_et_pb_old_content":"<!-- wp:divi\/placeholder \/-->","_et_gb_content_width":"","footnotes":""},"class_list":["post-22","page","type-page","status-publish","has-post-thumbnail","hentry"],"yoast_head":"<!-- This site is optimized with the Yoast SEO plugin v27.5 - https:\/\/yoast.com\/product\/yoast-seo-wordpress\/ -->\n<title>Inicio - Joaqu\u00edn Costa Mart\u00ednez<\/title>\n<meta name=\"robots\" content=\"index, follow, max-snippet:-1, max-image-preview:large, max-video-preview:-1\" \/>\n<link rel=\"canonical\" href=\"https:\/\/dara.aragon.es\/dara\/joaquin-costa\/\" \/>\n<meta property=\"og:locale\" content=\"es_ES\" \/>\n<meta property=\"og:type\" content=\"article\" \/>\n<meta property=\"og:title\" content=\"Inicio - Joaqu\u00edn Costa Mart\u00ednez\" \/>\n<meta property=\"og:description\" content=\"buscadores DARAJoaqu\u00edn Costa es una de las figuras m\u00e1s destacadas del pensamiento espa\u00f1ol de los \u00faltimos a\u00f1os del siglo XIX y primeros del XX. Naci\u00f3 en Monz\u00f3n (Huesca) en 1846, de familia humilde. Pas\u00f3 su infancia y parte de su adolescencia en Graus y Huesca; en esta \u00faltima ciudad estudi\u00f3 el bachillerato (1864) y obtuvo [&hellip;]\" \/>\n<meta property=\"og:url\" content=\"https:\/\/dara.aragon.es\/dara\/joaquin-costa\/\" \/>\n<meta property=\"og:site_name\" content=\"Joaqu\u00edn Costa Mart\u00ednez\" \/>\n<meta property=\"article:modified_time\" content=\"2025-04-18T07:45:26+00:00\" \/>\n<meta property=\"og:image\" content=\"https:\/\/dara.aragon.es\/dara\/joaquin-costa\/wp-content\/uploads\/sites\/8\/2025\/04\/costa-actividad-juridica.png\" \/>\n\t<meta property=\"og:image:width\" content=\"330\" \/>\n\t<meta property=\"og:image:height\" content=\"447\" \/>\n\t<meta property=\"og:image:type\" content=\"image\/png\" \/>\n<meta name=\"twitter:card\" content=\"summary_large_image\" \/>\n<meta name=\"twitter:label1\" content=\"Tiempo de lectura\" \/>\n\t<meta name=\"twitter:data1\" content=\"18 minutos\" \/>\n<script type=\"application\/ld+json\" class=\"yoast-schema-graph\">{\"@context\":\"https:\\\/\\\/schema.org\",\"@graph\":[{\"@type\":\"WebPage\",\"@id\":\"https:\\\/\\\/dara.aragon.es\\\/dara\\\/joaquin-costa\\\/\",\"url\":\"https:\\\/\\\/dara.aragon.es\\\/dara\\\/joaquin-costa\\\/\",\"name\":\"Inicio - Joaqu\u00edn Costa Mart\u00ednez\",\"isPartOf\":{\"@id\":\"https:\\\/\\\/dara.aragon.es\\\/dara\\\/joaquin-costa\\\/#website\"},\"primaryImageOfPage\":{\"@id\":\"https:\\\/\\\/dara.aragon.es\\\/dara\\\/joaquin-costa\\\/#primaryimage\"},\"image\":{\"@id\":\"https:\\\/\\\/dara.aragon.es\\\/dara\\\/joaquin-costa\\\/#primaryimage\"},\"thumbnailUrl\":\"https:\\\/\\\/dara.aragon.es\\\/dara\\\/joaquin-costa\\\/wp-content\\\/uploads\\\/sites\\\/8\\\/2025\\\/04\\\/costa-actividad-juridica.png\",\"datePublished\":\"2025-04-18T04:57:33+00:00\",\"dateModified\":\"2025-04-18T07:45:26+00:00\",\"breadcrumb\":{\"@id\":\"https:\\\/\\\/dara.aragon.es\\\/dara\\\/joaquin-costa\\\/#breadcrumb\"},\"inLanguage\":\"es\",\"potentialAction\":[{\"@type\":\"ReadAction\",\"target\":[\"https:\\\/\\\/dara.aragon.es\\\/dara\\\/joaquin-costa\\\/\"]}]},{\"@type\":\"ImageObject\",\"inLanguage\":\"es\",\"@id\":\"https:\\\/\\\/dara.aragon.es\\\/dara\\\/joaquin-costa\\\/#primaryimage\",\"url\":\"https:\\\/\\\/dara.aragon.es\\\/dara\\\/joaquin-costa\\\/wp-content\\\/uploads\\\/sites\\\/8\\\/2025\\\/04\\\/costa-actividad-juridica.png\",\"contentUrl\":\"https:\\\/\\\/dara.aragon.es\\\/dara\\\/joaquin-costa\\\/wp-content\\\/uploads\\\/sites\\\/8\\\/2025\\\/04\\\/costa-actividad-juridica.png\",\"width\":330,\"height\":447},{\"@type\":\"BreadcrumbList\",\"@id\":\"https:\\\/\\\/dara.aragon.es\\\/dara\\\/joaquin-costa\\\/#breadcrumb\",\"itemListElement\":[{\"@type\":\"ListItem\",\"position\":1,\"name\":\"Portada\",\"item\":\"https:\\\/\\\/dara.aragon.es\\\/dara\\\/joaquin-costa\\\/\"},{\"@type\":\"ListItem\",\"position\":2,\"name\":\"Inicio\"}]},{\"@type\":\"WebSite\",\"@id\":\"https:\\\/\\\/dara.aragon.es\\\/dara\\\/joaquin-costa\\\/#website\",\"url\":\"https:\\\/\\\/dara.aragon.es\\\/dara\\\/joaquin-costa\\\/\",\"name\":\"Joaqu\u00edn Costa Mart\u00ednez\",\"description\":\"\",\"potentialAction\":[{\"@type\":\"SearchAction\",\"target\":{\"@type\":\"EntryPoint\",\"urlTemplate\":\"https:\\\/\\\/dara.aragon.es\\\/dara\\\/joaquin-costa\\\/?s={search_term_string}\"},\"query-input\":{\"@type\":\"PropertyValueSpecification\",\"valueRequired\":true,\"valueName\":\"search_term_string\"}}],\"inLanguage\":\"es\"}]}<\/script>\n<!-- \/ Yoast SEO plugin. -->","yoast_head_json":{"title":"Inicio - Joaqu\u00edn Costa Mart\u00ednez","robots":{"index":"index","follow":"follow","max-snippet":"max-snippet:-1","max-image-preview":"max-image-preview:large","max-video-preview":"max-video-preview:-1"},"canonical":"https:\/\/dara.aragon.es\/dara\/joaquin-costa\/","og_locale":"es_ES","og_type":"article","og_title":"Inicio - Joaqu\u00edn Costa Mart\u00ednez","og_description":"buscadores DARAJoaqu\u00edn Costa es una de las figuras m\u00e1s destacadas del pensamiento espa\u00f1ol de los \u00faltimos a\u00f1os del siglo XIX y primeros del XX. Naci\u00f3 en Monz\u00f3n (Huesca) en 1846, de familia humilde. Pas\u00f3 su infancia y parte de su adolescencia en Graus y Huesca; en esta \u00faltima ciudad estudi\u00f3 el bachillerato (1864) y obtuvo [&hellip;]","og_url":"https:\/\/dara.aragon.es\/dara\/joaquin-costa\/","og_site_name":"Joaqu\u00edn Costa Mart\u00ednez","article_modified_time":"2025-04-18T07:45:26+00:00","og_image":[{"width":330,"height":447,"url":"https:\/\/dara.aragon.es\/dara\/joaquin-costa\/wp-content\/uploads\/sites\/8\/2025\/04\/costa-actividad-juridica.png","type":"image\/png"}],"twitter_card":"summary_large_image","twitter_misc":{"Tiempo de lectura":"18 minutos"},"schema":{"@context":"https:\/\/schema.org","@graph":[{"@type":"WebPage","@id":"https:\/\/dara.aragon.es\/dara\/joaquin-costa\/","url":"https:\/\/dara.aragon.es\/dara\/joaquin-costa\/","name":"Inicio - Joaqu\u00edn Costa Mart\u00ednez","isPartOf":{"@id":"https:\/\/dara.aragon.es\/dara\/joaquin-costa\/#website"},"primaryImageOfPage":{"@id":"https:\/\/dara.aragon.es\/dara\/joaquin-costa\/#primaryimage"},"image":{"@id":"https:\/\/dara.aragon.es\/dara\/joaquin-costa\/#primaryimage"},"thumbnailUrl":"https:\/\/dara.aragon.es\/dara\/joaquin-costa\/wp-content\/uploads\/sites\/8\/2025\/04\/costa-actividad-juridica.png","datePublished":"2025-04-18T04:57:33+00:00","dateModified":"2025-04-18T07:45:26+00:00","breadcrumb":{"@id":"https:\/\/dara.aragon.es\/dara\/joaquin-costa\/#breadcrumb"},"inLanguage":"es","potentialAction":[{"@type":"ReadAction","target":["https:\/\/dara.aragon.es\/dara\/joaquin-costa\/"]}]},{"@type":"ImageObject","inLanguage":"es","@id":"https:\/\/dara.aragon.es\/dara\/joaquin-costa\/#primaryimage","url":"https:\/\/dara.aragon.es\/dara\/joaquin-costa\/wp-content\/uploads\/sites\/8\/2025\/04\/costa-actividad-juridica.png","contentUrl":"https:\/\/dara.aragon.es\/dara\/joaquin-costa\/wp-content\/uploads\/sites\/8\/2025\/04\/costa-actividad-juridica.png","width":330,"height":447},{"@type":"BreadcrumbList","@id":"https:\/\/dara.aragon.es\/dara\/joaquin-costa\/#breadcrumb","itemListElement":[{"@type":"ListItem","position":1,"name":"Portada","item":"https:\/\/dara.aragon.es\/dara\/joaquin-costa\/"},{"@type":"ListItem","position":2,"name":"Inicio"}]},{"@type":"WebSite","@id":"https:\/\/dara.aragon.es\/dara\/joaquin-costa\/#website","url":"https:\/\/dara.aragon.es\/dara\/joaquin-costa\/","name":"Joaqu\u00edn Costa Mart\u00ednez","description":"","potentialAction":[{"@type":"SearchAction","target":{"@type":"EntryPoint","urlTemplate":"https:\/\/dara.aragon.es\/dara\/joaquin-costa\/?s={search_term_string}"},"query-input":{"@type":"PropertyValueSpecification","valueRequired":true,"valueName":"search_term_string"}}],"inLanguage":"es"}]}},"_links":{"self":[{"href":"https:\/\/dara.aragon.es\/dara\/joaquin-costa\/wp-json\/wp\/v2\/pages\/22","targetHints":{"allow":["GET"]}}],"collection":[{"href":"https:\/\/dara.aragon.es\/dara\/joaquin-costa\/wp-json\/wp\/v2\/pages"}],"about":[{"href":"https:\/\/dara.aragon.es\/dara\/joaquin-costa\/wp-json\/wp\/v2\/types\/page"}],"author":[{"embeddable":true,"href":"https:\/\/dara.aragon.es\/dara\/joaquin-costa\/wp-json\/wp\/v2\/users\/1"}],"replies":[{"embeddable":true,"href":"https:\/\/dara.aragon.es\/dara\/joaquin-costa\/wp-json\/wp\/v2\/comments?post=22"}],"version-history":[{"count":4,"href":"https:\/\/dara.aragon.es\/dara\/joaquin-costa\/wp-json\/wp\/v2\/pages\/22\/revisions"}],"predecessor-version":[{"id":101,"href":"https:\/\/dara.aragon.es\/dara\/joaquin-costa\/wp-json\/wp\/v2\/pages\/22\/revisions\/101"}],"wp:featuredmedia":[{"embeddable":true,"href":"https:\/\/dara.aragon.es\/dara\/joaquin-costa\/wp-json\/wp\/v2\/media\/48"}],"wp:attachment":[{"href":"https:\/\/dara.aragon.es\/dara\/joaquin-costa\/wp-json\/wp\/v2\/media?parent=22"}],"curies":[{"name":"wp","href":"https:\/\/api.w.org\/{rel}","templated":true}]}}