{"id":25,"date":"2025-04-18T06:58:20","date_gmt":"2025-04-18T04:58:20","guid":{"rendered":"https:\/\/dara.aragon.es\/dara\/joaquin-costa\/?page_id=25"},"modified":"2025-04-18T08:54:18","modified_gmt":"2025-04-18T06:54:18","slug":"actividad-juridica","status":"publish","type":"page","link":"https:\/\/dara.aragon.es\/dara\/joaquin-costa\/actividad-juridica\/","title":{"rendered":"Actividad Jur\u00eddica"},"content":{"rendered":"<p>[et_pb_section fb_built=\u00bb1&#8243; fullwidth=\u00bbon\u00bb admin_label=\u00bbHeader Section\u00bb _builder_version=\u00bb4.20.2&#8243; background_color=\u00bb#0D3857&#8243; background_enable_image=\u00bboff\u00bb parallax=\u00bbon\u00bb custom_padding=\u00bb|||\u00bb saved_tabs=\u00bball\u00bb locked=\u00bboff\u00bb global_colors_info=\u00bb{}\u00bb][et_pb_fullwidth_post_title meta=\u00bboff\u00bb featured_image=\u00bboff\u00bb _builder_version=\u00bb4.25.1&#8243; _module_preset=\u00bbdefault\u00bb title_font=\u00bb&#8211;et_global_heading_font|||on|||||\u00bb title_text_align=\u00bbcenter\u00bb title_text_color=\u00bb#FFFFFF\u00bb title_font_size=\u00bb38px\u00bb background_color=\u00bb#0D3857&#8243; custom_padding=\u00bb3%||3%||false|false\u00bb global_colors_info=\u00bb{}\u00bb][\/et_pb_fullwidth_post_title][\/et_pb_section][et_pb_section fb_built=\u00bb1&#8243; admin_label=\u00bbSecci\u00f3n\u00bb _builder_version=\u00bb4.27.0&#8243; _module_preset=\u00bbdefault\u00bb locked=\u00bboff\u00bb global_colors_info=\u00bb%91%93&#8243;][et_pb_row column_structure=\u00bb1_5,3_5,1_5&#8243; _builder_version=\u00bb4.27.0&#8243; _module_preset=\u00bbdefault\u00bb max_width=\u00bb80%\u00bb global_colors_info=\u00bb%91%93&#8243;][et_pb_column type=\u00bb1_5&#8243; _builder_version=\u00bb4.27.0&#8243; _module_preset=\u00bbdefault\u00bb background_enable_image=\u00bboff\u00bb global_colors_info=\u00bb{}\u00bb][et_pb_image src=\u00bbhttps:\/\/dara.aragon.es\/dara\/joaquin-costa\/wp-content\/uploads\/sites\/8\/2025\/04\/costa-actividad-juridica.png\u00bb alt=\u00bbJuan Antonio Bolea Foradada\u00bb title_text=\u00bbcosta &#8211; actividad jur\u00eddica\u00bb _builder_version=\u00bb4.27.4&#8243; _module_preset=\u00bbdefault\u00bb global_colors_info=\u00bb{}\u00bb][\/et_pb_image][et_pb_button button_url=\u00bbhttps:\/\/dara.aragon.es\/opac\/app\/item\/ahph?vm=nv&#038;al=2&#038;tc=Joaqu%C3%ADn+Costa&#038;p=0&#038;i=235&#8243; url_new_window=\u00bbon\u00bb button_text=\u00bbDescripci\u00f3n del fondo \u00bb _builder_version=\u00bb4.27.4&#8243; _module_preset=\u00bbdefault\u00bb custom_button=\u00bbon\u00bb button_text_size=\u00bb16px\u00bb button_border_width=\u00bb0px\u00bb button_border_radius=\u00bb0px\u00bb button_icon=\u00bb&#xf35d;||fa||900&#8243; button_on_hover=\u00bboff\u00bb custom_margin=\u00bb||0px||false|false\u00bb global_colors_info=\u00bb%91%93&#8243;][\/et_pb_button][et_pb_button button_url=\u00bbhttps:\/\/dara.aragon.es\/opac\/app\/classification\/apjc\u00bb url_new_window=\u00bbon\u00bb button_text=\u00bbCuadro de clasificaci\u00f3n\u00bb _builder_version=\u00bb4.27.4&#8243; _module_preset=\u00bbdefault\u00bb custom_button=\u00bbon\u00bb button_text_size=\u00bb16px\u00bb button_border_width=\u00bb0px\u00bb button_border_radius=\u00bb0px\u00bb button_icon=\u00bb&#xf35d;||fa||900&#8243; button_on_hover=\u00bboff\u00bb custom_margin=\u00bb0px||||false|false\u00bb custom_padding=\u00bb0px||||false|false\u00bb locked=\u00bboff\u00bb global_colors_info=\u00bb%91%93&#8243;][\/et_pb_button][\/et_pb_column][et_pb_column type=\u00bb3_5&#8243; _builder_version=\u00bb4.27.0&#8243; _module_preset=\u00bbdefault\u00bb background_enable_image=\u00bboff\u00bb global_colors_info=\u00bb{}\u00bb][et_pb_text _builder_version=\u00bb4.27.2&#8243; _module_preset=\u00bbdefault\u00bb global_colors_info=\u00bb%91%93&#8243;]<\/p>\n<p style=\"text-align: justify;\">Joaqu\u00edn Costa fue un importante jurista, durante su vida escribi\u00f3 varias obras y art\u00edculos que trataban el \u00e1mbito jur\u00eddico como es el caso de <em>La vida del Derecho<\/em> (1876). Comenz\u00f3 sus estudios universitarios en Madrid en el a\u00f1o 1870, donde se doctora en Derecho Civil y can\u00f3nico en el a\u00f1o 1872. Obtuvo plaza como oficial letrado (abogado del Estado) en Cuenca y luego en Huesca (1877-1879).<\/p>\n<p style=\"text-align: justify;\">En 1888 aprueba la oposici\u00f3n a notar\u00edas con el n\u00famero uno, ejerciendo en Ja\u00e9n, Madrid y Graus. Esta \u00faltima queda vacante en el a\u00f1o 1891, y aunque no lograr\u00e1 el puesto de primeras, al ingresar en el Cuerpo Superior de Abogados del Estado solicita una excedencia para trasladarse temporalmente a su residencia de Graus para ejercer abogac\u00eda. De vuelta en Madrid trabajo de abogado en el despacho de Gabriel Rodr\u00edguez, y obtuvo una notar\u00eda que le llev\u00f3 a Granada y Ja\u00e9n, para regresar (1893), a una plaza en Madrid. Un a\u00f1o despu\u00e9s instal\u00f3 su bufete de notario, en la calle del Barquillo 5.<\/p>\n<p style=\"text-align: justify;\">En el a\u00f1o 1904 estallar\u00eda el pleito conocido como <a href=\"https:\/\/dara.aragon.es\/opac\/app\/results\/apjc?p=0&amp;q=solana&amp;ob=re:1&amp;vm=mv\" target=\"_blank\" rel=\"noopener\">La Solana<\/a>, en el que Costa se encargo de solucionar un problema de testamentos, que acabar\u00eda en un enfrentamiento con tres sacerdotes por el pago de sus servicios. Finalmente abandonar\u00eda el conflicto, aconsejando a sus familiares no retomarlo.<\/p>\n<p>[\/et_pb_text][et_pb_tabs _builder_version=\u00bb4.27.4&#8243; _module_preset=\u00bbdefault\u00bb body_font=\u00bb||||||||\u00bb body_text_align=\u00bbleft\u00bb body_text_color=\u00bb#6B6B6B\u00bb background_color=\u00bb#FFFFFF\u00bb width=\u00bb84.1%\u00bb min_height=\u00bb96px\u00bb custom_margin=\u00bb||||false|false\u00bb custom_padding=\u00bb||||false|false\u00bb locked=\u00bboff\u00bb global_colors_info=\u00bb{}\u00bb][et_pb_tab title=\u00bbVOLUMEN Y SOPORTE\u00bb _builder_version=\u00bb4.27.4&#8243; _module_preset=\u00bbdefault\u00bb body_font=\u00bb||||||||\u00bb body_text_color=\u00bb#8F8F8F\u00bb tab_font=\u00bb|600|||||||\u00bb tab_font_size=\u00bb13px\u00bb global_colors_info=\u00bb{}\u00bb]<\/p>\n<p>10 dossier formados por 1118 hojas y folletos<\/p>\n<p>[\/et_pb_tab][et_pb_tab title=\u00bbALCANCE Y CONTENIDO\u00bb _builder_version=\u00bb4.27.3&#8243; _module_preset=\u00bbdefault\u00bb global_colors_info=\u00bb{}\u00bb]<\/p>\n<p style=\"text-align: justify\"><span>Compuesto por documentos sobre <\/span>derecho, expedientes, cartas sobre notariado, congresos jur\u00eddicos y cuestiones judiciales. El fondo contiene documentos de todo tipo sobre temas notariales y de derecho. Adem\u00e1s de un conjunto que trata sobre el el pleito de La Solana.<\/p>\n<p>[\/et_pb_tab][et_pb_tab title=\u00bbM\u00c1S INFORMACI\u00d3N\u00bb _builder_version=\u00bb4.27.3&#8243; _module_preset=\u00bbdefault\u00bb global_colors_info=\u00bb{}\u00bb]<\/p>\n<p style=\"text-align: justify\">Parte de los documentos personales ya se inclu\u00eda en el fondo del Archivo Hist\u00f3rico Provincial de Huesca, procede de los fondos de Tom\u00e1s Costa \u00a0desde 1983 y 1984, Federico Balaguer en 2017 y Ana Mar\u00eda Ortega Costa.<\/p>\n<p style=\"text-align: justify\">Recientemente se ha sumado el fondo sobre Joaqu\u00edn Costa que se encontraba en su estudio en la Casa de Graus. Comprado por el Ministerio de Cultura a la familia Auset, de Graus en 2022. Se organiz\u00f3 en el Archivo Hist\u00f3rico Nacional de Madrid y fue trasferido al Archivo Hist\u00f3rico Provincial de Huesca en junio de 2024.<\/p>\n<p>[\/et_pb_tab][\/et_pb_tabs][et_pb_toggle title=\u00bbPublicaciones Jur\u00eddicas\u00bb _builder_version=\u00bb4.27.4&#8243; _module_preset=\u00bbdefault\u00bb global_colors_info=\u00bb{}\u00bb]<\/p>\n<p>&nbsp;<\/p>\n<table border=\"1\" style=\"border-collapse: collapse; width: 100%; height: 2092px;\">\n<tbody>\n<tr style=\"height: 294px;\">\n<td style=\"width: 50%; text-align: center; height: 294px;\"><img loading=\"lazy\" decoding=\"async\" width=\"187\" height=\"265\" src=\"https:\/\/bibliotecadigital.jcyl.es\/es\/catalogo_imagenes\/miniatura.do?idImagen=10968209\" alt=\"\" class=\"size-medium alignnone\" \/><\/td>\n<td style=\"width: 50%; height: 294px;\">\n<h4><strong>T\u00edtulo:\u00a0<\/strong>La vida del derecho<\/h4>\n<p><strong>Autor: <\/strong>Joaqu\u00edn Costa<\/p>\n<p><span style=\"font-size: 16px;\">Madrid: <span>Aribau y Ca.<\/span>, 1876\u00a0<\/span><\/p>\n<p><strong>Lengua: <\/strong>Castellano<\/p>\n<p><strong>N\u00famero de p\u00e1ginas:\u00a0<\/strong>276<\/p>\n<p><a href=\"https:\/\/bibliotecadigital.jcyl.es\/es\/catalogo_imagenes\/grupo.do?path=10072918\" target=\"_blank\" rel=\"noopener\"><strong>Descargar<\/strong><\/a><\/p>\n<\/td>\n<\/tr>\n<tr style=\"height: 296px;\">\n<td style=\"width: 50%; text-align: center; height: 296px;\">\n<h4><img loading=\"lazy\" decoding=\"async\" width=\"188\" height=\"263\" src=\"https:\/\/pictures.abebooks.com\/inventory\/md\/md20155797716.jpg\" alt=\"\" class=\"size-medium alignnone\" \/><\/h4>\n<\/td>\n<td style=\"width: 50%; height: 296px;\">\n<h4><strong>T\u00edtulo: Teor\u00eda del hecho jur\u00eddico individual y social<\/strong><\/h4>\n<p><strong>Autor: <\/strong>Joaqu\u00edn Costa<\/p>\n<p><span style=\"font-size: 16px;\">Madrid: <span>Imprenta de la Revista de Legislaci\u00f3n<\/span>, 1880\u00a0<\/span><\/p>\n<p><strong>Lengua: <\/strong>Castellano<\/p>\n<p><strong>N\u00famero de p\u00e1ginas: <\/strong>377<\/p>\n<\/td>\n<\/tr>\n<tr style=\"height: 308px;\">\n<td style=\"width: 50%; text-align: center; height: 308px;\"><img loading=\"lazy\" decoding=\"async\" width=\"212\" height=\"347\" src=\"https:\/\/books.google.es\/books\/content?id=pjMrAQAAMAAJ&amp;hl=es&amp;pg=PR1&amp;img=1&amp;zoom=3&amp;bul=1&amp;sig=ACfU3U35tJyGXE2_vbjHftCTYAJYWe1J4Q&amp;w=1025\" alt=\"\" class=\"size-medium alignnone\" \/><\/td>\n<td style=\"width: 50%; height: 308px;\">\n<h4><strong>T\u00edtulo: La libertad civil y el congreso de jurisconsultos aragoneses<\/strong><\/h4>\n<p><strong>Autor: <\/strong>Joaqu\u00edn Costa<\/p>\n<p><span style=\"font-size: 16px;\"><span>Madrid [editor no identificado], 1883 (Imp. de la Revista de Legislaci\u00f3n a cargo de M. Ramos., 1883<\/span><\/span><\/p>\n<p><strong>Lengua: <\/strong>Castellano<\/p>\n<p><strong>N\u00famero de p\u00e1ginas: <\/strong>536<\/p>\n<\/td>\n<\/tr>\n<tr style=\"height: 290px;\">\n<td style=\"width: 50%; text-align: center; height: 290px;\"><img loading=\"lazy\" decoding=\"async\" width=\"197\" height=\"312\" src=\"https:\/\/ifc.dpz.es\/recursos\/publicaciones\/30\/94\/_image_th1.jpg\" alt=\"\" class=\"size-medium alignnone\" \/><\/td>\n<td style=\"width: 50%; height: 290px;\">\n<h4><strong>T\u00edtulo: Estudios pol\u00edticos y jur\u00eddicos<\/strong><\/h4>\n<p><strong>Autor: <\/strong>Joaqu\u00edn Costa<\/p>\n<p><span style=\"font-size: 16px;\"><span>Madrid: Imprenta de la Revista de Legislaci\u00f3n, 1883<\/span><\/span><\/p>\n<p><strong>Lengua: <\/strong>Castellano<\/p>\n<p><strong>N\u00famero de p\u00e1ginas: <\/strong>439<\/p>\n<\/td>\n<\/tr>\n<tr style=\"height: 311px;\">\n<td style=\"width: 50%; text-align: center; height: 311px;\"><img loading=\"lazy\" decoding=\"async\" width=\"198\" height=\"316\" src=\"https:\/\/books.google.es\/books\/content?id=qq4WAAAAYAAJ&amp;hl=es&amp;pg=PR1&amp;img=1&amp;zoom=3&amp;bul=1&amp;sig=ACfU3U3Z7pqWX9tR-sbsEBFLqgNccE1Fug&amp;w=1025\" alt=\"\" class=\"size-medium alignnone\" \/><\/td>\n<td style=\"width: 50%; height: 311px;\">\n<h4><strong>T\u00edtulo: Reorganizaci\u00f3n del notariado, del registro de la propiedad y de la administraci\u00f3n de justicia<\/strong><\/h4>\n<p><strong>Autor: <\/strong>Joaqu\u00edn Costa<\/p>\n<p><span style=\"font-size: 16px;\"><span>Madrid : Imprenta de la Revista de Legislaci\u00f3n, 1890<\/span><\/span><\/p>\n<p><strong>Lengua: <\/strong>Castellano<\/p>\n<p><strong>N\u00famero de p\u00e1ginas: <\/strong>347<\/p>\n<\/td>\n<\/tr>\n<tr style=\"height: 322px;\">\n<td style=\"width: 50%; text-align: center; height: 322px;\"><img loading=\"lazy\" decoding=\"async\" width=\"263\" height=\"372\" src=\"https:\/\/derechoaragones.aragon.es\/bvda\/es\/catalogo_imagenes\/miniatura.do?idImagen=823979\" alt=\"\" class=\"size-medium alignnone\" \/><\/td>\n<td style=\"width: 50%; height: 322px;\">\n<h4><strong style=\"font-family: inherit; font-size: inherit;\">T\u00edtulo: Derecho consuetudinario del Alto Arag\u00f3n\u00a0<\/strong><strong><\/strong><\/h4>\n<p><strong>Autor: <\/strong>Joaqu\u00edn Costa<\/p>\n<p><span style=\"font-size: 16px;\"><span>Barcelona : Manuel Soler, 1902<\/span><\/span><\/p>\n<p><strong>Lengua: <\/strong>Castellano<\/p>\n<p><strong>N\u00famero de p\u00e1ginas: <\/strong>3<\/p>\n<p><a href=\"https:\/\/derechoaragones.aragon.es\/bvda\/es\/catalogo_imagenes\/grupo.do?path=100225\" target=\"_blank\" rel=\"noopener\"><strong>Acceder<\/strong><\/a><\/p>\n<\/td>\n<\/tr>\n<tr style=\"height: 271px;\">\n<td style=\"width: 50%; text-align: center; height: 271px;\"><img loading=\"lazy\" decoding=\"async\" width=\"217\" height=\"347\" src=\"https:\/\/books.google.es\/books\/content?id=6LJBAAAAYAAJ&amp;hl=es&amp;pg=PP7&amp;img=1&amp;zoom=3&amp;bul=1&amp;sig=ACfU3U1R2ReowoiiTG055Z8fpi2cf3KRDw&amp;w=1025\" alt=\"\" class=\"size-medium alignnone\" \/><\/td>\n<td style=\"width: 50%; height: 271px;\">\n<h4><strong>T\u00edtulo: <\/strong><strong>Derecho consuetudinario y econom\u00eda popular de Espa\u00f1a<\/strong><\/h4>\n<p><strong>Autor: <\/strong>Joaqu\u00edn Costa<\/p>\n<p><span style=\"font-size: 16px;\"><span>Barcelona, Manuel Soler, 1902<\/span><\/span><\/p>\n<p><strong>Lengua: <\/strong>Castellano<\/p>\n<p><strong>N\u00famero de p\u00e1ginas: <\/strong>2 vol.<\/p>\n<p><b><a href=\"https:\/\/derechoaragones.aragon.es\/bvda\/es\/catalogo_imagenes\/grupo.cmd?path=101738\">Tomo I<\/a> &#8211; <a href=\"https:\/\/derechoaragones.aragon.es\/bvda\/es\/catalogo_imagenes\/grupo.cmd?path=101740\">Tomo II<\/a><\/b><\/p>\n<\/td>\n<\/tr>\n<tr style=\"height: 355px;\">\n<td style=\"width: 50%; text-align: center; height: 355px;\"><img loading=\"lazy\" decoding=\"async\" src=\"https:\/\/dara.aragon.es\/dara\/wp-content\/uploads\/2024\/11\/Captura.jpg\" width=\"220\" height=\"348\" alt=\"\" class=\"wp-image-7715 alignnone size-full\" \/><\/td>\n<td style=\"width: 50%; height: 355px;\">\n<h4><strong style=\"font-family: inherit; font-size: inherit;\">T\u00edtulo: El juicio pericial y su procedimiento : de peritos, pr\u00e1cticos, liquidadores, partidores, terceros, etc, una instituci\u00f3n procesal consuetudinaria<\/strong><strong><\/strong><\/h4>\n<p><strong>Autor: <\/strong>Joaqu\u00edn Costa<\/p>\n<p><span style=\"font-size: 16px;\"><span>Madrid: Librer\u00eda General de Victoriano Su\u00e1rez, 1904 (colecci\u00f3n Biblioteca de derecho y de ciencias sociales)<\/span><\/span><\/p>\n<p><strong>Lengua: <\/strong>Castellano<\/p>\n<p><strong>N\u00famero de p\u00e1ginas: <\/strong>226<b><\/b><\/p>\n<\/td>\n<\/tr>\n<tr style=\"height: 345px;\">\n<td style=\"width: 50%; text-align: center; height: 345px;\"><img loading=\"lazy\" decoding=\"async\" width=\"214\" height=\"339\" src=\"https:\/\/cdn.agapea.com\/Wentworth-Press\/Fideicomisos-Y-Albaceazgos-De-Confianza-Y-Sus-Relaciones-Con-El-Codigo-Civil-Espanol-i1n18533497.jpg\" alt=\"\" class=\"size-medium alignnone\" \/><\/td>\n<td style=\"width: 50%; height: 345px;\">\n<h4><strong style=\"font-family: inherit; font-size: inherit;\">T\u00edtulo: Fideicomisos y albaceazgos de confianza<\/strong><strong><\/strong><\/h4>\n<p><strong>Autor: <\/strong>Joaqu\u00edn Costa<\/p>\n<p><span style=\"font-size: 16px;\"><span>Madrid: Librer\u00eda General de Victoriano Su\u00e1rez, 1905 (colecci\u00f3n Biblioteca de derecho y de ciencias sociales)<\/span><\/span><\/p>\n<p><strong>Lengua: <\/strong>Castellano<\/p>\n<p><strong>N\u00famero de p\u00e1ginas: <\/strong>283<strong>\u00a0<\/strong><\/p>\n<\/td>\n<\/tr>\n<tr style=\"height: 375px;\">\n<td style=\"width: 50%; text-align: center; height: 375px;\"><img loading=\"lazy\" decoding=\"async\" width=\"212\" height=\"300\" src=\"https:\/\/encrypted-tbn0.gstatic.com\/images?q=tbn:ANd9GcQwxFeFoZ8Yp1JdqyYwA8opDTLyJU5pv_jSIw&amp;s\" alt=\"\" class=\"size-medium alignnone\" \/><\/td>\n<td style=\"width: 50%; height: 375px;\">\n<h4><strong style=\"font-family: inherit; font-size: inherit;\">T\u00edtulo: El problema de la ignorancia del derecho y sus relaciones: el status individual, el referendum y la costumbre<\/strong><strong><\/strong><\/h4>\n<p><strong>Autor: <\/strong>Joaqu\u00edn Costa<\/p>\n<p><span style=\"font-size: 16px;\"><span>Madid: Barcelona, Sucesores de Manuel Soler, 1905<\/span><\/span><\/p>\n<p><strong>Lengua: <\/strong>Castellano<\/p>\n<p><strong>N\u00famero de p\u00e1ginas: <\/strong>143<\/p>\n<p><a href=\"https:\/\/e-archivo.uc3m.es\/rest\/api\/core\/bitstreams\/2bd3fd69-1bd9-410a-ac0a-c0b8be82be64\/content\"><strong>Descargar<\/strong><\/a><\/p>\n<\/td>\n<\/tr>\n<\/tbody>\n<\/table>\n<p>&nbsp;<\/p>\n<p>[\/et_pb_toggle][\/et_pb_column][et_pb_column type=\u00bb1_5&#8243; _builder_version=\u00bb4.27.0&#8243; _module_preset=\u00bbdefault\u00bb global_colors_info=\u00bb{}\u00bb][et_pb_blurb title=\u00bbB\u00fasqueda general\u00bb url=\u00bbhttps:\/\/dara.aragon.es\/opac\/app\/simple\/apjc\u00bb url_new_window=\u00bbon\u00bb use_icon=\u00bbon\u00bb font_icon=\u00bb&#x55;||divi||400&#8243; icon_placement=\u00bbleft\u00bb image_icon_width=\u00bb30px\u00bb _builder_version=\u00bb4.27.4&#8243; _module_preset=\u00bbdefault\u00bb link_option_url=\u00bbhttps:\/\/dara.aragon.es\/opac\/app\/simple\/apjc\u00bb link_option_url_new_window=\u00bbon\u00bb locked=\u00bboff\u00bb global_colors_info=\u00bb{%22#0e0c19%22:%91%22header_text_color%22,%22header_text_color%22%93,%22#ffc300%22:%91%22icon_color%22,%22icon_color%22%93,%22#3c3a47%22:%91%22body_text_color%22%93}\u00bb][\/et_pb_blurb][et_pb_blurb title=\u00bbDocumentos jur\u00eddicos\u00bb url=\u00bbhttps:\/\/dara.aragon.es\/opac\/app\/results\/apjc?st=.3.116.125.129.235.1281838.1281843&#038;ob=re:1&#8243; url_new_window=\u00bbon\u00bb use_icon=\u00bbon\u00bb font_icon=\u00bb&#xe101;||divi||400&#8243; icon_placement=\u00bbleft\u00bb image_icon_width=\u00bb30px\u00bb _builder_version=\u00bb4.27.4&#8243; _module_preset=\u00bbdefault\u00bb link_option_url=\u00bbhttps:\/\/dara.aragon.es\/opac\/app\/results\/apjc?st=.3.116.125.129.235.1281838.1281843&#038;ob=re:1&#8243; link_option_url_new_window=\u00bbon\u00bb locked=\u00bboff\u00bb global_colors_info=\u00bb{%22#0e0c19%22:%91%22header_text_color%22,%22header_text_color%22%93,%22#ffc300%22:%91%22icon_color%22,%22icon_color%22%93,%22#3c3a47%22:%91%22body_text_color%22%93}\u00bb][\/et_pb_blurb][et_pb_blurb title=\u00bbFotograf\u00edas\u00bb url=\u00bbhttps:\/\/dara.aragon.es\/opac\/app\/results\/apjc?p=0&#038;q=*&#038;pmp=%25foto%25,foto&#038;ob=os:1&#038;vm=mv\u00bb url_new_window=\u00bbon\u00bb use_icon=\u00bbon\u00bb font_icon=\u00bb&#xf03e;||fa||900&#8243; icon_placement=\u00bbleft\u00bb image_icon_width=\u00bb30px\u00bb _builder_version=\u00bb4.27.3&#8243; _module_preset=\u00bbdefault\u00bb link_option_url=\u00bbhttps:\/\/dara.aragon.es\/opac\/app\/results\/apjc?p=0&#038;q=*&#038;pmp=%25foto%25,foto&#038;ob=os:1&#038;vm=mv\u00bb link_option_url_new_window=\u00bbon\u00bb locked=\u00bboff\u00bb global_colors_info=\u00bb{%22#0e0c19%22:%91%22header_text_color%22,%22header_text_color%22,%22header_text_color%22,%22header_text_color%22%93,%22#ffc300%22:%91%22icon_color%22,%22icon_color%22,%22icon_color%22,%22icon_color%22%93,%22#3c3a47%22:%91%22body_text_color%22,%22body_text_color%22%93}\u00bb][\/et_pb_blurb][\/et_pb_column][\/et_pb_row][\/et_pb_section]<\/p>\n","protected":false},"excerpt":{"rendered":"<p>Joaqu\u00edn Costa fue un importante jurista, durante su vida escribi\u00f3 varias obras y art\u00edculos que trataban el \u00e1mbito jur\u00eddico como es el caso de La vida del Derecho (1876). Comenz\u00f3 sus estudios universitarios en Madrid en el a\u00f1o 1870, donde se doctora en Derecho Civil y can\u00f3nico en el a\u00f1o 1872. Obtuvo plaza como oficial [&hellip;]<\/p>\n","protected":false},"author":1,"featured_media":48,"parent":0,"menu_order":0,"comment_status":"closed","ping_status":"closed","template":"","meta":{"_et_pb_use_builder":"on","_et_pb_old_content":"<!-- wp:divi\/placeholder \/-->","_et_gb_content_width":"","footnotes":""},"class_list":["post-25","page","type-page","status-publish","has-post-thumbnail","hentry"],"yoast_head":"<!-- This site is optimized with the Yoast SEO plugin v27.5 - https:\/\/yoast.com\/product\/yoast-seo-wordpress\/ -->\n<title>Actividad Jur\u00eddica - Joaqu\u00edn Costa Mart\u00ednez<\/title>\n<meta name=\"robots\" content=\"index, follow, max-snippet:-1, max-image-preview:large, max-video-preview:-1\" \/>\n<link rel=\"canonical\" href=\"https:\/\/dara.aragon.es\/dara\/joaquin-costa\/actividad-juridica\/\" \/>\n<meta property=\"og:locale\" content=\"es_ES\" \/>\n<meta property=\"og:type\" content=\"article\" \/>\n<meta property=\"og:title\" content=\"Actividad Jur\u00eddica - Joaqu\u00edn Costa Mart\u00ednez\" \/>\n<meta property=\"og:description\" content=\"Joaqu\u00edn Costa fue un importante jurista, durante su vida escribi\u00f3 varias obras y art\u00edculos que trataban el \u00e1mbito jur\u00eddico como es el caso de La vida del Derecho (1876). Comenz\u00f3 sus estudios universitarios en Madrid en el a\u00f1o 1870, donde se doctora en Derecho Civil y can\u00f3nico en el a\u00f1o 1872. Obtuvo plaza como oficial [&hellip;]\" \/>\n<meta property=\"og:url\" content=\"https:\/\/dara.aragon.es\/dara\/joaquin-costa\/actividad-juridica\/\" \/>\n<meta property=\"og:site_name\" content=\"Joaqu\u00edn Costa Mart\u00ednez\" \/>\n<meta property=\"article:modified_time\" content=\"2025-04-18T06:54:18+00:00\" \/>\n<meta property=\"og:image\" content=\"https:\/\/dara.aragon.es\/dara\/joaquin-costa\/wp-content\/uploads\/sites\/8\/2025\/04\/costa-actividad-juridica.png\" \/>\n\t<meta property=\"og:image:width\" content=\"330\" \/>\n\t<meta property=\"og:image:height\" content=\"447\" \/>\n\t<meta property=\"og:image:type\" content=\"image\/png\" \/>\n<meta name=\"twitter:card\" content=\"summary_large_image\" \/>\n<meta name=\"twitter:label1\" content=\"Tiempo de lectura\" \/>\n\t<meta name=\"twitter:data1\" content=\"7 minutos\" \/>\n<script type=\"application\/ld+json\" class=\"yoast-schema-graph\">{\"@context\":\"https:\\\/\\\/schema.org\",\"@graph\":[{\"@type\":\"WebPage\",\"@id\":\"https:\\\/\\\/dara.aragon.es\\\/dara\\\/joaquin-costa\\\/actividad-juridica\\\/\",\"url\":\"https:\\\/\\\/dara.aragon.es\\\/dara\\\/joaquin-costa\\\/actividad-juridica\\\/\",\"name\":\"Actividad Jur\u00eddica - Joaqu\u00edn Costa Mart\u00ednez\",\"isPartOf\":{\"@id\":\"https:\\\/\\\/dara.aragon.es\\\/dara\\\/joaquin-costa\\\/#website\"},\"primaryImageOfPage\":{\"@id\":\"https:\\\/\\\/dara.aragon.es\\\/dara\\\/joaquin-costa\\\/actividad-juridica\\\/#primaryimage\"},\"image\":{\"@id\":\"https:\\\/\\\/dara.aragon.es\\\/dara\\\/joaquin-costa\\\/actividad-juridica\\\/#primaryimage\"},\"thumbnailUrl\":\"https:\\\/\\\/dara.aragon.es\\\/dara\\\/joaquin-costa\\\/wp-content\\\/uploads\\\/sites\\\/8\\\/2025\\\/04\\\/costa-actividad-juridica.png\",\"datePublished\":\"2025-04-18T04:58:20+00:00\",\"dateModified\":\"2025-04-18T06:54:18+00:00\",\"breadcrumb\":{\"@id\":\"https:\\\/\\\/dara.aragon.es\\\/dara\\\/joaquin-costa\\\/actividad-juridica\\\/#breadcrumb\"},\"inLanguage\":\"es\",\"potentialAction\":[{\"@type\":\"ReadAction\",\"target\":[\"https:\\\/\\\/dara.aragon.es\\\/dara\\\/joaquin-costa\\\/actividad-juridica\\\/\"]}]},{\"@type\":\"ImageObject\",\"inLanguage\":\"es\",\"@id\":\"https:\\\/\\\/dara.aragon.es\\\/dara\\\/joaquin-costa\\\/actividad-juridica\\\/#primaryimage\",\"url\":\"https:\\\/\\\/dara.aragon.es\\\/dara\\\/joaquin-costa\\\/wp-content\\\/uploads\\\/sites\\\/8\\\/2025\\\/04\\\/costa-actividad-juridica.png\",\"contentUrl\":\"https:\\\/\\\/dara.aragon.es\\\/dara\\\/joaquin-costa\\\/wp-content\\\/uploads\\\/sites\\\/8\\\/2025\\\/04\\\/costa-actividad-juridica.png\",\"width\":330,\"height\":447},{\"@type\":\"BreadcrumbList\",\"@id\":\"https:\\\/\\\/dara.aragon.es\\\/dara\\\/joaquin-costa\\\/actividad-juridica\\\/#breadcrumb\",\"itemListElement\":[{\"@type\":\"ListItem\",\"position\":1,\"name\":\"Portada\",\"item\":\"https:\\\/\\\/dara.aragon.es\\\/dara\\\/joaquin-costa\\\/\"},{\"@type\":\"ListItem\",\"position\":2,\"name\":\"Actividad Jur\u00eddica\"}]},{\"@type\":\"WebSite\",\"@id\":\"https:\\\/\\\/dara.aragon.es\\\/dara\\\/joaquin-costa\\\/#website\",\"url\":\"https:\\\/\\\/dara.aragon.es\\\/dara\\\/joaquin-costa\\\/\",\"name\":\"Joaqu\u00edn Costa Mart\u00ednez\",\"description\":\"\",\"potentialAction\":[{\"@type\":\"SearchAction\",\"target\":{\"@type\":\"EntryPoint\",\"urlTemplate\":\"https:\\\/\\\/dara.aragon.es\\\/dara\\\/joaquin-costa\\\/?s={search_term_string}\"},\"query-input\":{\"@type\":\"PropertyValueSpecification\",\"valueRequired\":true,\"valueName\":\"search_term_string\"}}],\"inLanguage\":\"es\"}]}<\/script>\n<!-- \/ Yoast SEO plugin. -->","yoast_head_json":{"title":"Actividad Jur\u00eddica - Joaqu\u00edn Costa Mart\u00ednez","robots":{"index":"index","follow":"follow","max-snippet":"max-snippet:-1","max-image-preview":"max-image-preview:large","max-video-preview":"max-video-preview:-1"},"canonical":"https:\/\/dara.aragon.es\/dara\/joaquin-costa\/actividad-juridica\/","og_locale":"es_ES","og_type":"article","og_title":"Actividad Jur\u00eddica - Joaqu\u00edn Costa Mart\u00ednez","og_description":"Joaqu\u00edn Costa fue un importante jurista, durante su vida escribi\u00f3 varias obras y art\u00edculos que trataban el \u00e1mbito jur\u00eddico como es el caso de La vida del Derecho (1876). Comenz\u00f3 sus estudios universitarios en Madrid en el a\u00f1o 1870, donde se doctora en Derecho Civil y can\u00f3nico en el a\u00f1o 1872. Obtuvo plaza como oficial [&hellip;]","og_url":"https:\/\/dara.aragon.es\/dara\/joaquin-costa\/actividad-juridica\/","og_site_name":"Joaqu\u00edn Costa Mart\u00ednez","article_modified_time":"2025-04-18T06:54:18+00:00","og_image":[{"width":330,"height":447,"url":"https:\/\/dara.aragon.es\/dara\/joaquin-costa\/wp-content\/uploads\/sites\/8\/2025\/04\/costa-actividad-juridica.png","type":"image\/png"}],"twitter_card":"summary_large_image","twitter_misc":{"Tiempo de lectura":"7 minutos"},"schema":{"@context":"https:\/\/schema.org","@graph":[{"@type":"WebPage","@id":"https:\/\/dara.aragon.es\/dara\/joaquin-costa\/actividad-juridica\/","url":"https:\/\/dara.aragon.es\/dara\/joaquin-costa\/actividad-juridica\/","name":"Actividad Jur\u00eddica - Joaqu\u00edn Costa Mart\u00ednez","isPartOf":{"@id":"https:\/\/dara.aragon.es\/dara\/joaquin-costa\/#website"},"primaryImageOfPage":{"@id":"https:\/\/dara.aragon.es\/dara\/joaquin-costa\/actividad-juridica\/#primaryimage"},"image":{"@id":"https:\/\/dara.aragon.es\/dara\/joaquin-costa\/actividad-juridica\/#primaryimage"},"thumbnailUrl":"https:\/\/dara.aragon.es\/dara\/joaquin-costa\/wp-content\/uploads\/sites\/8\/2025\/04\/costa-actividad-juridica.png","datePublished":"2025-04-18T04:58:20+00:00","dateModified":"2025-04-18T06:54:18+00:00","breadcrumb":{"@id":"https:\/\/dara.aragon.es\/dara\/joaquin-costa\/actividad-juridica\/#breadcrumb"},"inLanguage":"es","potentialAction":[{"@type":"ReadAction","target":["https:\/\/dara.aragon.es\/dara\/joaquin-costa\/actividad-juridica\/"]}]},{"@type":"ImageObject","inLanguage":"es","@id":"https:\/\/dara.aragon.es\/dara\/joaquin-costa\/actividad-juridica\/#primaryimage","url":"https:\/\/dara.aragon.es\/dara\/joaquin-costa\/wp-content\/uploads\/sites\/8\/2025\/04\/costa-actividad-juridica.png","contentUrl":"https:\/\/dara.aragon.es\/dara\/joaquin-costa\/wp-content\/uploads\/sites\/8\/2025\/04\/costa-actividad-juridica.png","width":330,"height":447},{"@type":"BreadcrumbList","@id":"https:\/\/dara.aragon.es\/dara\/joaquin-costa\/actividad-juridica\/#breadcrumb","itemListElement":[{"@type":"ListItem","position":1,"name":"Portada","item":"https:\/\/dara.aragon.es\/dara\/joaquin-costa\/"},{"@type":"ListItem","position":2,"name":"Actividad Jur\u00eddica"}]},{"@type":"WebSite","@id":"https:\/\/dara.aragon.es\/dara\/joaquin-costa\/#website","url":"https:\/\/dara.aragon.es\/dara\/joaquin-costa\/","name":"Joaqu\u00edn Costa Mart\u00ednez","description":"","potentialAction":[{"@type":"SearchAction","target":{"@type":"EntryPoint","urlTemplate":"https:\/\/dara.aragon.es\/dara\/joaquin-costa\/?s={search_term_string}"},"query-input":{"@type":"PropertyValueSpecification","valueRequired":true,"valueName":"search_term_string"}}],"inLanguage":"es"}]}},"_links":{"self":[{"href":"https:\/\/dara.aragon.es\/dara\/joaquin-costa\/wp-json\/wp\/v2\/pages\/25","targetHints":{"allow":["GET"]}}],"collection":[{"href":"https:\/\/dara.aragon.es\/dara\/joaquin-costa\/wp-json\/wp\/v2\/pages"}],"about":[{"href":"https:\/\/dara.aragon.es\/dara\/joaquin-costa\/wp-json\/wp\/v2\/types\/page"}],"author":[{"embeddable":true,"href":"https:\/\/dara.aragon.es\/dara\/joaquin-costa\/wp-json\/wp\/v2\/users\/1"}],"replies":[{"embeddable":true,"href":"https:\/\/dara.aragon.es\/dara\/joaquin-costa\/wp-json\/wp\/v2\/comments?post=25"}],"version-history":[{"count":5,"href":"https:\/\/dara.aragon.es\/dara\/joaquin-costa\/wp-json\/wp\/v2\/pages\/25\/revisions"}],"predecessor-version":[{"id":98,"href":"https:\/\/dara.aragon.es\/dara\/joaquin-costa\/wp-json\/wp\/v2\/pages\/25\/revisions\/98"}],"wp:featuredmedia":[{"embeddable":true,"href":"https:\/\/dara.aragon.es\/dara\/joaquin-costa\/wp-json\/wp\/v2\/media\/48"}],"wp:attachment":[{"href":"https:\/\/dara.aragon.es\/dara\/joaquin-costa\/wp-json\/wp\/v2\/media?parent=25"}],"curies":[{"name":"wp","href":"https:\/\/api.w.org\/{rel}","templated":true}]}}