{"id":31,"date":"2025-04-18T06:59:32","date_gmt":"2025-04-18T04:59:32","guid":{"rendered":"https:\/\/dara.aragon.es\/dara\/joaquin-costa\/?page_id=31"},"modified":"2025-04-18T08:53:51","modified_gmt":"2025-04-18T06:53:51","slug":"correspondencia","status":"publish","type":"page","link":"https:\/\/dara.aragon.es\/dara\/joaquin-costa\/correspondencia\/","title":{"rendered":"Correspondencia"},"content":{"rendered":"<p>[et_pb_section fb_built=\u00bb1&#8243; fullwidth=\u00bbon\u00bb admin_label=\u00bbHeader Section\u00bb _builder_version=\u00bb4.20.2&#8243; background_color=\u00bb#0D3857&#8243; background_enable_image=\u00bboff\u00bb parallax=\u00bbon\u00bb custom_padding=\u00bb|||\u00bb saved_tabs=\u00bball\u00bb locked=\u00bboff\u00bb global_colors_info=\u00bb{}\u00bb][et_pb_fullwidth_post_title meta=\u00bboff\u00bb featured_image=\u00bboff\u00bb _builder_version=\u00bb4.25.1&#8243; _module_preset=\u00bbdefault\u00bb title_font=\u00bb&#8211;et_global_heading_font|||on|||||\u00bb title_text_align=\u00bbcenter\u00bb title_text_color=\u00bb#FFFFFF\u00bb title_font_size=\u00bb38px\u00bb background_color=\u00bb#0D3857&#8243; custom_padding=\u00bb3%||3%||false|false\u00bb global_colors_info=\u00bb{}\u00bb][\/et_pb_fullwidth_post_title][\/et_pb_section][et_pb_section fb_built=\u00bb1&#8243; admin_label=\u00bbSecci\u00f3n\u00bb _builder_version=\u00bb4.27.0&#8243; _module_preset=\u00bbdefault\u00bb locked=\u00bboff\u00bb global_colors_info=\u00bb%91%93&#8243;][et_pb_row column_structure=\u00bb1_5,3_5,1_5&#8243; _builder_version=\u00bb4.27.0&#8243; _module_preset=\u00bbdefault\u00bb max_width=\u00bb80%\u00bb global_colors_info=\u00bb%91%93&#8243;][et_pb_column type=\u00bb1_5&#8243; _builder_version=\u00bb4.27.0&#8243; _module_preset=\u00bbdefault\u00bb background_enable_image=\u00bboff\u00bb global_colors_info=\u00bb{}\u00bb][et_pb_image src=\u00bbhttps:\/\/dara.aragon.es\/dara\/joaquin-costa\/wp-content\/uploads\/sites\/8\/2025\/04\/costa-correspondencia.png\u00bb alt=\u00bbJuan Antonio Bolea Foradada\u00bb title_text=\u00bbcosta-correspondencia\u00bb _builder_version=\u00bb4.27.4&#8243; _module_preset=\u00bbdefault\u00bb global_colors_info=\u00bb{}\u00bb][\/et_pb_image][et_pb_button button_url=\u00bbhttps:\/\/dara.aragon.es\/opac\/app\/item\/ahph?vm=nv&#038;al=2&#038;tc=Joaqu%C3%ADn+Costa&#038;p=0&#038;i=235&#8243; url_new_window=\u00bbon\u00bb button_text=\u00bbDescripci\u00f3n del fondo \u00bb _builder_version=\u00bb4.27.4&#8243; _module_preset=\u00bbdefault\u00bb custom_button=\u00bbon\u00bb button_text_size=\u00bb16px\u00bb button_border_width=\u00bb0px\u00bb button_border_radius=\u00bb0px\u00bb button_icon=\u00bb&#xf35d;||fa||900&#8243; button_on_hover=\u00bboff\u00bb custom_margin=\u00bb||0px||false|false\u00bb global_colors_info=\u00bb%91%93&#8243;][\/et_pb_button][et_pb_button button_url=\u00bbhttps:\/\/dara.aragon.es\/opac\/app\/classification\/apjc\u00bb url_new_window=\u00bbon\u00bb button_text=\u00bbCuadro de clasificaci\u00f3n\u00bb _builder_version=\u00bb4.27.4&#8243; _module_preset=\u00bbdefault\u00bb custom_button=\u00bbon\u00bb button_text_size=\u00bb16px\u00bb button_border_width=\u00bb0px\u00bb button_border_radius=\u00bb0px\u00bb button_icon=\u00bb&#xf35d;||fa||900&#8243; button_on_hover=\u00bboff\u00bb custom_margin=\u00bb0px||||false|false\u00bb custom_padding=\u00bb0px||||false|false\u00bb locked=\u00bboff\u00bb global_colors_info=\u00bb%91%93&#8243;][\/et_pb_button][\/et_pb_column][et_pb_column type=\u00bb3_5&#8243; _builder_version=\u00bb4.27.0&#8243; _module_preset=\u00bbdefault\u00bb background_enable_image=\u00bboff\u00bb global_colors_info=\u00bb{}\u00bb][et_pb_text _builder_version=\u00bb4.27.2&#8243; _module_preset=\u00bbdefault\u00bb global_colors_info=\u00bb%91%93&#8243;]<\/p>\n<p style=\"text-align: justify;\">El fondo de Joaqu\u00edn Costa incluye gran cantidad de correspondecia, tanto de caracter personal como profesional. A lo largo de su vida intercambia cartas con importantes figuras de su \u00e9poca. En ellas trata una amplia variedad de temas como sus obras, la situaci\u00f3n de Espa\u00f1a, oposiciones, premios, opiniones, consejos, temas pol\u00edticos y jur\u00eddicos, etc.<\/p>\n<p>[\/et_pb_text][et_pb_tabs _builder_version=\u00bb4.27.4&#8243; _module_preset=\u00bbdefault\u00bb body_font=\u00bb||||||||\u00bb body_text_align=\u00bbleft\u00bb body_text_color=\u00bb#6B6B6B\u00bb background_color=\u00bb#FFFFFF\u00bb width=\u00bb84.1%\u00bb min_height=\u00bb96px\u00bb custom_margin=\u00bb||||false|false\u00bb custom_padding=\u00bb||||false|false\u00bb global_colors_info=\u00bb{}\u00bb][et_pb_tab title=\u00bbVOLUMEN Y SOPORTE\u00bb _builder_version=\u00bb4.27.3&#8243; _module_preset=\u00bbdefault\u00bb body_font=\u00bb||||||||\u00bb body_text_color=\u00bb#8F8F8F\u00bb tab_font=\u00bb|600|||||||\u00bb tab_font_size=\u00bb13px\u00bb global_colors_info=\u00bb{}\u00bb]<\/p>\n<p>45 cartas procedentes del fondo de Federico Balaguer S\u00e1nchez (s. XIX-s. XX)<span><\/span><span><\/span><\/p>\n<p><span>9.824 cartas procedentes del fondo de Tom\u00e1s Costa (s. XIX-s. XX)<\/span><\/p>\n<p>3.054 cartas procedentes del fondo de su casa de Graus (1868-2011) \u00a0\u00a0<\/p>\n<p><span><\/span><\/p>\n<p>[\/et_pb_tab][et_pb_tab title=\u00bbALCANCE Y CONTENIDO\u00bb _builder_version=\u00bb4.27.4&#8243; _module_preset=\u00bbdefault\u00bb global_colors_info=\u00bb{}\u00bb]<\/p>\n<p>La correspondencia de Joaqu\u00edn Costa quedo repartida entre los diferentes fondos que han ido llegando al Archivo Hist\u00f3rico Provincial de Huesca, contando con correspondencia personal y profesional. Aparecen figuras ilustres e instituciones de la \u00e9poca<\/p>\n<p>[\/et_pb_tab][et_pb_tab title=\u00bbM\u00c1S INFORMACI\u00d3N\u00bb _builder_version=\u00bb4.27.3&#8243; _module_preset=\u00bbdefault\u00bb global_colors_info=\u00bb{}\u00bb]<\/p>\n<p style=\"text-align: justify\">Parte de la correspondencia ya se inclu\u00eda en el fondo del Archivo Hist\u00f3rico Provincial de Huesca, procede de los fondos de Tom\u00e1s Costa \u00a0desde 1983 y 1984, Federico Balaguer en 2017 y Ana Mar\u00eda Ortega Costa.<\/p>\n<p style=\"text-align: justify\">Recientemente se ha sumado el fondo sobre Joaqu\u00edn Costa que se encontraba en su estudio en la Casa de Graus. Comprado por el Ministerio de Cultura a la familia Auset, de Graus en 2022. Se organiz\u00f3 en el Archivo Hist\u00f3rico Nacional de Madrid y fue trasferido al Archivo Hist\u00f3rico Provincial de Huesca en junio de 2024<\/p>\n<p>[\/et_pb_tab][\/et_pb_tabs][et_pb_toggle title=\u00bbAutores\/Destinatarios\u00bb open_toggle_text_color=\u00bb#000000&#8243; open_toggle_background_color=\u00bbRGBA(255,255,255,0)\u00bb icon_color=\u00bb#26528D\u00bb toggle_icon=\u00bb&#xe010;||divi||400&#8243; _builder_version=\u00bb4.27.4&#8243; _module_preset=\u00bbdefault\u00bb title_text_color=\u00bb#000000&#8243; border_width_all=\u00bb3px\u00bb border_color_all=\u00bb#000000&#8243; global_colors_info=\u00bb{}\u00bb]<\/p>\n<p><a href=\"https:\/\/dara.aragon.es\/opac\/app\/results\/apjc?st=.3.116.125.129.235.1281838.1281839&amp;ob=re:1&amp;ft=person:Adolfo+Coelho,+Francisco+%281847-1919%29\">Adolfo Coelho, Francisco (1847-1919)<\/a><\/p>\n<p><a href=\"https:\/\/dara.aragon.es\/opac\/app\/results\/apjc?st=.3.116.125.129.235.1281838.1281839&amp;ob=re:1&amp;ft=person:Aguilera+y+Arjona,+Alberto+%281875-1939%29\">Aguilera y Arjona, Alberto (1875-1939)<\/a><\/p>\n<p><a href=\"https:\/\/dara.aragon.es\/opac\/app\/results\/apjc?st=.3.116.125.129.235.1281838.1281839&amp;ob=re:1&amp;ft=person:Alba+Bonifaz,+Santiago+%281872-1949%29\">Alba Bonifaz, Santiago (1872-1949)<\/a><\/p>\n<p><a href=\"https:\/\/dara.aragon.es\/opac\/app\/results\/apjc?st=.3.116.125.129.235.1281838.1281839&amp;ob=re:1&amp;ft=person:Altamira+Crevea,+Rafael+%281840-1917%29\">Altamira Crevea, Rafael (1840-1917)<\/a><\/p>\n<p><a href=\"https:\/\/dara.aragon.es\/opac\/app\/results\/apjc?st=.3.116.125.129.235.1281838.1281839&amp;ob=re:1&amp;ft=person:%C3%81lvarez+Gonz%C3%A1lez-Posada,+Melqu%C3%ADades+%281864-1936%29\">\u00c1lvarez Gonz\u00e1lez-Posada, Melqu\u00edades (1864-1936)<\/a><\/p>\n<p><a href=\"https:\/\/dara.aragon.es\/opac\/app\/results\/apjc?st=.3.116.125.129.235.1281838.1281839&amp;ob=re:1&amp;ft=person:Anechina+Mart%C3%ADn,+Gregorio+%281853-?%29\">Anechina Mart\u00edn, Gregorio (1853-?)<\/a><\/p>\n<p><a href=\"https:\/\/dara.aragon.es\/opac\/app\/results\/apjc?st=.3.116.125.129.235.1281838.1281839&amp;ob=re:1&amp;ft=person:Azc%C3%A1rate+y+Men%C3%A9ndez,+Gumersindo+de+%281840-1917%29\">Azc\u00e1rate y Men\u00e9ndez, Gumersindo de (1840-1917)<\/a><\/p>\n<p><a href=\"https:\/\/dara.aragon.es\/opac\/app\/results\/apjc?st=.3.116.125.129.235.1281838.1281839&amp;ob=re:1&amp;ft=person:Baraybar+de+Haro,+Antonio\">Baraybar de Haro, Antonio<\/a><\/p>\n<p><a href=\"https:\/\/dara.aragon.es\/opac\/app\/results\/apjc?st=.3.116.125.129.235.1281838.1281839&amp;ob=re:1&amp;ft=person:Barber,+Mercedes\" target=\"_blank\" rel=\"noopener\">Barber, Mercedes<\/a><\/p>\n<p><a href=\"https:\/\/dara.aragon.es\/opac\/app\/results\/apjc?st=.3.116.125.129.235.1281838.1281839&amp;ob=re:1&amp;ft=person:Bartolom%C3%A9+Coss%C3%ADo,+Manuel+%281857-1935%29\">Bartolom\u00e9 Coss\u00edo, Manuel (1857-1935)<\/a><\/p>\n<p><a href=\"https:\/\/dara.aragon.es\/opac\/app\/results\/apjc?st=.3.116.125.129.235.1281838.1281839&amp;ob=re:1&amp;ft=person:Baselga+de,+C%C3%A1ndido\">Baselga de, C\u00e1ndido<\/a><\/p>\n<p><a href=\"https:\/\/dara.aragon.es\/opac\/app\/results\/apjc?st=.3.116.125.129.235.1281838.1281839&amp;ob=re:1&amp;ft=person:Bello+Poeyosan,+Severino+%281866-1940%29\">Bello Poeyosan, Severino (1866-1940)<\/a><\/p>\n<p><a href=\"https:\/\/dara.aragon.es\/opac\/app\/results\/apjc?st=.3.116.125.129.235.1281838.1281839&amp;ob=re:1&amp;ft=person:Besc%C3%B3s+Almud%C3%A9var,+Manuel+%281866-1928%29\">Besc\u00f3s Almud\u00e9var, Manuel (1866-1928)<\/a><\/p>\n<p><a href=\"https:\/\/dara.aragon.es\/opac\/app\/results\/apjc?st=.3.116.125.129.235.1281838.1281839&amp;ob=re:1&amp;ft=person:Blasco+Ib%C3%A1%C3%B1ez,+Vicente+%281867-1928%29\">Blasco Ib\u00e1\u00f1ez, Vicente (1867-1928)<\/a><\/p>\n<p><a href=\"https:\/\/dara.aragon.es\/opac\/app\/results\/apjc?st=.3.116.125.129.235.1281838.1281839&amp;ob=re:1&amp;ft=person:Bret%C3%B3n+y+Hern%C3%A1ndez,+Tom%C3%A1s+%281850-1923%29\">Bret\u00f3n y Hern\u00e1ndez, Tom\u00e1s (1850-1923)<\/a><\/p>\n<p><a href=\"https:\/\/dara.aragon.es\/opac\/app\/results\/apjc?st=.3.116.125.129.235.1281838.1281839&amp;ob=re:1&amp;ft=person:Calder%C3%B3n+y+Arana,+Alfredo+%281850-1907%29\">Calder\u00f3n y Arana, Alfredo (1850-1907)<\/a><\/p>\n<p><a href=\"https:\/\/dara.aragon.es\/opac\/app\/results\/apjc?st=.3.116.125.129.235.1281838.1281839&amp;ob=re:1&amp;ft=person:Cambra,+Ram%C3%B3n\">Cambra, Ram\u00f3n<\/a><\/p>\n<p><a href=\"https:\/\/dara.aragon.es\/opac\/app\/results\/apjc?st=.3.116.125.129.235.1281838.1281839&amp;ob=re:1&amp;ft=person:C%C3%A1novas+del+Castillo,+Antonio+%281828-1897%29\">C\u00e1novas del Castillo, Antonio (1828-1897)<\/a><\/p>\n<p><a href=\"https:\/\/dara.aragon.es\/opac\/app\/results\/apjc?st=.3.116.125.129.235.1281838.1281839&amp;ob=re:1&amp;ft=person:Carrera,+Feliciano\">Carrera, Feliciano<\/a><\/p>\n<p><a href=\"https:\/\/dara.aragon.es\/opac\/app\/results\/apjc?st=.3.116.125.129.235.1281838.1281839&amp;ob=re:1&amp;ft=person:Cascajares+y+Azara,+Antonio+Mar%C3%ADa+%281834-1901%29\">Cascajares y Azara, Antonio Mar\u00eda (1834-1901)<\/a><\/p>\n<p><a href=\"https:\/\/dara.aragon.es\/opac\/app\/results\/apjc?st=.3.116.125.129.235.1281838.1281839&amp;ob=re:1&amp;ft=person:Cast%C3%A1n+Gil,+Vicente+%281855-1922%29\">Cast\u00e1n Gil, Vicente (1855-1922)<\/a><\/p>\n<p><a href=\"https:\/\/dara.aragon.es\/opac\/app\/results\/apjc?st=.3.116.125.129.235.1281838.1281839&amp;ob=re:1&amp;ft=person:Castel+Clemente,+Carlos+%281845-1903%29\">Castel Clemente, Carlos (1845-1903)<\/a><\/p>\n<p><a href=\"https:\/\/dara.aragon.es\/opac\/app\/results\/apjc?st=.3.116.125.129.235.1281838.1281839&amp;ob=re:1&amp;ft=person:Castro+Guti%C3%A9rrez,+Crist%C3%B3bal+de+%281874-1953%29\">Castro Guti\u00e9rrez, Crist\u00f3bal de (1874-1953)<\/a><\/p>\n<p><a href=\"https:\/\/dara.aragon.es\/opac\/app\/results\/apjc?st=.3.116.125.129.235.1281838.1281839&amp;ob=re:1&amp;ft=person:Castrovido+Sanz,+Roberto+%281864-1941%29\">Castrovido Sanz, Roberto (1864-1941)<\/a><\/p>\n<p><a href=\"https:\/\/dara.aragon.es\/opac\/app\/results\/apjc?st=.3.116.125.129.235.1281838.1281839&amp;ob=re:1&amp;ft=person:Ciges+Aparicio,+Manuel+%281873-1936%29\">Ciges Aparicio, Manuel (1873-1936)<\/a><\/p>\n<p><a href=\"https:\/\/dara.aragon.es\/opac\/app\/results\/apjc?st=.3.116.125.129.235.1281838.1281839&amp;ob=re:1&amp;ft=person:Conde+de+Herv%C3%ADas\">Conde de Herv\u00edas<\/a><\/p>\n<p><a href=\"https:\/\/dara.aragon.es\/opac\/app\/results\/apjc?st=.3.116.125.129.235.1281838.1281839&amp;ob=re:1&amp;ft=person:Conde+se+San+Juan+de+la+Violada\">Conde se San Juan de la Violada<\/a><\/p>\n<p><a href=\"https:\/\/dara.aragon.es\/opac\/app\/results\/apjc?st=.3.116.125.129.235.1281838.1281839&amp;ob=re:1&amp;ft=person:Costa+Mart%C3%ADnez,+Joaqu%C3%ADn\">Costa Mart\u00ednez, Joaqu\u00edn<\/a><\/p>\n<p><a href=\"https:\/\/dara.aragon.es\/opac\/app\/results\/apjc?st=.3.116.125.129.235.1281838.1281839&amp;ob=re:1&amp;ft=person:Costa+Mart%C3%ADnez,+Tom%C3%A1s+%281868-1936%29\">Costa Mart\u00ednez, Tom\u00e1s (1868-1936)<\/a><\/p>\n<p><a href=\"https:\/\/dara.aragon.es\/opac\/app\/results\/apjc?st=.3.116.125.129.235.1281838.1281839&amp;ob=re:1&amp;ft=person:Dorado+Montero,+Pedro+%281861-1919%29\">Dorado Montero, Pedro (1861-1919)<\/a><\/p>\n<p><a href=\"https:\/\/dara.aragon.es\/opac\/app\/results\/apjc?st=.3.116.125.129.235.1281838.1281839&amp;ob=re:1&amp;ft=person:Ducay+Estada,+Laureano\">Ducay Estada, Laureano<\/a><\/p>\n<p><a href=\"https:\/\/dara.aragon.es\/opac\/app\/results\/apjc?st=.3.116.125.129.235.1281838.1281839&amp;ob=re:1&amp;ft=person:Espejo+Garc%C3%ADa,+Juli%C3%A1n\">Espejo Garc\u00eda, Juli\u00e1n<\/a><\/p>\n<p><a href=\"https:\/\/dara.aragon.es\/opac\/app\/results\/apjc?st=.3.116.125.129.235.1281838.1281839&amp;ob=re:1&amp;ft=person:Ester+Rubiza,+Emilio\">Ester Rubiza, Emilio<\/a><\/p>\n<p><a href=\"https:\/\/dara.aragon.es\/opac\/app\/results\/apjc?st=.3.116.125.129.235.1281838.1281839&amp;ob=re:1&amp;ft=person:Fern%C3%A1ndez+Villaverde,+Raimundo+%281848-1905%29\">Fern\u00e1ndez Villaverde, Raimundo (1848-1905)<\/a><\/p>\n<p><a href=\"https:\/\/dara.aragon.es\/opac\/app\/results\/apjc?st=.3.116.125.129.235.1281838.1281839&amp;ob=re:1&amp;ft=person:Frera+%C3%81lvarez,+Enrique\">Frera \u00c1lvarez, Enrique<\/a><\/p>\n<p><a href=\"https:\/\/dara.aragon.es\/opac\/app\/results\/apjc?st=.3.116.125.129.235.1281838.1281839&amp;ob=re:1&amp;ft=person:Gabriel+Rodr%C3%ADguez,+Antonio+%281829-1901%29\">Gabriel Rodr\u00edguez, Antonio (1829-1901)<\/a><\/p>\n<p><a href=\"https:\/\/dara.aragon.es\/opac\/app\/results\/apjc?st=.3.116.125.129.235.1281838.1281839&amp;ob=re:1&amp;ft=person:Garc%C3%ADa+Lastra,+Jos%C3%A9\">Garc\u00eda Lastra, Jos\u00e9<\/a><\/p>\n<p><a href=\"https:\/\/dara.aragon.es\/opac\/app\/results\/apjc?st=.3.116.125.129.235.1281838.1281839&amp;ob=re:1&amp;ft=person:Gay+Fern%C3%A1ndez,+Juan\">Gay Fern\u00e1ndez, Juan<\/a><\/p>\n<p><a href=\"https:\/\/dara.aragon.es\/opac\/app\/results\/apjc?st=.3.116.125.129.235.1281838.1281839&amp;ob=re:1&amp;ft=person:Gil+Berg%C3%A9s,+Joaqu%C3%ADn\">Gil Berg\u00e9s, Joaqu\u00edn<\/a><\/p>\n<p><a href=\"https:\/\/dara.aragon.es\/opac\/app\/results\/apjc?st=.3.116.125.129.235.1281838.1281839&amp;ob=re:1&amp;ft=person:Giner+de+los+R%C3%ADos,+Francisco+%281839-1915%29\">Giner de los R\u00edos, Francisco (1839-1915)<\/a><\/p>\n<p><a href=\"https:\/\/dara.aragon.es\/opac\/app\/results\/apjc?st=.3.116.125.129.235.1281838.1281839&amp;ob=re:1&amp;ft=person:Giner+de+los+R%C3%ADos,+Hermenegildo+%281847-1923%29\">Giner de los R\u00edos, Hermenegildo (1847-1923)<\/a><\/p>\n<p><a href=\"https:\/\/dara.aragon.es\/opac\/app\/results\/apjc?st=.3.116.125.129.235.1281838.1281839&amp;ob=re:1&amp;ft=person:Gistau,+Enrique\">Gistau, Enrique<\/a><\/p>\n<p><a href=\"https:\/\/dara.aragon.es\/opac\/app\/results\/apjc?st=.3.116.125.129.235.1281838.1281839&amp;ob=re:1&amp;ft=person:Goitia+Ostolaza,+Francisco+%281850-1914%29\">Goitia Ostolaza, Francisco (1850-1914)<\/a><\/p>\n<p><a href=\"https:\/\/dara.aragon.es\/opac\/app\/results\/apjc?st=.3.116.125.129.235.1281838.1281839&amp;ob=re:1&amp;ft=person:G%C3%B3mez+Chaix,+Pedro+%281864-1955%29\">G\u00f3mez Chaix, Pedro (1864-1955)<\/a><\/p>\n<p><a href=\"https:\/\/dara.aragon.es\/opac\/app\/results\/apjc?st=.3.116.125.129.235.1281838.1281839&amp;ob=re:1&amp;ft=person:G%C3%B3mez+Ferrer,+Ram%C3%B3n+%281862-1924%29\">G\u00f3mez Ferrer, Ram\u00f3n (1862-1924)<\/a><\/p>\n<p><a href=\"https:\/\/dara.aragon.es\/opac\/app\/results\/apjc?st=.3.116.125.129.235.1281838.1281839&amp;ob=re:1&amp;ft=person:G%C3%B3mez+Rodr%C3%ADguez,+Gregorio\">G\u00f3mez Rodr\u00edguez, Gregorio<\/a><\/p>\n<p><a href=\"https:\/\/dara.aragon.es\/opac\/app\/results\/apjc?st=.3.116.125.129.235.1281838.1281839&amp;ob=re:1&amp;ft=person:G%C3%B3mez,+Santiago\">G\u00f3mez, Santiago<\/a><\/p>\n<p><a href=\"https:\/\/dara.aragon.es\/opac\/app\/results\/apjc?st=.3.116.125.129.235.1281838.1281839&amp;ob=re:1&amp;ft=person:Gonz%C3%A1lez+Rebollar,+Hip%C3%B3lito\">Gonz\u00e1lez Rebollar, Hip\u00f3lito<\/a><\/p>\n<p><a href=\"https:\/\/dara.aragon.es\/opac\/app\/results\/apjc?st=.3.116.125.129.235.1281838.1281839&amp;ob=re:1&amp;ft=person:Gonz%C3%A1lez-Posada+y+Biesca,+Adolfo+%281860-1944%29\">Gonz\u00e1lez-Posada y Biesca, Adolfo (1860-1944)<\/a><\/p>\n<p><a href=\"https:\/\/dara.aragon.es\/opac\/app\/results\/apjc?st=.3.116.125.129.235.1281838.1281839&amp;ob=re:1&amp;ft=person:Grau,+Vicente\">Grau, Vicente<\/a><\/p>\n<p><a href=\"https:\/\/dara.aragon.es\/opac\/app\/results\/apjc?st=.3.116.125.129.235.1281838.1281839&amp;ob=re:1&amp;ft=person:Guichot+y+Sierra,+Alejandro+%281849-1941%29\">Guichot y Sierra, Alejandro (1849-1941)<\/a><\/p>\n<p><a href=\"https:\/\/dara.aragon.es\/opac\/app\/results\/apjc?st=.3.116.125.129.235.1281838.1281839&amp;ob=re:1&amp;ft=person:Hinojosa+Naveros,+Eduardo+%281852-1919%29\">Hinojosa Naveros, Eduardo (1852-1919)<\/a><\/p>\n<p><a href=\"https:\/\/dara.aragon.es\/opac\/app\/results\/apjc?st=.3.116.125.129.235.1281838.1281839&amp;ob=re:1&amp;ft=person:Isabal+y+Bada,+Marceliano+%281845-1931%29\">Isabal y Bada, Marceliano (1845-1931)<\/a><\/p>\n<p><a href=\"https:\/\/dara.aragon.es\/opac\/app\/results\/apjc?st=.3.116.125.129.235.1281838.1281839&amp;ob=re:1&amp;ft=person:Labra+Cadrana,+Rafael+Mar%C3%ADa+de+%281840-1918%29\">Labra Cadrana, Rafael Mar\u00eda de (1840-1918)<\/a><\/p>\n<p><a href=\"https:\/\/dara.aragon.es\/opac\/app\/results\/apjc?st=.3.116.125.129.235.1281838.1281839&amp;ob=re:1&amp;ft=person:Lerroux,+Alejandro+%281864-1949%29\">Lerroux, Alejandro (1864-1949)<\/a><\/p>\n<p><a href=\"https:\/\/dara.aragon.es\/opac\/app\/results\/apjc?st=.3.116.125.129.235.1281838.1281839&amp;ob=re:1&amp;ft=person:L%C3%B3pez+Mor%C3%A1n,+El%C3%ADas+%281857-1921%29\">L\u00f3pez Mor\u00e1n, El\u00edas (1857-1921)<\/a><\/p>\n<p><a href=\"https:\/\/dara.aragon.es\/opac\/app\/results\/apjc?st=.3.116.125.129.235.1281838.1281839&amp;ob=re:1&amp;ft=person:Madue%C3%B1o,+Mariano+Jos%C3%A9\">Madue\u00f1o, Mariano Jos\u00e9<\/a><\/p>\n<p><a href=\"https:\/\/dara.aragon.es\/opac\/app\/results\/apjc?st=.3.116.125.129.235.1281838.1281839&amp;ob=re:1&amp;ft=person:Marraco+Rocatallada,+Manuel\">Marraco Rocatallada, Manuel<\/a><\/p>\n<p><a href=\"https:\/\/dara.aragon.es\/opac\/app\/results\/apjc?st=.3.116.125.129.235.1281838.1281839&amp;ob=re:1&amp;ft=person:Mart%C3%ADnez+Alcubilla,+%C3%81lvaro\">Mart\u00ednez Alcubilla, \u00c1lvaro<\/a><\/p>\n<p><a href=\"https:\/\/dara.aragon.es\/opac\/app\/results\/apjc?st=.3.116.125.129.235.1281838.1281839&amp;ob=re:1&amp;ft=person:Mart%C3%ADnez+Baselga,+Pedro+%281862-1925%29\">Mart\u00ednez Baselga, Pedro (1862-1925)<\/a><\/p>\n<p><a href=\"https:\/\/dara.aragon.es\/opac\/app\/results\/apjc?st=.3.116.125.129.235.1281838.1281839&amp;ob=re:1&amp;ft=person:Mart%C3%ADnez+Reus,+Juli%C3%A1n\">Mart\u00ednez Reus, Juli\u00e1n<\/a><\/p>\n<p><a href=\"https:\/\/dara.aragon.es\/opac\/app\/results\/apjc?st=.3.116.125.129.235.1281838.1281839&amp;ob=re:1&amp;ft=person:Mart%C3%B3n+y+Gav%C3%ADn,+Joaqu%C3%ADn+%281835-1905%29\">Mart\u00f3n y Gav\u00edn, Joaqu\u00edn (1835-1905)<\/a><\/p>\n<p><a href=\"https:\/\/dara.aragon.es\/opac\/app\/results\/apjc?st=.3.116.125.129.235.1281838.1281839&amp;ob=re:1&amp;ft=person:Molina,+Mariano\">Molina, Mariano<\/a><\/p>\n<p><a href=\"https:\/\/dara.aragon.es\/opac\/app\/results\/apjc?st=.3.116.125.129.235.1281838.1281839&amp;ob=re:1&amp;ft=person:Mompe%C3%B3n+Motos,+Antonio+%281881-1940%29\">Mompe\u00f3n Motos, Antonio (1881-1940)<\/a><\/p>\n<p><a href=\"https:\/\/dara.aragon.es\/opac\/app\/results\/apjc?st=.3.116.125.129.235.1281838.1281839&amp;ob=re:1&amp;ft=person:Morel-Fatio,+Alfred+%281850-1924%29\">Morel-Fatio, Alfred (1850-1924)<\/a><\/p>\n<p><a href=\"https:\/\/dara.aragon.es\/opac\/app\/results\/apjc?st=.3.116.125.129.235.1281838.1281839&amp;ob=re:1&amp;ft=person:Moret+y+Prendergast,+Segismundo+%281833-1913%29\">Moret y Prendergast, Segismundo (1833-1913)<\/a><\/p>\n<p><a href=\"https:\/\/dara.aragon.es\/opac\/app\/results\/apjc?st=.3.116.125.129.235.1281838.1281839&amp;ob=re:1&amp;ft=person:Morote+y+Greus,+Luis+%281864-1913%29\">Morote y Greus, Luis (1864-1913)<\/a><\/p>\n<p><a href=\"https:\/\/dara.aragon.es\/opac\/app\/results\/apjc?st=.3.116.125.129.235.1281838.1281839&amp;ob=re:1&amp;ft=person:Motos+Mart%C3%ADnez,+Antonio+%281863-1923%29\">Motos Mart\u00ednez, Antonio (1863-1923)<\/a><\/p>\n<p><a href=\"https:\/\/dara.aragon.es\/opac\/app\/results\/apjc?st=.3.116.125.129.235.1281838.1281839&amp;ob=re:1&amp;ft=person:Mur,+Ferm%C3%ADn\">Mur, Ferm\u00edn<\/a><\/p>\n<p><a href=\"https:\/\/dara.aragon.es\/opac\/app\/results\/apjc?st=.3.116.125.129.235.1281838.1281839&amp;ob=re:1&amp;ft=person:Mur,+Manuel\">Mur, Manuel<\/a><\/p>\n<p><a href=\"https:\/\/dara.aragon.es\/opac\/app\/results\/apjc?st=.3.116.125.129.235.1281838.1281839&amp;ob=re:1&amp;ft=person:Navarro,+Luis\">Navarro, Luis<\/a><\/p>\n<p><a href=\"https:\/\/dara.aragon.es\/opac\/app\/results\/apjc?st=.3.116.125.129.235.1281838.1281839&amp;ob=re:1&amp;ft=person:Nieto,+Gavino\">Nieto, Gavino<\/a><\/p>\n<p><a href=\"https:\/\/dara.aragon.es\/opac\/app\/results\/apjc?st=.3.116.125.129.235.1281838.1281839&amp;ob=re:1&amp;ft=person:Octavio+Pic%C3%B3n,+Jacinto+%281852-1923%29\">Octavio Pic\u00f3n, Jacinto (1852-1923)<\/a><\/p>\n<p><a href=\"https:\/\/dara.aragon.es\/opac\/app\/results\/apjc?st=.3.116.125.129.235.1281838.1281839&amp;ob=re:1&amp;ft=person:Para%C3%ADso+Las%C3%BAs,+Basilio+%281849-1930%29\">Para\u00edso Las\u00fas, Basilio (1849-1930)<\/a><\/p>\n<p><a href=\"https:\/\/dara.aragon.es\/opac\/app\/results\/apjc?st=.3.116.125.129.235.1281838.1281839&amp;ob=re:1&amp;ft=person:Pardo+Baz%C3%A1n,+Emilia+%281851-1921%29\">Pardo Baz\u00e1n, Emilia (1851-1921)<\/a><\/p>\n<p><a href=\"https:\/\/dara.aragon.es\/opac\/app\/results\/apjc?st=.3.116.125.129.235.1281838.1281839&amp;ob=re:1&amp;ft=person:Pella+y+Forgas,+Jos%C3%A9+%281852-1918%29\">Pella y Forgas, Jos\u00e9 (1852-1918)<\/a><\/p>\n<p><a href=\"https:\/\/dara.aragon.es\/opac\/app\/results\/apjc?st=.3.116.125.129.235.1281838.1281839&amp;ob=re:1&amp;ft=person:P%C3%A9rez+Gald%C3%B3s,+Benito+%281843-1920%29\">P\u00e9rez Gald\u00f3s, Benito (1843-1920)<\/a><\/p>\n<p><a href=\"https:\/\/dara.aragon.es\/opac\/app\/results\/apjc?st=.3.116.125.129.235.1281838.1281839&amp;ob=re:1&amp;ft=person:Piquer,+Joaqu%C3%ADn\">Piquer, Joaqu\u00edn<\/a><\/p>\n<p><a href=\"https:\/\/dara.aragon.es\/opac\/app\/results\/apjc?st=.3.116.125.129.235.1281838.1281839&amp;ob=re:1&amp;ft=person:Polo,+Luis\">Polo, Luis<\/a><\/p>\n<p><a href=\"https:\/\/dara.aragon.es\/opac\/app\/results\/apjc?st=.3.116.125.129.235.1281838.1281839&amp;ob=re:1&amp;ft=person:Porta,+Enrique\">Porta, Enrique<\/a><\/p>\n<p><a href=\"https:\/\/dara.aragon.es\/opac\/app\/results\/apjc?st=.3.116.125.129.235.1281838.1281839&amp;ob=re:1&amp;ft=person:Posada,+Adolfo+%281860-1944%29\">Posada, Adolfo (1860-1944)<\/a><\/p>\n<p><a href=\"https:\/\/dara.aragon.es\/opac\/app\/results\/apjc?st=.3.116.125.129.235.1281838.1281839&amp;ob=re:1&amp;ft=person:Puig,+Leopoldo\">Puig, Leopoldo<\/a><\/p>\n<p><a href=\"https:\/\/dara.aragon.es\/opac\/app\/results\/apjc?st=.3.116.125.129.235.1281838.1281839&amp;ob=re:1&amp;ft=person:Queral+y+Formigales,+Pascual+%281848-1898%29\">Queral y Formigales, Pascual (1848-1898)<\/a><\/p>\n<p><a href=\"https:\/\/dara.aragon.es\/opac\/app\/results\/apjc?st=.3.116.125.129.235.1281838.1281839&amp;ob=re:1&amp;ft=person:Ram%C3%B3n+y+Cajal,+Santiago+%281852-1934%29\">Ram\u00f3n y Cajal, Santiago (1852-1934)<\/a><\/p>\n<p><a href=\"https:\/\/dara.aragon.es\/opac\/app\/results\/apjc?st=.3.116.125.129.235.1281838.1281839&amp;ob=re:1&amp;ft=person:Rosell,+Agust%C3%ADn\">Rosell, Agust\u00edn<\/a><\/p>\n<p><a href=\"https:\/\/dara.aragon.es\/opac\/app\/results\/apjc?st=.3.116.125.129.235.1281838.1281839&amp;ob=re:1&amp;ft=person:Royo+Villanova,+Antonio+%281869-1958%29\">Royo Villanova, Antonio (1869-1958)<\/a><\/p>\n<p><a href=\"https:\/\/dara.aragon.es\/opac\/app\/results\/apjc?st=.3.116.125.129.235.1281838.1281839&amp;ob=re:1&amp;ft=person:Rubio,+Ricardo\">Rubio, Ricardo<\/a><\/p>\n<p><a href=\"https:\/\/dara.aragon.es\/opac\/app\/results\/apjc?st=.3.116.125.129.235.1281838.1281839&amp;ob=re:1&amp;ft=person:Salamero+Mart%C3%ADnez,+Jos%C3%A9+%281835-1895%29\">Salamero Mart\u00ednez, Jos\u00e9 (1835-1895)<\/a><\/p>\n<p><a href=\"https:\/\/dara.aragon.es\/opac\/app\/results\/apjc?st=.3.116.125.129.235.1281838.1281839&amp;ob=re:1&amp;ft=person:Salillas+y+Panzano,+Rafael+%281854-1923%29\">Salillas y Panzano, Rafael (1854-1923)<\/a><\/p>\n<p><a href=\"https:\/\/dara.aragon.es\/opac\/app\/results\/apjc?st=.3.116.125.129.235.1281838.1281839&amp;ob=re:1&amp;ft=person:Salmer%C3%B3n+Garc%C3%ADa,+Nicol%C3%A1s+%281864-1933%29\">Salmer\u00f3n Garc\u00eda, Nicol\u00e1s (1864-1933)<\/a><\/p>\n<p><a href=\"https:\/\/dara.aragon.es\/opac\/app\/results\/apjc?st=.3.116.125.129.235.1281838.1281839&amp;ob=re:1&amp;ft=person:S%C3%A1nchez+D%C3%ADaz,+Ram%C3%B3n+%281869-1960%29\">S\u00e1nchez D\u00edaz, Ram\u00f3n (1869-1960)<\/a><\/p>\n<p><a href=\"https:\/\/dara.aragon.es\/opac\/app\/results\/apjc?st=.3.116.125.129.235.1281838.1281839&amp;ob=re:1&amp;ft=person:Sela,+Aniceto+%281863-1935%29\">Sela, Aniceto (1863-1935)<\/a><\/p>\n<p><a href=\"https:\/\/dara.aragon.es\/opac\/app\/results\/apjc?st=.3.116.125.129.235.1281838.1281839&amp;ob=re:1&amp;ft=person:Serrano+G%C3%B3mez,+Juan+%281837-1898%29\">Serrano G\u00f3mez, Juan (1837-1898)<\/a><\/p>\n<p><a href=\"https:\/\/dara.aragon.es\/opac\/app\/results\/apjc?st=.3.116.125.129.235.1281838.1281839&amp;ob=re:1&amp;ft=person:Simarro+Lacabra,+Luis+%281851-1921%29\">Simarro Lacabra, Luis (1851-1921)<\/a><\/p>\n<p><a href=\"https:\/\/dara.aragon.es\/opac\/app\/results\/apjc?st=.3.116.125.129.235.1281838.1281839&amp;ob=re:1&amp;ft=person:Soriano+Roca,+Pascual\">Soriano Roca, Pascual<\/a><\/p>\n<p><a href=\"https:\/\/dara.aragon.es\/opac\/app\/results\/apjc?st=.3.116.125.129.235.1281838.1281839&amp;ob=re:1&amp;ft=person:Soriano,+Rodrigo+%281868-1944%29\">Soriano, Rodrigo (1868-1944)<\/a><\/p>\n<p><a href=\"https:\/\/dara.aragon.es\/opac\/app\/results\/apjc?st=.3.116.125.129.235.1281838.1281839&amp;ob=re:1&amp;ft=person:Unamuno+y+Jugo,+Miguel+de+%281864-1936%29\">Unamuno y Jugo, Miguel de (1864-1936)<\/a><\/p>\n<p><a href=\"https:\/\/dara.aragon.es\/opac\/app\/results\/apjc?st=.3.116.125.129.235.1281838.1281839&amp;ob=re:1&amp;ft=person:V%C3%A1zquez,+Jes%C3%BAs\">V\u00e1zquez, Jes\u00fas<\/a><\/p>\n<p><a href=\"https:\/\/dara.aragon.es\/opac\/app\/results\/apjc?st=.3.116.125.129.235.1281838.1281839&amp;ob=re:1&amp;ft=person:Vega,+Le%C3%B3n\">Vega, Le\u00f3n<\/a><\/p>\n<p>[\/et_pb_toggle][et_pb_toggle title=\u00bbInstituciones\u00bb open_toggle_text_color=\u00bb#000000&#8243; open_toggle_background_color=\u00bbRGBA(255,255,255,0)\u00bb icon_color=\u00bb#26528D\u00bb toggle_icon=\u00bb&#xe010;||divi||400&#8243; _builder_version=\u00bb4.27.4&#8243; _module_preset=\u00bbdefault\u00bb title_text_color=\u00bb#000000&#8243; border_width_all=\u00bb3px\u00bb border_color_all=\u00bb#000000&#8243; global_colors_info=\u00bb{}\u00bb]<\/p>\n<p><a href=\"https:\/\/dara.aragon.es\/opac\/app\/results\/apjc?st=.3.116.125.129.235.1281838.1281839&amp;ob=re:1&amp;ft=institution:Arag%C3%B3n+Agr%C3%ADcola+%28revista%29\">Arag\u00f3n Agr\u00edcola (revista)<\/a><\/p>\n<p><a href=\"https:\/\/dara.aragon.es\/opac\/app\/results\/apjc?st=.3.116.125.129.235.1281838.1281839&amp;ob=re:1&amp;ft=institution:Asamblea+Agr%C3%ADcola+Espa%C3%B1ola\">Asamblea Agr\u00edcola Espa\u00f1ola<\/a><\/p>\n<p><a href=\"https:\/\/dara.aragon.es\/opac\/app\/results\/apjc?st=.3.116.125.129.235.1281838.1281839&amp;ob=re:1&amp;ft=institution:Asamblea+de+Zaragoza\">Asamblea de Zaragoza<\/a><\/p>\n<p><a href=\"https:\/\/dara.aragon.es\/opac\/app\/results\/apjc?st=.3.116.125.129.235.1281838.1281839&amp;ob=re:1&amp;ft=institution:Asamblea+Nacional+de+Productores\">Asamblea Nacional de Productores<\/a><\/p>\n<p><a href=\"https:\/\/dara.aragon.es\/opac\/app\/results\/apjc?st=.3.116.125.129.235.1281838.1281839&amp;ob=re:1&amp;ft=institution:Asociaci%C3%B3n+de+la+Prensa+de+Madrid+%28Espa%C3%B1a%29\">Asociaci\u00f3n de la Prensa de Madrid (Espa\u00f1a)<\/a><\/p>\n<p><a href=\"https:\/\/dara.aragon.es\/opac\/app\/results\/apjc?st=.3.116.125.129.235.1281838.1281839&amp;ob=re:1&amp;ft=institution:Asociaci%C3%B3n+de+la+Prensa\">Asociaci\u00f3n de la Prensa<\/a><\/p>\n<p><a href=\"https:\/\/dara.aragon.es\/opac\/app\/results\/apjc?st=.3.116.125.129.235.1281838.1281839&amp;ob=re:1&amp;ft=institution:Asociaci%C3%B3n+de+los+Amigos+de+la+Fiesta+del+%C3%81rbol+%28Barcelona,+Espa%C3%B1a%29\">Asociaci\u00f3n de los Amigos de la Fiesta del \u00c1rbol (Barcelona, Espa\u00f1a)<\/a><\/p>\n<p><a href=\"https:\/\/dara.aragon.es\/opac\/app\/results\/apjc?st=.3.116.125.129.235.1281838.1281839&amp;ob=re:1&amp;ft=institution:Ateneo+de+Madrid+%28Espa%C3%B1a%29\">Ateneo de Madrid (Espa\u00f1a)<\/a><\/p>\n<p><a href=\"https:\/\/dara.aragon.es\/opac\/app\/results\/apjc?st=.3.116.125.129.235.1281838.1281839&amp;ob=re:1&amp;ft=institution:Ateneo+Obrero+de+Gij%C3%B3n+%28Espa%C3%B1a%29\">Ateneo Obrero de Gij\u00f3n (Espa\u00f1a)<\/a><\/p>\n<p><a href=\"https:\/\/dara.aragon.es\/opac\/app\/results\/apjc?st=.3.116.125.129.235.1281838.1281839&amp;ob=re:1&amp;ft=institution:Aurora+Peri%C3%B3dico+Republicano\">Aurora Peri\u00f3dico Republicano<\/a><\/p>\n<p>Ayuntamientos del Somontano de Barbastro<\/p>\n<p><a href=\"https:\/\/dara.aragon.es\/opac\/app\/results\/apjc?st=.3.116.125.129.235.1281838.1281839&amp;ob=re:1&amp;ft=institution:Banco+de+Espa%C3%B1a\">Banco de Espa\u00f1a<\/a><\/p>\n<p><a href=\"https:\/\/dara.aragon.es\/opac\/app\/results\/apjc?st=.3.116.125.129.235.1281838.1281839&amp;ob=re:1&amp;ft=institution:Biblioteca+Nacional+de+Espa%C3%B1a+%28Madrid%29\">Biblioteca Nacional de Espa\u00f1a (Madrid)<\/a><\/p>\n<p><a href=\"https:\/\/dara.aragon.es\/opac\/app\/results\/apjc?st=.3.116.125.129.235.1281838.1281839&amp;ob=re:1&amp;ft=institution:Bolet%C3%ADn+de+la+Instituci%C3%B3n+Libre+de+Ense%C3%B1anza+%281877%29\">Bolet\u00edn de la Instituci\u00f3n Libre de Ense\u00f1anza (1877)<\/a><\/p>\n<p><a href=\"https:\/\/dara.aragon.es\/opac\/app\/results\/apjc?st=.3.116.125.129.235.1281838.1281839&amp;ob=re:1&amp;ft=institution:Bolet%C3%ADn+Jur%C3%ADdico+Administrativo\">Bolet\u00edn Jur\u00eddico Administrativo<\/a><\/p>\n<p><a href=\"https:\/\/dara.aragon.es\/opac\/app\/results\/apjc?st=.3.116.125.129.235.1281838.1281839&amp;ob=re:1&amp;ft=institution:C%C3%A1mara+Agr%C3%ADcola+de+Barbastro\">C\u00e1mara Agr\u00edcola de Barbastro<\/a><\/p>\n<p><a href=\"https:\/\/dara.aragon.es\/opac\/app\/results\/apjc?st=.3.116.125.129.235.1281838.1281839&amp;ob=re:1&amp;ft=institution:C%C3%A1mara+Agr%C3%ADcola+de+Jerez+de+la+Frontera+%28C%C3%A1diz,+Espa%C3%B1a%29\">C\u00e1mara Agr\u00edcola de Jerez de la Frontera (C\u00e1diz, Espa\u00f1a)<\/a><\/p>\n<p><a href=\"https:\/\/dara.aragon.es\/opac\/app\/results\/apjc?st=.3.116.125.129.235.1281838.1281839&amp;ob=re:1&amp;ft=institution:C%C3%A1mara+Agr%C3%ADcola+de+M%C3%A1laga\">C\u00e1mara Agr\u00edcola de M\u00e1laga<\/a><\/p>\n<p><a href=\"https:\/\/dara.aragon.es\/opac\/app\/results\/apjc?st=.3.116.125.129.235.1281838.1281839&amp;ob=re:1&amp;ft=institution:C%C3%A1mara+Agr%C3%ADcola+de+Santiago+de+Compostela\">C\u00e1mara Agr\u00edcola de Santiago de Compostela<\/a><\/p>\n<p><a href=\"https:\/\/dara.aragon.es\/opac\/app\/results\/apjc?st=.3.116.125.129.235.1281838.1281839&amp;ob=re:1&amp;ft=institution:C%C3%A1mara+Agr%C3%ADcola+del+Alto+Arag%C3%B3n\">C\u00e1mara Agr\u00edcola del Alto Arag\u00f3n<\/a><\/p>\n<p><a href=\"https:\/\/dara.aragon.es\/opac\/app\/results\/apjc?st=.3.116.125.129.235.1281838.1281839&amp;ob=re:1&amp;ft=institution:C%C3%A1mara+de+Comercio+de+Huesca\">C\u00e1mara de Comercio de Huesca<\/a><\/p>\n<p><a href=\"https:\/\/dara.aragon.es\/opac\/app\/results\/apjc?st=.3.116.125.129.235.1281838.1281839&amp;ob=re:1&amp;ft=institution:C%C3%A1mara+de+Comercio\">C\u00e1mara de Comercio<\/a><\/p>\n<p><a href=\"https:\/\/dara.aragon.es\/opac\/app\/results\/apjc?st=.3.116.125.129.235.1281838.1281839&amp;ob=re:1&amp;ft=institution:C%C3%A1mara+de+Obreros+Industriales+y+Agr%C3%ADcolas+Andaluces\">C\u00e1mara de Obreros Industriales y Agr\u00edcolas Andaluces<\/a><\/p>\n<p><a href=\"https:\/\/dara.aragon.es\/opac\/app\/results\/apjc?st=.3.116.125.129.235.1281838.1281839&amp;ob=re:1&amp;ft=institution:C%C3%A1mara+Oficial+de+Comercio+e+Industria+de+Zaragoza\">C\u00e1mara Oficial de Comercio e Industria de Zaragoza<\/a><\/p>\n<p><a href=\"https:\/\/dara.aragon.es\/opac\/app\/results\/apjc?st=.3.116.125.129.235.1281838.1281839&amp;ob=re:1&amp;ft=institution:Canal+de+Arag%C3%B3n+y+Catalu%C3%B1a\">Canal de Arag\u00f3n y Catalu\u00f1a<\/a><\/p>\n<p><a href=\"https:\/\/dara.aragon.es\/opac\/app\/results\/apjc?st=.3.116.125.129.235.1281838.1281839&amp;ob=re:1&amp;ft=institution:Canal+del+Sobrarbe\">Canal del Sobrarbe<\/a><\/p>\n<p><a href=\"https:\/\/dara.aragon.es\/opac\/app\/results\/apjc?st=.3.116.125.129.235.1281838.1281839&amp;ob=re:1&amp;ft=institution:Casa+del+Pueblo+Barcelona+%281906-1939%29\">Casa del Pueblo Barcelona (1906-1939)<\/a><\/p>\n<p><a href=\"https:\/\/dara.aragon.es\/opac\/app\/results\/apjc?st=.3.116.125.129.235.1281838.1281839&amp;ob=re:1&amp;ft=institution:Centro+Comercial+Hispano+Marroqu%C3%AD\">Centro Comercial Hispano Marroqu\u00ed<\/a><\/p>\n<p><a href=\"https:\/\/dara.aragon.es\/opac\/app\/results\/apjc?st=.3.116.125.129.235.1281838.1281839&amp;ob=re:1&amp;ft=institution:Centro+de+Agricultores,+Ganaderos+y+Propietarios+de+Tudela\">Centro de Agricultores, Ganaderos y Propietarios de Tudela<\/a><\/p>\n<p><a href=\"https:\/\/dara.aragon.es\/opac\/app\/results\/apjc?st=.3.116.125.129.235.1281838.1281839&amp;ob=re:1&amp;ft=institution:Centro+de+Estudios+Hist%C3%B3ricos+%28Espa%C3%B1a%29\">Centro de Estudios Hist\u00f3ricos (Espa\u00f1a)<\/a><\/p>\n<p><a href=\"https:\/\/dara.aragon.es\/opac\/app\/results\/apjc?st=.3.116.125.129.235.1281838.1281839&amp;ob=re:1&amp;ft=institution:Centro+Mercantil,+Industrial+y+Agr%C3%ADcola+%28Zaragoza,+Espa%C3%B1a%29\">Centro Mercantil, Industrial y Agr\u00edcola (Zaragoza, Espa\u00f1a)<\/a><\/p>\n<p><a href=\"https:\/\/dara.aragon.es\/opac\/app\/results\/apjc?st=.3.116.125.129.235.1281838.1281839&amp;ob=re:1&amp;ft=institution:C%C3%ADrculo+de+la+Uni%C3%B3n+Mercantil+e+Industrial\">C\u00edrculo de la Uni\u00f3n Mercantil e Industrial<\/a><\/p>\n<p><a href=\"https:\/\/dara.aragon.es\/opac\/app\/results\/apjc?st=.3.116.125.129.235.1281838.1281839&amp;ob=re:1&amp;ft=institution:C%C3%ADrculo+Mercantil+e+Industrial+de+San+Fernando+%28C%C3%A1diz%29\">C\u00edrculo Mercantil e Industrial de San Fernando (C\u00e1diz)<\/a><\/p>\n<p><a href=\"https:\/\/dara.aragon.es\/opac\/app\/results\/apjc?st=.3.116.125.129.235.1281838.1281839&amp;ob=re:1&amp;ft=institution:Colegio+de+Notarios+de+Granada\">Colegio de Notarios de Granada<\/a><\/p>\n<p><a href=\"https:\/\/dara.aragon.es\/opac\/app\/results\/apjc?st=.3.116.125.129.235.1281838.1281839&amp;ob=re:1&amp;ft=institution:Colegio+Notarial+de+Madrid\">Colegio Notarial de Madrid<\/a><\/p>\n<p><a href=\"https:\/\/dara.aragon.es\/opac\/app\/results\/apjc?st=.3.116.125.129.235.1281838.1281839&amp;ob=re:1&amp;ft=institution:Comit%C3%A9+Federal+de+la+Barriada+Estaci%C3%B3n+de+San+Roque\">Comit\u00e9 Federal de la Barriada Estaci\u00f3n de San Roque<\/a><\/p>\n<p><a href=\"https:\/\/dara.aragon.es\/opac\/app\/results\/apjc?st=.3.116.125.129.235.1281838.1281839&amp;ob=re:1&amp;ft=institution:Comit%C3%A9+Progresista+del+Distrito+5%C2%BA+de+Barcelona\">Comit\u00e9 Progresista del Distrito 5\u00ba de Barcelona<\/a><\/p>\n<p><a href=\"https:\/\/dara.aragon.es\/opac\/app\/results\/apjc?st=.3.116.125.129.235.1281838.1281839&amp;ob=re:1&amp;ft=institution:Comit%C3%A9+Provincial+Republicano+de+M%C3%A1laga\">Comit\u00e9 Provincial Republicano de M\u00e1laga<\/a><\/p>\n<p><a href=\"https:\/\/dara.aragon.es\/opac\/app\/results\/apjc?st=.3.116.125.129.235.1281838.1281839&amp;ob=re:1&amp;ft=institution:Comit%C3%A9+Republicano+Progresista+del+Distrito+3%C2%BA+de+Barcelona\">Comit\u00e9 Republicano Progresista del Distrito 3\u00ba de Barcelona<\/a><\/p>\n<p><a href=\"https:\/\/dara.aragon.es\/opac\/app\/results\/apjc?st=.3.116.125.129.235.1281838.1281839&amp;ob=re:1&amp;ft=institution:Compa%C3%B1%C3%ADa+de+los+Caminos+de+Hierro+del+Norte+%28Espa%C3%B1a%29\">Compa\u00f1\u00eda de los Caminos de Hierro del Norte (Espa\u00f1a)<\/a><\/p>\n<p><a href=\"https:\/\/dara.aragon.es\/opac\/app\/results\/apjc?st=.3.116.125.129.235.1281838.1281839&amp;ob=re:1&amp;ft=institution:Compa%C3%B1%C3%ADa+General+Madrile%C3%B1a+de+Electricidad\">Compa\u00f1\u00eda General Madrile\u00f1a de Electricidad<\/a><\/p>\n<p><a href=\"https:\/\/dara.aragon.es\/opac\/app\/results\/apjc?st=.3.116.125.129.235.1281838.1281839&amp;ob=re:1&amp;ft=institution:Congreso+de+Jurisconsultos+Aragoneses\">Congreso de Jurisconsultos Aragoneses<\/a><\/p>\n<p><a href=\"https:\/\/dara.aragon.es\/opac\/app\/results\/apjc?st=.3.116.125.129.235.1281838.1281839&amp;ob=re:1&amp;ft=institution:Congreso+Hist%C3%B3rico+de+la+Corona+de+Arag%C3%B3n\">Congreso Hist\u00f3rico de la Corona de Arag\u00f3n<\/a><\/p>\n<p><a href=\"https:\/\/dara.aragon.es\/opac\/app\/results\/apjc?st=.3.116.125.129.235.1281838.1281839&amp;ob=re:1&amp;ft=institution:Consejo+Supremo+de+Guerra+y+Marina\">Consejo Supremo de Guerra y Marina<\/a><\/p>\n<p><a href=\"https:\/\/dara.aragon.es\/opac\/app\/results\/apjc?st=.3.116.125.129.235.1281838.1281839&amp;ob=re:1&amp;ft=institution:Delegaci%C3%B3n+Provincial+de+Hacienda+%28Madrid,+Espa%C3%B1a%29\">Delegaci\u00f3n Provincial de Hacienda (Madrid, Espa\u00f1a)<\/a><\/p>\n<p><a href=\"https:\/\/dara.aragon.es\/opac\/app\/results\/apjc?st=.3.116.125.129.235.1281838.1281839&amp;ob=re:1&amp;ft=institution:Diario+de+Avisos+de+Zaragoza\">Diario de Avisos de Zaragoza<\/a><\/p>\n<p><a href=\"https:\/\/dara.aragon.es\/opac\/app\/results\/apjc?st=.3.116.125.129.235.1281838.1281839&amp;ob=re:1&amp;ft=institution:Diario+Universal\">Diario Universal<\/a><\/p>\n<p><a href=\"https:\/\/dara.aragon.es\/opac\/app\/results\/apjc?st=.3.116.125.129.235.1281838.1281839&amp;ob=re:1&amp;ft=institution:Diputaci%C3%B3n+Provincial+de+Huesca+%28DPH%29\">Diputaci\u00f3n Provincial de Huesca (DPH)<\/a><\/p>\n<p><a href=\"https:\/\/dara.aragon.es\/opac\/app\/results\/apjc?st=.3.116.125.129.235.1281838.1281839&amp;ob=re:1&amp;ft=institution:Direcci%C3%B3n+General+de+Obras+P%C3%BAblicas\">Direcci\u00f3n General de Obras P\u00fablicas<\/a><\/p>\n<p><a href=\"https:\/\/dara.aragon.es\/opac\/app\/results\/apjc?st=.3.116.125.129.235.1281838.1281839&amp;ob=re:1&amp;ft=institution:Editorial+Reus+%28Madrid,+Espa%C3%B1a%29\">Editorial Reus (Madrid, Espa\u00f1a)<\/a><\/p>\n<p><a href=\"https:\/\/dara.aragon.es\/opac\/app\/results\/apjc?st=.3.116.125.129.235.1281838.1281839&amp;ob=re:1&amp;ft=institution:El+Clamor+Zaragozano+%281899-?%29\">El Clamor Zaragozano (1899-?)<\/a><\/p>\n<p><a href=\"https:\/\/dara.aragon.es\/opac\/app\/results\/apjc?st=.3.116.125.129.235.1281838.1281839&amp;ob=re:1&amp;ft=institution:El+Dem%C3%B3crata+%28peri%C3%B3dico,+Madrid,+Espa%C3%B1a,+1879%29\">El Dem\u00f3crata (peri\u00f3dico, Madrid, Espa\u00f1a, 1879)<\/a><\/p>\n<p><a href=\"https:\/\/dara.aragon.es\/opac\/app\/results\/apjc?st=.3.116.125.129.235.1281838.1281839&amp;ob=re:1&amp;ft=institution:El+Diario+de+Huesca\">El Diario de Huesca<\/a><\/p>\n<p><a href=\"https:\/\/dara.aragon.es\/opac\/app\/results\/apjc?st=.3.116.125.129.235.1281838.1281839&amp;ob=re:1&amp;ft=institution:El+Espa%C3%B1ol\">El Espa\u00f1ol<\/a><\/p>\n<p><a href=\"https:\/\/dara.aragon.es\/opac\/app\/results\/apjc?st=.3.116.125.129.235.1281838.1281839&amp;ob=re:1&amp;ft=institution:El+Evangelio,+peri%C3%B3dico\">El Evangelio, peri\u00f3dico<\/a><\/p>\n<p><a href=\"https:\/\/dara.aragon.es\/opac\/app\/results\/apjc?st=.3.116.125.129.235.1281838.1281839&amp;ob=re:1&amp;ft=institution:El+Globo+%28+diario,+Madrid,+Espa%C3%B1a,+1875-1932%29\">El Globo ( diario, Madrid, Espa\u00f1a, 1875-1932)<\/a><\/p>\n<p><a href=\"https:\/\/dara.aragon.es\/opac\/app\/results\/apjc?st=.3.116.125.129.235.1281838.1281839&amp;ob=re:1&amp;ft=institution:El+Imparcial+%28diario,+Madrid,+Espa%C3%B1a,+1867-1933%29\">El Imparcial (diario, Madrid, Espa\u00f1a, 1867-1933)<\/a><\/p>\n<p><a href=\"https:\/\/dara.aragon.es\/opac\/app\/results\/apjc?st=.3.116.125.129.235.1281838.1281839&amp;ob=re:1&amp;ft=institution:El+Liberal+%28diario,+Madrid.1879-1939%29\">El Liberal (diario, Madrid.1879-1939)<\/a><\/p>\n<p><a href=\"https:\/\/dara.aragon.es\/opac\/app\/results\/apjc?st=.3.116.125.129.235.1281838.1281839&amp;ob=re:1&amp;ft=institution:El+Liberal+de+Barcelona\">El Liberal de Barcelona<\/a><\/p>\n<p><a href=\"https:\/\/dara.aragon.es\/opac\/app\/results\/apjc?st=.3.116.125.129.235.1281838.1281839&amp;ob=re:1&amp;ft=institution:El+Municipio+y+la+Provincia.+Cr%C3%B3nica+biogr%C3%A1fica+de+Espa%C3%B1a+%281892-1915%29\">El Municipio y la Provincia. Cr\u00f3nica biogr\u00e1fica de Espa\u00f1a (1892-1915)<\/a><\/p>\n<p><a href=\"https:\/\/dara.aragon.es\/opac\/app\/results\/apjc?st=.3.116.125.129.235.1281838.1281839&amp;ob=re:1&amp;ft=institution:El+Noticiero+Universal\">El Noticiero Universal<\/a><\/p>\n<p><a href=\"https:\/\/dara.aragon.es\/opac\/app\/results\/apjc?st=.3.116.125.129.235.1281838.1281839&amp;ob=re:1&amp;ft=institution:El+Pa%C3%ADs+%28diario,+Madrid,+Espa%C3%B1a.+1887-1921%29\">El Pa\u00eds (diario, Madrid, Espa\u00f1a. 1887-1921)<\/a><\/p>\n<p><a href=\"https:\/\/dara.aragon.es\/opac\/app\/results\/apjc?st=.3.116.125.129.235.1281838.1281839&amp;ob=re:1&amp;ft=institution:El+Porvenir\">El Porvenir<\/a><\/p>\n<p><a href=\"https:\/\/dara.aragon.es\/opac\/app\/results\/apjc?st=.3.116.125.129.235.1281838.1281839&amp;ob=re:1&amp;ft=institution:El+Progreso+:+peri%C3%B3dico+pol%C3%ADtico+bisemanal+%281884-%29\">El Progreso : peri\u00f3dico pol\u00edtico bisemanal (1884-)<\/a><\/p>\n<p><a href=\"https:\/\/dara.aragon.es\/opac\/app\/results\/apjc?st=.3.116.125.129.235.1281838.1281839&amp;ob=re:1&amp;ft=institution:El+Progreso+de+Asturias+%28diario,+Oviedo,+Espa%C3%B1a%29\">El Progreso de Asturias (diario, Oviedo, Espa\u00f1a)<\/a><\/p>\n<p><a href=\"https:\/\/dara.aragon.es\/opac\/app\/results\/apjc?st=.3.116.125.129.235.1281838.1281839&amp;ob=re:1&amp;ft=institution:El+Progreso+Editorial\">El Progreso Editorial<\/a><\/p>\n<p><a href=\"https:\/\/dara.aragon.es\/opac\/app\/results\/apjc?st=.3.116.125.129.235.1281838.1281839&amp;ob=re:1&amp;ft=institution:El+Ribagorzano+%28peri%C3%B3dico,+Arag%C3%B3n.+1904%29\">El Ribagorzano (peri\u00f3dico, Arag\u00f3n. 1904)<\/a><\/p>\n<p><a href=\"https:\/\/dara.aragon.es\/opac\/app\/results\/apjc?st=.3.116.125.129.235.1281838.1281839&amp;ob=re:1&amp;ft=institution:Escuela+Superior+de+Comercio+%28M%C3%A1laga%29\">Escuela Superior de Comercio (M\u00e1laga)<\/a><\/p>\n<p><a href=\"https:\/\/dara.aragon.es\/opac\/app\/results\/apjc?st=.3.116.125.129.235.1281838.1281839&amp;ob=re:1&amp;ft=institution:Espa%C3%B1a+en+%C3%81frica:+revista+mensual:+%C3%B3rgano+de+los+centros+comerciales+hispano-marroqu%C3%ADes\">Espa\u00f1a en \u00c1frica: revista mensual: \u00f3rgano de los centros comerciales hispano-marroqu\u00edes<\/a><\/p>\n<p><a href=\"https:\/\/dara.aragon.es\/opac\/app\/results\/apjc?st=.3.116.125.129.235.1281838.1281839&amp;ob=re:1&amp;ft=institution:Espa%C3%B1a+Nueva+%28peri%C3%B3dico,+Madrid,+Espa%C3%B1a.+1906-1921%29\">Espa\u00f1a Nueva (peri\u00f3dico, Madrid, Espa\u00f1a. 1906-1921)<\/a><\/p>\n<p><a href=\"https:\/\/dara.aragon.es\/opac\/app\/results\/apjc?st=.3.116.125.129.235.1281838.1281839&amp;ob=re:1&amp;ft=institution:Fomento+del+Trabajo+Nacional\">Fomento del Trabajo Nacional<\/a><\/p>\n<p><a href=\"https:\/\/dara.aragon.es\/opac\/app\/results\/apjc?st=.3.116.125.129.235.1281838.1281839&amp;ob=re:1&amp;ft=institution:Gaceta+Agr%C3%ADcola+Comercial+e+Industrial+de+Arag%C3%B3n\">Gaceta Agr\u00edcola Comercial e Industrial de Arag\u00f3n<\/a><\/p>\n<p><a href=\"https:\/\/dara.aragon.es\/opac\/app\/results\/apjc?st=.3.116.125.129.235.1281838.1281839&amp;ob=re:1&amp;ft=institution:Gazette+G%C3%A9ographique+et+Exploration\">Gazette G\u00e9ographique et Exploration<\/a><\/p>\n<p><a href=\"https:\/\/dara.aragon.es\/opac\/app\/results\/apjc?st=.3.116.125.129.235.1281838.1281839&amp;ob=re:1&amp;ft=institution:Heraldo+de+Arag%C3%B3n+%28diario,+Zaragoza,+Espa%C3%B1a,+1895%29\">Heraldo de Arag\u00f3n (diario, Zaragoza, Espa\u00f1a, 1895)<\/a><\/p>\n<p><a href=\"https:\/\/dara.aragon.es\/opac\/app\/results\/apjc?st=.3.116.125.129.235.1281838.1281839&amp;ob=re:1&amp;ft=institution:Heraldo+de+Madrid+%28diario,+Espa%C3%B1a%29\">Heraldo de Madrid (diario, Espa\u00f1a)<\/a><\/p>\n<p><a href=\"https:\/\/dara.aragon.es\/opac\/app\/results\/apjc?st=.3.116.125.129.235.1281838.1281839&amp;ob=re:1&amp;ft=institution:Imprenta+de+T.+Fortanet+%28Madrid%29\">Imprenta de T. Fortanet (Madrid)<\/a><\/p>\n<p><a href=\"https:\/\/dara.aragon.es\/opac\/app\/results\/apjc?st=.3.116.125.129.235.1281838.1281839&amp;ob=re:1&amp;ft=institution:Instituci%C3%B3n+Libre+de+Ense%C3%B1anza+%28Madrid,+Espa%C3%B1a%29\">Instituci\u00f3n Libre de Ense\u00f1anza (Madrid, Espa\u00f1a)<\/a><\/p>\n<p><a href=\"https:\/\/dara.aragon.es\/opac\/app\/results\/apjc?st=.3.116.125.129.235.1281838.1281839&amp;ob=re:1&amp;ft=institution:Instituto+Agr%C3%ADcola+Catal%C3%A1n+de+San+Isidro\">Instituto Agr\u00edcola Catal\u00e1n de San Isidro<\/a><\/p>\n<p><a href=\"https:\/\/dara.aragon.es\/opac\/app\/results\/apjc?st=.3.116.125.129.235.1281838.1281839&amp;ob=re:1&amp;ft=institution:Instituto+Internacional+de+Sociolog%C3%ADa+de+Par%C3%ADs\">Instituto Internacional de Sociolog\u00eda de Par\u00eds<\/a><\/p>\n<p><a href=\"https:\/\/dara.aragon.es\/opac\/app\/results\/apjc?st=.3.116.125.129.235.1281838.1281839&amp;ob=re:1&amp;ft=institution:Instituto+Nacional+de+Previsi%C3%B3n+%28Espa%C3%B1a%29\">Instituto Nacional de Previsi\u00f3n (Espa\u00f1a)<\/a><\/p>\n<p><a href=\"https:\/\/dara.aragon.es\/opac\/app\/results\/apjc?st=.3.116.125.129.235.1281838.1281839&amp;ob=re:1&amp;ft=institution:Junta+de+Regantes+de+Almozara+%28Zaragoza%29\">Junta de Regantes de Almozara (Zaragoza)<\/a><\/p>\n<p><a href=\"https:\/\/dara.aragon.es\/opac\/app\/results\/apjc?st=.3.116.125.129.235.1281838.1281839&amp;ob=re:1&amp;ft=institution:Junta+directiva+de+la+C%C3%A1mara+Agr%C3%ADcola+del+Alto+Arag%C3%B3n\">Junta directiva de la C\u00e1mara Agr\u00edcola del Alto Arag\u00f3n<\/a><\/p>\n<p><a href=\"https:\/\/dara.aragon.es\/opac\/app\/results\/apjc?st=.3.116.125.129.235.1281838.1281839&amp;ob=re:1&amp;ft=institution:La+Correspondencia+de+Espa%C3%B1a+%28+peri%C3%B3dico,+Madrid,+Espa%C3%B1a%29\">La Correspondencia de Espa\u00f1a ( peri\u00f3dico, Madrid, Espa\u00f1a)<\/a><\/p>\n<p><a href=\"https:\/\/dara.aragon.es\/opac\/app\/results\/apjc?st=.3.116.125.129.235.1281838.1281839&amp;ob=re:1&amp;ft=institution:La+Derecha+%28+diario,+Zaragoza,+Espa%C3%B1a,+1881-1901%29\">La Derecha ( diario, Zaragoza, Espa\u00f1a, 1881-1901)<\/a><\/p>\n<p><a href=\"https:\/\/dara.aragon.es\/opac\/app\/results\/apjc?st=.3.116.125.129.235.1281838.1281839&amp;ob=re:1&amp;ft=institution:La+Fraternidad.+C%C3%ADrculo+de+Uni%C3%B3n+Republicana+de+Zaragoza\">La Fraternidad. C\u00edrculo de Uni\u00f3n Republicana de Zaragoza<\/a><\/p>\n<p><a href=\"https:\/\/dara.aragon.es\/opac\/app\/results\/apjc?st=.3.116.125.129.235.1281838.1281839&amp;ob=re:1&amp;ft=institution:Liga+Nacional+de+Productores\">Liga Nacional de Productores<\/a><\/p>\n<p><a href=\"https:\/\/dara.aragon.es\/opac\/app\/results\/apjc?st=.3.116.125.129.235.1281838.1281839&amp;ob=re:1&amp;ft=institution:Museo+Arqueol%C3%B3gico+Nacional+%28Madrid,+Espa%C3%B1a%29\">Museo Arqueol\u00f3gico Nacional (Madrid, Espa\u00f1a)<\/a><\/p>\n<p><a href=\"https:\/\/dara.aragon.es\/opac\/app\/results\/apjc?st=.3.116.125.129.235.1281838.1281839&amp;ob=re:1&amp;ft=institution:Museo+Pedag%C3%B3gico+Nacional+%281882-1941%29\">Museo Pedag\u00f3gico Nacional (1882-1941)<\/a><\/p>\n<p><a href=\"https:\/\/dara.aragon.es\/opac\/app\/results\/apjc?st=.3.116.125.129.235.1281838.1281839&amp;ob=re:1&amp;ft=institution:Real+Academia+de+Ciencias+Morales+y+Pol%C3%ADticas+%28Espa%C3%B1a%29\">Real Academia de Ciencias Morales y Pol\u00edticas (Espa\u00f1a)<\/a><\/p>\n<p><a href=\"https:\/\/dara.aragon.es\/opac\/app\/results\/apjc?st=.3.116.125.129.235.1281838.1281839&amp;ob=re:1&amp;ft=institution:Real+Academia+de+la+Historia+%28Espa%C3%B1a%29\">Real Academia de la Historia (Espa\u00f1a)<\/a><\/p>\n<p><a href=\"https:\/\/dara.aragon.es\/opac\/app\/results\/apjc?st=.3.116.125.129.235.1281838.1281839&amp;ob=re:1&amp;ft=institution:Revista+de+Geograf%C3%ADa+Comercial\">Revista de Geograf\u00eda Comercial<\/a><\/p>\n<p><a href=\"https:\/\/dara.aragon.es\/opac\/app\/results\/apjc?st=.3.116.125.129.235.1281838.1281839&amp;ob=re:1&amp;ft=institution:Revista+General+de+Legislaci%C3%B3n+y+Jurisprudencia\">Revista General de Legislaci\u00f3n y Jurisprudencia<\/a><\/p>\n<p><a href=\"https:\/\/dara.aragon.es\/opac\/app\/results\/apjc?st=.3.116.125.129.235.1281838.1281839&amp;ob=re:1&amp;ft=institution:Revista+La+Agricultura+B%C3%A9tica\">Revista La Agricultura B\u00e9tica<\/a><\/p>\n<p><a href=\"https:\/\/dara.aragon.es\/opac\/app\/results\/apjc?st=.3.116.125.129.235.1281838.1281839&amp;ob=re:1&amp;ft=institution:Revista+Nacional,+%C3%93rgano+de+la+Liga+Nacional+de+Productores+%28Madrid%29\">Revista Nacional, \u00d3rgano de la Liga Nacional de Productores (Madrid)<\/a><\/p>\n<p><a href=\"https:\/\/dara.aragon.es\/opac\/app\/results\/apjc?st=.3.116.125.129.235.1281838.1281839&amp;ob=re:1&amp;ft=institution:Sociedad+Editorial+de+San+Francisco+de+Sales\">Sociedad Editorial de San Francisco de Sales<\/a><\/p>\n<p><a href=\"https:\/\/dara.aragon.es\/opac\/app\/results\/apjc?st=.3.116.125.129.235.1281838.1281839&amp;ob=re:1&amp;ft=institution:Sociedad+Espa%C3%B1ola+de+Africanistas+y+Colonistas+%281883-1885%29\">Sociedad Espa\u00f1ola de Africanistas y Colonistas (1883-1885)<\/a><\/p>\n<p><a href=\"https:\/\/dara.aragon.es\/opac\/app\/results\/apjc?st=.3.116.125.129.235.1281838.1281839&amp;ob=re:1&amp;ft=institution:Uni%C3%B3n+Nacional\">Uni\u00f3n Nacional<\/a><\/p>\n<p><a href=\"https:\/\/dara.aragon.es\/opac\/app\/results\/apjc?st=.3.116.125.129.235.1281838.1281839&amp;ob=re:1&amp;ft=institution:Uni%C3%B3n+Republicana+%281903-1910%29\">Uni\u00f3n Republicana (1903-1910)<\/a><\/p>\n<p><a href=\"https:\/\/dara.aragon.es\/opac\/app\/results\/apjc?st=.3.116.125.129.235.1281838.1281839&amp;ob=re:1&amp;ft=institution:Vida+Nueva+%28+Madrid,+Espa%C3%B1a,+1898-1900%29\">Vida Nueva ( Madrid, Espa\u00f1a, 1898-1900)<\/a><\/p>\n<p>[\/et_pb_toggle][et_pb_toggle title=\u00bbEpistolarios\u00bb open_toggle_text_color=\u00bb#000000&#8243; open_toggle_background_color=\u00bbRGBA(255,255,255,0)\u00bb icon_color=\u00bb#26528D\u00bb toggle_icon=\u00bb&#xe010;||divi||400&#8243; _builder_version=\u00bb4.27.4&#8243; _module_preset=\u00bbdefault\u00bb title_text_color=\u00bb#000000&#8243; border_width_all=\u00bb3px\u00bb border_color_all=\u00bb#000000&#8243; global_colors_info=\u00bb{}\u00bb]<\/p>\n<p style=\"text-align: justify;line-height: 150%\">Cheyne, George J. G.(1979). <a href=\"https:\/\/bibliotecas.aragon.es\/cgi-bin\/opac?TITN=41384\" target=\"_blank\" rel=\"noopener\">Confidencias pol\u00edticas y personales : epistolario J. Costa \u2013 M. Besc\u00f3s 1899-1910<\/a>, Zaragoza: Instituci\u00f3n \u00abFernando el Cat\u00f3lico\u00bb (colecci\u00f3n Temas aragoneses; 22), pp.214<\/p>\n<p style=\"text-align: justify;line-height: 150%\">Costa, Joaqu\u00edn (1983). <a href=\"https:\/\/bibliotecas.aragon.es\/cgi-bin\/opac?TITN=66973\" target=\"_blank\" rel=\"noopener\">El don de consejo: epistolario de Joaqu\u00edn Costa y Francisco Giner de los Rios (1878-1910)<\/a>, Zaragoza: Editorial Guara (colecci\u00f3n Obras de Joaqu\u00edn Costa; 9), pp.290<\/p>\n<p style=\"text-align: justify;line-height: 150%\">Costa, Joaqu\u00edn (1986). <a href=\"https:\/\/biblioteca-iea.absys.cloud\/cgi-bin\/fba?TITN=162049\" target=\"_blank\" rel=\"noopener\">Epistolario espa\u00f1ol del siglo XIX, Anales de la Fundaci\u00f3n Joaqu\u00edn Costa<\/a> , n.\u00ba 3, p. 161-174<\/p>\n<p style=\"text-align: justify;line-height: 150%\">Costa, Joaqu\u00edn (1987). <a href=\"https:\/\/biblioteca-iea.absys.cloud\/cgi-bin\/fba?TITN=165589\" target=\"_blank\" rel=\"noopener\">Epistolario espa\u00f1ol del siglo XIX, Anales de la Fundaci\u00f3n Joaqu\u00edn Costa<\/a> , n.\u00ba 4, p. 173-188<\/p>\n<p style=\"text-align: justify;line-height: 150%\">Costa, Joaqu\u00edn (1988). <a href=\"https:\/\/biblioteca-iea.absys.cloud\/cgi-bin\/fba?TITN=164959\" target=\"_blank\" rel=\"noopener\">Epistolario espa\u00f1ol del siglo XIX, Anales de la Fundaci\u00f3n Joaqu\u00edn Costa<\/a> , n.\u00ba 5, p. 145-166<\/p>\n<p style=\"text-align: justify;line-height: 150%\">Costa, Joaqu\u00edn (1989). <a href=\"https:\/\/biblioteca-iea.absys.cloud\/cgi-bin\/fba?TITN=164958\" target=\"_blank\" rel=\"noopener\">Epistolario espa\u00f1ol del siglo XIX, Anales de la Fundaci\u00f3n Joaqu\u00edn Costa<\/a> , n.\u00ba 6, p. 167-184<\/p>\n<p style=\"text-align: justify;line-height: 150%\">Alonso Alonso, Cecilio (1989). <a href=\"https:\/\/biblioteca-iea.absys.cloud\/cgi-bin\/fba?TITN=161898\" target=\"_blank\" rel=\"noopener\">Costa y Blasco Ib\u00e1\u00f1ez: Una secuencia epistolar (1902-1904)<\/a>, Anales de la Fundaci\u00f3n Joaqu\u00edn Costa , n.\u00ba 6, pp. 161-166<\/p>\n<p style=\"text-align: justify;line-height: 150%\">Costa, Joaqu\u00edn (1990). <a href=\"https:\/\/biblioteca-iea.absys.cloud\/cgi-bin\/fba?TITN=171467\" target=\"_blank\" rel=\"noopener\">Epistolario espa\u00f1ol del siglo XIX, Anales de la Fundaci\u00f3n Joaqu\u00edn Costa<\/a> , n.\u00ba 7, p. 121-131<\/p>\n<p style=\"text-align: justify;line-height: 150%\">Costa, Joaqu\u00edn (1992). <a href=\"https:\/\/bibliotecas.aragon.es\/cgi-bin\/opac?TITN=75081\" target=\"_blank\" rel=\"noopener\">El Renacimiento ideal, epistolario de Joaqu\u00edn Costa y Rafael Altamira (1888-1911)<\/a>, Zaragoza:Instituto de Cultura \u00abJuan Gil-Albert\u00bb (colecciones Ensayo e investigaci\u00f3n; 42), pp.228<\/p>\n<p style=\"text-align: justify;line-height: 150%\">Costa, Joaqu\u00edn (1992). <a href=\"https:\/\/biblioteca-iea.absys.cloud\/cgi-bin\/fba?TITN=176966\" target=\"_blank\" rel=\"noopener\">Epistolario, Anales de la Fundaci\u00f3n Joaqu\u00edn Costa<\/a> , n.\u00ba 9, p. 177-196<\/p>\n<p style=\"text-align: justify;line-height: 150%\">Costa, Joaqu\u00edn (1993). <a href=\"https:\/\/biblioteca-iea.absys.cloud\/cgi-bin\/fba?TITN=178781\" target=\"_blank\" rel=\"noopener\">Epistolario, Anales de la Fundaci\u00f3n Joaqu\u00edn Costa<\/a> , n.\u00ba 10, p. 273-285<\/p>\n<p style=\"text-align: justify;line-height: 150%\">Borja D\u00edaz Ari\u00f1o (2003). <a href=\"https:\/\/biblioteca-iea.absys.cloud\/cgi-bin\/fba?TITN=198988\" target=\"_blank\" rel=\"noopener\">Correspondencia de Joaqu\u00edn Costa con Fidel Fita y Emilio H\u00fcbner<\/a>, Museo de Zaragoza: Bolet\u00edn, n.\u00ba 17, p. 139-171<\/p>\n<p style=\"text-align: justify;line-height: 150%\">Mainer, Jos\u00e9-Carlos (2010). <a href=\"https:\/\/biblioteca-iea.absys.cloud\/cgi-bin\/fba?TITN=215807\" target=\"_blank\" rel=\"noopener\">1979-1984-1992 : Costa en sus cartas, Revista de Andorra<\/a>, n.\u00ba 10, p. 56-57<\/p>\n<p style=\"text-align: justify;line-height: 150%\">D\u00edaz Cast\u00e1n, Venancio (2021). <a href=\"https:\/\/biblioteca-iea.absys.cloud\/cgi-bin\/fba?TITN=235702\" target=\"_blank\" rel=\"noopener\">Epistolario Joaqu\u00edn Costa &#8211; Laureano Rosso (1904-1909)<\/a>, Anales de la Fundaci\u00f3n Joaqu\u00edn Costa , n.\u00ba 33, p. 57-84<\/p>\n<p>[\/et_pb_toggle][\/et_pb_column][et_pb_column type=\u00bb1_5&#8243; _builder_version=\u00bb4.27.0&#8243; _module_preset=\u00bbdefault\u00bb global_colors_info=\u00bb{}\u00bb][et_pb_blurb title=\u00bbB\u00fasqueda general\u00bb url=\u00bbhttps:\/\/dara.aragon.es\/opac\/app\/simple\/apjc\u00bb url_new_window=\u00bbon\u00bb use_icon=\u00bbon\u00bb font_icon=\u00bb&#x55;||divi||400&#8243; icon_placement=\u00bbleft\u00bb image_icon_width=\u00bb30px\u00bb _builder_version=\u00bb4.27.4&#8243; _module_preset=\u00bbdefault\u00bb link_option_url=\u00bbhttps:\/\/dara.aragon.es\/opac\/app\/simple\/apjc\u00bb link_option_url_new_window=\u00bbon\u00bb locked=\u00bboff\u00bb global_colors_info=\u00bb{%22#0e0c19%22:%91%22header_text_color%22,%22header_text_color%22%93,%22#ffc300%22:%91%22icon_color%22,%22icon_color%22%93,%22#3c3a47%22:%91%22body_text_color%22%93}\u00bb][\/et_pb_blurb][et_pb_blurb title=\u00bbCorrespondencia\u00bb url=\u00bbhttps:\/\/dara.aragon.es\/opac\/app\/results\/apjc?p=0&#038;q=correspondencia&#038;st=.3.116.125.129.235&#038;ob=re:1&#038;vm=mv\u00bb url_new_window=\u00bbon\u00bb use_icon=\u00bbon\u00bb font_icon=\u00bb&#xe101;||divi||400&#8243; icon_placement=\u00bbleft\u00bb image_icon_width=\u00bb30px\u00bb _builder_version=\u00bb4.27.4&#8243; _module_preset=\u00bbdefault\u00bb link_option_url=\u00bbhttps:\/\/dara.aragon.es\/opac\/app\/results\/apjc?p=0&#038;q=correspondencia&#038;st=.3.116.125.129.235&#038;ob=re:1&#038;vm=mv\u00bb link_option_url_new_window=\u00bbon\u00bb locked=\u00bboff\u00bb global_colors_info=\u00bb{%22#0e0c19%22:%91%22header_text_color%22,%22header_text_color%22%93,%22#ffc300%22:%91%22icon_color%22,%22icon_color%22%93,%22#3c3a47%22:%91%22body_text_color%22%93}\u00bb][\/et_pb_blurb][et_pb_blurb title=\u00bbFotograf\u00edas\u00bb url=\u00bbhttps:\/\/dara.aragon.es\/opac\/app\/results\/apjc?p=0&#038;q=*&#038;pmp=%25foto%25,foto&#038;ob=os:1&#038;vm=mv\u00bb url_new_window=\u00bbon\u00bb use_icon=\u00bbon\u00bb font_icon=\u00bb&#xf03e;||fa||900&#8243; icon_placement=\u00bbleft\u00bb image_icon_width=\u00bb30px\u00bb _builder_version=\u00bb4.27.3&#8243; _module_preset=\u00bbdefault\u00bb link_option_url=\u00bbhttps:\/\/dara.aragon.es\/opac\/app\/results\/apjc?p=0&#038;q=*&#038;pmp=%25foto%25,foto&#038;ob=os:1&#038;vm=mv\u00bb link_option_url_new_window=\u00bbon\u00bb locked=\u00bboff\u00bb global_colors_info=\u00bb{%22#0e0c19%22:%91%22header_text_color%22,%22header_text_color%22,%22header_text_color%22,%22header_text_color%22%93,%22#ffc300%22:%91%22icon_color%22,%22icon_color%22,%22icon_color%22,%22icon_color%22%93,%22#3c3a47%22:%91%22body_text_color%22,%22body_text_color%22%93}\u00bb][\/et_pb_blurb][\/et_pb_column][\/et_pb_row][\/et_pb_section]<\/p>\n","protected":false},"excerpt":{"rendered":"<p>El fondo de Joaqu\u00edn Costa incluye gran cantidad de correspondecia, tanto de caracter personal como profesional. A lo largo de su vida intercambia cartas con importantes figuras de su \u00e9poca. En ellas trata una amplia variedad de temas como sus obras, la situaci\u00f3n de Espa\u00f1a, oposiciones, premios, opiniones, consejos, temas pol\u00edticos y jur\u00eddicos, etc.45 cartas [&hellip;]<\/p>\n","protected":false},"author":1,"featured_media":52,"parent":0,"menu_order":0,"comment_status":"closed","ping_status":"closed","template":"","meta":{"_et_pb_use_builder":"on","_et_pb_old_content":"<!-- wp:divi\/placeholder \/-->","_et_gb_content_width":"","footnotes":""},"class_list":["post-31","page","type-page","status-publish","has-post-thumbnail","hentry"],"yoast_head":"<!-- This site is optimized with the Yoast SEO plugin v27.5 - https:\/\/yoast.com\/product\/yoast-seo-wordpress\/ -->\n<title>Correspondencia - Joaqu\u00edn Costa Mart\u00ednez<\/title>\n<meta name=\"robots\" content=\"index, follow, max-snippet:-1, max-image-preview:large, max-video-preview:-1\" \/>\n<link rel=\"canonical\" href=\"https:\/\/dara.aragon.es\/dara\/joaquin-costa\/correspondencia\/\" \/>\n<meta property=\"og:locale\" content=\"es_ES\" \/>\n<meta property=\"og:type\" content=\"article\" \/>\n<meta property=\"og:title\" content=\"Correspondencia - Joaqu\u00edn Costa Mart\u00ednez\" \/>\n<meta property=\"og:description\" content=\"El fondo de Joaqu\u00edn Costa incluye gran cantidad de correspondecia, tanto de caracter personal como profesional. A lo largo de su vida intercambia cartas con importantes figuras de su \u00e9poca. En ellas trata una amplia variedad de temas como sus obras, la situaci\u00f3n de Espa\u00f1a, oposiciones, premios, opiniones, consejos, temas pol\u00edticos y jur\u00eddicos, etc.45 cartas [&hellip;]\" \/>\n<meta property=\"og:url\" content=\"https:\/\/dara.aragon.es\/dara\/joaquin-costa\/correspondencia\/\" \/>\n<meta property=\"og:site_name\" content=\"Joaqu\u00edn Costa Mart\u00ednez\" \/>\n<meta property=\"article:modified_time\" content=\"2025-04-18T06:53:51+00:00\" \/>\n<meta property=\"og:image\" content=\"https:\/\/dara.aragon.es\/dara\/joaquin-costa\/wp-content\/uploads\/sites\/8\/2025\/04\/costa-correspondencia.png\" \/>\n\t<meta property=\"og:image:width\" content=\"330\" \/>\n\t<meta property=\"og:image:height\" content=\"447\" \/>\n\t<meta property=\"og:image:type\" content=\"image\/png\" \/>\n<meta name=\"twitter:card\" content=\"summary_large_image\" \/>\n<meta name=\"twitter:label1\" content=\"Tiempo de lectura\" \/>\n\t<meta name=\"twitter:data1\" content=\"13 minutos\" \/>\n<script type=\"application\/ld+json\" class=\"yoast-schema-graph\">{\"@context\":\"https:\\\/\\\/schema.org\",\"@graph\":[{\"@type\":\"WebPage\",\"@id\":\"https:\\\/\\\/dara.aragon.es\\\/dara\\\/joaquin-costa\\\/correspondencia\\\/\",\"url\":\"https:\\\/\\\/dara.aragon.es\\\/dara\\\/joaquin-costa\\\/correspondencia\\\/\",\"name\":\"Correspondencia - Joaqu\u00edn Costa Mart\u00ednez\",\"isPartOf\":{\"@id\":\"https:\\\/\\\/dara.aragon.es\\\/dara\\\/joaquin-costa\\\/#website\"},\"primaryImageOfPage\":{\"@id\":\"https:\\\/\\\/dara.aragon.es\\\/dara\\\/joaquin-costa\\\/correspondencia\\\/#primaryimage\"},\"image\":{\"@id\":\"https:\\\/\\\/dara.aragon.es\\\/dara\\\/joaquin-costa\\\/correspondencia\\\/#primaryimage\"},\"thumbnailUrl\":\"https:\\\/\\\/dara.aragon.es\\\/dara\\\/joaquin-costa\\\/wp-content\\\/uploads\\\/sites\\\/8\\\/2025\\\/04\\\/costa-correspondencia.png\",\"datePublished\":\"2025-04-18T04:59:32+00:00\",\"dateModified\":\"2025-04-18T06:53:51+00:00\",\"breadcrumb\":{\"@id\":\"https:\\\/\\\/dara.aragon.es\\\/dara\\\/joaquin-costa\\\/correspondencia\\\/#breadcrumb\"},\"inLanguage\":\"es\",\"potentialAction\":[{\"@type\":\"ReadAction\",\"target\":[\"https:\\\/\\\/dara.aragon.es\\\/dara\\\/joaquin-costa\\\/correspondencia\\\/\"]}]},{\"@type\":\"ImageObject\",\"inLanguage\":\"es\",\"@id\":\"https:\\\/\\\/dara.aragon.es\\\/dara\\\/joaquin-costa\\\/correspondencia\\\/#primaryimage\",\"url\":\"https:\\\/\\\/dara.aragon.es\\\/dara\\\/joaquin-costa\\\/wp-content\\\/uploads\\\/sites\\\/8\\\/2025\\\/04\\\/costa-correspondencia.png\",\"contentUrl\":\"https:\\\/\\\/dara.aragon.es\\\/dara\\\/joaquin-costa\\\/wp-content\\\/uploads\\\/sites\\\/8\\\/2025\\\/04\\\/costa-correspondencia.png\",\"width\":330,\"height\":447},{\"@type\":\"BreadcrumbList\",\"@id\":\"https:\\\/\\\/dara.aragon.es\\\/dara\\\/joaquin-costa\\\/correspondencia\\\/#breadcrumb\",\"itemListElement\":[{\"@type\":\"ListItem\",\"position\":1,\"name\":\"Portada\",\"item\":\"https:\\\/\\\/dara.aragon.es\\\/dara\\\/joaquin-costa\\\/\"},{\"@type\":\"ListItem\",\"position\":2,\"name\":\"Correspondencia\"}]},{\"@type\":\"WebSite\",\"@id\":\"https:\\\/\\\/dara.aragon.es\\\/dara\\\/joaquin-costa\\\/#website\",\"url\":\"https:\\\/\\\/dara.aragon.es\\\/dara\\\/joaquin-costa\\\/\",\"name\":\"Joaqu\u00edn Costa Mart\u00ednez\",\"description\":\"\",\"potentialAction\":[{\"@type\":\"SearchAction\",\"target\":{\"@type\":\"EntryPoint\",\"urlTemplate\":\"https:\\\/\\\/dara.aragon.es\\\/dara\\\/joaquin-costa\\\/?s={search_term_string}\"},\"query-input\":{\"@type\":\"PropertyValueSpecification\",\"valueRequired\":true,\"valueName\":\"search_term_string\"}}],\"inLanguage\":\"es\"}]}<\/script>\n<!-- \/ Yoast SEO plugin. -->","yoast_head_json":{"title":"Correspondencia - Joaqu\u00edn Costa Mart\u00ednez","robots":{"index":"index","follow":"follow","max-snippet":"max-snippet:-1","max-image-preview":"max-image-preview:large","max-video-preview":"max-video-preview:-1"},"canonical":"https:\/\/dara.aragon.es\/dara\/joaquin-costa\/correspondencia\/","og_locale":"es_ES","og_type":"article","og_title":"Correspondencia - Joaqu\u00edn Costa Mart\u00ednez","og_description":"El fondo de Joaqu\u00edn Costa incluye gran cantidad de correspondecia, tanto de caracter personal como profesional. A lo largo de su vida intercambia cartas con importantes figuras de su \u00e9poca. En ellas trata una amplia variedad de temas como sus obras, la situaci\u00f3n de Espa\u00f1a, oposiciones, premios, opiniones, consejos, temas pol\u00edticos y jur\u00eddicos, etc.45 cartas [&hellip;]","og_url":"https:\/\/dara.aragon.es\/dara\/joaquin-costa\/correspondencia\/","og_site_name":"Joaqu\u00edn Costa Mart\u00ednez","article_modified_time":"2025-04-18T06:53:51+00:00","og_image":[{"width":330,"height":447,"url":"https:\/\/dara.aragon.es\/dara\/joaquin-costa\/wp-content\/uploads\/sites\/8\/2025\/04\/costa-correspondencia.png","type":"image\/png"}],"twitter_card":"summary_large_image","twitter_misc":{"Tiempo de lectura":"13 minutos"},"schema":{"@context":"https:\/\/schema.org","@graph":[{"@type":"WebPage","@id":"https:\/\/dara.aragon.es\/dara\/joaquin-costa\/correspondencia\/","url":"https:\/\/dara.aragon.es\/dara\/joaquin-costa\/correspondencia\/","name":"Correspondencia - Joaqu\u00edn Costa Mart\u00ednez","isPartOf":{"@id":"https:\/\/dara.aragon.es\/dara\/joaquin-costa\/#website"},"primaryImageOfPage":{"@id":"https:\/\/dara.aragon.es\/dara\/joaquin-costa\/correspondencia\/#primaryimage"},"image":{"@id":"https:\/\/dara.aragon.es\/dara\/joaquin-costa\/correspondencia\/#primaryimage"},"thumbnailUrl":"https:\/\/dara.aragon.es\/dara\/joaquin-costa\/wp-content\/uploads\/sites\/8\/2025\/04\/costa-correspondencia.png","datePublished":"2025-04-18T04:59:32+00:00","dateModified":"2025-04-18T06:53:51+00:00","breadcrumb":{"@id":"https:\/\/dara.aragon.es\/dara\/joaquin-costa\/correspondencia\/#breadcrumb"},"inLanguage":"es","potentialAction":[{"@type":"ReadAction","target":["https:\/\/dara.aragon.es\/dara\/joaquin-costa\/correspondencia\/"]}]},{"@type":"ImageObject","inLanguage":"es","@id":"https:\/\/dara.aragon.es\/dara\/joaquin-costa\/correspondencia\/#primaryimage","url":"https:\/\/dara.aragon.es\/dara\/joaquin-costa\/wp-content\/uploads\/sites\/8\/2025\/04\/costa-correspondencia.png","contentUrl":"https:\/\/dara.aragon.es\/dara\/joaquin-costa\/wp-content\/uploads\/sites\/8\/2025\/04\/costa-correspondencia.png","width":330,"height":447},{"@type":"BreadcrumbList","@id":"https:\/\/dara.aragon.es\/dara\/joaquin-costa\/correspondencia\/#breadcrumb","itemListElement":[{"@type":"ListItem","position":1,"name":"Portada","item":"https:\/\/dara.aragon.es\/dara\/joaquin-costa\/"},{"@type":"ListItem","position":2,"name":"Correspondencia"}]},{"@type":"WebSite","@id":"https:\/\/dara.aragon.es\/dara\/joaquin-costa\/#website","url":"https:\/\/dara.aragon.es\/dara\/joaquin-costa\/","name":"Joaqu\u00edn Costa Mart\u00ednez","description":"","potentialAction":[{"@type":"SearchAction","target":{"@type":"EntryPoint","urlTemplate":"https:\/\/dara.aragon.es\/dara\/joaquin-costa\/?s={search_term_string}"},"query-input":{"@type":"PropertyValueSpecification","valueRequired":true,"valueName":"search_term_string"}}],"inLanguage":"es"}]}},"_links":{"self":[{"href":"https:\/\/dara.aragon.es\/dara\/joaquin-costa\/wp-json\/wp\/v2\/pages\/31","targetHints":{"allow":["GET"]}}],"collection":[{"href":"https:\/\/dara.aragon.es\/dara\/joaquin-costa\/wp-json\/wp\/v2\/pages"}],"about":[{"href":"https:\/\/dara.aragon.es\/dara\/joaquin-costa\/wp-json\/wp\/v2\/types\/page"}],"author":[{"embeddable":true,"href":"https:\/\/dara.aragon.es\/dara\/joaquin-costa\/wp-json\/wp\/v2\/users\/1"}],"replies":[{"embeddable":true,"href":"https:\/\/dara.aragon.es\/dara\/joaquin-costa\/wp-json\/wp\/v2\/comments?post=31"}],"version-history":[{"count":4,"href":"https:\/\/dara.aragon.es\/dara\/joaquin-costa\/wp-json\/wp\/v2\/pages\/31\/revisions"}],"predecessor-version":[{"id":95,"href":"https:\/\/dara.aragon.es\/dara\/joaquin-costa\/wp-json\/wp\/v2\/pages\/31\/revisions\/95"}],"wp:featuredmedia":[{"embeddable":true,"href":"https:\/\/dara.aragon.es\/dara\/joaquin-costa\/wp-json\/wp\/v2\/media\/52"}],"wp:attachment":[{"href":"https:\/\/dara.aragon.es\/dara\/joaquin-costa\/wp-json\/wp\/v2\/media?parent=31"}],"curies":[{"name":"wp","href":"https:\/\/api.w.org\/{rel}","templated":true}]}}