{"id":33,"date":"2025-04-18T07:00:10","date_gmt":"2025-04-18T05:00:10","guid":{"rendered":"https:\/\/dara.aragon.es\/dara\/joaquin-costa\/?page_id=33"},"modified":"2025-04-18T08:53:40","modified_gmt":"2025-04-18T06:53:40","slug":"documentos-personales","status":"publish","type":"page","link":"https:\/\/dara.aragon.es\/dara\/joaquin-costa\/documentos-personales\/","title":{"rendered":"Documentos Personales"},"content":{"rendered":"<p>[et_pb_section fb_built=\u00bb1&#8243; fullwidth=\u00bbon\u00bb admin_label=\u00bbHeader Section\u00bb _builder_version=\u00bb4.20.2&#8243; background_color=\u00bb#0D3857&#8243; background_enable_image=\u00bboff\u00bb parallax=\u00bbon\u00bb custom_padding=\u00bb|||\u00bb saved_tabs=\u00bball\u00bb locked=\u00bboff\u00bb global_colors_info=\u00bb{}\u00bb][et_pb_fullwidth_post_title meta=\u00bboff\u00bb featured_image=\u00bboff\u00bb _builder_version=\u00bb4.25.1&#8243; _module_preset=\u00bbdefault\u00bb title_font=\u00bb&#8211;et_global_heading_font|||on|||||\u00bb title_text_align=\u00bbcenter\u00bb title_text_color=\u00bb#FFFFFF\u00bb title_font_size=\u00bb38px\u00bb background_color=\u00bb#0D3857&#8243; custom_padding=\u00bb3%||3%||false|false\u00bb global_colors_info=\u00bb{}\u00bb][\/et_pb_fullwidth_post_title][\/et_pb_section][et_pb_section fb_built=\u00bb1&#8243; admin_label=\u00bbSecci\u00f3n\u00bb _builder_version=\u00bb4.27.0&#8243; _module_preset=\u00bbdefault\u00bb locked=\u00bboff\u00bb global_colors_info=\u00bb%91%93&#8243;][et_pb_row column_structure=\u00bb1_5,3_5,1_5&#8243; _builder_version=\u00bb4.27.0&#8243; _module_preset=\u00bbdefault\u00bb max_width=\u00bb80%\u00bb global_colors_info=\u00bb%91%93&#8243;][et_pb_column type=\u00bb1_5&#8243; _builder_version=\u00bb4.27.0&#8243; _module_preset=\u00bbdefault\u00bb background_enable_image=\u00bboff\u00bb global_colors_info=\u00bb{}\u00bb][et_pb_image src=\u00bbhttps:\/\/dara.aragon.es\/dara\/joaquin-costa\/wp-content\/uploads\/sites\/8\/2025\/04\/costa-documentos-personales.png\u00bb alt=\u00bbJuan Antonio Bolea Foradada\u00bb title_text=\u00bbcosta-documentos-personales\u00bb _builder_version=\u00bb4.27.4&#8243; _module_preset=\u00bbdefault\u00bb global_colors_info=\u00bb{}\u00bb][\/et_pb_image][et_pb_button button_url=\u00bbhttps:\/\/dara.aragon.es\/opac\/app\/item\/ahph?vm=nv&#038;al=2&#038;tc=Joaqu%C3%ADn+Costa&#038;p=0&#038;i=235&#8243; url_new_window=\u00bbon\u00bb button_text=\u00bbDescripci\u00f3n del fondo \u00bb _builder_version=\u00bb4.27.4&#8243; _module_preset=\u00bbdefault\u00bb custom_button=\u00bbon\u00bb button_text_size=\u00bb16px\u00bb button_border_width=\u00bb0px\u00bb button_border_radius=\u00bb0px\u00bb button_icon=\u00bb&#xf35d;||fa||900&#8243; button_on_hover=\u00bboff\u00bb custom_margin=\u00bb||0px||false|false\u00bb global_colors_info=\u00bb%91%93&#8243;][\/et_pb_button][et_pb_button button_url=\u00bbhttps:\/\/dara.aragon.es\/opac\/app\/classification\/apjc\u00bb url_new_window=\u00bbon\u00bb button_text=\u00bbCuadro de clasificaci\u00f3n\u00bb _builder_version=\u00bb4.27.4&#8243; _module_preset=\u00bbdefault\u00bb custom_button=\u00bbon\u00bb button_text_size=\u00bb16px\u00bb button_border_width=\u00bb0px\u00bb button_border_radius=\u00bb0px\u00bb button_icon=\u00bb&#xf35d;||fa||900&#8243; button_on_hover=\u00bboff\u00bb custom_margin=\u00bb0px||||false|false\u00bb custom_padding=\u00bb0px||||false|false\u00bb locked=\u00bboff\u00bb global_colors_info=\u00bb%91%93&#8243;][\/et_pb_button][\/et_pb_column][et_pb_column type=\u00bb3_5&#8243; _builder_version=\u00bb4.27.0&#8243; _module_preset=\u00bbdefault\u00bb background_enable_image=\u00bboff\u00bb global_colors_info=\u00bb{}\u00bb][et_pb_text _builder_version=\u00bb4.27.2&#8243; _module_preset=\u00bbdefault\u00bb global_colors_info=\u00bb%91%93&#8243;]<\/p>\n<p style=\"text-align: justify;\">La parte del fondo de Joaqu\u00edn Costa que proviene de Ana Mar\u00eda Ortega Costa, contiene documentos personales, entre ellos las memorias de Costa de los a\u00f1os 1864 a 1877. Recientemente se ha ingresado el fondo del despacho de Joaqu\u00edn Costa en Graus, que incluye recortes, cuadernillos con anotaciones sobre diversas personas, renuncias, algunas cartas familiares y retratos.\u00a0<\/p>\n<p>[\/et_pb_text][et_pb_tabs _builder_version=\u00bb4.27.4&#8243; _module_preset=\u00bbdefault\u00bb body_font=\u00bb||||||||\u00bb body_text_align=\u00bbleft\u00bb body_text_color=\u00bb#6B6B6B\u00bb background_color=\u00bb#FFFFFF\u00bb width=\u00bb84.1%\u00bb min_height=\u00bb96px\u00bb custom_margin=\u00bb||||false|false\u00bb custom_padding=\u00bb||||false|false\u00bb global_colors_info=\u00bb{}\u00bb][et_pb_tab title=\u00bbVOLUMEN Y SOPORTE\u00bb _builder_version=\u00bb4.27.4&#8243; _module_preset=\u00bbdefault\u00bb body_font=\u00bb||||||||\u00bb body_text_color=\u00bb#8F8F8F\u00bb tab_font=\u00bb|600|||||||\u00bb tab_font_size=\u00bb13px\u00bb global_colors_info=\u00bb{}\u00bb]<\/p>\n<p>10 dosiers con 852 documentos\u00a0<\/p>\n<p>&nbsp;<\/p>\n<p>&nbsp;<\/p>\n<p>[\/et_pb_tab][et_pb_tab title=\u00bbALCANCE Y CONTENIDO\u00bb _builder_version=\u00bb4.27.3&#8243; _module_preset=\u00bbdefault\u00bb global_colors_info=\u00bb{}\u00bb]<\/p>\n<p style=\"text-align: justify\"><span>Compuesto por documentos personales. Entre ellos sus memorias sobre los a\u00f1os 1864-1880.<\/span><\/p>\n<p>[\/et_pb_tab][et_pb_tab title=\u00bbM\u00c1S INFORMACI\u00d3N\u00bb _builder_version=\u00bb4.27.3&#8243; _module_preset=\u00bbdefault\u00bb global_colors_info=\u00bb{}\u00bb]<\/p>\n<p style=\"text-align: justify\">Parte de los documentos personales ya se inclu\u00eda en el fondo del Archivo Hist\u00f3rico Provincial de Huesca, procede de los fondos de Tom\u00e1s Costa \u00a0desde 1983 y 1984, Federico Balaguer en 2017 y Ana Mar\u00eda Ortega Costa.<\/p>\n<p style=\"text-align: justify\">Recientemente se ha sumado el fondo sobre Joaqu\u00edn Costa que se encontraba en su estudio en la Casa de Graus. Comprado por el Ministerio de Cultura a la familia Auset, de Graus en 2022. Se organiz\u00f3 en el Archivo Hist\u00f3rico Nacional de Madrid y fue trasferido al Archivo Hist\u00f3rico Provincial de Huesca en junio de 2024.<\/p>\n<p>[\/et_pb_tab][\/et_pb_tabs][\/et_pb_column][et_pb_column type=\u00bb1_5&#8243; _builder_version=\u00bb4.27.0&#8243; _module_preset=\u00bbdefault\u00bb global_colors_info=\u00bb{}\u00bb][et_pb_blurb title=\u00bbB\u00fasqueda general\u00bb url=\u00bbhttps:\/\/dara.aragon.es\/opac\/app\/simple\/apjc\u00bb url_new_window=\u00bbon\u00bb use_icon=\u00bbon\u00bb font_icon=\u00bb&#x55;||divi||400&#8243; icon_placement=\u00bbleft\u00bb image_icon_width=\u00bb30px\u00bb _builder_version=\u00bb4.27.4&#8243; _module_preset=\u00bbdefault\u00bb link_option_url=\u00bbhttps:\/\/dara.aragon.es\/opac\/app\/simple\/apjc\u00bb link_option_url_new_window=\u00bbon\u00bb locked=\u00bboff\u00bb global_colors_info=\u00bb{%22#0e0c19%22:%91%22header_text_color%22,%22header_text_color%22%93,%22#ffc300%22:%91%22icon_color%22,%22icon_color%22%93,%22#3c3a47%22:%91%22body_text_color%22%93}\u00bb][\/et_pb_blurb][et_pb_blurb title=\u00bbDocumentos personales\u00bb url=\u00bbhttps:\/\/dara.aragon.es\/opac\/app\/results\/apjc?p=0&#038;q=documentos+personales&#038;st=.3.116.125.129.235&#038;ob=re:1&#038;vm=mv\u00bb url_new_window=\u00bbon\u00bb use_icon=\u00bbon\u00bb font_icon=\u00bb&#xe101;||divi||400&#8243; icon_placement=\u00bbleft\u00bb image_icon_width=\u00bb30px\u00bb _builder_version=\u00bb4.27.4&#8243; _module_preset=\u00bbdefault\u00bb link_option_url=\u00bbhttps:\/\/dara.aragon.es\/opac\/app\/results\/apjc?p=0&#038;q=documentos+personales&#038;st=.3.116.125.129.235&#038;ob=re:1&#038;vm=mv\u00bb link_option_url_new_window=\u00bbon\u00bb locked=\u00bboff\u00bb global_colors_info=\u00bb{%22#0e0c19%22:%91%22header_text_color%22,%22header_text_color%22%93,%22#ffc300%22:%91%22icon_color%22,%22icon_color%22%93,%22#3c3a47%22:%91%22body_text_color%22%93}\u00bb][\/et_pb_blurb][et_pb_blurb title=\u00bbFotograf\u00edas\u00bb url=\u00bbhttps:\/\/dara.aragon.es\/opac\/app\/results\/apjc?p=0&#038;q=*&#038;pmp=%25foto%25,foto&#038;ob=os:1&#038;vm=mv\u00bb url_new_window=\u00bbon\u00bb use_icon=\u00bbon\u00bb font_icon=\u00bb&#xf03e;||fa||900&#8243; icon_placement=\u00bbleft\u00bb image_icon_width=\u00bb30px\u00bb _builder_version=\u00bb4.27.3&#8243; _module_preset=\u00bbdefault\u00bb link_option_url=\u00bbhttps:\/\/dara.aragon.es\/opac\/app\/results\/apjc?p=0&#038;q=*&#038;pmp=%25foto%25,foto&#038;ob=os:1&#038;vm=mv\u00bb link_option_url_new_window=\u00bbon\u00bb locked=\u00bboff\u00bb global_colors_info=\u00bb{%22#0e0c19%22:%91%22header_text_color%22,%22header_text_color%22,%22header_text_color%22,%22header_text_color%22%93,%22#ffc300%22:%91%22icon_color%22,%22icon_color%22,%22icon_color%22,%22icon_color%22%93,%22#3c3a47%22:%91%22body_text_color%22,%22body_text_color%22%93}\u00bb][\/et_pb_blurb][\/et_pb_column][\/et_pb_row][\/et_pb_section]<\/p>\n","protected":false},"excerpt":{"rendered":"<p>La parte del fondo de Joaqu\u00edn Costa que proviene de Ana Mar\u00eda Ortega Costa, contiene documentos personales, entre ellos las memorias de Costa de los a\u00f1os 1864 a 1877. Recientemente se ha ingresado el fondo del despacho de Joaqu\u00edn Costa en Graus, que incluye recortes, cuadernillos con anotaciones sobre diversas personas, renuncias, algunas cartas familiares [&hellip;]<\/p>\n","protected":false},"author":1,"featured_media":53,"parent":0,"menu_order":0,"comment_status":"closed","ping_status":"closed","template":"","meta":{"_et_pb_use_builder":"on","_et_pb_old_content":"<!-- wp:divi\/placeholder \/-->","_et_gb_content_width":"","footnotes":""},"class_list":["post-33","page","type-page","status-publish","has-post-thumbnail","hentry"],"yoast_head":"<!-- This site is optimized with the Yoast SEO plugin v27.5 - https:\/\/yoast.com\/product\/yoast-seo-wordpress\/ -->\n<title>Documentos Personales - Joaqu\u00edn Costa Mart\u00ednez<\/title>\n<meta name=\"robots\" content=\"index, follow, max-snippet:-1, max-image-preview:large, max-video-preview:-1\" \/>\n<link rel=\"canonical\" href=\"https:\/\/dara.aragon.es\/dara\/joaquin-costa\/documentos-personales\/\" \/>\n<meta property=\"og:locale\" content=\"es_ES\" \/>\n<meta property=\"og:type\" content=\"article\" \/>\n<meta property=\"og:title\" content=\"Documentos Personales - Joaqu\u00edn Costa Mart\u00ednez\" \/>\n<meta property=\"og:description\" content=\"La parte del fondo de Joaqu\u00edn Costa que proviene de Ana Mar\u00eda Ortega Costa, contiene documentos personales, entre ellos las memorias de Costa de los a\u00f1os 1864 a 1877. Recientemente se ha ingresado el fondo del despacho de Joaqu\u00edn Costa en Graus, que incluye recortes, cuadernillos con anotaciones sobre diversas personas, renuncias, algunas cartas familiares [&hellip;]\" \/>\n<meta property=\"og:url\" content=\"https:\/\/dara.aragon.es\/dara\/joaquin-costa\/documentos-personales\/\" \/>\n<meta property=\"og:site_name\" content=\"Joaqu\u00edn Costa Mart\u00ednez\" \/>\n<meta property=\"article:modified_time\" content=\"2025-04-18T06:53:40+00:00\" \/>\n<meta property=\"og:image\" content=\"https:\/\/dara.aragon.es\/dara\/joaquin-costa\/wp-content\/uploads\/sites\/8\/2025\/04\/costa-documentos-personales.png\" \/>\n\t<meta property=\"og:image:width\" content=\"330\" \/>\n\t<meta property=\"og:image:height\" content=\"447\" \/>\n\t<meta property=\"og:image:type\" content=\"image\/png\" \/>\n<meta name=\"twitter:card\" content=\"summary_large_image\" \/>\n<meta name=\"twitter:label1\" content=\"Tiempo de lectura\" \/>\n\t<meta name=\"twitter:data1\" content=\"5 minutos\" \/>\n<script type=\"application\/ld+json\" class=\"yoast-schema-graph\">{\"@context\":\"https:\\\/\\\/schema.org\",\"@graph\":[{\"@type\":\"WebPage\",\"@id\":\"https:\\\/\\\/dara.aragon.es\\\/dara\\\/joaquin-costa\\\/documentos-personales\\\/\",\"url\":\"https:\\\/\\\/dara.aragon.es\\\/dara\\\/joaquin-costa\\\/documentos-personales\\\/\",\"name\":\"Documentos Personales - Joaqu\u00edn Costa Mart\u00ednez\",\"isPartOf\":{\"@id\":\"https:\\\/\\\/dara.aragon.es\\\/dara\\\/joaquin-costa\\\/#website\"},\"primaryImageOfPage\":{\"@id\":\"https:\\\/\\\/dara.aragon.es\\\/dara\\\/joaquin-costa\\\/documentos-personales\\\/#primaryimage\"},\"image\":{\"@id\":\"https:\\\/\\\/dara.aragon.es\\\/dara\\\/joaquin-costa\\\/documentos-personales\\\/#primaryimage\"},\"thumbnailUrl\":\"https:\\\/\\\/dara.aragon.es\\\/dara\\\/joaquin-costa\\\/wp-content\\\/uploads\\\/sites\\\/8\\\/2025\\\/04\\\/costa-documentos-personales.png\",\"datePublished\":\"2025-04-18T05:00:10+00:00\",\"dateModified\":\"2025-04-18T06:53:40+00:00\",\"breadcrumb\":{\"@id\":\"https:\\\/\\\/dara.aragon.es\\\/dara\\\/joaquin-costa\\\/documentos-personales\\\/#breadcrumb\"},\"inLanguage\":\"es\",\"potentialAction\":[{\"@type\":\"ReadAction\",\"target\":[\"https:\\\/\\\/dara.aragon.es\\\/dara\\\/joaquin-costa\\\/documentos-personales\\\/\"]}]},{\"@type\":\"ImageObject\",\"inLanguage\":\"es\",\"@id\":\"https:\\\/\\\/dara.aragon.es\\\/dara\\\/joaquin-costa\\\/documentos-personales\\\/#primaryimage\",\"url\":\"https:\\\/\\\/dara.aragon.es\\\/dara\\\/joaquin-costa\\\/wp-content\\\/uploads\\\/sites\\\/8\\\/2025\\\/04\\\/costa-documentos-personales.png\",\"contentUrl\":\"https:\\\/\\\/dara.aragon.es\\\/dara\\\/joaquin-costa\\\/wp-content\\\/uploads\\\/sites\\\/8\\\/2025\\\/04\\\/costa-documentos-personales.png\",\"width\":330,\"height\":447},{\"@type\":\"BreadcrumbList\",\"@id\":\"https:\\\/\\\/dara.aragon.es\\\/dara\\\/joaquin-costa\\\/documentos-personales\\\/#breadcrumb\",\"itemListElement\":[{\"@type\":\"ListItem\",\"position\":1,\"name\":\"Portada\",\"item\":\"https:\\\/\\\/dara.aragon.es\\\/dara\\\/joaquin-costa\\\/\"},{\"@type\":\"ListItem\",\"position\":2,\"name\":\"Documentos Personales\"}]},{\"@type\":\"WebSite\",\"@id\":\"https:\\\/\\\/dara.aragon.es\\\/dara\\\/joaquin-costa\\\/#website\",\"url\":\"https:\\\/\\\/dara.aragon.es\\\/dara\\\/joaquin-costa\\\/\",\"name\":\"Joaqu\u00edn Costa Mart\u00ednez\",\"description\":\"\",\"potentialAction\":[{\"@type\":\"SearchAction\",\"target\":{\"@type\":\"EntryPoint\",\"urlTemplate\":\"https:\\\/\\\/dara.aragon.es\\\/dara\\\/joaquin-costa\\\/?s={search_term_string}\"},\"query-input\":{\"@type\":\"PropertyValueSpecification\",\"valueRequired\":true,\"valueName\":\"search_term_string\"}}],\"inLanguage\":\"es\"}]}<\/script>\n<!-- \/ Yoast SEO plugin. -->","yoast_head_json":{"title":"Documentos Personales - Joaqu\u00edn Costa Mart\u00ednez","robots":{"index":"index","follow":"follow","max-snippet":"max-snippet:-1","max-image-preview":"max-image-preview:large","max-video-preview":"max-video-preview:-1"},"canonical":"https:\/\/dara.aragon.es\/dara\/joaquin-costa\/documentos-personales\/","og_locale":"es_ES","og_type":"article","og_title":"Documentos Personales - Joaqu\u00edn Costa Mart\u00ednez","og_description":"La parte del fondo de Joaqu\u00edn Costa que proviene de Ana Mar\u00eda Ortega Costa, contiene documentos personales, entre ellos las memorias de Costa de los a\u00f1os 1864 a 1877. Recientemente se ha ingresado el fondo del despacho de Joaqu\u00edn Costa en Graus, que incluye recortes, cuadernillos con anotaciones sobre diversas personas, renuncias, algunas cartas familiares [&hellip;]","og_url":"https:\/\/dara.aragon.es\/dara\/joaquin-costa\/documentos-personales\/","og_site_name":"Joaqu\u00edn Costa Mart\u00ednez","article_modified_time":"2025-04-18T06:53:40+00:00","og_image":[{"width":330,"height":447,"url":"https:\/\/dara.aragon.es\/dara\/joaquin-costa\/wp-content\/uploads\/sites\/8\/2025\/04\/costa-documentos-personales.png","type":"image\/png"}],"twitter_card":"summary_large_image","twitter_misc":{"Tiempo de lectura":"5 minutos"},"schema":{"@context":"https:\/\/schema.org","@graph":[{"@type":"WebPage","@id":"https:\/\/dara.aragon.es\/dara\/joaquin-costa\/documentos-personales\/","url":"https:\/\/dara.aragon.es\/dara\/joaquin-costa\/documentos-personales\/","name":"Documentos Personales - Joaqu\u00edn Costa Mart\u00ednez","isPartOf":{"@id":"https:\/\/dara.aragon.es\/dara\/joaquin-costa\/#website"},"primaryImageOfPage":{"@id":"https:\/\/dara.aragon.es\/dara\/joaquin-costa\/documentos-personales\/#primaryimage"},"image":{"@id":"https:\/\/dara.aragon.es\/dara\/joaquin-costa\/documentos-personales\/#primaryimage"},"thumbnailUrl":"https:\/\/dara.aragon.es\/dara\/joaquin-costa\/wp-content\/uploads\/sites\/8\/2025\/04\/costa-documentos-personales.png","datePublished":"2025-04-18T05:00:10+00:00","dateModified":"2025-04-18T06:53:40+00:00","breadcrumb":{"@id":"https:\/\/dara.aragon.es\/dara\/joaquin-costa\/documentos-personales\/#breadcrumb"},"inLanguage":"es","potentialAction":[{"@type":"ReadAction","target":["https:\/\/dara.aragon.es\/dara\/joaquin-costa\/documentos-personales\/"]}]},{"@type":"ImageObject","inLanguage":"es","@id":"https:\/\/dara.aragon.es\/dara\/joaquin-costa\/documentos-personales\/#primaryimage","url":"https:\/\/dara.aragon.es\/dara\/joaquin-costa\/wp-content\/uploads\/sites\/8\/2025\/04\/costa-documentos-personales.png","contentUrl":"https:\/\/dara.aragon.es\/dara\/joaquin-costa\/wp-content\/uploads\/sites\/8\/2025\/04\/costa-documentos-personales.png","width":330,"height":447},{"@type":"BreadcrumbList","@id":"https:\/\/dara.aragon.es\/dara\/joaquin-costa\/documentos-personales\/#breadcrumb","itemListElement":[{"@type":"ListItem","position":1,"name":"Portada","item":"https:\/\/dara.aragon.es\/dara\/joaquin-costa\/"},{"@type":"ListItem","position":2,"name":"Documentos Personales"}]},{"@type":"WebSite","@id":"https:\/\/dara.aragon.es\/dara\/joaquin-costa\/#website","url":"https:\/\/dara.aragon.es\/dara\/joaquin-costa\/","name":"Joaqu\u00edn Costa Mart\u00ednez","description":"","potentialAction":[{"@type":"SearchAction","target":{"@type":"EntryPoint","urlTemplate":"https:\/\/dara.aragon.es\/dara\/joaquin-costa\/?s={search_term_string}"},"query-input":{"@type":"PropertyValueSpecification","valueRequired":true,"valueName":"search_term_string"}}],"inLanguage":"es"}]}},"_links":{"self":[{"href":"https:\/\/dara.aragon.es\/dara\/joaquin-costa\/wp-json\/wp\/v2\/pages\/33","targetHints":{"allow":["GET"]}}],"collection":[{"href":"https:\/\/dara.aragon.es\/dara\/joaquin-costa\/wp-json\/wp\/v2\/pages"}],"about":[{"href":"https:\/\/dara.aragon.es\/dara\/joaquin-costa\/wp-json\/wp\/v2\/types\/page"}],"author":[{"embeddable":true,"href":"https:\/\/dara.aragon.es\/dara\/joaquin-costa\/wp-json\/wp\/v2\/users\/1"}],"replies":[{"embeddable":true,"href":"https:\/\/dara.aragon.es\/dara\/joaquin-costa\/wp-json\/wp\/v2\/comments?post=33"}],"version-history":[{"count":5,"href":"https:\/\/dara.aragon.es\/dara\/joaquin-costa\/wp-json\/wp\/v2\/pages\/33\/revisions"}],"predecessor-version":[{"id":94,"href":"https:\/\/dara.aragon.es\/dara\/joaquin-costa\/wp-json\/wp\/v2\/pages\/33\/revisions\/94"}],"wp:featuredmedia":[{"embeddable":true,"href":"https:\/\/dara.aragon.es\/dara\/joaquin-costa\/wp-json\/wp\/v2\/media\/53"}],"wp:attachment":[{"href":"https:\/\/dara.aragon.es\/dara\/joaquin-costa\/wp-json\/wp\/v2\/media?parent=33"}],"curies":[{"name":"wp","href":"https:\/\/api.w.org\/{rel}","templated":true}]}}