{"id":8,"date":"2021-11-25T09:43:56","date_gmt":"2021-11-25T09:43:56","guid":{"rendered":"http:\/\/bauldecu-cp5021.wordpresstemporal.com\/sandbox\/?page_id=6"},"modified":"2022-03-01T14:08:39","modified_gmt":"2022-03-01T14:08:39","slug":"presentacion","status":"publish","type":"page","link":"https:\/\/dara.aragon.es\/dara\/mujeres\/presentacion\/","title":{"rendered":"Presentaci\u00f3n"},"content":{"rendered":"[et_pb_section fb_built=\u00bb1&#8243; fullwidth=\u00bbon\u00bb admin_label=\u00bbHeader Section\u00bb _builder_version=\u00bb4.14.4&#8243; background_color=\u00bb#898989&#8243; background_image=\u00bbhttps:\/\/dara.aragon.es\/dara\/mujeres\/wp-content\/uploads\/sites\/2\/2022\/01\/fondo-presentacion-1.jpg\u00bb parallax=\u00bbon\u00bb custom_padding=\u00bb|||\u00bb saved_tabs=\u00bball\u00bb locked=\u00bboff\u00bb global_colors_info=\u00bb{}\u00bb][et_pb_fullwidth_header title=\u00bbqu\u00e9 es dara-mujeres\u00bb text_orientation=\u00bbcenter\u00bb background_overlay_color=\u00bbrgba(0,0,0,0.4)\u00bb content_max_width_last_edited=\u00bboff|desktop\u00bb admin_label=\u00bbContents\u00bb _builder_version=\u00bb4.14.4&#8243; title_font=\u00bbOswald|||on|\u00bb title_text_align=\u00bbcenter\u00bb title_font_size=\u00bb80px\u00bb title_letter_spacing=\u00bb0.05em\u00bb title_line_height=\u00bb1.5em\u00bb subhead_font=\u00bbNunito|600|||||||\u00bb subhead_font_size=\u00bb20px\u00bb subhead_line_height=\u00bb1.9em\u00bb background_color=\u00bbrgba(255, 255, 255, 0)\u00bb background_enable_image=\u00bboff\u00bb parallax=\u00bbon\u00bb parallax_method=\u00bbon\u00bb custom_button_one=\u00bbon\u00bb button_one_text_size=\u00bb15px\u00bb button_one_bg_color=\u00bb#dca57d\u00bb button_one_border_width=\u00bb10px\u00bb button_one_border_color=\u00bb#dca57d\u00bb button_one_border_radius=\u00bb0px\u00bb button_one_letter_spacing=\u00bb3px\u00bb button_one_font=\u00bbOswald|||on|\u00bb button_one_use_icon=\u00bboff\u00bb custom_margin=\u00bb|||\u00bb custom_padding=\u00bb5%||5%|\u00bb animation_style=\u00bbfade\u00bb animation_starting_opacity=\u00bb50%\u00bb animation_speed_curve=\u00bbease-in\u00bb title_font_size_tablet=\u00bb60px\u00bb title_font_size_phone=\u00bb40px\u00bb title_font_size_last_edited=\u00bbon|phone\u00bb button_one_border_color_hover=\u00bb#c99872&#8243; button_one_border_radius_hover=\u00bb0px\u00bb button_one_letter_spacing_hover=\u00bb3px\u00bb button_one_bg_color_hover=\u00bb#c99872&#8243; global_colors_info=\u00bb{}\u00bb button_one_text_size__hover_enabled=\u00bboff\u00bb button_two_text_size__hover_enabled=\u00bboff\u00bb button_one_text_color__hover_enabled=\u00bboff\u00bb button_two_text_color__hover_enabled=\u00bboff\u00bb button_one_border_width__hover_enabled=\u00bboff\u00bb button_two_border_width__hover_enabled=\u00bboff\u00bb button_one_border_color__hover_enabled=\u00bbon\u00bb button_one_border_color__hover=\u00bb#c99872&#8243; button_two_border_color__hover_enabled=\u00bboff\u00bb button_one_border_radius__hover_enabled=\u00bbon\u00bb button_one_border_radius__hover=\u00bb0px\u00bb button_two_border_radius__hover_enabled=\u00bboff\u00bb button_one_letter_spacing__hover_enabled=\u00bbon\u00bb button_one_letter_spacing__hover=\u00bb3px\u00bb button_two_letter_spacing__hover_enabled=\u00bboff\u00bb button_one_bg_color__hover_enabled=\u00bbon\u00bb button_one_bg_color__hover=\u00bb#c99872&#8243; button_two_bg_color__hover_enabled=\u00bboff\u00bb][\/et_pb_fullwidth_header][\/et_pb_section][et_pb_section fb_built=\u00bb1&#8243; admin_label=\u00bbsection\u00bb _builder_version=\u00bb4.14.1&#8243; custom_margin=\u00bb0px|0px|0px|0px|false|false\u00bb custom_padding=\u00bb0px|0px|0px|0px|false|false\u00bb global_colors_info=\u00bb{}\u00bb][et_pb_row column_structure=\u00bb1_2,1_2&#8243; use_custom_gutter=\u00bbon\u00bb gutter_width=\u00bb1&#8243; make_equal=\u00bbon\u00bb admin_label=\u00bbBest Beans Row\u00bb module_class=\u00bb et_pb_row_fullwidth\u00bb _builder_version=\u00bb4.14.4&#8243; width=\u00bb100%\u00bb width_tablet=\u00bb100%\u00bb width_phone=\u00bb\u00bb width_last_edited=\u00bbon|desktop\u00bb max_width=\u00bb100%\u00bb max_width_tablet=\u00bb100%\u00bb max_width_phone=\u00bb\u00bb max_width_last_edited=\u00bbon|desktop\u00bb custom_margin=\u00bb|||\u00bb custom_padding=\u00bb0px|0px|0px|0px\u00bb make_fullwidth=\u00bbon\u00bb global_colors_info=\u00bb{}\u00bb][et_pb_column type=\u00bb1_2&#8243; _builder_version=\u00bb3.25&#8243; custom_padding=\u00bb80px|5%|80px|5%\u00bb global_colors_info=\u00bb{}\u00bb custom_padding__hover=\u00bb|||\u00bb][et_pb_text _builder_version=\u00bb4.14.8&#8243; _module_preset=\u00bbdefault\u00bb text_font=\u00bb||||||||\u00bb width=\u00bb100%\u00bb custom_padding=\u00bb|0px||||\u00bb global_colors_info=\u00bb{}\u00bb]<p style=\"text-align: justify\">DARA-Mujeres es un portal monogr\u00e1fico integrado en el portal general DARA (Documentos y Archivos de Arag\u00f3n). Est\u00e1 dedicado a visibilizar documentos y fotograf\u00edas que puedan servir como instrumento para el estudio de la mujer en la Historia. Tambi\u00e9n nace como canal para la difusi\u00f3n de trabajos, publicaciones y actividades promovidas desde los archivos aragoneses, que tengan como fin facilitar el estudio de las mujeres.<\/p>\n<p style=\"text-align: justify\">La esencia de DARA-Mujeres es ser un portal vivo, en progresivo crecimiento, que alimentar\u00e1 y aumentar\u00e1 de forma constante sus contenidos. Para ello, desde los archivos hist\u00f3ricos provinciales aragoneses se est\u00e1n realizando ya trabajos para reconducir hasta \u00e9l desde DARA general resultados que puedan ser de inter\u00e9s.<\/p>\n<p style=\"text-align: justify\">Y lo m\u00e1s importante: ya se est\u00e1 promoviendo la utilizaci\u00f3n de\u00a0 descriptores y valores espec\u00edficos en los campos de las aplicaciones inform\u00e1ticas utilizadas diariamente en los archivos, que implementar\u00e1n sus contenidos de forma autom\u00e1tica.<\/p>\n<p style=\"text-align: justify\">DARA-Mujeres persigue, en definitiva, enriquecer la visi\u00f3n y el estudio de la historia, a trav\u00e9s de testimonios e im\u00e1genes de mujeres, que dejaron alg\u00fan vestigio documental en su transcurso por tiempos\u00a0 pasados. Una gran parte de este proyecto ha sido posible gracias al <em>Programa Cultura en Igualdad. Mujeres en Museos Archivos y Bibliotecas<\/em> del Gobierno de Arag\u00f3n, y el <em>Pacto contra la Violencia de G\u00e9nero<\/em> del Ministerio de Igualdad.<\/p>\n<p style=\"text-align: justify\"><\/p>[\/et_pb_text][\/et_pb_column][et_pb_column type=\u00bb1_2&#8243; _builder_version=\u00bb3.25&#8243; custom_padding=\u00bb80px|5%|80px|5%\u00bb global_colors_info=\u00bb{}\u00bb custom_padding__hover=\u00bb|||\u00bb][et_pb_gallery gallery_ids=\u00bb26703,26699,26723,26728,26305&#8243; show_title_and_caption=\u00bboff\u00bb show_pagination=\u00bboff\u00bb _builder_version=\u00bb4.14.8&#8243; _module_preset=\u00bbdefault\u00bb global_colors_info=\u00bb{}\u00bb][\/et_pb_gallery][\/et_pb_column][\/et_pb_row][\/et_pb_section]","protected":false},"excerpt":{"rendered":"<p>DARA-Mujeres es un portal monogr\u00e1fico integrado en el portal general DARA (Documentos y Archivos de Arag\u00f3n). Est\u00e1 dedicado a visibilizar documentos y fotograf\u00edas que puedan servir como instrumento para el estudio de la mujer en la Historia. Tambi\u00e9n nace como canal para la difusi\u00f3n de trabajos, publicaciones y actividades promovidas desde los archivos aragoneses, que [&hellip;]<\/p>\n","protected":false},"author":1,"featured_media":26699,"parent":0,"menu_order":0,"comment_status":"closed","ping_status":"closed","template":"","meta":{"_et_pb_use_builder":"on","_et_pb_old_content":"<!-- wp:paragraph -->\n<p>La historia de las mujeres, como todo trabajo cient\u00edfico, requiere el acceso a las fuentes documentales Tradicionalmente, los archivos no se han preocupado de hacer especialmente accesibles los documentos relacionados con mujeres y se da la paradoja de que, conservando muchos de esos documentos, no resulta f\u00e1cil conocerlos porque los sistemas de trabajo de los archivos no han previsto la posibilidad de plantear b\u00fasquedas relacionadas con el g\u00e9nero.<\/p>\n<!-- \/wp:paragraph -->\n\n<!-- wp:paragraph -->\n<p>En los \u00faltimos tiempos los archivos aragoneses est\u00e1n intentando corregir ese d\u00e9ficit de atenci\u00f3n al mundo femenino. Para ello, se est\u00e1n revisando las descripciones tradicionales a\u00f1adi\u00e9ndoles la etiqueta de g\u00e9nero. As\u00ed, poco a poco, salen a la luz documentos, expedientes o fondos producidos por y para mujeres.<\/p>\n<!-- \/wp:paragraph -->\n\n<!-- wp:paragraph -->\n<p>Este portal es una muestra de ese empe\u00f1o de los archivos aragoneses por visibilizar todos esos documentos y proporcionar la informaci\u00f3n necesaria a nuestros historiadores e historiadoras y a toda la sociedad que demanda unas fuentes m\u00e1s completas y accesibles.<\/p>\n<!-- \/wp:paragraph -->\n\n<!-- wp:paragraph -->\n<p>Como siempre en DARA, se trata de un trabajo en construcci\u00f3n. Esta revisi\u00f3n requiere un tiempo y un trabajo que esperemos vaya viendo frutos poco a poco. &nbsp;<\/p>\n<!-- \/wp:paragraph -->\n\n<!-- wp:paragraph -->\n<p><em>Imagen:&nbsp; A elegir entre todas las que hay. Tambi\u00e9n se puede estudiar la posibilidad de incrustar una galer\u00eda en la que roten las im\u00e1genes.<\/em><\/p>\n<!-- \/wp:paragraph -->","_et_gb_content_width":"","footnotes":""},"class_list":["post-8","page","type-page","status-publish","has-post-thumbnail","hentry"],"yoast_head":"<!-- This site is optimized with the Yoast SEO plugin v26.2 - https:\/\/yoast.com\/wordpress\/plugins\/seo\/ -->\n<title>Presentaci\u00f3n - ARCHIVOS DE MUJERES<\/title>\n<meta name=\"robots\" content=\"index, follow, max-snippet:-1, max-image-preview:large, max-video-preview:-1\" \/>\n<link rel=\"canonical\" href=\"https:\/\/dara.aragon.es\/dara\/mujeres\/presentacion\/\" \/>\n<meta property=\"og:locale\" content=\"es_ES\" \/>\n<meta property=\"og:type\" content=\"article\" \/>\n<meta property=\"og:title\" content=\"Presentaci\u00f3n - ARCHIVOS DE MUJERES\" \/>\n<meta property=\"og:description\" content=\"DARA-Mujeres es un portal monogr\u00e1fico integrado en el portal general DARA (Documentos y Archivos de Arag\u00f3n). Est\u00e1 dedicado a visibilizar documentos y fotograf\u00edas que puedan servir como instrumento para el estudio de la mujer en la Historia. Tambi\u00e9n nace como canal para la difusi\u00f3n de trabajos, publicaciones y actividades promovidas desde los archivos aragoneses, que [&hellip;]\" \/>\n<meta property=\"og:url\" content=\"https:\/\/dara.aragon.es\/dara\/mujeres\/presentacion\/\" \/>\n<meta property=\"og:site_name\" content=\"ARCHIVOS DE MUJERES\" \/>\n<meta property=\"article:modified_time\" content=\"2022-03-01T14:08:39+00:00\" \/>\n<meta property=\"og:image\" content=\"https:\/\/dara.aragon.es\/dara\/mujeres\/wp-content\/uploads\/sites\/2\/2022\/02\/AHP-Teruel-Campana-Vacunacion.png\" \/>\n\t<meta property=\"og:image:width\" content=\"1181\" \/>\n\t<meta property=\"og:image:height\" content=\"844\" \/>\n\t<meta property=\"og:image:type\" content=\"image\/png\" \/>\n<meta name=\"twitter:card\" content=\"summary_large_image\" \/>\n<meta name=\"twitter:label1\" content=\"Tiempo de lectura\" \/>\n\t<meta name=\"twitter:data1\" content=\"4 minutos\" \/>\n<script type=\"application\/ld+json\" class=\"yoast-schema-graph\">{\"@context\":\"https:\/\/schema.org\",\"@graph\":[{\"@type\":\"WebPage\",\"@id\":\"https:\/\/dara.aragon.es\/dara\/mujeres\/presentacion\/\",\"url\":\"https:\/\/dara.aragon.es\/dara\/mujeres\/presentacion\/\",\"name\":\"Presentaci\u00f3n - ARCHIVOS DE MUJERES\",\"isPartOf\":{\"@id\":\"https:\/\/dara.aragon.es\/dara\/mujeres\/#website\"},\"primaryImageOfPage\":{\"@id\":\"https:\/\/dara.aragon.es\/dara\/mujeres\/presentacion\/#primaryimage\"},\"image\":{\"@id\":\"https:\/\/dara.aragon.es\/dara\/mujeres\/presentacion\/#primaryimage\"},\"thumbnailUrl\":\"https:\/\/dara.aragon.es\/dara\/mujeres\/wp-content\/uploads\/sites\/2\/2022\/02\/AHP-Teruel-Campana-Vacunacion.png\",\"datePublished\":\"2021-11-25T09:43:56+00:00\",\"dateModified\":\"2022-03-01T14:08:39+00:00\",\"breadcrumb\":{\"@id\":\"https:\/\/dara.aragon.es\/dara\/mujeres\/presentacion\/#breadcrumb\"},\"inLanguage\":\"es\",\"potentialAction\":[{\"@type\":\"ReadAction\",\"target\":[\"https:\/\/dara.aragon.es\/dara\/mujeres\/presentacion\/\"]}]},{\"@type\":\"ImageObject\",\"inLanguage\":\"es\",\"@id\":\"https:\/\/dara.aragon.es\/dara\/mujeres\/presentacion\/#primaryimage\",\"url\":\"https:\/\/dara.aragon.es\/dara\/mujeres\/wp-content\/uploads\/sites\/2\/2022\/02\/AHP-Teruel-Campana-Vacunacion.png\",\"contentUrl\":\"https:\/\/dara.aragon.es\/dara\/mujeres\/wp-content\/uploads\/sites\/2\/2022\/02\/AHP-Teruel-Campana-Vacunacion.png\",\"width\":1181,\"height\":844},{\"@type\":\"BreadcrumbList\",\"@id\":\"https:\/\/dara.aragon.es\/dara\/mujeres\/presentacion\/#breadcrumb\",\"itemListElement\":[{\"@type\":\"ListItem\",\"position\":1,\"name\":\"Fuentes documentales mujeres\",\"item\":\"https:\/\/dara.aragon.es\/dara\/mujeres\/\"},{\"@type\":\"ListItem\",\"position\":2,\"name\":\"Presentaci\u00f3n\"}]},{\"@type\":\"WebSite\",\"@id\":\"https:\/\/dara.aragon.es\/dara\/mujeres\/#website\",\"url\":\"https:\/\/dara.aragon.es\/dara\/mujeres\/\",\"name\":\"ARCHIVOS DE MUJERES\",\"description\":\"Otro sitio m\u00e1s de PORTALES DARA\",\"potentialAction\":[{\"@type\":\"SearchAction\",\"target\":{\"@type\":\"EntryPoint\",\"urlTemplate\":\"https:\/\/dara.aragon.es\/dara\/mujeres\/?s={search_term_string}\"},\"query-input\":{\"@type\":\"PropertyValueSpecification\",\"valueRequired\":true,\"valueName\":\"search_term_string\"}}],\"inLanguage\":\"es\"}]}<\/script>\n<!-- \/ Yoast SEO plugin. -->","yoast_head_json":{"title":"Presentaci\u00f3n - ARCHIVOS DE MUJERES","robots":{"index":"index","follow":"follow","max-snippet":"max-snippet:-1","max-image-preview":"max-image-preview:large","max-video-preview":"max-video-preview:-1"},"canonical":"https:\/\/dara.aragon.es\/dara\/mujeres\/presentacion\/","og_locale":"es_ES","og_type":"article","og_title":"Presentaci\u00f3n - ARCHIVOS DE MUJERES","og_description":"DARA-Mujeres es un portal monogr\u00e1fico integrado en el portal general DARA (Documentos y Archivos de Arag\u00f3n). Est\u00e1 dedicado a visibilizar documentos y fotograf\u00edas que puedan servir como instrumento para el estudio de la mujer en la Historia. Tambi\u00e9n nace como canal para la difusi\u00f3n de trabajos, publicaciones y actividades promovidas desde los archivos aragoneses, que [&hellip;]","og_url":"https:\/\/dara.aragon.es\/dara\/mujeres\/presentacion\/","og_site_name":"ARCHIVOS DE MUJERES","article_modified_time":"2022-03-01T14:08:39+00:00","og_image":[{"width":1181,"height":844,"url":"https:\/\/dara.aragon.es\/dara\/mujeres\/wp-content\/uploads\/sites\/2\/2022\/02\/AHP-Teruel-Campana-Vacunacion.png","type":"image\/png"}],"twitter_card":"summary_large_image","twitter_misc":{"Tiempo de lectura":"4 minutos"},"schema":{"@context":"https:\/\/schema.org","@graph":[{"@type":"WebPage","@id":"https:\/\/dara.aragon.es\/dara\/mujeres\/presentacion\/","url":"https:\/\/dara.aragon.es\/dara\/mujeres\/presentacion\/","name":"Presentaci\u00f3n - ARCHIVOS DE MUJERES","isPartOf":{"@id":"https:\/\/dara.aragon.es\/dara\/mujeres\/#website"},"primaryImageOfPage":{"@id":"https:\/\/dara.aragon.es\/dara\/mujeres\/presentacion\/#primaryimage"},"image":{"@id":"https:\/\/dara.aragon.es\/dara\/mujeres\/presentacion\/#primaryimage"},"thumbnailUrl":"https:\/\/dara.aragon.es\/dara\/mujeres\/wp-content\/uploads\/sites\/2\/2022\/02\/AHP-Teruel-Campana-Vacunacion.png","datePublished":"2021-11-25T09:43:56+00:00","dateModified":"2022-03-01T14:08:39+00:00","breadcrumb":{"@id":"https:\/\/dara.aragon.es\/dara\/mujeres\/presentacion\/#breadcrumb"},"inLanguage":"es","potentialAction":[{"@type":"ReadAction","target":["https:\/\/dara.aragon.es\/dara\/mujeres\/presentacion\/"]}]},{"@type":"ImageObject","inLanguage":"es","@id":"https:\/\/dara.aragon.es\/dara\/mujeres\/presentacion\/#primaryimage","url":"https:\/\/dara.aragon.es\/dara\/mujeres\/wp-content\/uploads\/sites\/2\/2022\/02\/AHP-Teruel-Campana-Vacunacion.png","contentUrl":"https:\/\/dara.aragon.es\/dara\/mujeres\/wp-content\/uploads\/sites\/2\/2022\/02\/AHP-Teruel-Campana-Vacunacion.png","width":1181,"height":844},{"@type":"BreadcrumbList","@id":"https:\/\/dara.aragon.es\/dara\/mujeres\/presentacion\/#breadcrumb","itemListElement":[{"@type":"ListItem","position":1,"name":"Fuentes documentales mujeres","item":"https:\/\/dara.aragon.es\/dara\/mujeres\/"},{"@type":"ListItem","position":2,"name":"Presentaci\u00f3n"}]},{"@type":"WebSite","@id":"https:\/\/dara.aragon.es\/dara\/mujeres\/#website","url":"https:\/\/dara.aragon.es\/dara\/mujeres\/","name":"ARCHIVOS DE MUJERES","description":"Otro sitio m\u00e1s de PORTALES DARA","potentialAction":[{"@type":"SearchAction","target":{"@type":"EntryPoint","urlTemplate":"https:\/\/dara.aragon.es\/dara\/mujeres\/?s={search_term_string}"},"query-input":{"@type":"PropertyValueSpecification","valueRequired":true,"valueName":"search_term_string"}}],"inLanguage":"es"}]}},"_links":{"self":[{"href":"https:\/\/dara.aragon.es\/dara\/mujeres\/wp-json\/wp\/v2\/pages\/8","targetHints":{"allow":["GET"]}}],"collection":[{"href":"https:\/\/dara.aragon.es\/dara\/mujeres\/wp-json\/wp\/v2\/pages"}],"about":[{"href":"https:\/\/dara.aragon.es\/dara\/mujeres\/wp-json\/wp\/v2\/types\/page"}],"author":[{"embeddable":true,"href":"https:\/\/dara.aragon.es\/dara\/mujeres\/wp-json\/wp\/v2\/users\/1"}],"replies":[{"embeddable":true,"href":"https:\/\/dara.aragon.es\/dara\/mujeres\/wp-json\/wp\/v2\/comments?post=8"}],"version-history":[{"count":21,"href":"https:\/\/dara.aragon.es\/dara\/mujeres\/wp-json\/wp\/v2\/pages\/8\/revisions"}],"predecessor-version":[{"id":26804,"href":"https:\/\/dara.aragon.es\/dara\/mujeres\/wp-json\/wp\/v2\/pages\/8\/revisions\/26804"}],"wp:featuredmedia":[{"embeddable":true,"href":"https:\/\/dara.aragon.es\/dara\/mujeres\/wp-json\/wp\/v2\/media\/26699"}],"wp:attachment":[{"href":"https:\/\/dara.aragon.es\/dara\/mujeres\/wp-json\/wp\/v2\/media?parent=8"}],"curies":[{"name":"wp","href":"https:\/\/api.w.org\/{rel}","templated":true}]}}