{"id":1353,"date":"2023-07-19T14:42:38","date_gmt":"2023-07-19T14:42:38","guid":{"rendered":"https:\/\/dara.aragon.es\/dara\/sijena\/?page_id=1353"},"modified":"2024-06-06T09:28:27","modified_gmt":"2024-06-06T09:28:27","slug":"correspondencia-de-las-religiosas","status":"publish","type":"page","link":"https:\/\/dara.aragon.es\/dara\/sijena\/correspondencia-de-las-religiosas\/","title":{"rendered":"Correspondencia de las religiosas"},"content":{"rendered":"<p>[et_pb_section fb_built=\u00bb1&#8243; fullwidth=\u00bbon\u00bb admin_label=\u00bbHeader Section\u00bb _builder_version=\u00bb4.20.2&#8243; background_color=\u00bb#0D3857&#8243; background_enable_image=\u00bboff\u00bb parallax=\u00bbon\u00bb custom_padding=\u00bb|||\u00bb saved_tabs=\u00bball\u00bb locked=\u00bboff\u00bb global_colors_info=\u00bb{}\u00bb][et_pb_fullwidth_post_title meta=\u00bboff\u00bb featured_image=\u00bboff\u00bb _builder_version=\u00bb4.25.1&#8243; _module_preset=\u00bbdefault\u00bb title_font=\u00bb&#8211;et_global_heading_font|||on|||||\u00bb title_text_align=\u00bbcenter\u00bb title_text_color=\u00bb#FFFFFF\u00bb title_font_size=\u00bb38px\u00bb background_color=\u00bb#0D3857&#8243; custom_padding=\u00bb3%||3%||false|false\u00bb global_colors_info=\u00bb{}\u00bb][\/et_pb_fullwidth_post_title][\/et_pb_section][et_pb_section fb_built=\u00bb1&#8243; _builder_version=\u00bb4.20.2&#8243; _module_preset=\u00bbdefault\u00bb background_color=\u00bb#FFFFFF\u00bb custom_margin=\u00bb0px|||||\u00bb custom_padding=\u00bb0px||0px|6px|false|false\u00bb global_colors_info=\u00bb{}\u00bb][et_pb_row column_structure=\u00bb1_3,2_3&#8243; _builder_version=\u00bb4.20.2&#8243; _module_preset=\u00bbdefault\u00bb global_colors_info=\u00bb{}\u00bb][et_pb_column type=\u00bb1_3&#8243; _builder_version=\u00bb4.20.2&#8243; _module_preset=\u00bbdefault\u00bb global_colors_info=\u00bb{}\u00bb][et_pb_image src=\u00bbhttps:\/\/dara.aragon.es\/dara\/sijena\/wp-content\/uploads\/sites\/5\/2023\/06\/426_PAN_san_14.jpg\u00bb alt=\u00bbFDPH_COMPAIRE_2956&#8243; title_text=\u00bb426_PAN_san_14&#8243; _builder_version=\u00bb4.20.2&#8243; _module_preset=\u00bbdefault\u00bb global_colors_info=\u00bb{}\u00bb][\/et_pb_image][\/et_pb_column][et_pb_column type=\u00bb2_3&#8243; _builder_version=\u00bb4.20.2&#8243; _module_preset=\u00bbdefault\u00bb global_colors_info=\u00bb{}\u00bb][et_pb_text _builder_version=\u00bb4.25.1&#8243; _module_preset=\u00bbdefault\u00bb global_colors_info=\u00bb{}\u00bb]<\/p>\n<p style=\"text-align: justify\"><span>Las religiosas de Sigena mantuvieron una fluida comunicaci\u00f3n epistolar tanto de la propia instituci\u00f3n mon\u00e1stica, las relaciones de la priora con autoridades civiles y eclesi\u00e1sticas, como la correspondencia privada de las monjas con familiares y amigos. <\/span><\/p>\n<p style=\"text-align: justify\"><span>Algunas de estas cartas han llegado a nuestros d\u00edas y actualmente se conservan tanto en los Archivos Hist\u00f3ricos Provinciales de Huesca y Zaragoza, como en los Archivos familiares. Este es el caso de los fondos de la familia Bardaj\u00ed y, especialmente, de las religiosas de la familia Ric de Fonz, hijas, t\u00edas y hermanas de los barones de Valdeolivos. Todos ellos, pueden consultarse virtualmente a trav\u00e9s de DARA.\u00a0<\/span><\/p>\n<p style=\"text-align: justify\">[\/et_pb_text][\/et_pb_column][\/et_pb_row][et_pb_row column_structure=\u00bb1_3,1_3,1_3&#8243; _builder_version=\u00bb4.20.2&#8243; _module_preset=\u00bbdefault\u00bb global_colors_info=\u00bb{}\u00bb][et_pb_column type=\u00bb1_3&#8243; _builder_version=\u00bb4.20.2&#8243; _module_preset=\u00bbdefault\u00bb global_colors_info=\u00bb{}\u00bb][et_pb_image src=\u00bbhttps:\/\/dara.aragon.es\/dara\/sijena\/wp-content\/uploads\/sites\/5\/2023\/07\/Cartap33.jpg\u00bb alt=\u00bbFDPH_COMPAIRE_2963&#8243; title_text=\u00bbAHPHU_S_00057_0001-p33&#8243; url=\u00bbhttps:\/\/dara.aragon.es\/opac\/app\/results\/sixe?p=0&amp;q=correspondencia+francisca+ric&amp;ob=df:0&amp;vm=mv&amp;ft=person:Ric+y+Pueyo,+Mar%C3%ADa+Francisca+%28priora%29&#8243; url_new_window=\u00bbon\u00bb align=\u00bbcenter\u00bb _builder_version=\u00bb4.25.1&#8243; _module_preset=\u00bbdefault\u00bb width=\u00bb100%\u00bb module_alignment=\u00bbcenter\u00bb min_height=\u00bb431px\u00bb height=\u00bb284px\u00bb custom_margin=\u00bb2px|-93px|8px||false|false\u00bb custom_padding=\u00bb|0px|0px|0px||\u00bb box_shadow_style=\u00bbpreset2&#8243; box_shadow_spread=\u00bb1px\u00bb global_colors_info=\u00bb{}\u00bb][\/et_pb_image][et_pb_button button_url=\u00bbhttps:\/\/dara.aragon.es\/opac\/app\/results\/sixe?p=0&amp;q=correspondencia+francisca+ric&amp;ob=df:0&amp;vm=mv&amp;ft=person:Ric+y+Pueyo,+Mar%C3%ADa+Francisca+%28priora%29&#8243; url_new_window=\u00bbon\u00bb button_text=\u00bbM\u00aa Francisca Ric y Pueyo  (priora) (1785-1813)\u00bb _builder_version=\u00bb4.25.1&#8243; _module_preset=\u00bbdefault\u00bb global_colors_info=\u00bb{}\u00bb][\/et_pb_button][\/et_pb_column][et_pb_column type=\u00bb1_3&#8243; _builder_version=\u00bb4.20.2&#8243; _module_preset=\u00bbdefault\u00bb global_colors_info=\u00bb{}\u00bb][et_pb_image src=\u00bbhttps:\/\/dara.aragon.es\/dara\/sijena\/wp-content\/uploads\/sites\/5\/2023\/07\/ABV_00031_0007_0001-Valdeolivos-scaled.jpg\u00bb title_text=\u00bbABV_00031_0007_0001 (Valdeolivos)\u00bb url=\u00bbhttps:\/\/dara.aragon.es\/opac\/app\/results\/sixe?p=0&amp;q=correspondencia&amp;ob=df:1&amp;pe=ric+y+montserrat,+ana+mar%C3%ADa&amp;vm=mv\u00bb url_new_window=\u00bbon\u00bb align=\u00bbcenter\u00bb _builder_version=\u00bb4.25.1&#8243; _module_preset=\u00bbdefault\u00bb width=\u00bb100%\u00bb module_alignment=\u00bbcenter\u00bb height=\u00bb434px\u00bb box_shadow_style=\u00bbpreset2&#8243; box_shadow_spread=\u00bb1px\u00bb global_colors_info=\u00bb{}\u00bb][\/et_pb_image][et_pb_button button_url=\u00bbhttps:\/\/dara.aragon.es\/opac\/app\/results\/sixe?p=0&amp;q=correspondencia&amp;ob=df:1&amp;pe=ric+y+montserrat,+ana+mar%C3%ADa&amp;vm=mv\u00bb url_new_window=\u00bbon\u00bb button_text=\u00bbAna Mar\u00eda Ric y Montserrat (1794-1807)\u00bb _builder_version=\u00bb4.25.1&#8243; _module_preset=\u00bbdefault\u00bb global_colors_info=\u00bb{}\u00bb][\/et_pb_button][\/et_pb_column][et_pb_column type=\u00bb1_3&#8243; _builder_version=\u00bb4.20.2&#8243; _module_preset=\u00bbdefault\u00bb global_colors_info=\u00bb{}\u00bb][et_pb_image src=\u00bbhttps:\/\/dara.aragon.es\/dara\/sijena\/wp-content\/uploads\/sites\/5\/2023\/07\/CARTA-BARDAJI.png\u00bb title_text=\u00bbCARTA BARDAJI\u00bb url=\u00bbhttps:\/\/dara.aragon.es\/opac\/app\/results\/sixe?p=0&amp;q=correspondencia&amp;ob=df:0&amp;pe=ric+y+montserrat,+micaela&amp;vm=mv\u00bb url_new_window=\u00bbon\u00bb align=\u00bbcenter\u00bb _builder_version=\u00bb4.25.1&#8243; _module_preset=\u00bbdefault\u00bb width=\u00bb100%\u00bb module_alignment=\u00bbcenter\u00bb height=\u00bb434px\u00bb border_width_all=\u00bb1px\u00bb border_color_all=\u00bb#000000&#8243; box_shadow_style=\u00bbpreset2&#8243; box_shadow_spread=\u00bb1px\u00bb global_colors_info=\u00bb{}\u00bb][\/et_pb_image][et_pb_button button_url=\u00bbhttps:\/\/dara.aragon.es\/opac\/app\/results\/sixe?p=0&amp;q=correspondencia&amp;ob=df:0&amp;pe=ric+y+montserrat,+micaela&amp;vm=mv\u00bb url_new_window=\u00bbon\u00bb button_text=\u00bbMicaela Ric y Montserrat (priora) (1796-1802)\u00bb _builder_version=\u00bb4.25.1&#8243; _module_preset=\u00bbdefault\u00bb global_colors_info=\u00bb{}\u00bb][\/et_pb_button][\/et_pb_column][\/et_pb_row][et_pb_row column_structure=\u00bb1_3,1_3,1_3&#8243; _builder_version=\u00bb4.20.2&#8243; _module_preset=\u00bbdefault\u00bb global_colors_info=\u00bb{}\u00bb][et_pb_column type=\u00bb1_3&#8243; _builder_version=\u00bb4.20.2&#8243; _module_preset=\u00bbdefault\u00bb global_colors_info=\u00bb{}\u00bb][et_pb_image src=\u00bbhttps:\/\/dara.aragon.es\/dara\/sijena\/wp-content\/uploads\/sites\/5\/2023\/07\/Cartap33.jpg\u00bb alt=\u00bbFDPH_COMPAIRE_2963&#8243; title_text=\u00bbAHPHU_S_00057_0001-p33&#8243; align=\u00bbcenter\u00bb _builder_version=\u00bb4.20.2&#8243; _module_preset=\u00bbdefault\u00bb width=\u00bb100%\u00bb module_alignment=\u00bbcenter\u00bb min_height=\u00bb431px\u00bb height=\u00bb284px\u00bb custom_margin=\u00bb2px|-93px|8px||false|false\u00bb custom_padding=\u00bb|0px|0px|0px||\u00bb box_shadow_style=\u00bbpreset2&#8243; box_shadow_spread=\u00bb1px\u00bb global_colors_info=\u00bb{}\u00bb][\/et_pb_image][et_pb_button button_url=\u00bbhttps:\/\/dara.aragon.es\/opac\/app\/results\/sixe?p=0&amp;q=correspondencia&amp;ob=re:1&amp;vm=mv\u00bb url_new_window=\u00bbon\u00bb button_text=\u00bbTODA LA CORRESPONDENCIA\u00bb _builder_version=\u00bb4.25.1&#8243; _module_preset=\u00bbdefault\u00bb global_colors_info=\u00bb{}\u00bb][\/et_pb_button][\/et_pb_column][et_pb_column type=\u00bb1_3&#8243; _builder_version=\u00bb4.20.2&#8243; _module_preset=\u00bbdefault\u00bb global_colors_info=\u00bb{}\u00bb][et_pb_image src=\u00bbhttps:\/\/dara.aragon.es\/dara\/sijena\/wp-content\/uploads\/sites\/5\/2023\/07\/ABV_00031_0007_0001-Valdeolivos-scaled.jpg\u00bb title_text=\u00bbABV_00031_0007_0001 (Valdeolivos)\u00bb align=\u00bbcenter\u00bb _builder_version=\u00bb4.20.2&#8243; _module_preset=\u00bbdefault\u00bb width=\u00bb100%\u00bb module_alignment=\u00bbcenter\u00bb height=\u00bb434px\u00bb box_shadow_style=\u00bbpreset2&#8243; box_shadow_spread=\u00bb1px\u00bb global_colors_info=\u00bb{}\u00bb][\/et_pb_image][et_pb_button button_url=\u00bbhttps:\/\/dara.aragon.es\/opac\/app\/results\/sixe?p=0&amp;q=correspondencia&amp;ob=df:1&amp;vm=mv&amp;ft=archive:7&#8243; url_new_window=\u00bbon\u00bb button_text=\u00bbCASA RIC- BARON\u00cdA DE VALDEOLIVOS (FONZ)\u00bb _builder_version=\u00bb4.25.1&#8243; _module_preset=\u00bbdefault\u00bb global_colors_info=\u00bb{}\u00bb][\/et_pb_button][\/et_pb_column][et_pb_column type=\u00bb1_3&#8243; _builder_version=\u00bb4.20.2&#8243; _module_preset=\u00bbdefault\u00bb global_colors_info=\u00bb{}\u00bb][et_pb_image src=\u00bbhttps:\/\/dara.aragon.es\/dara\/sijena\/wp-content\/uploads\/sites\/5\/2023\/07\/CARTA-BARDAJI.png\u00bb title_text=\u00bbCARTA BARDAJI\u00bb align=\u00bbcenter\u00bb _builder_version=\u00bb4.20.2&#8243; _module_preset=\u00bbdefault\u00bb width=\u00bb100%\u00bb module_alignment=\u00bbcenter\u00bb height=\u00bb434px\u00bb border_width_all=\u00bb1px\u00bb border_color_all=\u00bb#000000&#8243; box_shadow_style=\u00bbpreset2&#8243; box_shadow_spread=\u00bb1px\u00bb global_colors_info=\u00bb{}\u00bb][\/et_pb_image][et_pb_button button_url=\u00bbhttps:\/\/dara.aragon.es\/opac\/app\/item\/sixe?p=0&amp;q=correspondencia&amp;ob=df:1&amp;vm=nv&amp;i=95754&#8243; url_new_window=\u00bbon\u00bb button_text=\u00bbFAMILIA BARDAJ\u00cd (GRAUS)\u00bb _builder_version=\u00bb4.25.1&#8243; _module_preset=\u00bbdefault\u00bb global_colors_info=\u00bb{}\u00bb][\/et_pb_button][\/et_pb_column][\/et_pb_row][\/et_pb_section][et_pb_section fb_built=\u00bb1&#8243; _builder_version=\u00bb4.20.2&#8243; _module_preset=\u00bbdefault\u00bb background_color=\u00bb#FFFFFF\u00bb background_enable_image=\u00bboff\u00bb custom_padding=\u00bb12px||0px|||\u00bb global_colors_info=\u00bb{}\u00bb][et_pb_row _builder_version=\u00bb4.20.2&#8243; _module_preset=\u00bbdefault\u00bb custom_margin=\u00bb|auto|0px|auto|false|false\u00bb custom_padding=\u00bb||57px|29px||\u00bb global_colors_info=\u00bb{}\u00bb][et_pb_column type=\u00bb4_4&#8243; _builder_version=\u00bb4.20.2&#8243; _module_preset=\u00bbdefault\u00bb global_colors_info=\u00bb{}\u00bb][et_pb_button button_url=\u00bbhttps:\/\/dara.aragon.es\/dara\/sijena\/documentos-sobre-sigena\/\u00bb url_new_window=\u00bbon\u00bb button_text=\u00bbVOLVER A DOCUMENTOS SOBRE SIGENA\u00bb _builder_version=\u00bb4.20.2&#8243; _module_preset=\u00bbdefault\u00bb global_colors_info=\u00bb{}\u00bb][\/et_pb_button][\/et_pb_column][\/et_pb_row][\/et_pb_section]<\/p>\n","protected":false},"excerpt":{"rendered":"<p>Las religiosas de Sigena mantuvieron una fluida comunicaci\u00f3n epistolar tanto de la propia instituci\u00f3n mon\u00e1stica, las relaciones de la priora con autoridades civiles y eclesi\u00e1sticas, como la correspondencia privada de las monjas con familiares y amigos. Algunas de estas cartas han llegado a nuestros d\u00edas y actualmente se conservan tanto en los Archivos Hist\u00f3ricos Provinciales [&hellip;]<\/p>\n","protected":false},"author":2,"featured_media":1430,"parent":0,"menu_order":0,"comment_status":"closed","ping_status":"closed","template":"","meta":{"_et_pb_use_builder":"on","_et_pb_old_content":"<!-- wp:divi\/placeholder \/-->","_et_gb_content_width":"","footnotes":""},"class_list":["post-1353","page","type-page","status-publish","has-post-thumbnail","hentry"],"yoast_head":"<!-- This site is optimized with the Yoast SEO plugin v26.2 - https:\/\/yoast.com\/wordpress\/plugins\/seo\/ -->\n<title>Correspondencia de las religiosas - DARA-Sigena Virtual<\/title>\n<meta name=\"robots\" content=\"index, follow, max-snippet:-1, max-image-preview:large, max-video-preview:-1\" \/>\n<link rel=\"canonical\" href=\"https:\/\/dara.aragon.es\/dara\/sijena\/correspondencia-de-las-religiosas\/\" \/>\n<meta property=\"og:locale\" content=\"es_ES\" \/>\n<meta property=\"og:type\" content=\"article\" \/>\n<meta property=\"og:title\" content=\"Correspondencia de las religiosas - DARA-Sigena Virtual\" \/>\n<meta property=\"og:description\" content=\"Las religiosas de Sigena mantuvieron una fluida comunicaci\u00f3n epistolar tanto de la propia instituci\u00f3n mon\u00e1stica, las relaciones de la priora con autoridades civiles y eclesi\u00e1sticas, como la correspondencia privada de las monjas con familiares y amigos. Algunas de estas cartas han llegado a nuestros d\u00edas y actualmente se conservan tanto en los Archivos Hist\u00f3ricos Provinciales [&hellip;]\" \/>\n<meta property=\"og:url\" content=\"https:\/\/dara.aragon.es\/dara\/sijena\/correspondencia-de-las-religiosas\/\" \/>\n<meta property=\"og:site_name\" content=\"DARA-Sigena Virtual\" \/>\n<meta property=\"article:modified_time\" content=\"2024-06-06T09:28:27+00:00\" \/>\n<meta property=\"og:image\" content=\"https:\/\/dara.aragon.es\/dara\/sijena\/wp-content\/uploads\/sites\/5\/2023\/07\/ABV_00031_0007_0001-Valdeolivos-scaled.jpg\" \/>\n\t<meta property=\"og:image:width\" content=\"1868\" \/>\n\t<meta property=\"og:image:height\" content=\"2560\" \/>\n\t<meta property=\"og:image:type\" content=\"image\/jpeg\" \/>\n<meta name=\"twitter:card\" content=\"summary_large_image\" \/>\n<meta name=\"twitter:label1\" content=\"Tiempo de lectura\" \/>\n\t<meta name=\"twitter:data1\" content=\"6 minutos\" \/>\n<script type=\"application\/ld+json\" class=\"yoast-schema-graph\">{\"@context\":\"https:\/\/schema.org\",\"@graph\":[{\"@type\":\"WebPage\",\"@id\":\"https:\/\/dara.aragon.es\/dara\/sijena\/correspondencia-de-las-religiosas\/\",\"url\":\"https:\/\/dara.aragon.es\/dara\/sijena\/correspondencia-de-las-religiosas\/\",\"name\":\"Correspondencia de las religiosas - DARA-Sigena Virtual\",\"isPartOf\":{\"@id\":\"https:\/\/dara.aragon.es\/dara\/sijena\/#website\"},\"primaryImageOfPage\":{\"@id\":\"https:\/\/dara.aragon.es\/dara\/sijena\/correspondencia-de-las-religiosas\/#primaryimage\"},\"image\":{\"@id\":\"https:\/\/dara.aragon.es\/dara\/sijena\/correspondencia-de-las-religiosas\/#primaryimage\"},\"thumbnailUrl\":\"https:\/\/dara.aragon.es\/dara\/sijena\/wp-content\/uploads\/sites\/5\/2023\/07\/ABV_00031_0007_0001-Valdeolivos-scaled.jpg\",\"datePublished\":\"2023-07-19T14:42:38+00:00\",\"dateModified\":\"2024-06-06T09:28:27+00:00\",\"breadcrumb\":{\"@id\":\"https:\/\/dara.aragon.es\/dara\/sijena\/correspondencia-de-las-religiosas\/#breadcrumb\"},\"inLanguage\":\"es\",\"potentialAction\":[{\"@type\":\"ReadAction\",\"target\":[\"https:\/\/dara.aragon.es\/dara\/sijena\/correspondencia-de-las-religiosas\/\"]}]},{\"@type\":\"ImageObject\",\"inLanguage\":\"es\",\"@id\":\"https:\/\/dara.aragon.es\/dara\/sijena\/correspondencia-de-las-religiosas\/#primaryimage\",\"url\":\"https:\/\/dara.aragon.es\/dara\/sijena\/wp-content\/uploads\/sites\/5\/2023\/07\/ABV_00031_0007_0001-Valdeolivos-scaled.jpg\",\"contentUrl\":\"https:\/\/dara.aragon.es\/dara\/sijena\/wp-content\/uploads\/sites\/5\/2023\/07\/ABV_00031_0007_0001-Valdeolivos-scaled.jpg\",\"width\":1868,\"height\":2560},{\"@type\":\"BreadcrumbList\",\"@id\":\"https:\/\/dara.aragon.es\/dara\/sijena\/correspondencia-de-las-religiosas\/#breadcrumb\",\"itemListElement\":[{\"@type\":\"ListItem\",\"position\":1,\"name\":\"Portada\",\"item\":\"https:\/\/dara.aragon.es\/dara\/sijena\/\"},{\"@type\":\"ListItem\",\"position\":2,\"name\":\"Correspondencia de las religiosas\"}]},{\"@type\":\"WebSite\",\"@id\":\"https:\/\/dara.aragon.es\/dara\/sijena\/#website\",\"url\":\"https:\/\/dara.aragon.es\/dara\/sijena\/\",\"name\":\"DARA-Sigena Virtual\",\"description\":\"Sigena\",\"potentialAction\":[{\"@type\":\"SearchAction\",\"target\":{\"@type\":\"EntryPoint\",\"urlTemplate\":\"https:\/\/dara.aragon.es\/dara\/sijena\/?s={search_term_string}\"},\"query-input\":{\"@type\":\"PropertyValueSpecification\",\"valueRequired\":true,\"valueName\":\"search_term_string\"}}],\"inLanguage\":\"es\"}]}<\/script>\n<!-- \/ Yoast SEO plugin. -->","yoast_head_json":{"title":"Correspondencia de las religiosas - DARA-Sigena Virtual","robots":{"index":"index","follow":"follow","max-snippet":"max-snippet:-1","max-image-preview":"max-image-preview:large","max-video-preview":"max-video-preview:-1"},"canonical":"https:\/\/dara.aragon.es\/dara\/sijena\/correspondencia-de-las-religiosas\/","og_locale":"es_ES","og_type":"article","og_title":"Correspondencia de las religiosas - DARA-Sigena Virtual","og_description":"Las religiosas de Sigena mantuvieron una fluida comunicaci\u00f3n epistolar tanto de la propia instituci\u00f3n mon\u00e1stica, las relaciones de la priora con autoridades civiles y eclesi\u00e1sticas, como la correspondencia privada de las monjas con familiares y amigos. Algunas de estas cartas han llegado a nuestros d\u00edas y actualmente se conservan tanto en los Archivos Hist\u00f3ricos Provinciales [&hellip;]","og_url":"https:\/\/dara.aragon.es\/dara\/sijena\/correspondencia-de-las-religiosas\/","og_site_name":"DARA-Sigena Virtual","article_modified_time":"2024-06-06T09:28:27+00:00","og_image":[{"width":1868,"height":2560,"url":"https:\/\/dara.aragon.es\/dara\/sijena\/wp-content\/uploads\/sites\/5\/2023\/07\/ABV_00031_0007_0001-Valdeolivos-scaled.jpg","type":"image\/jpeg"}],"twitter_card":"summary_large_image","twitter_misc":{"Tiempo de lectura":"6 minutos"},"schema":{"@context":"https:\/\/schema.org","@graph":[{"@type":"WebPage","@id":"https:\/\/dara.aragon.es\/dara\/sijena\/correspondencia-de-las-religiosas\/","url":"https:\/\/dara.aragon.es\/dara\/sijena\/correspondencia-de-las-religiosas\/","name":"Correspondencia de las religiosas - DARA-Sigena Virtual","isPartOf":{"@id":"https:\/\/dara.aragon.es\/dara\/sijena\/#website"},"primaryImageOfPage":{"@id":"https:\/\/dara.aragon.es\/dara\/sijena\/correspondencia-de-las-religiosas\/#primaryimage"},"image":{"@id":"https:\/\/dara.aragon.es\/dara\/sijena\/correspondencia-de-las-religiosas\/#primaryimage"},"thumbnailUrl":"https:\/\/dara.aragon.es\/dara\/sijena\/wp-content\/uploads\/sites\/5\/2023\/07\/ABV_00031_0007_0001-Valdeolivos-scaled.jpg","datePublished":"2023-07-19T14:42:38+00:00","dateModified":"2024-06-06T09:28:27+00:00","breadcrumb":{"@id":"https:\/\/dara.aragon.es\/dara\/sijena\/correspondencia-de-las-religiosas\/#breadcrumb"},"inLanguage":"es","potentialAction":[{"@type":"ReadAction","target":["https:\/\/dara.aragon.es\/dara\/sijena\/correspondencia-de-las-religiosas\/"]}]},{"@type":"ImageObject","inLanguage":"es","@id":"https:\/\/dara.aragon.es\/dara\/sijena\/correspondencia-de-las-religiosas\/#primaryimage","url":"https:\/\/dara.aragon.es\/dara\/sijena\/wp-content\/uploads\/sites\/5\/2023\/07\/ABV_00031_0007_0001-Valdeolivos-scaled.jpg","contentUrl":"https:\/\/dara.aragon.es\/dara\/sijena\/wp-content\/uploads\/sites\/5\/2023\/07\/ABV_00031_0007_0001-Valdeolivos-scaled.jpg","width":1868,"height":2560},{"@type":"BreadcrumbList","@id":"https:\/\/dara.aragon.es\/dara\/sijena\/correspondencia-de-las-religiosas\/#breadcrumb","itemListElement":[{"@type":"ListItem","position":1,"name":"Portada","item":"https:\/\/dara.aragon.es\/dara\/sijena\/"},{"@type":"ListItem","position":2,"name":"Correspondencia de las religiosas"}]},{"@type":"WebSite","@id":"https:\/\/dara.aragon.es\/dara\/sijena\/#website","url":"https:\/\/dara.aragon.es\/dara\/sijena\/","name":"DARA-Sigena Virtual","description":"Sigena","potentialAction":[{"@type":"SearchAction","target":{"@type":"EntryPoint","urlTemplate":"https:\/\/dara.aragon.es\/dara\/sijena\/?s={search_term_string}"},"query-input":{"@type":"PropertyValueSpecification","valueRequired":true,"valueName":"search_term_string"}}],"inLanguage":"es"}]}},"_links":{"self":[{"href":"https:\/\/dara.aragon.es\/dara\/sijena\/wp-json\/wp\/v2\/pages\/1353","targetHints":{"allow":["GET"]}}],"collection":[{"href":"https:\/\/dara.aragon.es\/dara\/sijena\/wp-json\/wp\/v2\/pages"}],"about":[{"href":"https:\/\/dara.aragon.es\/dara\/sijena\/wp-json\/wp\/v2\/types\/page"}],"author":[{"embeddable":true,"href":"https:\/\/dara.aragon.es\/dara\/sijena\/wp-json\/wp\/v2\/users\/2"}],"replies":[{"embeddable":true,"href":"https:\/\/dara.aragon.es\/dara\/sijena\/wp-json\/wp\/v2\/comments?post=1353"}],"version-history":[{"count":24,"href":"https:\/\/dara.aragon.es\/dara\/sijena\/wp-json\/wp\/v2\/pages\/1353\/revisions"}],"predecessor-version":[{"id":3745,"href":"https:\/\/dara.aragon.es\/dara\/sijena\/wp-json\/wp\/v2\/pages\/1353\/revisions\/3745"}],"wp:featuredmedia":[{"embeddable":true,"href":"https:\/\/dara.aragon.es\/dara\/sijena\/wp-json\/wp\/v2\/media\/1430"}],"wp:attachment":[{"href":"https:\/\/dara.aragon.es\/dara\/sijena\/wp-json\/wp\/v2\/media?parent=1353"}],"curies":[{"name":"wp","href":"https:\/\/api.w.org\/{rel}","templated":true}]}}