{"id":28,"date":"2023-03-10T12:27:19","date_gmt":"2023-03-10T12:27:19","guid":{"rendered":"https:\/\/dara.aragon.es\/dara\/sijena\/?page_id=28"},"modified":"2025-04-04T03:11:18","modified_gmt":"2025-04-04T03:11:18","slug":"historia-del-monasterio","status":"publish","type":"page","link":"https:\/\/dara.aragon.es\/dara\/sijena\/historia-del-monasterio\/","title":{"rendered":"Historia del Monasterio"},"content":{"rendered":"<p>[et_pb_section fb_built=\u00bb1&#8243; fullwidth=\u00bbon\u00bb admin_label=\u00bbHeader Section\u00bb _builder_version=\u00bb4.20.2&#8243; background_color=\u00bb#0D3857&#8243; background_enable_image=\u00bboff\u00bb parallax=\u00bbon\u00bb custom_padding=\u00bb|||\u00bb saved_tabs=\u00bball\u00bb locked=\u00bboff\u00bb global_colors_info=\u00bb{}\u00bb][et_pb_fullwidth_post_title meta=\u00bboff\u00bb featured_image=\u00bboff\u00bb _builder_version=\u00bb4.25.1&#8243; _module_preset=\u00bbdefault\u00bb title_font=\u00bb&#8211;et_global_heading_font|||on|||||\u00bb title_text_align=\u00bbcenter\u00bb title_text_color=\u00bb#FFFFFF\u00bb title_font_size=\u00bb38px\u00bb background_color=\u00bb#0D3857&#8243; custom_padding=\u00bb3%||3%||false|false\u00bb global_colors_info=\u00bb{}\u00bb][\/et_pb_fullwidth_post_title][\/et_pb_section][et_pb_section fb_built=\u00bb1&#8243; admin_label=\u00bbSecci\u00f3n\u00bb _builder_version=\u00bb4.27.4&#8243; _module_preset=\u00bbdefault\u00bb custom_margin=\u00bb0px||0px||false|false\u00bb custom_padding=\u00bb0px||0px||false|false\u00bb global_colors_info=\u00bb{}\u00bb][et_pb_row _builder_version=\u00bb4.20.2&#8243; _module_preset=\u00bbdefault\u00bb min_height=\u00bb122px\u00bb global_colors_info=\u00bb{}\u00bb][et_pb_column type=\u00bb4_4&#8243; _builder_version=\u00bb4.20.2&#8243; _module_preset=\u00bbdefault\u00bb global_colors_info=\u00bb{}\u00bb][et_pb_text _builder_version=\u00bb4.20.2&#8243; _module_preset=\u00bbdefault\u00bb global_colors_info=\u00bb{}\u00bb]<\/p>\n<p style=\"text-align: justify;\">A principios de la d\u00e9cada de 1180, la reina Sancha de Castilla (1154-1208), esposa de Alfonso II de Arag\u00f3n, impuls\u00f3 la creaci\u00f3n de un monasterio femenino que acogiera a religiosas pertenecientes a la nobleza y la realeza aragonesa en la encomienda que la orden de San Juan del Hospital ten\u00eda en la zona oscense de los Monegros. Tras obtener el permiso de los dirigentes de la orden, el 21 de abril de 1188, el cenobio, edificado a orillas del rio Alcanadre en el cruce de caminos entre L\u00e9rida, Barbastro, Huesca y Zaragoza, fue consagrado por el obispo Ricardo de Huesca (1187-1201). La primera comunidad, integrada por una docena de religiosas pertenecientes a importantes linajes de la nobleza aragonesa, se puso bajo el gobierno de unas prioras que ejercieron su cargo con importante autonom\u00eda pese a estar subordinadas a la Castellan\u00eda de Amposta, cabeza de la orden en el reino de Arag\u00f3n. Desde entonces, dio comienzo una larga historia mon\u00e1stica que lleg\u00f3 hasta pleno siglo XX.<\/p>\n<p style=\"text-align: justify;\">Las dificultades de la comunidad se agudizaron en el siglo XIX, con la disoluci\u00f3n de su se\u00f1or\u00edo y la p\u00e9rdida de rentas. En 1840 las monjas tuvieron que abandonar el cenobio por el proceso desamortizador. No pudieron regresar hasta 1847.\u00a0 Durante la \u00faltima guerra civil (1936), el monasterio fue nuevamente abandonado y destruido por milicianos anarquistas aunque la comunidad sanjuanista pudo volver en 1947 y no lo abandon\u00f3 definitivamente hasta 1974.<\/p>\n<p style=\"text-align: justify;\"><span><\/span><\/p>\n<p>[\/et_pb_text][\/et_pb_column][\/et_pb_row][\/et_pb_section][et_pb_section fb_built=\u00bb1&#8243; admin_label=\u00bbSecci\u00f3n\u00bb _builder_version=\u00bb4.27.4&#8243; _module_preset=\u00bbdefault\u00bb custom_margin=\u00bb0px||0px||false|false\u00bb custom_padding=\u00bb0px||0px||false|false\u00bb global_colors_info=\u00bb{}\u00bb][et_pb_row column_structure=\u00bb1_3,1_3,1_3&#8243; _builder_version=\u00bb4.16&#8243; _module_preset=\u00bbdefault\u00bb locked=\u00bboff\u00bb global_colors_info=\u00bb{}\u00bb][et_pb_column type=\u00bb1_3&#8243; _builder_version=\u00bb4.16&#8243; _module_preset=\u00bbdefault\u00bb global_colors_info=\u00bb{}\u00bb][et_pb_blurb title=\u00bbEDAD MEDIA. SS. XII-XIV\u00bb url=\u00bbhttps:\/\/dara.aragon.es\/dara\/sijena\/edad-media\/\u00bb image=\u00bbhttps:\/\/dara.aragon.es\/dara\/sijena\/wp-content\/uploads\/sites\/5\/2023\/06\/336-scaled.jpg\u00bb content_max_width=\u00bb500px\u00bb _builder_version=\u00bb4.27.4&#8243; _module_preset=\u00bbdefault\u00bb custom_padding=\u00bb||||false|false\u00bb link_option_url=\u00bbhttps:\/\/dara.aragon.es\/dara\/sijena\/edad-media\/\u00bb hover_enabled=\u00bb0&#8243; border_color_all_image=\u00bb#000000&#8243; border_style_all_image=\u00bbnone\u00bb box_shadow_style_image=\u00bbpreset1&#8243; global_colors_info=\u00bb{}\u00bb sticky_enabled=\u00bb0&#8243;]<\/p>\n<p><span>La\u00a0<\/span><a href=\"https:\/\/dara.aragon.es\/dara\/sijena\/edad-media\/\">creaci\u00f3n de este monasterio<\/a><span>\u00a0se debe a la reina Sancha de Castilla (1154-1208), desposada con el monarca aragon\u00e9s Alfonso II.<\/span><\/p>\n<p>[\/et_pb_blurb][\/et_pb_column][et_pb_column type=\u00bb1_3&#8243; _builder_version=\u00bb4.16&#8243; _module_preset=\u00bbdefault\u00bb global_colors_info=\u00bb{}\u00bb][et_pb_blurb title=\u00bbDEL SIGLO XV A LA GUERRA CIVIL\u00bb url=\u00bbhttps:\/\/dara.aragon.es\/dara\/sijena\/el-declive\/\u00bb image=\u00bbhttps:\/\/dara.aragon.es\/dara\/sijena\/wp-content\/uploads\/sites\/5\/2023\/07\/Carderera_sin-margen.png\u00bb content_max_width=\u00bb500px\u00bb _builder_version=\u00bb4.27.4&#8243; _module_preset=\u00bbdefault\u00bb custom_padding=\u00bb||||false|false\u00bb link_option_url=\u00bbhttps:\/\/dara.aragon.es\/dara\/sijena\/el-declive\/\u00bb hover_enabled=\u00bb0&#8243; border_color_all_image=\u00bb#000000&#8243; border_style_all_image=\u00bbnone\u00bb box_shadow_style_image=\u00bbpreset1&#8243; global_colors_info=\u00bb{}\u00bb sticky_enabled=\u00bb0&#8243;]<\/p>\n<p><span>Perdido el apoyo de la realeza aragonesa a principios del siglo XV, Sigena empez\u00f3 un lento declive. No obstante, ya fuera por tradici\u00f3n o por prestigio,\u00a0<\/span><a href=\"https:\/\/dara.aragon.es\/dara\/sijena\/el-declive\/\">las familias de la nobleza aragonesa continuaron enviando all\u00ed a sus hijas<\/a><span>, lo que queda registrado en los diversos expedientes de limpieza de sangre y nobleza de las aspirantes a religiosas que se siguieron exigiendo hasta bien entrado el siglo XIX.<\/span><\/p>\n<p>[\/et_pb_blurb][\/et_pb_column][et_pb_column type=\u00bb1_3&#8243; _builder_version=\u00bb4.16&#8243; _module_preset=\u00bbdefault\u00bb global_colors_info=\u00bb{}\u00bb][et_pb_blurb title=\u00bbDE LA GUERRA CIVIL HASTA HOY\u00bb url=\u00bbhttps:\/\/dara.aragon.es\/dara\/sijena\/guerra-y-destruccion\/\u00bb image=\u00bbhttps:\/\/dara.aragon.es\/dara\/sijena\/wp-content\/uploads\/sites\/5\/2023\/04\/JCG1158-scaled.jpg\u00bb alt=\u00bbJCG1158_Carlos Gil\u00bb content_max_width=\u00bb500px\u00bb _builder_version=\u00bb4.27.4&#8243; _module_preset=\u00bbdefault\u00bb custom_padding=\u00bb||||false|false\u00bb link_option_url=\u00bbhttps:\/\/dara.aragon.es\/dara\/sijena\/guerra-y-destruccion\/\u00bb hover_enabled=\u00bb0&#8243; border_color_all_image=\u00bb#000000&#8243; border_style_all_image=\u00bbnone\u00bb box_shadow_style_image=\u00bbpreset1&#8243; global_colors_info=\u00bb{}\u00bb sticky_enabled=\u00bb0&#8243;]<\/p>\n<p><span>El 28 de marzo de 1923 el conjunto sigjenense hab\u00eda sido declarado Monumento Nacional, lo que\u00a0<\/span><a href=\"https:\/\/dara.aragon.es\/dara\/sijena\/guerra-y-destruccion\/\">no evitar\u00eda su destrucci\u00f3n pocos a\u00f1os despu\u00e9s<\/a><span>. Esto ocurri\u00f3 apenas un mes iniciada la Guerra Civil, cuando una columna de milicianos anarquistas que se dirig\u00edan al frente de Huesca incendiaron el monasterio.<\/span><\/p>\n<p>[\/et_pb_blurb][\/et_pb_column][\/et_pb_row][\/et_pb_section]<\/p>\n","protected":false},"excerpt":{"rendered":"<p>Historia del monasterio de Sijena<\/p>\n","protected":false},"author":1,"featured_media":119,"parent":0,"menu_order":0,"comment_status":"closed","ping_status":"closed","template":"","meta":{"_et_pb_use_builder":"on","_et_pb_old_content":"<!-- wp:divi\/placeholder \/-->","_et_gb_content_width":"","footnotes":""},"class_list":["post-28","page","type-page","status-publish","has-post-thumbnail","hentry"],"yoast_head":"<!-- This site is optimized with the Yoast SEO plugin v26.2 - https:\/\/yoast.com\/wordpress\/plugins\/seo\/ -->\n<title>Historia del Monasterio - DARA-Sigena Virtual<\/title>\n<meta name=\"robots\" content=\"index, follow, max-snippet:-1, max-image-preview:large, max-video-preview:-1\" \/>\n<link rel=\"canonical\" href=\"https:\/\/dara.aragon.es\/dara\/sijena\/historia-del-monasterio\/\" \/>\n<meta property=\"og:locale\" content=\"es_ES\" \/>\n<meta property=\"og:type\" content=\"article\" \/>\n<meta property=\"og:title\" content=\"Historia del Monasterio - DARA-Sigena Virtual\" \/>\n<meta property=\"og:description\" content=\"Historia del monasterio de Sijena\" \/>\n<meta property=\"og:url\" content=\"https:\/\/dara.aragon.es\/dara\/sijena\/historia-del-monasterio\/\" \/>\n<meta property=\"og:site_name\" content=\"DARA-Sigena Virtual\" \/>\n<meta property=\"article:modified_time\" content=\"2025-04-04T03:11:18+00:00\" \/>\n<meta property=\"og:image\" content=\"https:\/\/dara.aragon.es\/dara\/sijena\/wp-content\/uploads\/sites\/5\/2023\/03\/AHPZ_MF_GALIAY_0018.jpg\" \/>\n\t<meta property=\"og:image:width\" content=\"453\" \/>\n\t<meta property=\"og:image:height\" content=\"600\" \/>\n\t<meta property=\"og:image:type\" content=\"image\/jpeg\" \/>\n<meta name=\"twitter:card\" content=\"summary_large_image\" \/>\n<meta name=\"twitter:label1\" content=\"Tiempo de lectura\" \/>\n\t<meta name=\"twitter:data1\" content=\"4 minutos\" \/>\n<script type=\"application\/ld+json\" class=\"yoast-schema-graph\">{\"@context\":\"https:\/\/schema.org\",\"@graph\":[{\"@type\":\"WebPage\",\"@id\":\"https:\/\/dara.aragon.es\/dara\/sijena\/historia-del-monasterio\/\",\"url\":\"https:\/\/dara.aragon.es\/dara\/sijena\/historia-del-monasterio\/\",\"name\":\"Historia del Monasterio - DARA-Sigena Virtual\",\"isPartOf\":{\"@id\":\"https:\/\/dara.aragon.es\/dara\/sijena\/#website\"},\"primaryImageOfPage\":{\"@id\":\"https:\/\/dara.aragon.es\/dara\/sijena\/historia-del-monasterio\/#primaryimage\"},\"image\":{\"@id\":\"https:\/\/dara.aragon.es\/dara\/sijena\/historia-del-monasterio\/#primaryimage\"},\"thumbnailUrl\":\"https:\/\/dara.aragon.es\/dara\/sijena\/wp-content\/uploads\/sites\/5\/2023\/03\/AHPZ_MF_GALIAY_0018.jpg\",\"datePublished\":\"2023-03-10T12:27:19+00:00\",\"dateModified\":\"2025-04-04T03:11:18+00:00\",\"breadcrumb\":{\"@id\":\"https:\/\/dara.aragon.es\/dara\/sijena\/historia-del-monasterio\/#breadcrumb\"},\"inLanguage\":\"es\",\"potentialAction\":[{\"@type\":\"ReadAction\",\"target\":[\"https:\/\/dara.aragon.es\/dara\/sijena\/historia-del-monasterio\/\"]}]},{\"@type\":\"ImageObject\",\"inLanguage\":\"es\",\"@id\":\"https:\/\/dara.aragon.es\/dara\/sijena\/historia-del-monasterio\/#primaryimage\",\"url\":\"https:\/\/dara.aragon.es\/dara\/sijena\/wp-content\/uploads\/sites\/5\/2023\/03\/AHPZ_MF_GALIAY_0018.jpg\",\"contentUrl\":\"https:\/\/dara.aragon.es\/dara\/sijena\/wp-content\/uploads\/sites\/5\/2023\/03\/AHPZ_MF_GALIAY_0018.jpg\",\"width\":453,\"height\":600,\"caption\":\"Historia-AHPZ_MF_GALIAY_0018\"},{\"@type\":\"BreadcrumbList\",\"@id\":\"https:\/\/dara.aragon.es\/dara\/sijena\/historia-del-monasterio\/#breadcrumb\",\"itemListElement\":[{\"@type\":\"ListItem\",\"position\":1,\"name\":\"Portada\",\"item\":\"https:\/\/dara.aragon.es\/dara\/sijena\/\"},{\"@type\":\"ListItem\",\"position\":2,\"name\":\"Historia del Monasterio\"}]},{\"@type\":\"WebSite\",\"@id\":\"https:\/\/dara.aragon.es\/dara\/sijena\/#website\",\"url\":\"https:\/\/dara.aragon.es\/dara\/sijena\/\",\"name\":\"DARA-Sigena Virtual\",\"description\":\"Sigena\",\"potentialAction\":[{\"@type\":\"SearchAction\",\"target\":{\"@type\":\"EntryPoint\",\"urlTemplate\":\"https:\/\/dara.aragon.es\/dara\/sijena\/?s={search_term_string}\"},\"query-input\":{\"@type\":\"PropertyValueSpecification\",\"valueRequired\":true,\"valueName\":\"search_term_string\"}}],\"inLanguage\":\"es\"}]}<\/script>\n<!-- \/ Yoast SEO plugin. -->","yoast_head_json":{"title":"Historia del Monasterio - DARA-Sigena Virtual","robots":{"index":"index","follow":"follow","max-snippet":"max-snippet:-1","max-image-preview":"max-image-preview:large","max-video-preview":"max-video-preview:-1"},"canonical":"https:\/\/dara.aragon.es\/dara\/sijena\/historia-del-monasterio\/","og_locale":"es_ES","og_type":"article","og_title":"Historia del Monasterio - DARA-Sigena Virtual","og_description":"Historia del monasterio de Sijena","og_url":"https:\/\/dara.aragon.es\/dara\/sijena\/historia-del-monasterio\/","og_site_name":"DARA-Sigena Virtual","article_modified_time":"2025-04-04T03:11:18+00:00","og_image":[{"width":453,"height":600,"url":"https:\/\/dara.aragon.es\/dara\/sijena\/wp-content\/uploads\/sites\/5\/2023\/03\/AHPZ_MF_GALIAY_0018.jpg","type":"image\/jpeg"}],"twitter_card":"summary_large_image","twitter_misc":{"Tiempo de lectura":"4 minutos"},"schema":{"@context":"https:\/\/schema.org","@graph":[{"@type":"WebPage","@id":"https:\/\/dara.aragon.es\/dara\/sijena\/historia-del-monasterio\/","url":"https:\/\/dara.aragon.es\/dara\/sijena\/historia-del-monasterio\/","name":"Historia del Monasterio - DARA-Sigena Virtual","isPartOf":{"@id":"https:\/\/dara.aragon.es\/dara\/sijena\/#website"},"primaryImageOfPage":{"@id":"https:\/\/dara.aragon.es\/dara\/sijena\/historia-del-monasterio\/#primaryimage"},"image":{"@id":"https:\/\/dara.aragon.es\/dara\/sijena\/historia-del-monasterio\/#primaryimage"},"thumbnailUrl":"https:\/\/dara.aragon.es\/dara\/sijena\/wp-content\/uploads\/sites\/5\/2023\/03\/AHPZ_MF_GALIAY_0018.jpg","datePublished":"2023-03-10T12:27:19+00:00","dateModified":"2025-04-04T03:11:18+00:00","breadcrumb":{"@id":"https:\/\/dara.aragon.es\/dara\/sijena\/historia-del-monasterio\/#breadcrumb"},"inLanguage":"es","potentialAction":[{"@type":"ReadAction","target":["https:\/\/dara.aragon.es\/dara\/sijena\/historia-del-monasterio\/"]}]},{"@type":"ImageObject","inLanguage":"es","@id":"https:\/\/dara.aragon.es\/dara\/sijena\/historia-del-monasterio\/#primaryimage","url":"https:\/\/dara.aragon.es\/dara\/sijena\/wp-content\/uploads\/sites\/5\/2023\/03\/AHPZ_MF_GALIAY_0018.jpg","contentUrl":"https:\/\/dara.aragon.es\/dara\/sijena\/wp-content\/uploads\/sites\/5\/2023\/03\/AHPZ_MF_GALIAY_0018.jpg","width":453,"height":600,"caption":"Historia-AHPZ_MF_GALIAY_0018"},{"@type":"BreadcrumbList","@id":"https:\/\/dara.aragon.es\/dara\/sijena\/historia-del-monasterio\/#breadcrumb","itemListElement":[{"@type":"ListItem","position":1,"name":"Portada","item":"https:\/\/dara.aragon.es\/dara\/sijena\/"},{"@type":"ListItem","position":2,"name":"Historia del Monasterio"}]},{"@type":"WebSite","@id":"https:\/\/dara.aragon.es\/dara\/sijena\/#website","url":"https:\/\/dara.aragon.es\/dara\/sijena\/","name":"DARA-Sigena Virtual","description":"Sigena","potentialAction":[{"@type":"SearchAction","target":{"@type":"EntryPoint","urlTemplate":"https:\/\/dara.aragon.es\/dara\/sijena\/?s={search_term_string}"},"query-input":{"@type":"PropertyValueSpecification","valueRequired":true,"valueName":"search_term_string"}}],"inLanguage":"es"}]}},"_links":{"self":[{"href":"https:\/\/dara.aragon.es\/dara\/sijena\/wp-json\/wp\/v2\/pages\/28","targetHints":{"allow":["GET"]}}],"collection":[{"href":"https:\/\/dara.aragon.es\/dara\/sijena\/wp-json\/wp\/v2\/pages"}],"about":[{"href":"https:\/\/dara.aragon.es\/dara\/sijena\/wp-json\/wp\/v2\/types\/page"}],"author":[{"embeddable":true,"href":"https:\/\/dara.aragon.es\/dara\/sijena\/wp-json\/wp\/v2\/users\/1"}],"replies":[{"embeddable":true,"href":"https:\/\/dara.aragon.es\/dara\/sijena\/wp-json\/wp\/v2\/comments?post=28"}],"version-history":[{"count":73,"href":"https:\/\/dara.aragon.es\/dara\/sijena\/wp-json\/wp\/v2\/pages\/28\/revisions"}],"predecessor-version":[{"id":3938,"href":"https:\/\/dara.aragon.es\/dara\/sijena\/wp-json\/wp\/v2\/pages\/28\/revisions\/3938"}],"wp:featuredmedia":[{"embeddable":true,"href":"https:\/\/dara.aragon.es\/dara\/sijena\/wp-json\/wp\/v2\/media\/119"}],"wp:attachment":[{"href":"https:\/\/dara.aragon.es\/dara\/sijena\/wp-json\/wp\/v2\/media?parent=28"}],"curies":[{"name":"wp","href":"https:\/\/api.w.org\/{rel}","templated":true}]}}