{"id":36,"date":"2023-03-10T13:11:51","date_gmt":"2023-03-10T13:11:51","guid":{"rendered":"https:\/\/dara.aragon.es\/dara\/sijena\/?page_id=36"},"modified":"2025-04-04T14:51:10","modified_gmt":"2025-04-04T14:51:10","slug":"propiedades","status":"publish","type":"page","link":"https:\/\/dara.aragon.es\/dara\/sijena\/propiedades\/","title":{"rendered":"El Dominio mon\u00e1stico"},"content":{"rendered":"<p>[et_pb_section fb_built=\u00bb1&#8243; fullwidth=\u00bbon\u00bb admin_label=\u00bbHeader Section\u00bb _builder_version=\u00bb4.20.2&#8243; background_color=\u00bb#0D3857&#8243; background_enable_image=\u00bboff\u00bb parallax=\u00bbon\u00bb custom_padding=\u00bb|||\u00bb saved_tabs=\u00bball\u00bb locked=\u00bboff\u00bb global_colors_info=\u00bb{}\u00bb][et_pb_fullwidth_post_title meta=\u00bboff\u00bb featured_image=\u00bboff\u00bb _builder_version=\u00bb4.27.4&#8243; _module_preset=\u00bbdefault\u00bb title_font=\u00bb&#8211;et_global_heading_font|||on|||||\u00bb title_text_align=\u00bbcenter\u00bb title_text_color=\u00bb#FFFFFF\u00bb title_font_size=\u00bb38px\u00bb background_color=\u00bb#0D3857&#8243; custom_padding=\u00bb3%||3%||false|false\u00bb hover_enabled=\u00bb0&#8243; global_colors_info=\u00bb{}\u00bb sticky_enabled=\u00bb0&#8243;][\/et_pb_fullwidth_post_title][\/et_pb_section][et_pb_section fb_built=\u00bb1&#8243; _builder_version=\u00bb4.27.4&#8243; _module_preset=\u00bbdefault\u00bb hover_enabled=\u00bb0&#8243; global_colors_info=\u00bb{}\u00bb custom_padding=\u00bb0px||||false|false\u00bb sticky_enabled=\u00bb0&#8243;][et_pb_row column_structure=\u00bb3_5,2_5&#8243; _builder_version=\u00bb4.20.2&#8243; _module_preset=\u00bbdefault\u00bb global_colors_info=\u00bb{}\u00bb][et_pb_column type=\u00bb3_5&#8243; _builder_version=\u00bb4.20.2&#8243; _module_preset=\u00bbdefault\u00bb global_colors_info=\u00bb{}\u00bb][et_pb_text _builder_version=\u00bb4.20.2&#8243; _module_preset=\u00bbdefault\u00bb global_colors_info=\u00bb{}\u00bb]<\/p>\n<p style=\"text-align: justify\">Durante los primeros momentos de la Edad Media, los reinos cristianos peninsulares carecieron de un aparato burocr\u00e1tico que les permitiera administrar adecuadamente los territorios en expansi\u00f3n. En este sentido, \u00f3rdenes militares y monasterios se situaron como ejes principales de la administraci\u00f3n, al hacerse cargo de una serie de territorios sobre los que ejerc\u00edan plena potestad: detentaban la jurisdicci\u00f3n e impon\u00edan rentas e impuestos a sus habitantes. En el caso aragon\u00e9s, el monasterio de Veruela, situado a las faldas del Moncayo, los monasterios de Montearag\u00f3n y Casbas, en el somontano oscense, o el monasterio de Rueda en el l\u00edmite del Bajo Arag\u00f3n son ejemplos de ello.<\/p>\n<p style=\"text-align: justify\">El monasterio de Sigena no fue diferente y, desde su fundaci\u00f3n, ejerci\u00f3 una importante influencia en la vida econ\u00f3mica, social y religiosa de los Monegros, gracias, fundamentalmente, a las importantes donaciones de los reyes. As\u00ed, establecer\u00e1 mercados semanales que han llegado a nuestros d\u00edas, repartir\u00e1 lotes de tierras, llevar\u00e1 a cabo una importante labor de repoblaci\u00f3n mediante la atracci\u00f3n de nuevos habitantes y fundar\u00e1 aut\u00e9nticas villas de se\u00f1or\u00edo, entre otras decisiones vitales.<\/p>\n<p style=\"text-align: justify\"><span><\/span><\/p>\n<p style=\"text-align: justify\"><span><\/span><\/p>\n<p style=\"text-align: justify\"><span><\/span><\/p>\n<p>[\/et_pb_text][\/et_pb_column][et_pb_column type=\u00bb2_5&#8243; _builder_version=\u00bb4.20.2&#8243; _module_preset=\u00bbdefault\u00bb global_colors_info=\u00bb{}\u00bb][et_pb_gallery gallery_ids=\u00bb1315&#8243; _builder_version=\u00bb4.20.2&#8243; _module_preset=\u00bbdefault\u00bb global_colors_info=\u00bb{}\u00bb][\/et_pb_gallery][et_pb_button button_url=\u00bbhttps:\/\/dara.aragon.es\/opac\/app\/item\/?p=0&#038;q=raimundo+de+caneto&#038;ob=df:1&#038;vm=nv&#038;i=108878&#8243; button_text=\u00bbVER DOCUMENTO EN DARA\u00bb _builder_version=\u00bb4.20.2&#8243; _module_preset=\u00bbdefault\u00bb global_colors_info=\u00bb{}\u00bb][\/et_pb_button][\/et_pb_column][\/et_pb_row][et_pb_row _builder_version=\u00bb4.27.4&#8243; _module_preset=\u00bbdefault\u00bb][et_pb_column _builder_version=\u00bb4.27.4&#8243; _module_preset=\u00bbdefault\u00bb type=\u00bb4_4&#8243;][et_pb_divider _builder_version=\u00bb4.27.4&#8243; _module_preset=\u00bbdefault\u00bb hover_enabled=\u00bb0&#8243; sticky_enabled=\u00bb0&#8243;][\/et_pb_divider][\/et_pb_column][\/et_pb_row][et_pb_row column_structure=\u00bb1_3,2_3&#8243; _builder_version=\u00bb4.20.2&#8243; _module_preset=\u00bbdefault\u00bb global_colors_info=\u00bb{}\u00bb][et_pb_column type=\u00bb1_3&#8243; _builder_version=\u00bb4.20.2&#8243; _module_preset=\u00bbdefault\u00bb global_colors_info=\u00bb{}\u00bb][et_pb_text _builder_version=\u00bb4.27.4&#8243; _module_preset=\u00bbdefault\u00bb global_colors_info=\u00bb{}\u00bb header_2_line_height=\u00bb1.3em\u00bb hover_enabled=\u00bb0&#8243; sticky_enabled=\u00bb0&#8243;]<\/p>\n<h2 style=\"text-align: left;\"><span style=\"color: #0c71c3;\">ETAPAS DE FORMACI\u00d3N DEL SE\u00d1OR\u00cdO<\/span><\/h2>\n<p>[\/et_pb_text][et_pb_image src=\u00bbhttps:\/\/dara.aragon.es\/dara\/sijena\/wp-content\/uploads\/sites\/5\/2023\/03\/mapa4.jpg\u00bb alt=\u00bbMapas de propiedades\u00bb title_text=\u00bbmapa4&#8243; align=\u00bbcenter\u00bb _builder_version=\u00bb4.27.4&#8243; _module_preset=\u00bbdefault\u00bb width=\u00bb100%\u00bb max_width=\u00bb100%\u00bb module_alignment=\u00bbleft\u00bb min_height=\u00bb278px\u00bb max_height=\u00bb1000px\u00bb custom_margin=\u00bb||||false|false\u00bb custom_padding=\u00bb|0px||0px|false|false\u00bb hover_enabled=\u00bb0&#8243; border_radii=\u00bbon|3px|3px|3px|3px\u00bb border_width_all=\u00bb1px\u00bb border_color_all=\u00bb#E09900&#8243; global_colors_info=\u00bb{}\u00bb sticky_enabled=\u00bb0&#8243;][\/et_pb_image][\/et_pb_column][et_pb_column type=\u00bb2_3&#8243; _builder_version=\u00bb4.20.2&#8243; _module_preset=\u00bbdefault\u00bb global_colors_info=\u00bb{}\u00bb][et_pb_tabs _builder_version=\u00bb4.27.4&#8243; _module_preset=\u00bbdefault\u00bb global_colors_info=\u00bb{}\u00bb button_bg_color__hover=\u00bbRGBA(255,255,255,0)\u00bb button_bg_color__hover_enabled=\u00bbon|hover\u00bb button_border_color__hover=\u00bb#232323&#8243; button_border_color__hover_enabled=\u00bbon|hover\u00bb][et_pb_tab title=\u00bb1.- NACIMIENTO Y FORMACI\u00d3N DEL MONASTERIO 1188-1208&#8243; _builder_version=\u00bb4.20.2&#8243; _module_preset=\u00bbdefault\u00bb global_colors_info=\u00bb{}\u00bb]<\/p>\n<p style=\"text-align: justify\">Cuando en 1188 la reina Sancha de Arag\u00f3n auspici\u00f3 la creaci\u00f3n del <span style=\"color: #0a0a0a\">monasterio<\/span> de Sigena lo dot\u00f3 de un peque\u00f1o territorio del cual extraer las rentas que permitieran vivir a la comunidad de religiosas. El se\u00f1or\u00edo original estaba formado por las villas de Sena, Sigena y Urgellet, situadas a orillas del r\u00edo Alcanadre; posesiones que pertenec\u00edan a la reina gracias a que las hab\u00eda cambiado al Castell\u00e1n de Amposta (m\u00e1ximo dirigente en la Corona de Arag\u00f3n de la Orden de San Juan de Jerusal\u00e9n) por un manso situado en Colong, cerca de Tarragona. Dentro de esa circunscripci\u00f3n, de unas 25.000 hect\u00e1reas (650 de las cuales eran de regad\u00edo) se decidi\u00f3 poblar una nueva villa, Villanueva de Sigena, poblada por gentes de los tres n\u00facleos originales. Sin embargo, la necesidad de costear la construcci\u00f3n del monasterio hizo que el dinero producido en ese territorio no fuera suficiente por lo que Alfonso II se decidi\u00f3 a donar a la comunidad sigenense la villa de Candasnos en 1188, a la cual seguir\u00edan la villa de Onti\u00f1ena y amplias posesiones en Alcubierre. Pero los dominios del monasterio no se redujeron \u00fanicamente a los terrenos lim\u00edtrofes, sino que simult\u00e1neamente fueron surgiendo focos menores repartidos por toda la Corona de Arag\u00f3n, especialmente en las ciudades y villas m\u00e1s importantes. Estos inmuebles, que adoptaban la forma de casas, huertos, vi\u00f1as o campos, pasaban a Sigena gracias a donaciones de particulares; o bien mediante las dotes que las nuevas religiosas entregaban al adoptar la vida mon\u00e1stica, o de gentes que buscaban la salvaci\u00f3n eterna. Destacan dos tipos, las situadas en el Somontano oscense (Barbastro, Aguas y Huesca, donde lleg\u00f3 a fraguarse un barrio de Sigena) y n\u00facleos dispersos (Tortosa, L\u00e9rida, Montroig y Calamocha).<\/p>\n<p>[\/et_pb_tab][et_pb_tab title=\u00bb2.- GRAN EXPANSI\u00d3N TERRITORIAL 1208-1237&#8243; _builder_version=\u00bb4.20.2&#8243; _module_preset=\u00bbdefault\u00bb global_colors_info=\u00bb{}\u00bb]<\/p>\n<div class=\"row\">\n<div id=\"page-wrap\">\n<div id=\"more-info\" class=\"col-md-8 col-xs-12\">\n<div>\n<p style=\"text-align: justify\">Tras la muerte de la reina Sancha el monasterio de Sigena se encontraba al l\u00edmite de sus posibilidades econ\u00f3micas, debido al gran coste de la construcci\u00f3n del templo y dem\u00e1s estancias del monasterio. Situaci\u00f3n que se solucion\u00f3 gracias a las importantes donaciones realizadas por el monarca Pedro II, hijo de Sancha y de Alfonso II. Este soberano entreg\u00f3 definitivamente la villa de Candasnos (1209), a la que se sumaron unos a\u00f1os despu\u00e9s (1212) las villas de Lanaja y Ballobar. Resultado de lo cual el monasterio dobl\u00f3 su territorio, el cual pas\u00f3 de unos 387 km2 a 691 km2.<\/p>\n<p style=\"text-align: justify\">A la muerte de Pedro II su hijo Jaime I continu\u00f3 la tradici\u00f3n de sus antecesores de proteger el monasterio de Sigena y de ampliar sus dominios. En este sentido confirm\u00f3 las donaciones de su padre y abuelos (Cambor, Alcal\u00e1, Farlete, Yuberre y Lanaja entre otros), adem\u00e1s decidi\u00f3 donar a la comunidad religiosa el castillo y la villa de Sigena en 1226. Tres a\u00f1os despu\u00e9s, en 1229, Ozenda de Lizana decidi\u00f3 ampliar el territorio del monasterio mediante la compra del castillo y la villa de Bujaraloz, ensanchando sus dominios hacia el Ebro. Si bien esto dej\u00f3 una franja de terreno que imped\u00eda unificar las posesiones en los Monegros. Problema que solucion\u00f3 Jaime I en 1235, cuando regal\u00f3 al monasterio el castillo y la villa de Pe\u00f1alba, con lo que el patrimonio territorial del monasterio quedaba ya pr\u00e1cticamente configurado.<\/p>\n<p style=\"text-align: justify\">Sigena aumentaba as\u00ed sus posesiones en unos 276 km2, y alcanzaba la m\u00e1xima expansi\u00f3n que los concejos de Pina y Fraga le permit\u00edan por el sur. Durante esta segunda etapa no faltaron tampoco donaciones privadas en las principales ciudades del reino, en especial en Huesca y Barbastro. Cabe se\u00f1alar la realizada por Poncio Hug\u00f3n, hermano de Alaydis, condesa de Armagnac y religiosa de Sigena, quien en 1226 entreg\u00f3 importantes haciendas en Alcolea, completando las posesiones al norte del monasterio.<\/p>\n<\/div>\n<\/div>\n<\/div>\n<\/div>\n<p>[\/et_pb_tab][et_pb_tab title=\u00bb3.- CONSOLIDACI\u00d3N Y ESTABILIZACI\u00d3N 1237-1281&#8243; _builder_version=\u00bb4.20.2&#8243; _module_preset=\u00bbdefault\u00bb global_colors_info=\u00bb{}\u00bb]<\/p>\n<p style=\"text-align: justify\">Con la conquista de Valencia en 1238 por parte de Jaime I, los intereses de la monarqu\u00eda se centraron en los nuevos territorios levantinos, lo que result\u00f3 en un olvido de las zonas m\u00e1s al norte del reino. Sigena se vio especialmente afectada por este cambio en la pol\u00edtica real, puesto que dej\u00f3 de aumentar su patrimonio a costa de donaciones de los soberanos, excepci\u00f3n hecha de la entrega que hizo Jaime I de algunos inmuebles y fincas en la reci\u00e9n conquistada Valencia (1238).<\/p>\n<p style=\"text-align: justify\">La disminuci\u00f3n en las donaciones tambi\u00e9n afect\u00f3 a las de car\u00e1cter privado, que se vieron reducidas en cantidad y en extensi\u00f3n. No obstante, cabe destacar la realizada por Rodrigo de Lizana, quien en 1252 otorg\u00f3 al monasterio extensas heredades en Olivito.<\/p>\n<p style=\"text-align: justify\">Durante este periodo las compras e intercambios de territorios realizadas desde el monasterio tambi\u00e9n disminuyeron notablemente, hasta carecer pr\u00e1cticamente de importancia. \u00danicamente se documentan la adquisici\u00f3n de algunos inmuebles en la ciudad de Huesca y de peque\u00f1as heredades en zonas cercanas al monasterio.<\/p>\n<p>[\/et_pb_tab][et_pb_tab title=\u00bb4.- DECADENCIA 1281-1300&#8243; _builder_version=\u00bb4.20.2&#8243; _module_preset=\u00bbdefault\u00bb global_colors_info=\u00bb{}\u00bb]<\/p>\n<p style=\"text-align: justify\">El final del siglo XIII estuvo caracterizado por el fin definitivo de las grandes donaciones, as\u00ed como el aumento de las deudas a cargo de las arcas sigenenses.<\/p>\n<p style=\"text-align: justify\"><span style=\"text-align: justify;font-size: 16px\"><\/span><\/p>\n<div id=\"more-info\" class=\"col-md-8 col-xs-12\">\n<p style=\"text-align: justify\">A ello se sum\u00f3 la crisis interna de la comunidad de religiosas que dividida en dos bandos luchaba por imponer a sus candidatas en el puesto de priora. Conflicto que fue aprovechado por el Castell\u00e1n de Amposta para intentar imponer su supremac\u00eda sobre el monasterio.<\/p>\n<p style=\"text-align: justify\">Todas estas circunstancias afectaron negativamente al monasterio de Sigena y a su pol\u00edtica de ampliaci\u00f3n del dominio territorial, el cual se fosiliz\u00f3, excepci\u00f3n hecha de peque\u00f1as incorporaciones carentes de una importancia real, hasta las desamortizaciones llevadas a cabo en el siglo XIX, momento en el cual desaparecieron los se\u00f1or\u00edos y se expropiaron las grandes posesiones monacales.<\/p>\n<\/div>\n<p>[\/et_pb_tab][\/et_pb_tabs][\/et_pb_column][\/et_pb_row][et_pb_row _builder_version=\u00bb4.27.4&#8243; _module_preset=\u00bbdefault\u00bb][et_pb_column _builder_version=\u00bb4.27.4&#8243; _module_preset=\u00bbdefault\u00bb type=\u00bb4_4&#8243;][et_pb_divider _builder_version=\u00bb4.27.4&#8243; _module_preset=\u00bbdefault\u00bb hover_enabled=\u00bb0&#8243; sticky_enabled=\u00bb0&#8243;][\/et_pb_divider][\/et_pb_column][\/et_pb_row][et_pb_row _builder_version=\u00bb4.20.2&#8243; _module_preset=\u00bbdefault\u00bb global_colors_info=\u00bb{}\u00bb][et_pb_column type=\u00bb4_4&#8243; _builder_version=\u00bb4.20.2&#8243; _module_preset=\u00bbdefault\u00bb global_colors_info=\u00bb{}\u00bb][et_pb_text _builder_version=\u00bb4.20.2&#8243; _module_preset=\u00bbdefault\u00bb text_font=\u00bb|700||on|||||\u00bb text_font_size=\u00bb20px\u00bb text_letter_spacing=\u00bb2px\u00bb text_line_height=\u00bb1.8em\u00bb custom_margin=\u00bb16px|||||\u00bb custom_padding=\u00bb0px|||||\u00bb global_colors_info=\u00bb{}\u00bb]<\/p>\n<h1 style=\"text-align: center\">Bibliograf\u00eda<\/h1>\n<p>[\/et_pb_text][\/et_pb_column][\/et_pb_row][et_pb_row _builder_version=\u00bb4.20.2&#8243; _module_preset=\u00bbdefault\u00bb min_height=\u00bb283px\u00bb custom_margin=\u00bb-1px|auto||auto||\u00bb custom_padding=\u00bb13px|||||\u00bb global_colors_info=\u00bb{}\u00bb][et_pb_column type=\u00bb4_4&#8243; _builder_version=\u00bb4.20.2&#8243; _module_preset=\u00bbdefault\u00bb global_colors_info=\u00bb{}\u00bb][et_pb_text _builder_version=\u00bb4.20.2&#8243; _module_preset=\u00bbdefault\u00bb global_colors_info=\u00bb{}\u00bb]<\/p>\n<div class=\"section-title center\">\n<div class=\"line\"><\/div>\n<\/div>\n<div>\n<ul>\n<li style=\"text-align: justify\">Ubieto Arteta, Agust\u00edn,<span> El real monasterio de Sigena 1188-1300<\/span>, Valencia, 1966.<\/li>\n<li style=\"text-align: justify\">Ubieto Arteta, Agust\u00edn,<span> El Monasterio d\u00faplice de Sigena<\/span>, Instituto de Estudios Altoaragoneses, Huesca, 1986.<\/li>\n<li style=\"text-align: justify\">Utrilla Utrilla, Juan F., \u00ab<a href=\"https:\/\/www.academia.edu\/3331046\/UTRILLA_UTRILLA_J._F._El_real_monasterio_de_Sijena_en_la_Edad_Media_._M._de_Pano_y_Ruata_Real_monasterio_de_Santa_Mar%C3%ADa_de_Sijena_Caja_Inmaculada._Zaragoza_2004_pp._XLIII-LXXXII\" target=\"_blank\" rel=\"noopener\">El Real Monasterio de Sijena en la Edad Media<\/a>\u00ab, en Sesma Mu\u00f1oz, Jos\u00e9 \u00c1ngel (coord.),<span>\u00a0<\/span><i>Real Monasterio de Santa Mar\u00eda de Sijena<\/i>, CAI, 2004, pp. 43-82.<\/li>\n<li style=\"text-align: justify\">Baches Opi, Sergio, \u00abEl monasterio de Santa Mar\u00eda de Sigena\u00bb, en Gav\u00edn Gonz\u00e1lez, Gonzalo (coord.),\u00a0<i>Comarca de los Monegros. Colecci\u00f3n Territorio:1<\/i>, Zaragoza, Departamento de Presidencia y Relaciones Institucionales, pp. 183-195.<\/li>\n<\/ul>\n<\/div>\n<p>[\/et_pb_text][\/et_pb_column][\/et_pb_row][\/et_pb_section]<\/p>\n","protected":false},"excerpt":{"rendered":"<p>ETAPAS DE FORMACI\u00d3N DEL TERRITORIO SIGENENSE<\/p>\n","protected":false},"author":1,"featured_media":129,"parent":0,"menu_order":0,"comment_status":"closed","ping_status":"closed","template":"","meta":{"_et_pb_use_builder":"on","_et_pb_old_content":"<!-- wp:divi\/placeholder \/-->","_et_gb_content_width":"","footnotes":""},"class_list":["post-36","page","type-page","status-publish","has-post-thumbnail","hentry"],"yoast_head":"<!-- This site is optimized with the Yoast SEO plugin v26.2 - https:\/\/yoast.com\/wordpress\/plugins\/seo\/ -->\n<title>El Dominio mon\u00e1stico - DARA-Sigena Virtual<\/title>\n<meta name=\"robots\" content=\"index, follow, max-snippet:-1, max-image-preview:large, max-video-preview:-1\" \/>\n<link rel=\"canonical\" href=\"https:\/\/dara.aragon.es\/dara\/sijena\/propiedades\/\" \/>\n<meta property=\"og:locale\" content=\"es_ES\" \/>\n<meta property=\"og:type\" content=\"article\" \/>\n<meta property=\"og:title\" content=\"El Dominio mon\u00e1stico - DARA-Sigena Virtual\" \/>\n<meta property=\"og:description\" content=\"ETAPAS DE FORMACI\u00d3N DEL TERRITORIO SIGENENSE\" \/>\n<meta property=\"og:url\" content=\"https:\/\/dara.aragon.es\/dara\/sijena\/propiedades\/\" \/>\n<meta property=\"og:site_name\" content=\"DARA-Sigena Virtual\" \/>\n<meta property=\"article:modified_time\" content=\"2025-04-04T14:51:10+00:00\" \/>\n<meta property=\"og:image\" content=\"https:\/\/dara.aragon.es\/dara\/sijena\/wp-content\/uploads\/sites\/5\/2023\/03\/Propiedades_imagen.jpg\" \/>\n\t<meta property=\"og:image:width\" content=\"371\" \/>\n\t<meta property=\"og:image:height\" content=\"276\" \/>\n\t<meta property=\"og:image:type\" content=\"image\/jpeg\" \/>\n<meta name=\"twitter:card\" content=\"summary_large_image\" \/>\n<meta name=\"twitter:label1\" content=\"Tiempo de lectura\" \/>\n\t<meta name=\"twitter:data1\" content=\"10 minutos\" \/>\n<script type=\"application\/ld+json\" class=\"yoast-schema-graph\">{\"@context\":\"https:\/\/schema.org\",\"@graph\":[{\"@type\":\"WebPage\",\"@id\":\"https:\/\/dara.aragon.es\/dara\/sijena\/propiedades\/\",\"url\":\"https:\/\/dara.aragon.es\/dara\/sijena\/propiedades\/\",\"name\":\"El Dominio mon\u00e1stico - DARA-Sigena Virtual\",\"isPartOf\":{\"@id\":\"https:\/\/dara.aragon.es\/dara\/sijena\/#website\"},\"primaryImageOfPage\":{\"@id\":\"https:\/\/dara.aragon.es\/dara\/sijena\/propiedades\/#primaryimage\"},\"image\":{\"@id\":\"https:\/\/dara.aragon.es\/dara\/sijena\/propiedades\/#primaryimage\"},\"thumbnailUrl\":\"https:\/\/dara.aragon.es\/dara\/sijena\/wp-content\/uploads\/sites\/5\/2023\/03\/Propiedades_imagen.jpg\",\"datePublished\":\"2023-03-10T13:11:51+00:00\",\"dateModified\":\"2025-04-04T14:51:10+00:00\",\"breadcrumb\":{\"@id\":\"https:\/\/dara.aragon.es\/dara\/sijena\/propiedades\/#breadcrumb\"},\"inLanguage\":\"es\",\"potentialAction\":[{\"@type\":\"ReadAction\",\"target\":[\"https:\/\/dara.aragon.es\/dara\/sijena\/propiedades\/\"]}]},{\"@type\":\"ImageObject\",\"inLanguage\":\"es\",\"@id\":\"https:\/\/dara.aragon.es\/dara\/sijena\/propiedades\/#primaryimage\",\"url\":\"https:\/\/dara.aragon.es\/dara\/sijena\/wp-content\/uploads\/sites\/5\/2023\/03\/Propiedades_imagen.jpg\",\"contentUrl\":\"https:\/\/dara.aragon.es\/dara\/sijena\/wp-content\/uploads\/sites\/5\/2023\/03\/Propiedades_imagen.jpg\",\"width\":371,\"height\":276,\"caption\":\"Propiedades_AHPHU_S_00017_0017\"},{\"@type\":\"BreadcrumbList\",\"@id\":\"https:\/\/dara.aragon.es\/dara\/sijena\/propiedades\/#breadcrumb\",\"itemListElement\":[{\"@type\":\"ListItem\",\"position\":1,\"name\":\"Portada\",\"item\":\"https:\/\/dara.aragon.es\/dara\/sijena\/\"},{\"@type\":\"ListItem\",\"position\":2,\"name\":\"El Dominio mon\u00e1stico\"}]},{\"@type\":\"WebSite\",\"@id\":\"https:\/\/dara.aragon.es\/dara\/sijena\/#website\",\"url\":\"https:\/\/dara.aragon.es\/dara\/sijena\/\",\"name\":\"DARA-Sigena Virtual\",\"description\":\"Sigena\",\"potentialAction\":[{\"@type\":\"SearchAction\",\"target\":{\"@type\":\"EntryPoint\",\"urlTemplate\":\"https:\/\/dara.aragon.es\/dara\/sijena\/?s={search_term_string}\"},\"query-input\":{\"@type\":\"PropertyValueSpecification\",\"valueRequired\":true,\"valueName\":\"search_term_string\"}}],\"inLanguage\":\"es\"}]}<\/script>\n<!-- \/ Yoast SEO plugin. -->","yoast_head_json":{"title":"El Dominio mon\u00e1stico - DARA-Sigena Virtual","robots":{"index":"index","follow":"follow","max-snippet":"max-snippet:-1","max-image-preview":"max-image-preview:large","max-video-preview":"max-video-preview:-1"},"canonical":"https:\/\/dara.aragon.es\/dara\/sijena\/propiedades\/","og_locale":"es_ES","og_type":"article","og_title":"El Dominio mon\u00e1stico - DARA-Sigena Virtual","og_description":"ETAPAS DE FORMACI\u00d3N DEL TERRITORIO SIGENENSE","og_url":"https:\/\/dara.aragon.es\/dara\/sijena\/propiedades\/","og_site_name":"DARA-Sigena Virtual","article_modified_time":"2025-04-04T14:51:10+00:00","og_image":[{"width":371,"height":276,"url":"https:\/\/dara.aragon.es\/dara\/sijena\/wp-content\/uploads\/sites\/5\/2023\/03\/Propiedades_imagen.jpg","type":"image\/jpeg"}],"twitter_card":"summary_large_image","twitter_misc":{"Tiempo de lectura":"10 minutos"},"schema":{"@context":"https:\/\/schema.org","@graph":[{"@type":"WebPage","@id":"https:\/\/dara.aragon.es\/dara\/sijena\/propiedades\/","url":"https:\/\/dara.aragon.es\/dara\/sijena\/propiedades\/","name":"El Dominio mon\u00e1stico - DARA-Sigena Virtual","isPartOf":{"@id":"https:\/\/dara.aragon.es\/dara\/sijena\/#website"},"primaryImageOfPage":{"@id":"https:\/\/dara.aragon.es\/dara\/sijena\/propiedades\/#primaryimage"},"image":{"@id":"https:\/\/dara.aragon.es\/dara\/sijena\/propiedades\/#primaryimage"},"thumbnailUrl":"https:\/\/dara.aragon.es\/dara\/sijena\/wp-content\/uploads\/sites\/5\/2023\/03\/Propiedades_imagen.jpg","datePublished":"2023-03-10T13:11:51+00:00","dateModified":"2025-04-04T14:51:10+00:00","breadcrumb":{"@id":"https:\/\/dara.aragon.es\/dara\/sijena\/propiedades\/#breadcrumb"},"inLanguage":"es","potentialAction":[{"@type":"ReadAction","target":["https:\/\/dara.aragon.es\/dara\/sijena\/propiedades\/"]}]},{"@type":"ImageObject","inLanguage":"es","@id":"https:\/\/dara.aragon.es\/dara\/sijena\/propiedades\/#primaryimage","url":"https:\/\/dara.aragon.es\/dara\/sijena\/wp-content\/uploads\/sites\/5\/2023\/03\/Propiedades_imagen.jpg","contentUrl":"https:\/\/dara.aragon.es\/dara\/sijena\/wp-content\/uploads\/sites\/5\/2023\/03\/Propiedades_imagen.jpg","width":371,"height":276,"caption":"Propiedades_AHPHU_S_00017_0017"},{"@type":"BreadcrumbList","@id":"https:\/\/dara.aragon.es\/dara\/sijena\/propiedades\/#breadcrumb","itemListElement":[{"@type":"ListItem","position":1,"name":"Portada","item":"https:\/\/dara.aragon.es\/dara\/sijena\/"},{"@type":"ListItem","position":2,"name":"El Dominio mon\u00e1stico"}]},{"@type":"WebSite","@id":"https:\/\/dara.aragon.es\/dara\/sijena\/#website","url":"https:\/\/dara.aragon.es\/dara\/sijena\/","name":"DARA-Sigena Virtual","description":"Sigena","potentialAction":[{"@type":"SearchAction","target":{"@type":"EntryPoint","urlTemplate":"https:\/\/dara.aragon.es\/dara\/sijena\/?s={search_term_string}"},"query-input":{"@type":"PropertyValueSpecification","valueRequired":true,"valueName":"search_term_string"}}],"inLanguage":"es"}]}},"_links":{"self":[{"href":"https:\/\/dara.aragon.es\/dara\/sijena\/wp-json\/wp\/v2\/pages\/36","targetHints":{"allow":["GET"]}}],"collection":[{"href":"https:\/\/dara.aragon.es\/dara\/sijena\/wp-json\/wp\/v2\/pages"}],"about":[{"href":"https:\/\/dara.aragon.es\/dara\/sijena\/wp-json\/wp\/v2\/types\/page"}],"author":[{"embeddable":true,"href":"https:\/\/dara.aragon.es\/dara\/sijena\/wp-json\/wp\/v2\/users\/1"}],"replies":[{"embeddable":true,"href":"https:\/\/dara.aragon.es\/dara\/sijena\/wp-json\/wp\/v2\/comments?post=36"}],"version-history":[{"count":66,"href":"https:\/\/dara.aragon.es\/dara\/sijena\/wp-json\/wp\/v2\/pages\/36\/revisions"}],"predecessor-version":[{"id":3975,"href":"https:\/\/dara.aragon.es\/dara\/sijena\/wp-json\/wp\/v2\/pages\/36\/revisions\/3975"}],"wp:featuredmedia":[{"embeddable":true,"href":"https:\/\/dara.aragon.es\/dara\/sijena\/wp-json\/wp\/v2\/media\/129"}],"wp:attachment":[{"href":"https:\/\/dara.aragon.es\/dara\/sijena\/wp-json\/wp\/v2\/media?parent=36"}],"curies":[{"name":"wp","href":"https:\/\/api.w.org\/{rel}","templated":true}]}}