{"id":737,"date":"2023-05-03T11:29:23","date_gmt":"2023-05-03T11:29:23","guid":{"rendered":"https:\/\/dara.aragon.es\/dara\/sijena\/?page_id=737"},"modified":"2024-06-06T09:45:23","modified_gmt":"2024-06-06T09:45:23","slug":"la-regla-monastica","status":"publish","type":"page","link":"https:\/\/dara.aragon.es\/dara\/sijena\/la-regla-monastica\/","title":{"rendered":"La regla mon\u00e1stica y sus versiones"},"content":{"rendered":"<p>[et_pb_section fb_built=\u00bb1&#8243; fullwidth=\u00bbon\u00bb admin_label=\u00bbHeader Section\u00bb _builder_version=\u00bb4.20.2&#8243; background_color=\u00bb#0D3857&#8243; background_enable_image=\u00bboff\u00bb parallax=\u00bbon\u00bb custom_padding=\u00bb|||\u00bb saved_tabs=\u00bball\u00bb locked=\u00bboff\u00bb global_colors_info=\u00bb{}\u00bb][et_pb_fullwidth_post_title meta=\u00bboff\u00bb featured_image=\u00bboff\u00bb _builder_version=\u00bb4.25.1&#8243; _module_preset=\u00bbdefault\u00bb title_font=\u00bb&#8211;et_global_heading_font|||on|||||\u00bb title_text_align=\u00bbcenter\u00bb title_text_color=\u00bb#FFFFFF\u00bb title_font_size=\u00bb38px\u00bb background_color=\u00bb#0D3857&#8243; custom_padding=\u00bb3%||3%||false|false\u00bb global_colors_info=\u00bb{}\u00bb][\/et_pb_fullwidth_post_title][\/et_pb_section][et_pb_section fb_built=\u00bb1&#8243; _builder_version=\u00bb4.20.2&#8243; _module_preset=\u00bbdefault\u00bb background_color=\u00bb#FFFFFF\u00bb min_height=\u00bb2004.8px\u00bb custom_margin=\u00bb0px||43px||false|false\u00bb custom_padding=\u00bb12px||0px|||\u00bb global_colors_info=\u00bb{}\u00bb][et_pb_row column_structure=\u00bb1_2,1_2&#8243; _builder_version=\u00bb4.20.2&#8243; _module_preset=\u00bbdefault\u00bb global_colors_info=\u00bb{}\u00bb][et_pb_column type=\u00bb1_2&#8243; _builder_version=\u00bb4.20.2&#8243; _module_preset=\u00bbdefault\u00bb global_colors_info=\u00bb{}\u00bb][et_pb_image src=\u00bbhttps:\/\/dara.aragon.es\/dara\/sijena\/wp-content\/uploads\/sites\/5\/2023\/04\/Archivo-monasterio_AHPHU_S_00001_0009-scaled.jpg\u00bb alt=\u00bbArchivo monasterio_AHPHU_S_00001_0009&#8243; title_text=\u00bbArchivo monasterio_AHPHU_S_00001_0009&#8243; align=\u00bbcenter\u00bb _builder_version=\u00bb4.20.2&#8243; _module_preset=\u00bbdefault\u00bb width=\u00bb85%\u00bb global_colors_info=\u00bb{}\u00bb][\/et_pb_image][et_pb_text _builder_version=\u00bb4.20.2&#8243; _module_preset=\u00bbdefault\u00bb text_text_color=\u00bb#0C71C3&#8243; custom_margin=\u00bb-15px||17px|||\u00bb custom_padding=\u00bb16px|11px||0px||\u00bb global_colors_info=\u00bb{}\u00bb]<\/p>\n<p style=\"text-align: center\">Copia del siglo XIII de la regla latina de Sigena, conservada en el Archivo Hist\u00f3rico Provincial de Huesca<\/p>\n<p>[\/et_pb_text][et_pb_button button_url=\u00bbhttps:\/\/dara.aragon.es\/opac\/app\/item\/sixev?p=0&amp;q=regla&amp;ob=df:1&amp;vm=nv&amp;i=108881&#8243; url_new_window=\u00bbon\u00bb button_text=\u00bbDOCUMENTO EN DARA\u00bb _builder_version=\u00bb4.20.2&#8243; _module_preset=\u00bbdefault\u00bb global_colors_info=\u00bb{}\u00bb][\/et_pb_button][\/et_pb_column][et_pb_column type=\u00bb1_2&#8243; _builder_version=\u00bb4.20.2&#8243; _module_preset=\u00bbdefault\u00bb global_colors_info=\u00bb{}\u00bb][et_pb_text _builder_version=\u00bb4.20.2&#8243; _module_preset=\u00bbdefault\u00bb global_colors_info=\u00bb{}\u00bb]<\/p>\n<p style=\"text-align: justify\">En octubre de 1188, se aprob\u00f3 la primera regla que pasar\u00eda a regular la vida y las actividades de las religiosas de Sigena. \u00c9sta hab\u00eda sido redactada por el arcediano Ricardo, futuro obispo de Huesca, a instancias de la reina Sancha y el castell\u00e1n de Amposta. La primera normativa, que servir\u00e1 de modelo para el resto de monasterios femeninos de la orden del Hospital,\u00a0 se conoce como la <em>regla latina de Sigena<\/em> y en sus sesenta art\u00edculos ordenaba minuciosamente la vida en comunidad. El documento, disponible para su consulta en DARA, permite conocer la organizaci\u00f3n interna del monasterio, las actividades que deb\u00edan realizar diariamente, as\u00ed como las estrictas reglas que deb\u00edan garantizar la moralidad de las religiosas, que afectaban tanto a la estructura de los dormitorios como a la vestimenta e, incluso, al corte de pelo que deb\u00edan llevar debajo de la toca.\u00a0<\/p>\n<p>&nbsp;<\/p>\n<p>[\/et_pb_text][\/et_pb_column][\/et_pb_row][et_pb_row column_structure=\u00bb3_5,2_5&#8243; _builder_version=\u00bb4.20.2&#8243; _module_preset=\u00bbdefault\u00bb background_color=\u00bbgcid-47aba350-891b-4ca0-9677-ead016609fab\u00bb custom_margin=\u00bb9px|auto|12px|auto||\u00bb custom_padding=\u00bb||36px|||\u00bb global_colors_info=\u00bb{%22gcid-47aba350-891b-4ca0-9677-ead016609fab%22:%91%22background_color%22%93}\u00bb][et_pb_column type=\u00bb3_5&#8243; _builder_version=\u00bb4.20.2&#8243; _module_preset=\u00bbdefault\u00bb global_colors_info=\u00bb{}\u00bb][et_pb_text _builder_version=\u00bb4.20.2&#8243; _module_preset=\u00bbdefault\u00bb text_font_size=\u00bb13px\u00bb global_colors_info=\u00bb{}\u00bb]<\/p>\n<h3 style=\"text-align: center\"><span style=\"color: #0c71c3\">La versi\u00f3n aragonesa de la regla<\/span><\/h3>\n<p>[\/et_pb_text][et_pb_text _builder_version=\u00bb4.20.2&#8243; _module_preset=\u00bbdefault\u00bb global_colors_info=\u00bb{}\u00bb]<\/p>\n<p style=\"text-align: justify\">Para facilitar la comprensi\u00f3n de la regla, se llevaron a cabo traducciones de la misma en varios momentos a lengua romance. La versi\u00f3n aragonesa de la regla, dada a conocer de forma reciente, se conserva en un c\u00f3dice custodiado en la Biblioteca de Catalu\u00f1a que, posiblemente, se redactar\u00e1 entre finales del siglo XIII y comienzos del XIV. El libro, escrito en pergamino de notable calidad, refleja el cuidado con el que se traz\u00f3 esta pieza, mientras que en la actualidad constituye un ejemplar de especial inter\u00e9s a nivel ling\u00fc\u00edstico y como reflejo de la importancia adquirida por la lengua vern\u00e1cula del reino en este contexto. En DARA es posible acceder a la descripci\u00f3n de este c\u00f3dice y al enlace de la Biblioteca de Catalu\u00f1a y <a href=\"https:\/\/culturadearagon.es\/publicaciones\/la-regla-del-monasterio-de-santa-maria-de-sigena\/\" target=\"_blank\" rel=\"noopener\">el facs\u00edmil ha sido editado en 2023<\/a>.\u00a0<\/p>\n<p style=\"text-align: justify\">\n<p>[\/et_pb_text][\/et_pb_column][et_pb_column type=\u00bb2_5&#8243; _builder_version=\u00bb4.20.2&#8243; _module_preset=\u00bbdefault\u00bb global_colors_info=\u00bb{}\u00bb][et_pb_image src=\u00bbhttps:\/\/dara.aragon.es\/dara\/sijena\/wp-content\/uploads\/sites\/5\/2023\/07\/REgla-aagones-primera-pagina.png\u00bb alt=\u00bbArchivo monasterio_AHPHU_S_00001_0009&#8243; title_text=\u00bbRegla en aragon\u00e9s &#8211; primera pa\u0301gina\u00bb align=\u00bbcenter\u00bb _builder_version=\u00bb4.20.2&#8243; _module_preset=\u00bbdefault\u00bb width=\u00bb85%\u00bb global_colors_info=\u00bb{}\u00bb][\/et_pb_image][et_pb_text _builder_version=\u00bb4.20.2&#8243; _module_preset=\u00bbdefault\u00bb text_text_color=\u00bb#0C71C3&#8243; width=\u00bb100%\u00bb custom_margin=\u00bb||0px|||\u00bb custom_padding=\u00bb|38px||51px||\u00bb global_colors_info=\u00bb{}\u00bb]<\/p>\n<p style=\"text-align: center\">Versi\u00f3n aragonesa de la regla de Sigena, conservada en la Biblioteca de Catalu\u00f1a.<\/p>\n<p>[\/et_pb_text][\/et_pb_column][\/et_pb_row][et_pb_row column_structure=\u00bb2_5,3_5&#8243; _builder_version=\u00bb4.20.2&#8243; _module_preset=\u00bbdefault\u00bb min_height=\u00bb745px\u00bb height=\u00bb844px\u00bb max_height=\u00bb1000px\u00bb custom_padding=\u00bb||0px||false|false\u00bb global_colors_info=\u00bb{}\u00bb][et_pb_column type=\u00bb2_5&#8243; _builder_version=\u00bb4.20.2&#8243; _module_preset=\u00bbdefault\u00bb global_colors_info=\u00bb{}\u00bb][et_pb_image src=\u00bbhttps:\/\/dara.aragon.es\/dara\/sijena\/wp-content\/uploads\/sites\/5\/2023\/07\/Primera-pagina-Codice-Blanca.png\u00bb alt=\u00bbArchivo monasterio_AHPHU_S_00001_0009&#8243; title_text=\u00bbPrimera pa\u0301gina Codice Blanca\u00bb align=\u00bbcenter\u00bb _builder_version=\u00bb4.20.2&#8243; _module_preset=\u00bbdefault\u00bb width=\u00bb84%\u00bb global_colors_info=\u00bb{}\u00bb][\/et_pb_image][et_pb_text _builder_version=\u00bb4.20.2&#8243; _module_preset=\u00bbdefault\u00bb text_text_color=\u00bb#0C71C3&#8243; custom_margin=\u00bb||0px|||\u00bb custom_padding=\u00bb||11px|29px||\u00bb global_colors_info=\u00bb{}\u00bb]<\/p>\n<p style=\"text-align: center\">Primera p\u00e1gina del c<em>\u00f3dice de la priora Blanca<\/em>, conservado en el AHPHU.<\/p>\n<p>[\/et_pb_text][et_pb_button button_url=\u00bbhttps:\/\/dara.aragon.es\/opac\/app\/item\/sixe?p=0&amp;q=c%C3%B3dice+blanca&amp;ob=re:1&amp;vm=nv&amp;i=1162156&#8243; url_new_window=\u00bbon\u00bb button_text=\u00bbDOCUMENTO EN DARA\u00bb _builder_version=\u00bb4.20.2&#8243; _module_preset=\u00bbdefault\u00bb global_colors_info=\u00bb{}\u00bb][\/et_pb_button][\/et_pb_column][et_pb_column type=\u00bb3_5&#8243; _builder_version=\u00bb4.20.2&#8243; _module_preset=\u00bbdefault\u00bb global_colors_info=\u00bb{}\u00bb][et_pb_text _builder_version=\u00bb4.20.2&#8243; _module_preset=\u00bbdefault\u00bb text_font_size=\u00bb13px\u00bb global_colors_info=\u00bb{}\u00bb]<\/p>\n<h3 style=\"text-align: center\"><span style=\"color: #0c71c3\">El\u00a0<em>c\u00f3dice de la priora Blanca de Arag\u00f3n<\/em><\/span><\/h3>\n<p>[\/et_pb_text][et_pb_text _builder_version=\u00bb4.20.2&#8243; _module_preset=\u00bbdefault\u00bb global_colors_info=\u00bb{}\u00bb]<\/p>\n<p style=\"text-align: justify\">De todas las copias de la primera regla posteriores al siglo XIII, cabe destacar el ejemplar conocido como el <em>c\u00f3dice de la priora Blanca <\/em>y datado entre ca. 1332-1450 que recibe este nombre por comenzar con la copia de una orden dada por Blanca de Arag\u00f3n, hija de Jaime II y priora de Sigena, en octubre de 1332, que permite a las religiosas comer carne en el refectorio del monasterio. Este c\u00f3dice, recuperado en el a\u00f1o 2019 y que gracias a los escritos de Ricardo del Arco sabemos que perteneci\u00f3 al Archivo del Monasterio en los a\u00f1os previos a la guerra civil, recoge entre otros documentos una copia de la regla latina, con algunas variantes sobre el texto de 1188, y una <em>consueta<\/em> que actualizaba la regla de la comunidad y es anterior a la que se redactar\u00e1 de forma m\u00e1s extensiva a finales del siglo XVI (1588).<\/p>\n<p style=\"text-align: justify\">Junto a lo ya citado, el c\u00f3dice recoge\u00a0un prontuario de cantos lit\u00fargicos, es decir, una sucesi\u00f3n de t\u00edtulos en tinta roja que hacen referencia a d\u00edas del santoral, del calendario lit\u00fargico y referencias a himnos religiosos, y un breviario que recoge de forma abreviada las obligaciones diarias del clero en cada momento del a\u00f1o lit\u00fargico: oraciones, lecturas, salmos&#8230; Cuestiones que est\u00e1n \u00edntimamente relacionadas con <a href=\"https:\/\/dara.aragon.es\/dara\/sijena\/la-musica-en-el-monasterio\/\">la m\u00fasica en el monasterio<\/a>. Sin duda, un ejemplar de indiscutible valor material e hist\u00f3rico.\u00a0<\/p>\n<p style=\"text-align: justify\">\n<p style=\"text-align: justify\">[\/et_pb_text][\/et_pb_column][\/et_pb_row][et_pb_row _builder_version=\u00bb4.20.2&#8243; _module_preset=\u00bbdefault\u00bb custom_margin=\u00bb2px|auto||auto|false|false\u00bb global_colors_info=\u00bb{}\u00bb][et_pb_column type=\u00bb4_4&#8243; _builder_version=\u00bb4.20.2&#8243; _module_preset=\u00bbdefault\u00bb global_colors_info=\u00bb{}\u00bb][et_pb_text _builder_version=\u00bb4.20.2&#8243; _module_preset=\u00bbdefault\u00bb global_colors_info=\u00bb{}\u00bb]<\/p>\n<h3 style=\"text-align: center\"><span style=\"color: #0c71c3\">Actualizar la regla de Sigena: la\u00a0<em>Consueta<\/em> del siglo XVI<\/span><\/h3>\n<p>[\/et_pb_text][et_pb_text _builder_version=\u00bb4.20.2&#8243; _module_preset=\u00bbdefault\u00bb global_colors_info=\u00bb{}\u00bb]<\/p>\n<p style=\"text-align: justify\">A finales del siglo XVI, durante el priorato de Luisa de Moncayo se redact\u00f3 la tercera regla de Sigena o <em>Consueta<\/em>, que recopilaba la regla de 1188 y las bulas y breves papales, privilegios reales, tradiciones y costumbres que se hab\u00edan puesto por escrito para modificar o aclarar aspectos que hab\u00edan quedado pendientes en la versi\u00f3n del obispo Ricardo. Este texto entr\u00f3 en vigor en 1558 y rigi\u00f3 la vida de la comunidad hasta el primer cuarto del siglo XX. Las tres copias que conocemos de la <em>Consueta<\/em> se conservan, respectivamente, en el Archivo Hist\u00f3rico Provincial de Huesca y en la Biblioteca P\u00fablica de Huesca.\u00a0<\/p>\n<p>[\/et_pb_text][\/et_pb_column][\/et_pb_row][et_pb_row column_structure=\u00bb1_3,1_3,1_3&#8243; _builder_version=\u00bb4.20.2&#8243; _module_preset=\u00bbdefault\u00bb global_colors_info=\u00bb{}\u00bb][et_pb_column type=\u00bb1_3&#8243; _builder_version=\u00bb4.20.2&#8243; _module_preset=\u00bbdefault\u00bb global_colors_info=\u00bb{}\u00bb][et_pb_image src=\u00bbhttps:\/\/dara.aragon.es\/dara\/sijena\/wp-content\/uploads\/sites\/5\/2023\/07\/Consueta-XVI-BPHU-en-DARA.jpeg\u00bb title_text=\u00bbConsueta XVI BPHU en DARA\u00bb _builder_version=\u00bb4.20.2&#8243; _module_preset=\u00bbdefault\u00bb width=\u00bb96%\u00bb global_colors_info=\u00bb{}\u00bb][\/et_pb_image][et_pb_text _builder_version=\u00bb4.25.1&#8243; _module_preset=\u00bbdefault\u00bb text_text_color=\u00bb#0C71C3&#8243; custom_margin=\u00bb||0px|||\u00bb custom_padding=\u00bb||79px|||\u00bb global_colors_info=\u00bb{}\u00bb]<\/p>\n<p style=\"text-align: justify\">Manuscrito del siglo XVI con la <em>Consueta<\/em> conservado en la Biblioteca P\u00fablica de Huesca.<\/p>\n<p>[\/et_pb_text][et_pb_button button_url=\u00bbhttps:\/\/dara.aragon.es\/opac\/app\/item\/sixe?p=0&amp;q=regla&amp;ob=os:0&amp;vm=nv&amp;i=1161486&#8243; url_new_window=\u00bbon\u00bb button_text=\u00bbDOCUMENTO EN DARA\u00bb _builder_version=\u00bb4.20.2&#8243; _module_preset=\u00bbdefault\u00bb global_colors_info=\u00bb{}\u00bb][\/et_pb_button][\/et_pb_column][et_pb_column type=\u00bb1_3&#8243; _builder_version=\u00bb4.20.2&#8243; _module_preset=\u00bbdefault\u00bb global_colors_info=\u00bb{}\u00bb][et_pb_image src=\u00bbhttps:\/\/dara.aragon.es\/dara\/sijena\/wp-content\/uploads\/sites\/5\/2023\/07\/Ceremonial-s.-XVI-AHPHU.png\u00bb title_text=\u00bbCeremonial &#8211; s. XVI AHPHU\u00bb _builder_version=\u00bb4.20.2&#8243; _module_preset=\u00bbdefault\u00bb global_colors_info=\u00bb{}\u00bb][\/et_pb_image][et_pb_text _builder_version=\u00bb4.25.1&#8243; _module_preset=\u00bbdefault\u00bb text_text_color=\u00bb#0C71C3&#8243; custom_margin=\u00bb||1px|||\u00bb global_colors_info=\u00bb{}\u00bb]<\/p>\n<p style=\"text-align: justify\">Copia del siglo XVIII, en el manuscrito <em>Regla de los Hospitalarios et de la Milicia del Orden de San Juan de Jerusal\u00e9n y de la Casa de Sixena <\/em>conservado en el Archivo Hist\u00f3rico Provincial de Huesca.<\/p>\n<p>[\/et_pb_text][et_pb_button button_url=\u00bbhttps:\/\/dara.aragon.es\/opac\/app\/item\/sixev?p=0&amp;st=.3.116.128.132.264.10255&amp;vm=nv&amp;i=123129&#8243; url_new_window=\u00bbon\u00bb button_text=\u00bbDOCUMENTO EN DARA\u00bb _builder_version=\u00bb4.20.2&#8243; _module_preset=\u00bbdefault\u00bb global_colors_info=\u00bb{}\u00bb][\/et_pb_button][\/et_pb_column][et_pb_column type=\u00bb1_3&#8243; _builder_version=\u00bb4.25.1&#8243; _module_preset=\u00bbdefault\u00bb global_colors_info=\u00bb{}\u00bb][et_pb_image src=\u00bbhttps:\/\/dara.aragon.es\/dara\/sijena\/wp-content\/uploads\/sites\/5\/2023\/09\/AHPHU_S-00043_fol.-38-consueta-s.-XVIII.png\u00bb title_text=\u00bbAHPHU_S-00043_fol. 38 (consueta s. XVIII)\u00bb align=\u00bbcenter\u00bb _builder_version=\u00bb4.20.2&#8243; _module_preset=\u00bbdefault\u00bb height=\u00bb464px\u00bb max_height=\u00bb1000px\u00bb box_shadow_style=\u00bbpreset2&#8243; box_shadow_spread=\u00bb1px\u00bb global_colors_info=\u00bb{}\u00bb][\/et_pb_image][et_pb_text _builder_version=\u00bb4.25.1&#8243; _module_preset=\u00bbdefault\u00bb text_text_color=\u00bb#0C71C3&#8243; custom_margin=\u00bb29px||0px||false|false\u00bb custom_padding=\u00bb||78px|||\u00bb global_colors_info=\u00bb{}\u00bb]<\/p>\n<p style=\"text-align: justify\">Copia del siglo XVIII de la <em>Consueta<\/em> conservado en el Archivo Hist\u00f3rico Provincial de Huesca.<\/p>\n<p>[\/et_pb_text][et_pb_button button_url=\u00bbhttps:\/\/dara.aragon.es\/opac\/app\/item\/sixe?p=0&amp;q=ceremonial&amp;ob=df:1&amp;vm=nv&amp;i=123122&#8243; url_new_window=\u00bbon\u00bb button_text=\u00bbDOCUMENTO EN DARA\u00bb _builder_version=\u00bb4.20.2&#8243; _module_preset=\u00bbdefault\u00bb global_colors_info=\u00bb{}\u00bb][\/et_pb_button][\/et_pb_column][\/et_pb_row][et_pb_row _builder_version=\u00bb4.20.2&#8243; _module_preset=\u00bbdefault\u00bb global_colors_info=\u00bb{}\u00bb custom_margin=\u00bb0px|auto||auto||\u00bb][et_pb_column type=\u00bb4_4&#8243; _builder_version=\u00bb4.20.2&#8243; _module_preset=\u00bbdefault\u00bb global_colors_info=\u00bb{}\u00bb][et_pb_text _builder_version=\u00bb4.20.2&#8243; _module_preset=\u00bbdefault\u00bb global_colors_info=\u00bb{}\u00bb]<\/p>\n<h3 style=\"text-align: center\"><span style=\"color: #0c71c3\">Otros ejemplares: las copias personales de la regla<\/span><\/h3>\n<p>[\/et_pb_text][et_pb_text _builder_version=\u00bb4.20.2&#8243; _module_preset=\u00bbdefault\u00bb global_colors_info=\u00bb{}\u00bb]<\/p>\n<p style=\"text-align: justify\">Si bien estos ejemplares de la regla pod\u00edan ser consultados por cualquiera de las religiosas de Sigena, encontramos evidencias que se\u00f1alan la existencia de ejemplares de uso personal. Es el caso de un manuscrito del siglo XVIII,\u00a0 conservado en el Archivo de Sigena y dedicado a la religiosa Mar\u00eda Emelgo, que contiene la regla de San Juan Bautista y una poes\u00eda acr\u00f3stica con consejos para llevar una vida virtuosa en el monasterio que pone de manifiesto las expectativas morales que reca\u00edan sobre las mujeres de la \u00e9poca y, muy especialmente, sobre las religiosas.\u00a0<\/p>\n<p>[\/et_pb_text][\/et_pb_column][\/et_pb_row][et_pb_row column_structure=\u00bb1_2,1_2&#8243; _builder_version=\u00bb4.20.2&#8243; _module_preset=\u00bbdefault\u00bb custom_margin=\u00bb15px||||false|false\u00bb global_colors_info=\u00bb{}\u00bb button_bg_color__hover=\u00bbRGBA(255,255,255,0)\u00bb button_bg_color__hover_enabled=\u00bbon|hover\u00bb button_border_color__hover=\u00bb#232323&#8243; button_border_color__hover_enabled=\u00bbon|hover\u00bb][et_pb_column type=\u00bb1_2&#8243; _builder_version=\u00bb4.20.2&#8243; _module_preset=\u00bbdefault\u00bb global_colors_info=\u00bb{}\u00bb][et_pb_image src=\u00bbhttps:\/\/dara.aragon.es\/dara\/sijena\/wp-content\/uploads\/sites\/5\/2023\/08\/AMS_G_00014-.-Libro-Maria-Emelgo-primera-pagina.png\u00bb title_text=\u00bbAMS_G_00014 . Libro Maria Emelgo primera pagina\u00bb align=\u00bbcenter\u00bb _builder_version=\u00bb4.20.2&#8243; _module_preset=\u00bbdefault\u00bb width=\u00bb100%\u00bb module_alignment=\u00bbcenter\u00bb height=\u00bb473px\u00bb max_height=\u00bb1000px\u00bb global_colors_info=\u00bb{}\u00bb][\/et_pb_image][et_pb_text _builder_version=\u00bb4.20.2&#8243; _module_preset=\u00bbdefault\u00bb text_text_color=\u00bb#0C71C3&#8243; custom_margin=\u00bb|119px|0px|98px||\u00bb custom_padding=\u00bb|||0px||\u00bb global_colors_info=\u00bb{}\u00bb]<\/p>\n<p style=\"text-align: center\">Primera p\u00e1gina del libro dedicado a Mar\u00eda Emelgo, disponible en DARA.<\/p>\n<p>[\/et_pb_text][et_pb_button button_url=\u00bbhttps:\/\/dara.aragon.es\/opac\/app\/item\/?p=0&amp;q=emelgo&amp;ob=os:0&amp;vm=nv&amp;i=1092369&#8243; url_new_window=\u00bbon\u00bb button_text=\u00bbDOCUMENTO EN DARA\u00bb _builder_version=\u00bb4.20.2&#8243; _module_preset=\u00bbdefault\u00bb global_colors_info=\u00bb{}\u00bb][\/et_pb_button][\/et_pb_column][et_pb_column type=\u00bb1_2&#8243; _builder_version=\u00bb4.20.2&#8243; _module_preset=\u00bbdefault\u00bb global_colors_info=\u00bb{}\u00bb][et_pb_text _builder_version=\u00bb4.25.1&#8243; _module_preset=\u00bbdefault\u00bb text_font_size=\u00bb13px\u00bb text_line_height=\u00bb1.8em\u00bb width=\u00bb100%\u00bb min_height=\u00bb430.3px\u00bb height=\u00bb190px\u00bb max_height=\u00bb1000px\u00bb custom_margin=\u00bb|-23px||-35px||\u00bb custom_padding=\u00bb||0px|||\u00bb hover_enabled=\u00bb0&#8243; global_colors_info=\u00bb{}\u00bb sticky_enabled=\u00bb0&#8243;]<\/p>\n<p><em><strong><span style=\"color: #0c71c3\">\u00abDE<\/span><\/strong><span style=\"color: #0c71c3\">\u00a0la asumpcion, Mar\u00eda eres llamada,<\/span><\/em><\/p>\n<p><span style=\"color: #0c71c3\"><em><strong>M<\/strong>\u00edstico nombre tienes, y profundo,<\/em><\/span><\/p>\n<p><span style=\"color: #0c71c3\"><em><strong>A<\/strong>unque Bartholome apostol te di\u00f3 al mundo,<\/em><\/span><\/p>\n<p><span style=\"color: #0c71c3\"><em><strong>R<\/strong>endiste a tu reyna enamorada;<\/em><\/span><\/p>\n<p><span style=\"color: #0c71c3\"><em><strong>I<\/strong> por ser con su hijo desposada,<\/em><\/span><\/p>\n<p><span style=\"color: #0c71c3\"><em><strong>A<\/strong> un claustro religioso sin segundo,<\/em><\/span><\/p>\n<p><span style=\"color: #0c71c3\"><em><strong>E<\/strong>ncaminaste tu esp\u00edritu fecundo,<\/em><\/span><\/p>\n<p><span style=\"color: #0c71c3\"><em><strong>M<\/strong>ereciendo tus ansias tal morada:<\/em><\/span><\/p>\n<p><span style=\"color: #0c71c3\"><em><strong>E<\/strong>a pues religiosa logre tu esmero<\/em><\/span><\/p>\n<p><span style=\"color: #0c71c3\"><em><strong>L<\/strong>a hartura celestial de essa tu hambre<\/em><\/span><\/p>\n<p><span style=\"color: #0c71c3\"><em><strong>G<\/strong>ustando deliciosa de la sangre,<\/em><\/span><\/p>\n<p><span style=\"color: #0c71c3\"><em><strong>O<\/strong> man\u00e1 suabissimo del cordero.\u00bb<\/em><\/span><\/p>\n<p>[\/et_pb_text][et_pb_text _builder_version=\u00bb4.20.2&#8243; _module_preset=\u00bbdefault\u00bb text_font=\u00bb|700|||||||\u00bb text_text_color=\u00bb#0C71C3&#8243; custom_margin=\u00bb||0px|-79px|false|false\u00bb custom_padding=\u00bb|0px||0px|false|false\u00bb global_colors_info=\u00bb{}\u00bb]<\/p>\n<p style=\"text-align: center\">Acr\u00f3stico del c\u00f3dice, cuyas iniciales forman el nombre de la religiosa.<\/p>\n<p>[\/et_pb_text][\/et_pb_column][\/et_pb_row][et_pb_row _builder_version=\u00bb4.20.2&#8243; _module_preset=\u00bbdefault\u00bb global_colors_info=\u00bb{}\u00bb][et_pb_column type=\u00bb4_4&#8243; _builder_version=\u00bb4.20.2&#8243; _module_preset=\u00bbdefault\u00bb global_colors_info=\u00bb{}\u00bb][et_pb_divider color=\u00bb#E09900&#8243; _builder_version=\u00bb4.20.2&#8243; _module_preset=\u00bbdefault\u00bb global_colors_info=\u00bb{}\u00bb][\/et_pb_divider][\/et_pb_column][\/et_pb_row][et_pb_row _builder_version=\u00bb4.20.2&#8243; _module_preset=\u00bbdefault\u00bb custom_margin=\u00bb-54px|auto||auto||\u00bb custom_padding=\u00bb||18px|||\u00bb global_colors_info=\u00bb{}\u00bb][et_pb_column type=\u00bb4_4&#8243; _builder_version=\u00bb4.20.2&#8243; _module_preset=\u00bbdefault\u00bb global_colors_info=\u00bb{}\u00bb][et_pb_text _builder_version=\u00bb4.20.2&#8243; _module_preset=\u00bbdefault\u00bb text_font=\u00bb|700|||||||\u00bb text_font_size=\u00bb13px\u00bb text_letter_spacing=\u00bb1px\u00bb text_line_height=\u00bb1.8em\u00bb text_orientation=\u00bbcenter\u00bb global_colors_info=\u00bb{}\u00bb]<\/p>\n<h2 style=\"text-align: center\">BIBLIOGRAF\u00cdA<\/h2>\n<p>[\/et_pb_text][et_pb_text _builder_version=\u00bb4.20.2&#8243; _module_preset=\u00bbdefault\u00bb global_colors_info=\u00bb{}\u00bb]<\/p>\n<ul>\n<li><span style=\"font-size: 18px\"><span>Dur\u00e1n Gudiol, Antonio, \u00abLa regla del monestir de Santa Mar\u00eda de Sixena\u00bb, <\/span><em>Monastica<\/em><span>,\u00a0 1 (1960), pp. 135-191.<\/span><\/span><\/li>\n<li style=\"text-align: justify\"><span style=\"font-size: 18px\"><span>Generelo Lanaspa, Juan Jos\u00e9 (coord.), <a href=\"https:\/\/culturadearagon.es\/publicaciones\/la-regla-del-monasterio-de-santa-maria-de-sigena\/\" target=\"_blank\" rel=\"noopener\" style=\"font-size: 18px\">La Regla del monasterio de Santa Mar\u00eda de Sigena. Edici\u00f3n facs\u00edmil de la versi\u00f3n aragonesa del siglo XIII<\/a>, Zaragoza, Gobierno de Arag\u00f3n, 2023.<\/span><\/span><\/li>\n<li style=\"text-align: justify\"><span style=\"font-size: 18px\"><span>R\u00edos Conejero, Alejandro, \u00abLa Regla de Santa Mar\u00eda de Sigena y sus diferentes versiones\u00bb, en Generelo Lanaspa, Juan Jos\u00e9 (coord.), <a href=\"https:\/\/culturadearagon.es\/publicaciones\/la-regla-del-monasterio-de-santa-maria-de-sigena\/\" target=\"_blank\" rel=\"noopener\" style=\"font-size: 18px\">La Regla del monasterio de Santa Mar\u00eda de Sigena. Edici\u00f3n facs\u00edmil de la versi\u00f3n aragonesa del siglo XIII<\/a>, Zaragoza, Gobierno de Arag\u00f3n, 2023, pp. 39-62.\u00a0<\/span><\/span><\/li>\n<li style=\"text-align: justify\"><span style=\"font-size: 18px\"><span>Ubieto Artera, Agust\u00edn, Documento n.\u00ba 8. 1188, 6 octubre. \u00abArmengol, preceptor de San Juan de Jerusal\u00e9n, accede a la instalaci\u00f3n de un monasterio de monjas en Sigena y confirma su regla\u00bb, <em>Documentos de Sigena<\/em>, vol. I,\u00a0Valencia, Anu\u0301bar, 1972.<\/span><\/span><\/li>\n<\/ul>\n<p style=\"text-align: justify\"><span style=\"font-size: 18px\"><\/span><\/p>\n<p><span style=\"font-size: 18px\"><\/span><\/p>\n<p>[\/et_pb_text][\/et_pb_column][\/et_pb_row][\/et_pb_section]<\/p>\n","protected":false},"excerpt":{"rendered":"<p>Copia del siglo XIII de la regla latina de Sigena, conservada en el Archivo Hist\u00f3rico Provincial de HuescaEn octubre de 1188, se aprob\u00f3 la primera regla que pasar\u00eda a regular la vida y las actividades de las religiosas de Sigena. \u00c9sta hab\u00eda sido redactada por el arcediano Ricardo, futuro obispo de Huesca, a instancias de [&hellip;]<\/p>\n","protected":false},"author":2,"featured_media":729,"parent":0,"menu_order":0,"comment_status":"closed","ping_status":"closed","template":"","meta":{"_et_pb_use_builder":"on","_et_pb_old_content":"","_et_gb_content_width":"","footnotes":""},"class_list":["post-737","page","type-page","status-publish","has-post-thumbnail","hentry"],"yoast_head":"<!-- This site is optimized with the Yoast SEO plugin v26.2 - https:\/\/yoast.com\/wordpress\/plugins\/seo\/ -->\n<title>La regla mon\u00e1stica y sus versiones - DARA-Sigena Virtual<\/title>\n<meta name=\"robots\" content=\"index, follow, max-snippet:-1, max-image-preview:large, max-video-preview:-1\" \/>\n<link rel=\"canonical\" href=\"https:\/\/dara.aragon.es\/dara\/sijena\/la-regla-monastica\/\" \/>\n<meta property=\"og:locale\" content=\"es_ES\" \/>\n<meta property=\"og:type\" content=\"article\" \/>\n<meta property=\"og:title\" content=\"La regla mon\u00e1stica y sus versiones - DARA-Sigena Virtual\" \/>\n<meta property=\"og:description\" content=\"Copia del siglo XIII de la regla latina de Sigena, conservada en el Archivo Hist\u00f3rico Provincial de HuescaEn octubre de 1188, se aprob\u00f3 la primera regla que pasar\u00eda a regular la vida y las actividades de las religiosas de Sigena. \u00c9sta hab\u00eda sido redactada por el arcediano Ricardo, futuro obispo de Huesca, a instancias de [&hellip;]\" \/>\n<meta property=\"og:url\" content=\"https:\/\/dara.aragon.es\/dara\/sijena\/la-regla-monastica\/\" \/>\n<meta property=\"og:site_name\" content=\"DARA-Sigena Virtual\" \/>\n<meta property=\"article:modified_time\" content=\"2024-06-06T09:45:23+00:00\" \/>\n<meta property=\"og:image\" content=\"https:\/\/dara.aragon.es\/dara\/sijena\/wp-content\/uploads\/sites\/5\/2023\/04\/3-Iglesia.-2016.-Juan-Carlos-Gil-Ballano.jpg\" \/>\n\t<meta property=\"og:image:width\" content=\"667\" \/>\n\t<meta property=\"og:image:height\" content=\"1000\" \/>\n\t<meta property=\"og:image:type\" content=\"image\/jpeg\" \/>\n<meta name=\"twitter:card\" content=\"summary_large_image\" \/>\n<meta name=\"twitter:label1\" content=\"Tiempo de lectura\" \/>\n\t<meta name=\"twitter:data1\" content=\"14 minutos\" \/>\n<script type=\"application\/ld+json\" class=\"yoast-schema-graph\">{\"@context\":\"https:\/\/schema.org\",\"@graph\":[{\"@type\":\"WebPage\",\"@id\":\"https:\/\/dara.aragon.es\/dara\/sijena\/la-regla-monastica\/\",\"url\":\"https:\/\/dara.aragon.es\/dara\/sijena\/la-regla-monastica\/\",\"name\":\"La regla mon\u00e1stica y sus versiones - DARA-Sigena Virtual\",\"isPartOf\":{\"@id\":\"https:\/\/dara.aragon.es\/dara\/sijena\/#website\"},\"primaryImageOfPage\":{\"@id\":\"https:\/\/dara.aragon.es\/dara\/sijena\/la-regla-monastica\/#primaryimage\"},\"image\":{\"@id\":\"https:\/\/dara.aragon.es\/dara\/sijena\/la-regla-monastica\/#primaryimage\"},\"thumbnailUrl\":\"https:\/\/dara.aragon.es\/dara\/sijena\/wp-content\/uploads\/sites\/5\/2023\/04\/3-Iglesia.-2016.-Juan-Carlos-Gil-Ballano.jpg\",\"datePublished\":\"2023-05-03T11:29:23+00:00\",\"dateModified\":\"2024-06-06T09:45:23+00:00\",\"breadcrumb\":{\"@id\":\"https:\/\/dara.aragon.es\/dara\/sijena\/la-regla-monastica\/#breadcrumb\"},\"inLanguage\":\"es\",\"potentialAction\":[{\"@type\":\"ReadAction\",\"target\":[\"https:\/\/dara.aragon.es\/dara\/sijena\/la-regla-monastica\/\"]}]},{\"@type\":\"ImageObject\",\"inLanguage\":\"es\",\"@id\":\"https:\/\/dara.aragon.es\/dara\/sijena\/la-regla-monastica\/#primaryimage\",\"url\":\"https:\/\/dara.aragon.es\/dara\/sijena\/wp-content\/uploads\/sites\/5\/2023\/04\/3-Iglesia.-2016.-Juan-Carlos-Gil-Ballano.jpg\",\"contentUrl\":\"https:\/\/dara.aragon.es\/dara\/sijena\/wp-content\/uploads\/sites\/5\/2023\/04\/3-Iglesia.-2016.-Juan-Carlos-Gil-Ballano.jpg\",\"width\":667,\"height\":1000,\"caption\":\"3 Iglesia. 2016. Juan Carlos Gil Ballano\"},{\"@type\":\"BreadcrumbList\",\"@id\":\"https:\/\/dara.aragon.es\/dara\/sijena\/la-regla-monastica\/#breadcrumb\",\"itemListElement\":[{\"@type\":\"ListItem\",\"position\":1,\"name\":\"Portada\",\"item\":\"https:\/\/dara.aragon.es\/dara\/sijena\/\"},{\"@type\":\"ListItem\",\"position\":2,\"name\":\"La regla mon\u00e1stica y sus versiones\"}]},{\"@type\":\"WebSite\",\"@id\":\"https:\/\/dara.aragon.es\/dara\/sijena\/#website\",\"url\":\"https:\/\/dara.aragon.es\/dara\/sijena\/\",\"name\":\"DARA-Sigena Virtual\",\"description\":\"Sigena\",\"potentialAction\":[{\"@type\":\"SearchAction\",\"target\":{\"@type\":\"EntryPoint\",\"urlTemplate\":\"https:\/\/dara.aragon.es\/dara\/sijena\/?s={search_term_string}\"},\"query-input\":{\"@type\":\"PropertyValueSpecification\",\"valueRequired\":true,\"valueName\":\"search_term_string\"}}],\"inLanguage\":\"es\"}]}<\/script>\n<!-- \/ Yoast SEO plugin. -->","yoast_head_json":{"title":"La regla mon\u00e1stica y sus versiones - DARA-Sigena Virtual","robots":{"index":"index","follow":"follow","max-snippet":"max-snippet:-1","max-image-preview":"max-image-preview:large","max-video-preview":"max-video-preview:-1"},"canonical":"https:\/\/dara.aragon.es\/dara\/sijena\/la-regla-monastica\/","og_locale":"es_ES","og_type":"article","og_title":"La regla mon\u00e1stica y sus versiones - DARA-Sigena Virtual","og_description":"Copia del siglo XIII de la regla latina de Sigena, conservada en el Archivo Hist\u00f3rico Provincial de HuescaEn octubre de 1188, se aprob\u00f3 la primera regla que pasar\u00eda a regular la vida y las actividades de las religiosas de Sigena. \u00c9sta hab\u00eda sido redactada por el arcediano Ricardo, futuro obispo de Huesca, a instancias de [&hellip;]","og_url":"https:\/\/dara.aragon.es\/dara\/sijena\/la-regla-monastica\/","og_site_name":"DARA-Sigena Virtual","article_modified_time":"2024-06-06T09:45:23+00:00","og_image":[{"width":667,"height":1000,"url":"https:\/\/dara.aragon.es\/dara\/sijena\/wp-content\/uploads\/sites\/5\/2023\/04\/3-Iglesia.-2016.-Juan-Carlos-Gil-Ballano.jpg","type":"image\/jpeg"}],"twitter_card":"summary_large_image","twitter_misc":{"Tiempo de lectura":"14 minutos"},"schema":{"@context":"https:\/\/schema.org","@graph":[{"@type":"WebPage","@id":"https:\/\/dara.aragon.es\/dara\/sijena\/la-regla-monastica\/","url":"https:\/\/dara.aragon.es\/dara\/sijena\/la-regla-monastica\/","name":"La regla mon\u00e1stica y sus versiones - DARA-Sigena Virtual","isPartOf":{"@id":"https:\/\/dara.aragon.es\/dara\/sijena\/#website"},"primaryImageOfPage":{"@id":"https:\/\/dara.aragon.es\/dara\/sijena\/la-regla-monastica\/#primaryimage"},"image":{"@id":"https:\/\/dara.aragon.es\/dara\/sijena\/la-regla-monastica\/#primaryimage"},"thumbnailUrl":"https:\/\/dara.aragon.es\/dara\/sijena\/wp-content\/uploads\/sites\/5\/2023\/04\/3-Iglesia.-2016.-Juan-Carlos-Gil-Ballano.jpg","datePublished":"2023-05-03T11:29:23+00:00","dateModified":"2024-06-06T09:45:23+00:00","breadcrumb":{"@id":"https:\/\/dara.aragon.es\/dara\/sijena\/la-regla-monastica\/#breadcrumb"},"inLanguage":"es","potentialAction":[{"@type":"ReadAction","target":["https:\/\/dara.aragon.es\/dara\/sijena\/la-regla-monastica\/"]}]},{"@type":"ImageObject","inLanguage":"es","@id":"https:\/\/dara.aragon.es\/dara\/sijena\/la-regla-monastica\/#primaryimage","url":"https:\/\/dara.aragon.es\/dara\/sijena\/wp-content\/uploads\/sites\/5\/2023\/04\/3-Iglesia.-2016.-Juan-Carlos-Gil-Ballano.jpg","contentUrl":"https:\/\/dara.aragon.es\/dara\/sijena\/wp-content\/uploads\/sites\/5\/2023\/04\/3-Iglesia.-2016.-Juan-Carlos-Gil-Ballano.jpg","width":667,"height":1000,"caption":"3 Iglesia. 2016. Juan Carlos Gil Ballano"},{"@type":"BreadcrumbList","@id":"https:\/\/dara.aragon.es\/dara\/sijena\/la-regla-monastica\/#breadcrumb","itemListElement":[{"@type":"ListItem","position":1,"name":"Portada","item":"https:\/\/dara.aragon.es\/dara\/sijena\/"},{"@type":"ListItem","position":2,"name":"La regla mon\u00e1stica y sus versiones"}]},{"@type":"WebSite","@id":"https:\/\/dara.aragon.es\/dara\/sijena\/#website","url":"https:\/\/dara.aragon.es\/dara\/sijena\/","name":"DARA-Sigena Virtual","description":"Sigena","potentialAction":[{"@type":"SearchAction","target":{"@type":"EntryPoint","urlTemplate":"https:\/\/dara.aragon.es\/dara\/sijena\/?s={search_term_string}"},"query-input":{"@type":"PropertyValueSpecification","valueRequired":true,"valueName":"search_term_string"}}],"inLanguage":"es"}]}},"_links":{"self":[{"href":"https:\/\/dara.aragon.es\/dara\/sijena\/wp-json\/wp\/v2\/pages\/737","targetHints":{"allow":["GET"]}}],"collection":[{"href":"https:\/\/dara.aragon.es\/dara\/sijena\/wp-json\/wp\/v2\/pages"}],"about":[{"href":"https:\/\/dara.aragon.es\/dara\/sijena\/wp-json\/wp\/v2\/types\/page"}],"author":[{"embeddable":true,"href":"https:\/\/dara.aragon.es\/dara\/sijena\/wp-json\/wp\/v2\/users\/2"}],"replies":[{"embeddable":true,"href":"https:\/\/dara.aragon.es\/dara\/sijena\/wp-json\/wp\/v2\/comments?post=737"}],"version-history":[{"count":66,"href":"https:\/\/dara.aragon.es\/dara\/sijena\/wp-json\/wp\/v2\/pages\/737\/revisions"}],"predecessor-version":[{"id":3752,"href":"https:\/\/dara.aragon.es\/dara\/sijena\/wp-json\/wp\/v2\/pages\/737\/revisions\/3752"}],"wp:featuredmedia":[{"embeddable":true,"href":"https:\/\/dara.aragon.es\/dara\/sijena\/wp-json\/wp\/v2\/media\/729"}],"wp:attachment":[{"href":"https:\/\/dara.aragon.es\/dara\/sijena\/wp-json\/wp\/v2\/media?parent=737"}],"curies":[{"name":"wp","href":"https:\/\/api.w.org\/{rel}","templated":true}]}}