{"version":"1.0","provider_name":"DARA GENERAL","provider_url":"https:\/\/dara.aragon.es\/dara","author_name":"Mar\u00eda Jos\u00e9 Casaus Ballester Archivo Hist\u00f3rico Provincial de Teruel","author_url":"https:\/\/dara.aragon.es\/dara\/blog\/author\/mjcasaus\/","title":"Aportamos microhistoria, si se quiere consultar - DARA GENERAL","type":"rich","width":600,"height":338,"html":"<blockquote class=\"wp-embedded-content\" data-secret=\"iAFgdrFXqO\"><a href=\"https:\/\/dara.aragon.es\/dara\/blog\/aportamos-microhistoria-si-se-quiere-consultar\/\">Aportamos microhistoria, si se quiere consultar<\/a><\/blockquote><iframe sandbox=\"allow-scripts\" security=\"restricted\" src=\"https:\/\/dara.aragon.es\/dara\/blog\/aportamos-microhistoria-si-se-quiere-consultar\/embed\/#?secret=iAFgdrFXqO\" width=\"600\" height=\"338\" title=\"\u00abAportamos microhistoria, si se quiere consultar\u00bb \u2014 DARA GENERAL\" data-secret=\"iAFgdrFXqO\" frameborder=\"0\" marginwidth=\"0\" marginheight=\"0\" scrolling=\"no\" class=\"wp-embedded-content\"><\/iframe><script type=\"text\/javascript\">\n\/* <![CDATA[ *\/\n\/*! This file is auto-generated *\/\n!function(d,l){\"use strict\";l.querySelector&&d.addEventListener&&\"undefined\"!=typeof URL&&(d.wp=d.wp||{},d.wp.receiveEmbedMessage||(d.wp.receiveEmbedMessage=function(e){var t=e.data;if((t||t.secret||t.message||t.value)&&!\/[^a-zA-Z0-9]\/.test(t.secret)){for(var s,r,n,a=l.querySelectorAll('iframe[data-secret=\"'+t.secret+'\"]'),o=l.querySelectorAll('blockquote[data-secret=\"'+t.secret+'\"]'),c=new RegExp(\"^https?:$\",\"i\"),i=0;i<o.length;i++)o[i].style.display=\"none\";for(i=0;i<a.length;i++)s=a[i],e.source===s.contentWindow&&(s.removeAttribute(\"style\"),\"height\"===t.message?(1e3<(r=parseInt(t.value,10))?r=1e3:~~r<200&&(r=200),s.height=r):\"link\"===t.message&&(r=new URL(s.getAttribute(\"src\")),n=new URL(t.value),c.test(n.protocol))&&n.host===r.host&&l.activeElement===s&&(d.top.location.href=t.value))}},d.addEventListener(\"message\",d.wp.receiveEmbedMessage,!1),l.addEventListener(\"DOMContentLoaded\",function(){for(var e,t,s=l.querySelectorAll(\"iframe.wp-embedded-content\"),r=0;r<s.length;r++)(t=(e=s[r]).getAttribute(\"data-secret\"))||(t=Math.random().toString(36).substring(2,12),e.src+=\"#?secret=\"+t,e.setAttribute(\"data-secret\",t)),e.contentWindow.postMessage({message:\"ready\",secret:t},\"*\")},!1)))}(window,document);\n\/\/# sourceURL=https:\/\/dara.aragon.es\/dara\/wp-includes\/js\/wp-embed.min.js\n\/* ]]> *\/\n<\/script>\n","thumbnail_url":"https:\/\/dara.aragon.es\/dara\/wp-content\/uploads\/2026\/03\/Blog-martes00001-1-scaled.jpg","thumbnail_width":1721,"thumbnail_height":2560,"description":"M\u00aa Jos\u00e9 Casaus BallesterArchivo Hist\u00f3rico Provincial de Teruel Introducci\u00f3n Una grata conversaci\u00f3n telef\u00f3nica en la que nuestro interlocutor nos explic\u00f3 que ten\u00eda en su casa familiar, sita en Albarrac\u00edn, expedientes de su tatarabuelo, Mariano V\u00e1zquez Sarri\u00e1 (notario ejerciente en la ciudad de Albarrac\u00edn en el siglo XIX) y de su bisabuelo, C\u00e1ndido V\u00e1zquez, registrador de [&hellip;]"}