{"version":"1.0","provider_name":"DARA GENERAL","provider_url":"https:\/\/dara.aragon.es\/dara","author_name":"Archivo Hist\u00f3rico Provincial de Teruel","author_url":"https:\/\/dara.aragon.es\/dara\/blog\/author\/ahpte\/","title":"El folclore aragon\u00e9s en los Archivos Hist\u00f3ricos Provinciales - DARA GENERAL","type":"rich","width":600,"height":338,"html":"<blockquote class=\"wp-embedded-content\" data-secret=\"60q89i7yDU\"><a href=\"https:\/\/dara.aragon.es\/dara\/blog\/el-folclore-aragones-en-los-archivos-historicos-provinciales\/\">El folclore aragon\u00e9s en los Archivos Hist\u00f3ricos Provinciales<\/a><\/blockquote><iframe sandbox=\"allow-scripts\" security=\"restricted\" src=\"https:\/\/dara.aragon.es\/dara\/blog\/el-folclore-aragones-en-los-archivos-historicos-provinciales\/embed\/#?secret=60q89i7yDU\" width=\"600\" height=\"338\" title=\"\u00abEl folclore aragon\u00e9s en los Archivos Hist\u00f3ricos Provinciales\u00bb \u2014 DARA GENERAL\" data-secret=\"60q89i7yDU\" frameborder=\"0\" marginwidth=\"0\" marginheight=\"0\" scrolling=\"no\" class=\"wp-embedded-content\"><\/iframe><script type=\"text\/javascript\">\n\/* <![CDATA[ *\/\n\/*! This file is auto-generated *\/\n!function(d,l){\"use strict\";l.querySelector&&d.addEventListener&&\"undefined\"!=typeof URL&&(d.wp=d.wp||{},d.wp.receiveEmbedMessage||(d.wp.receiveEmbedMessage=function(e){var t=e.data;if((t||t.secret||t.message||t.value)&&!\/[^a-zA-Z0-9]\/.test(t.secret)){for(var s,r,n,a=l.querySelectorAll('iframe[data-secret=\"'+t.secret+'\"]'),o=l.querySelectorAll('blockquote[data-secret=\"'+t.secret+'\"]'),c=new RegExp(\"^https?:$\",\"i\"),i=0;i<o.length;i++)o[i].style.display=\"none\";for(i=0;i<a.length;i++)s=a[i],e.source===s.contentWindow&&(s.removeAttribute(\"style\"),\"height\"===t.message?(1e3<(r=parseInt(t.value,10))?r=1e3:~~r<200&&(r=200),s.height=r):\"link\"===t.message&&(r=new URL(s.getAttribute(\"src\")),n=new URL(t.value),c.test(n.protocol))&&n.host===r.host&&l.activeElement===s&&(d.top.location.href=t.value))}},d.addEventListener(\"message\",d.wp.receiveEmbedMessage,!1),l.addEventListener(\"DOMContentLoaded\",function(){for(var e,t,s=l.querySelectorAll(\"iframe.wp-embedded-content\"),r=0;r<s.length;r++)(t=(e=s[r]).getAttribute(\"data-secret\"))||(t=Math.random().toString(36).substring(2,12),e.src+=\"#?secret=\"+t,e.setAttribute(\"data-secret\",t)),e.contentWindow.postMessage({message:\"ready\",secret:t},\"*\")},!1)))}(window,document);\n\/\/# sourceURL=https:\/\/dara.aragon.es\/dara\/wp-includes\/js\/wp-embed.min.js\n\/* ]]> *\/\n<\/script>\n","thumbnail_url":"https:\/\/dara.aragon.es\/dara\/wp-content\/uploads\/2020\/04\/AHPHU_M_00101_0005_0017.jpg","thumbnail_width":640,"thumbnail_height":418,"description":"Concurso de Coros y Danzas. Grupo de camaradas que interpretaron la jota de&nbsp;Ans\u00f3,&nbsp;ataviados con el traje t\u00edpico.&nbsp;Fidel&nbsp;Oltra. A\u00f1o 1945&nbsp;(Sign. ES\/AHPHU &#8211; M\/101_0005\/0017) Desde los archivos hist\u00f3ricos provinciales de Arag\u00f3n nos asomamos&nbsp; a la historia del folclore y la jota aragoneses, en el marco de la iniciativa del Gobierno de Arag\u00f3n #CulturaEnCasa. &nbsp; &nbsp; &nbsp; El [&hellip;]"}