{"id":1854,"date":"2022-12-15T13:14:35","date_gmt":"2022-12-15T13:14:35","guid":{"rendered":"https:\/\/dara.aragon.es\/dara\/?page_id=1854"},"modified":"2024-01-24T15:04:43","modified_gmt":"2024-01-24T15:04:43","slug":"entidad-local-menor-de-escarrilla","status":"publish","type":"page","link":"https:\/\/dara.aragon.es\/dara\/entidad-local-menor-de-escarrilla\/","title":{"rendered":"Entidad Local Menor de Escarrilla"},"content":{"rendered":"<p>[et_pb_section fb_built=\u00bb1&#8243; _builder_version=\u00bb4.19.0&#8243; _module_preset=\u00bbdefault\u00bb global_colors_info=\u00bb{}\u00bb][et_pb_row column_structure=\u00bb2_5,3_5&#8243; _builder_version=\u00bb4.19.1&#8243; _module_preset=\u00bbdefault\u00bb min_height=\u00bb351.6px\u00bb custom_margin=\u00bb-21px|auto||auto||\u00bb custom_padding=\u00bb|45px|0px|10px||\u00bb global_colors_info=\u00bb{}\u00bb][et_pb_column type=\u00bb2_5&#8243; _builder_version=\u00bb4.19.0&#8243; _module_preset=\u00bbdefault\u00bb global_colors_info=\u00bb{}\u00bb][et_pb_image src=\u00bbhttps:\/\/dara.aragon.es\/dara\/wp-content\/uploads\/2022\/12\/Entidad-Local-Menor-de-Escarrilla-_DEF-1.png\u00bb alt=\u00bbAM Escarrilla<br \/>\n\u00bb title_text=\u00bbEntidad Local Menor de Escarrilla _DEF\u00bb _builder_version=\u00bb4.20.2&#8243; _module_preset=\u00bbdefault\u00bb min_height=\u00bb295.6px\u00bb custom_padding=\u00bb0px|108px|0px|||\u00bb hover_enabled=\u00bb0&#8243; global_colors_info=\u00bb{}\u00bb sticky_enabled=\u00bb0&#8243;][\/et_pb_image][\/et_pb_column][et_pb_column type=\u00bb3_5&#8243; _builder_version=\u00bb4.19.0&#8243; _module_preset=\u00bbdefault\u00bb global_colors_info=\u00bb{}\u00bb][et_pb_text _builder_version=\u00bb4.19.3&#8243; _module_preset=\u00bbdefault\u00bb background_color=\u00bb#FFFFFF\u00bb width=\u00bb100%\u00bb min_height=\u00bb276.6px\u00bb custom_margin=\u00bb|-52px||-52px||true\u00bb custom_padding=\u00bb0px|||0px||\u00bb global_colors_info=\u00bb{}\u00bb]<\/p>\n<h2><span style=\"text-align: justify;\"><b>ENTIDAD LOCAL MENOR DE ESCARRILLA<\/b><\/span><\/h2>\n<div style=\"text-align: justify;\">\n<p>&nbsp;<\/p>\n<p><span style=\"color: #a6a4a3;\">La Entidad Local Menor de Escarrilla pertenece al municipio de Sallent de G\u00e1llego con el que se fusion\u00f3 junto a Tramacastilla de Tena en 1973 (Decreto 1239\/73, 7 junio. BOE N\u00ba144, 14-6). Conserva documentos generados durante su etapa como ayuntamiento, y como entidad menor. Entre sus fondos, hay documentaci\u00f3n de cofrad\u00edas, documentos privados, eclesi\u00e1sticos, y un libro de actas de la Junta del Valle de Tena que celebr\u00f3 all\u00ed sus reuniones en su \u00faltima etapa al menos hasta el a\u00f1o 1934.<\/span><\/p>\n<\/div>\n<p>[\/et_pb_text][et_pb_divider divider_style=\u00bbnone\u00bb _builder_version=\u00bb4.19.2&#8243; _module_preset=\u00bbdefault\u00bb min_height=\u00bb20.8px\u00bb custom_margin=\u00bb||1px|||\u00bb custom_padding=\u00bb|104px||0px||\u00bb global_colors_info=\u00bb{}\u00bb][\/et_pb_divider][\/et_pb_column][\/et_pb_row][et_pb_row column_structure=\u00bb2_5,3_5&#8243; _builder_version=\u00bb4.19.2&#8243; _module_preset=\u00bbdefault\u00bb width=\u00bb89%\u00bb max_width=\u00bb1555px\u00bb min_height=\u00bb948px\u00bb height=\u00bb933px\u00bb max_height=\u00bb948px\u00bb custom_margin=\u00bb-64px|auto|-64px|auto|true|false\u00bb custom_padding=\u00bb0px|96px|0px|156px|false|false\u00bb global_colors_info=\u00bb{}\u00bb][et_pb_column type=\u00bb2_5&#8243; _builder_version=\u00bb4.19.0&#8243; _module_preset=\u00bbdefault\u00bb link_option_url=\u00bbhttps:\/\/goo.gl\/maps\/Kto9GfmAC6aNm15AA\u00bb global_colors_info=\u00bb{}\u00bb][et_pb_image src=\u00bbhttps:\/\/dara.aragon.es\/dara\/wp-content\/uploads\/2022\/12\/Mapa-Escarrilla-DEF.png\u00bb alt=\u00bbAM Escarrilla\u00bb title_text=\u00bbMapa Escarrilla DEF\u00bb url=\u00bbhttps:\/\/goo.gl\/maps\/HecBvPwnktfeEiCv5&#8243; _builder_version=\u00bb4.19.3&#8243; _module_preset=\u00bbdefault\u00bb min_height=\u00bb166.9px\u00bb custom_margin=\u00bb6px|||98px||\u00bb custom_padding=\u00bb0px|160px|1px|||\u00bb global_colors_info=\u00bb{}\u00bb][\/et_pb_image][et_pb_text _builder_version=\u00bb4.20.2&#8243; _module_preset=\u00bbdefault\u00bb width=\u00bb79.9%\u00bb custom_margin=\u00bb|101px|30px|95px||\u00bb link_option_url=\u00bbhttps:\/\/www.escarrilla.es\/\u00bb global_colors_info=\u00bb{}\u00bb]<\/p>\n<div><b>Ayuntamiento de Escarrilla<\/b><\/div>\n<div><b>Direcci\u00f3n<\/b><\/div>\n<div>Carretera de Francia, 16<\/div>\n<div>22660 Escarrilla (Huesca)<\/div>\n<div><strong>E-mail:<\/strong><\/div>\n<div><a href=\"https:\/\/dara.aragon.es\/opac\/app\/item\/ayuntamiento@escarrilla.es\">ayuntamiento@escarrilla.es<\/a><\/div>\n<div><strong>Tel\u00e9fono de contacto:<\/strong><\/div>\n<div><a href=\"https:\/\/dara.aragon.es\/opac\/app\/item\/%E2%80%9C974\" 487=\"\" 449=\"\">974 487 449<\/a><\/div>\n<div><strong>Sitio web del Ayuntamiento<\/strong><\/div>\n<div><b><\/b><\/div>\n<p>[\/et_pb_text][et_pb_social_media_follow _builder_version=\u00bb4.20.2&#8243; _module_preset=\u00bbdefault\u00bb custom_margin=\u00bb-11px|||||\u00bb custom_padding=\u00bb0px|||92px||\u00bb global_colors_info=\u00bb{}\u00bb][et_pb_social_media_follow_network social_network=\u00bbfacebook\u00bb url=\u00bbhttps:\/\/www.facebook.com\/ayuntamiento.escarrilla\u00bb _builder_version=\u00bb4.19.3&#8243; _module_preset=\u00bbdefault\u00bb background_color=\u00bb#3b5998&#8243; global_colors_info=\u00bb{}\u00bb follow_button=\u00bboff\u00bb url_new_window=\u00bbon\u00bb]facebook[\/et_pb_social_media_follow_network][et_pb_social_media_follow_network social_network=\u00bbinstagram\u00bb url=\u00bbhttps:\/\/www.instagram.com\/aytoescarrilla\/\u00bb _builder_version=\u00bb4.20.2&#8243; _module_preset=\u00bbdefault\u00bb background_color=\u00bb#ea2c59&#8243; global_colors_info=\u00bb{}\u00bb follow_button=\u00bboff\u00bb url_new_window=\u00bbon\u00bb]instagram[\/et_pb_social_media_follow_network][\/et_pb_social_media_follow][et_pb_text _builder_version=\u00bb4.19.2&#8243; _module_preset=\u00bbdefault\u00bb global_colors_info=\u00bb{}\u00bb][\/et_pb_text][\/et_pb_column][et_pb_column type=\u00bb3_5&#8243; _builder_version=\u00bb4.19.1&#8243; _module_preset=\u00bbdefault\u00bb global_colors_info=\u00bb{}\u00bb][et_pb_button button_url=\u00bbhttps:\/\/dara.aragon.es\/opac\/app\/simple\/cag\u00bb url_new_window=\u00bbon\u00bb button_text=\u00bbIr al buscador\u00bb button_alignment=\u00bbleft\u00bb _builder_version=\u00bb4.19.3&#8243; _module_preset=\u00bbdefault\u00bb custom_button=\u00bbon\u00bb button_text_size=\u00bb15px\u00bb button_border_width=\u00bb2px\u00bb button_border_radius=\u00bb100px\u00bb button_letter_spacing=\u00bb4px\u00bb button_font=\u00bb||on||||||\u00bb button_icon=\u00bb&#x39;||divi||400&#8243; custom_margin=\u00bb-4px|371px|30px|-58px|false|false\u00bb custom_padding=\u00bb6px|49px|4px|49px|false|false\u00bb animation_style=\u00bbbounce\u00bb box_shadow_style=\u00bbpreset6&#8243; global_colors_info=\u00bb{}\u00bb][\/et_pb_button][et_pb_button button_url=\u00bbhttps:\/\/dara.aragon.es\/opac\/app\/results\/?al=6,7,8&#038;ob=df:1&#038;q=Escarrilla\u00bb url_new_window=\u00bbon\u00bb button_text=\u00bbConsultar todo el fondo\u00bb button_alignment=\u00bbleft\u00bb _builder_version=\u00bb4.19.3&#8243; _module_preset=\u00bbdefault\u00bb custom_button=\u00bbon\u00bb button_text_size=\u00bb14px\u00bb button_border_width=\u00bb2px\u00bb button_border_radius=\u00bb100px\u00bb button_letter_spacing=\u00bb4px\u00bb button_icon=\u00bb&#xe02f;||divi||400&#8243; custom_margin=\u00bb-70px|28px|18px|227px|false|false\u00bb custom_padding=\u00bb6px|30px|7px|29px|false|false\u00bb animation_style=\u00bbbounce\u00bb box_shadow_style=\u00bbpreset6&#8243; global_colors_info=\u00bb{}\u00bb][\/et_pb_button][et_pb_tabs _builder_version=\u00bb4.19.3&#8243; _module_preset=\u00bbdefault\u00bb width=\u00bb92.7%\u00bb min_height=\u00bb357.4px\u00bb custom_margin=\u00bb102px|-39px|8px|-86px||\u00bb custom_padding=\u00bb|79px||33px||\u00bb global_colors_info=\u00bb{}\u00bb][et_pb_tab title=\u00bbDESTACADOS\u00bb _builder_version=\u00bb4.19.3&#8243; _module_preset=\u00bbdefault\u00bb global_colors_info=\u00bb{}\u00bb]<\/p>\n<p>&nbsp;<\/p>\n<ul>\n<li><a href=\"https:\/\/dara.aragon.es\/opac\/app\/results\/?al=6,7,8&amp;ob=df:1&amp;q=Escarrilla\">Documentos y fotograf\u00edas de Escarrilla en DARA<\/a>.<\/li>\n<\/ul>\n<p>[\/et_pb_tab][\/et_pb_tabs][\/et_pb_column][\/et_pb_row][\/et_pb_section]<\/p>\n","protected":false},"excerpt":{"rendered":"<p>ENTIDAD LOCAL MENOR DE ESCARRILLA &nbsp; La Entidad Local Menor de Escarrilla pertenece al municipio de Sallent de G\u00e1llego con el que se fusion\u00f3 junto a Tramacastilla de Tena en 1973 (Decreto 1239\/73, 7 junio. BOE N\u00ba144, 14-6). Conserva documentos generados durante su etapa como ayuntamiento, y como entidad menor. Entre sus fondos, hay documentaci\u00f3n [&hellip;]<\/p>\n","protected":false},"author":1,"featured_media":1860,"parent":0,"menu_order":0,"comment_status":"closed","ping_status":"closed","template":"","meta":{"_et_pb_use_builder":"on","_et_pb_old_content":"","_et_gb_content_width":"","om_disable_all_campaigns":false,"_monsterinsights_skip_tracking":false,"_monsterinsights_sitenote_active":false,"_monsterinsights_sitenote_note":"","_monsterinsights_sitenote_category":0,"_uf_show_specific_survey":0,"_uf_disable_surveys":false,"footnotes":""},"class_list":["post-1854","page","type-page","status-publish","has-post-thumbnail","hentry"],"yoast_head":"<!-- This site is optimized with the Yoast SEO plugin v27.5 - https:\/\/yoast.com\/product\/yoast-seo-wordpress\/ -->\n<title>Entidad Local Menor de Escarrilla - DARA GENERAL<\/title>\n<meta name=\"robots\" content=\"index, follow, max-snippet:-1, max-image-preview:large, max-video-preview:-1\" \/>\n<link rel=\"canonical\" href=\"https:\/\/dara.aragon.es\/dara\/entidad-local-menor-de-escarrilla\/\" \/>\n<meta property=\"og:locale\" content=\"es_ES\" \/>\n<meta property=\"og:type\" content=\"article\" \/>\n<meta property=\"og:title\" content=\"Entidad Local Menor de Escarrilla - DARA GENERAL\" \/>\n<meta property=\"og:description\" content=\"ENTIDAD LOCAL MENOR DE ESCARRILLA &nbsp; La Entidad Local Menor de Escarrilla pertenece al municipio de Sallent de G\u00e1llego con el que se fusion\u00f3 junto a Tramacastilla de Tena en 1973 (Decreto 1239\/73, 7 junio. BOE N\u00ba144, 14-6). Conserva documentos generados durante su etapa como ayuntamiento, y como entidad menor. Entre sus fondos, hay documentaci\u00f3n [&hellip;]\" \/>\n<meta property=\"og:url\" content=\"https:\/\/dara.aragon.es\/dara\/entidad-local-menor-de-escarrilla\/\" \/>\n<meta property=\"og:site_name\" content=\"DARA GENERAL\" \/>\n<meta property=\"article:modified_time\" content=\"2024-01-24T15:04:43+00:00\" \/>\n<meta property=\"og:image\" content=\"https:\/\/dara.aragon.es\/dara\/wp-content\/uploads\/2022\/12\/Mapa-Escarrilla-DEF.png\" \/>\n\t<meta property=\"og:image:width\" content=\"1124\" \/>\n\t<meta property=\"og:image:height\" content=\"634\" \/>\n\t<meta property=\"og:image:type\" content=\"image\/png\" \/>\n<meta name=\"twitter:card\" content=\"summary_large_image\" \/>\n<meta name=\"twitter:label1\" content=\"Tiempo de lectura\" \/>\n\t<meta name=\"twitter:data1\" content=\"4 minutos\" \/>\n<script type=\"application\/ld+json\" class=\"yoast-schema-graph\">{\"@context\":\"https:\\\/\\\/schema.org\",\"@graph\":[{\"@type\":\"WebPage\",\"@id\":\"https:\\\/\\\/dara.aragon.es\\\/dara\\\/entidad-local-menor-de-escarrilla\\\/\",\"url\":\"https:\\\/\\\/dara.aragon.es\\\/dara\\\/entidad-local-menor-de-escarrilla\\\/\",\"name\":\"Entidad Local Menor de Escarrilla - DARA GENERAL\",\"isPartOf\":{\"@id\":\"https:\\\/\\\/dara.aragon.es\\\/dara\\\/#website\"},\"primaryImageOfPage\":{\"@id\":\"https:\\\/\\\/dara.aragon.es\\\/dara\\\/entidad-local-menor-de-escarrilla\\\/#primaryimage\"},\"image\":{\"@id\":\"https:\\\/\\\/dara.aragon.es\\\/dara\\\/entidad-local-menor-de-escarrilla\\\/#primaryimage\"},\"thumbnailUrl\":\"https:\\\/\\\/dara.aragon.es\\\/dara\\\/wp-content\\\/uploads\\\/2022\\\/12\\\/Mapa-Escarrilla-DEF.png\",\"datePublished\":\"2022-12-15T13:14:35+00:00\",\"dateModified\":\"2024-01-24T15:04:43+00:00\",\"breadcrumb\":{\"@id\":\"https:\\\/\\\/dara.aragon.es\\\/dara\\\/entidad-local-menor-de-escarrilla\\\/#breadcrumb\"},\"inLanguage\":\"es\",\"potentialAction\":[{\"@type\":\"ReadAction\",\"target\":[\"https:\\\/\\\/dara.aragon.es\\\/dara\\\/entidad-local-menor-de-escarrilla\\\/\"]}]},{\"@type\":\"ImageObject\",\"inLanguage\":\"es\",\"@id\":\"https:\\\/\\\/dara.aragon.es\\\/dara\\\/entidad-local-menor-de-escarrilla\\\/#primaryimage\",\"url\":\"https:\\\/\\\/dara.aragon.es\\\/dara\\\/wp-content\\\/uploads\\\/2022\\\/12\\\/Mapa-Escarrilla-DEF.png\",\"contentUrl\":\"https:\\\/\\\/dara.aragon.es\\\/dara\\\/wp-content\\\/uploads\\\/2022\\\/12\\\/Mapa-Escarrilla-DEF.png\",\"width\":1124,\"height\":634},{\"@type\":\"BreadcrumbList\",\"@id\":\"https:\\\/\\\/dara.aragon.es\\\/dara\\\/entidad-local-menor-de-escarrilla\\\/#breadcrumb\",\"itemListElement\":[{\"@type\":\"ListItem\",\"position\":1,\"name\":\"Portada\",\"item\":\"https:\\\/\\\/dara.aragon.es\\\/dara\\\/\"},{\"@type\":\"ListItem\",\"position\":2,\"name\":\"Entidad Local Menor de Escarrilla\"}]},{\"@type\":\"WebSite\",\"@id\":\"https:\\\/\\\/dara.aragon.es\\\/dara\\\/#website\",\"url\":\"https:\\\/\\\/dara.aragon.es\\\/dara\\\/\",\"name\":\"DARA GENERAL\",\"description\":\"Documentos y archivos de Arag\u00f3n\",\"potentialAction\":[{\"@type\":\"SearchAction\",\"target\":{\"@type\":\"EntryPoint\",\"urlTemplate\":\"https:\\\/\\\/dara.aragon.es\\\/dara\\\/?s={search_term_string}\"},\"query-input\":{\"@type\":\"PropertyValueSpecification\",\"valueRequired\":true,\"valueName\":\"search_term_string\"}}],\"inLanguage\":\"es\"}]}<\/script>\n<!-- \/ Yoast SEO plugin. -->","yoast_head_json":{"title":"Entidad Local Menor de Escarrilla - DARA GENERAL","robots":{"index":"index","follow":"follow","max-snippet":"max-snippet:-1","max-image-preview":"max-image-preview:large","max-video-preview":"max-video-preview:-1"},"canonical":"https:\/\/dara.aragon.es\/dara\/entidad-local-menor-de-escarrilla\/","og_locale":"es_ES","og_type":"article","og_title":"Entidad Local Menor de Escarrilla - DARA GENERAL","og_description":"ENTIDAD LOCAL MENOR DE ESCARRILLA &nbsp; La Entidad Local Menor de Escarrilla pertenece al municipio de Sallent de G\u00e1llego con el que se fusion\u00f3 junto a Tramacastilla de Tena en 1973 (Decreto 1239\/73, 7 junio. BOE N\u00ba144, 14-6). Conserva documentos generados durante su etapa como ayuntamiento, y como entidad menor. Entre sus fondos, hay documentaci\u00f3n [&hellip;]","og_url":"https:\/\/dara.aragon.es\/dara\/entidad-local-menor-de-escarrilla\/","og_site_name":"DARA GENERAL","article_modified_time":"2024-01-24T15:04:43+00:00","og_image":[{"width":1124,"height":634,"url":"https:\/\/dara.aragon.es\/dara\/wp-content\/uploads\/2022\/12\/Mapa-Escarrilla-DEF.png","type":"image\/png"}],"twitter_card":"summary_large_image","twitter_misc":{"Tiempo de lectura":"4 minutos"},"schema":{"@context":"https:\/\/schema.org","@graph":[{"@type":"WebPage","@id":"https:\/\/dara.aragon.es\/dara\/entidad-local-menor-de-escarrilla\/","url":"https:\/\/dara.aragon.es\/dara\/entidad-local-menor-de-escarrilla\/","name":"Entidad Local Menor de Escarrilla - DARA GENERAL","isPartOf":{"@id":"https:\/\/dara.aragon.es\/dara\/#website"},"primaryImageOfPage":{"@id":"https:\/\/dara.aragon.es\/dara\/entidad-local-menor-de-escarrilla\/#primaryimage"},"image":{"@id":"https:\/\/dara.aragon.es\/dara\/entidad-local-menor-de-escarrilla\/#primaryimage"},"thumbnailUrl":"https:\/\/dara.aragon.es\/dara\/wp-content\/uploads\/2022\/12\/Mapa-Escarrilla-DEF.png","datePublished":"2022-12-15T13:14:35+00:00","dateModified":"2024-01-24T15:04:43+00:00","breadcrumb":{"@id":"https:\/\/dara.aragon.es\/dara\/entidad-local-menor-de-escarrilla\/#breadcrumb"},"inLanguage":"es","potentialAction":[{"@type":"ReadAction","target":["https:\/\/dara.aragon.es\/dara\/entidad-local-menor-de-escarrilla\/"]}]},{"@type":"ImageObject","inLanguage":"es","@id":"https:\/\/dara.aragon.es\/dara\/entidad-local-menor-de-escarrilla\/#primaryimage","url":"https:\/\/dara.aragon.es\/dara\/wp-content\/uploads\/2022\/12\/Mapa-Escarrilla-DEF.png","contentUrl":"https:\/\/dara.aragon.es\/dara\/wp-content\/uploads\/2022\/12\/Mapa-Escarrilla-DEF.png","width":1124,"height":634},{"@type":"BreadcrumbList","@id":"https:\/\/dara.aragon.es\/dara\/entidad-local-menor-de-escarrilla\/#breadcrumb","itemListElement":[{"@type":"ListItem","position":1,"name":"Portada","item":"https:\/\/dara.aragon.es\/dara\/"},{"@type":"ListItem","position":2,"name":"Entidad Local Menor de Escarrilla"}]},{"@type":"WebSite","@id":"https:\/\/dara.aragon.es\/dara\/#website","url":"https:\/\/dara.aragon.es\/dara\/","name":"DARA GENERAL","description":"Documentos y archivos de Arag\u00f3n","potentialAction":[{"@type":"SearchAction","target":{"@type":"EntryPoint","urlTemplate":"https:\/\/dara.aragon.es\/dara\/?s={search_term_string}"},"query-input":{"@type":"PropertyValueSpecification","valueRequired":true,"valueName":"search_term_string"}}],"inLanguage":"es"}]}},"_links":{"self":[{"href":"https:\/\/dara.aragon.es\/dara\/wp-json\/wp\/v2\/pages\/1854","targetHints":{"allow":["GET"]}}],"collection":[{"href":"https:\/\/dara.aragon.es\/dara\/wp-json\/wp\/v2\/pages"}],"about":[{"href":"https:\/\/dara.aragon.es\/dara\/wp-json\/wp\/v2\/types\/page"}],"author":[{"embeddable":true,"href":"https:\/\/dara.aragon.es\/dara\/wp-json\/wp\/v2\/users\/1"}],"replies":[{"embeddable":true,"href":"https:\/\/dara.aragon.es\/dara\/wp-json\/wp\/v2\/comments?post=1854"}],"version-history":[{"count":0,"href":"https:\/\/dara.aragon.es\/dara\/wp-json\/wp\/v2\/pages\/1854\/revisions"}],"wp:featuredmedia":[{"embeddable":true,"href":"https:\/\/dara.aragon.es\/dara\/wp-json\/wp\/v2\/media\/1860"}],"wp:attachment":[{"href":"https:\/\/dara.aragon.es\/dara\/wp-json\/wp\/v2\/media?parent=1854"}],"curies":[{"name":"wp","href":"https:\/\/api.w.org\/{rel}","templated":true}]}}