{"id":3306,"date":"2024-01-15T10:15:38","date_gmt":"2024-01-15T10:15:38","guid":{"rendered":"https:\/\/dara.aragon.es\/dara\/?page_id=3306"},"modified":"2024-07-19T07:09:41","modified_gmt":"2024-07-19T07:09:41","slug":"comarca-de-alto-gallego","status":"publish","type":"page","link":"https:\/\/dara.aragon.es\/dara\/comarca-de-alto-gallego\/","title":{"rendered":"Comarca Alto G\u00e1llego"},"content":{"rendered":"<p>[et_pb_section fb_built=\u00bb1&#8243; _builder_version=\u00bb4.19.0&#8243; _module_preset=\u00bbdefault\u00bb global_colors_info=\u00bb{}\u00bb][et_pb_row column_structure=\u00bb2_5,3_5&#8243; _builder_version=\u00bb4.26.1&#8243; _module_preset=\u00bbdefault\u00bb min_height=\u00bb351.6px\u00bb custom_margin=\u00bb0px|auto||auto|false|false\u00bb custom_padding=\u00bb|0px|0px|0px|false|false\u00bb global_colors_info=\u00bb{}\u00bb][et_pb_column type=\u00bb2_5&#8243; _builder_version=\u00bb4.19.0&#8243; _module_preset=\u00bbdefault\u00bb global_colors_info=\u00bb{}\u00bb][et_pb_image src=\u00bbhttps:\/\/dara.aragon.es\/dara\/wp-content\/uploads\/2024\/07\/Sin-titulo.png\u00bb alt=\u00bbAM de La Cuba\u00bb title_text=\u00bbSin t\u00edtulo\u00bb align=\u00bbcenter\u00bb _builder_version=\u00bb4.27.0&#8243; _module_preset=\u00bbdefault\u00bb min_height=\u00bb295px\u00bb custom_padding=\u00bb0px|0px|0px|42px|false|false\u00bb hover_enabled=\u00bb0&#8243; global_colors_info=\u00bb{}\u00bb sticky_enabled=\u00bb0&#8243;][\/et_pb_image][\/et_pb_column][et_pb_column type=\u00bb3_5&#8243; _builder_version=\u00bb4.19.0&#8243; _module_preset=\u00bbdefault\u00bb global_colors_info=\u00bb{}\u00bb][et_pb_text _builder_version=\u00bb4.26.1&#8243; _module_preset=\u00bbdefault\u00bb background_color=\u00bb#FFFFFF\u00bb width=\u00bb100%\u00bb min_height=\u00bb276.6px\u00bb custom_margin=\u00bb|0px|0px|0px|false|true\u00bb custom_padding=\u00bb0px|||0px|false|false\u00bb global_colors_info=\u00bb{}\u00bb]<\/p>\n<h2 style=\"text-align: justify;\">COMARCA ALTO G\u00c1LLEGO<\/h2>\n<div style=\"text-align: justify;\">\n<p style=\"font-weight: 400;\">La Comarca Alto G\u00e1llego fue creada por la Ley 13\/2001 de 2 de Julio, publicada en el<span>\u00a0<\/span><em>Bolet\u00edn Oficial de Arag\u00f3n<\/em><span>\u00a0<\/span>con fecha 20 de julio de 2001. Est\u00e1 integrada por los municipios de Biescas, Caldearenas, Hoz de Jaca, Panticosa, Sabi\u00f1\u00e1nigo, Sallent de G\u00e1llego, Yebra de Basa y Y\u00e9sero. Tiene su capitalidad en Sabi\u00f1\u00e1nigo, donde radica la sede oficial de sus \u00f3rganos de gobierno y oficinas.<\/p>\n<p style=\"font-weight: 400;\">En 2019 se iniciaron los trabajos de digitalizaci\u00f3n del archivo hist\u00f3rico del valle de Tena con sede en Panticosa, as\u00ed como el del propio municipio tensino. El contenido de patrimonio documental medieval depositado en ellos es de una gran importancia hist\u00f3rica, ya que se conserva documentaci\u00f3n en pergaminos fechada desde el siglo XIV. Tambi\u00e9n en 2019 se firm\u00f3 un acuerdo de colaboraci\u00f3n con la f\u00e1brica qu\u00edmica Ercros, con el fin de digitalizar el importante archivo hist\u00f3rico que conserva, pues contiene documentos clave para entender los or\u00edgenes de Sabi\u00f1\u00e1nigo y los trabajos desarrollados por la empresa en el valle de Tena.<\/p>\n<p style=\"font-weight: 400;\">Entre 2019 y 2020, la labor de digitalizaci\u00f3n continu\u00f3 con los archivos de Sabi\u00f1\u00e1nigo, Tramacastilla de Tena, El Pueyo, Escarrilla, Sallent de G\u00e1llego, Hoz de Jaca y Caldearenas, que conservan documentos desde el siglo XVI, si bien son mayoritarios los pertenecientes al siglo XIX. En las mismas fechas, se ha digitalizado documentaci\u00f3n hist\u00f3rica depositada en el AHPHU procedente de la Justicia municipal del valle de Tena, Yebra de Basa, Acumuer, Javierrelatre, Gav\u00edn, G\u00e9sera, Larr\u00e9s y Seneg\u00fce, datada entre los siglos XVI y XIX. En 2020 ha comenzado a digitalizarse documentaci\u00f3n de la Harinera La Dolores de Caldearenas.<\/p>\n<\/div>\n<p>[\/et_pb_text][et_pb_divider color=\u00bb#FFFFFF\u00bb divider_style=\u00bbnone\u00bb _builder_version=\u00bb4.20.2&#8243; _module_preset=\u00bbdefault\u00bb custom_margin=\u00bb-28px|||||\u00bb custom_padding=\u00bb|0px|14px|44px|false|false\u00bb link_option_url=\u00bbhttps:\/\/dara.aragon.es\/opac\/app\/simple\/cag\u00bb global_colors_info=\u00bb{}\u00bb][\/et_pb_divider][et_pb_divider divider_style=\u00bbnone\u00bb _builder_version=\u00bb4.20.2&#8243; _module_preset=\u00bbdefault\u00bb min_height=\u00bb20.8px\u00bb custom_margin=\u00bb4px||1px|||\u00bb custom_padding=\u00bb0px|104px||0px||\u00bb link_option_url=\u00bbhttps:\/\/dara.aragon.es\/opac\/app\/simple\/coma\u00bb global_colors_info=\u00bb{}\u00bb][\/et_pb_divider][\/et_pb_column][\/et_pb_row][et_pb_row column_structure=\u00bb2_5,3_5&#8243; _builder_version=\u00bb4.26.1&#8243; _module_preset=\u00bbdefault\u00bb width=\u00bb89%\u00bb max_width=\u00bb1555px\u00bb min_height=\u00bb948px\u00bb height=\u00bb933px\u00bb max_height=\u00bb948px\u00bb custom_margin=\u00bb0px|auto|0px|auto|true|false\u00bb global_colors_info=\u00bb{}\u00bb][et_pb_column type=\u00bb2_5&#8243; _builder_version=\u00bb4.19.0&#8243; _module_preset=\u00bbdefault\u00bb link_option_url=\u00bbhttps:\/\/goo.gl\/maps\/Kto9GfmAC6aNm15AA\u00bb global_colors_info=\u00bb{}\u00bb][et_pb_image src=\u00bbhttps:\/\/dara.aragon.es\/dara\/wp-content\/uploads\/2024\/01\/Mapa-Comarca-Alto-Gallego-DEF.png\u00bb alt=\u00bbAM Cantavieja\u00bb title_text=\u00bbMapa Comarca Alto Gallego DEF\u00bb url=\u00bbhttps:\/\/maps.app.goo.gl\/9FCys6sk7C7adqBW8&#8243; _builder_version=\u00bb4.26.1&#8243; _module_preset=\u00bbdefault\u00bb min_height=\u00bb174.9px\u00bb custom_margin=\u00bb0px||||false|false\u00bb custom_padding=\u00bb0px|0px|0px|0px|false|false\u00bb hover_enabled=\u00bb0&#8243; global_colors_info=\u00bb{}\u00bb width=\u00bb80%\u00bb sticky_enabled=\u00bb0&#8243;][\/et_pb_image][et_pb_text _builder_version=\u00bb4.26.1&#8243; _module_preset=\u00bbdefault\u00bb width=\u00bb79.9%\u00bb custom_margin=\u00bb|0px||0px|false|false\u00bb custom_padding=\u00bb0px|||0px|false|false\u00bb global_colors_info=\u00bb{}\u00bb]<\/p>\n<div>\n<p>&nbsp;<\/p>\n<\/div>\n<div><strong>Comarca Alto G\u00e1llego<\/strong><br \/><strong>Direcci\u00f3n:<\/strong><br \/>Calle Secor\u00fan, 35, 22600 Sabi\u00f1\u00e1nigo (Huesca)<br \/><strong>Tel\u00e9fono de contacto:<\/strong><br \/>974 483311<br \/><strong>E-mail:<\/strong><br \/><a href=\"mailto:cultura@comarcaaltogallego.es\">cultura@comarcaaltogallego.es<\/a><\/div>\n<div><a href=\"https:\/\/www.comarcaaltogallego.es\/\">Sede web de la Comarca<\/a><\/div>\n<p>[\/et_pb_text][et_pb_social_media_follow _builder_version=\u00bb4.26.1&#8243; _module_preset=\u00bbdefault\u00bb custom_margin=\u00bb|||0px|false|false\u00bb custom_padding=\u00bb0px|||0px||\u00bb global_colors_info=\u00bb{}\u00bb][et_pb_social_media_follow_network social_network=\u00bbfacebook\u00bb url=\u00bbhttps:\/\/www.facebook.com\/comarcaaltogallego\u00bb _builder_version=\u00bb4.20.2&#8243; _module_preset=\u00bbdefault\u00bb background_color=\u00bb#3b5998&#8243; global_colors_info=\u00bb{}\u00bb follow_button=\u00bboff\u00bb url_new_window=\u00bbon\u00bb]facebook[\/et_pb_social_media_follow_network][et_pb_social_media_follow_network social_network=\u00bbtwitter\u00bb url=\u00bbhttps:\/\/twitter.com\/Altogallegoturi\u00bb _builder_version=\u00bb4.22.2&#8243; _module_preset=\u00bbdefault\u00bb background_color=\u00bb#000000&#8243; global_colors_info=\u00bb{}\u00bb follow_button=\u00bboff\u00bb url_new_window=\u00bbon\u00bb]twitter[\/et_pb_social_media_follow_network][et_pb_social_media_follow_network social_network=\u00bbinstagram\u00bb url=\u00bbhttps:\/\/www.instagram.com\/comarcaaltogallego\/\u00bb _builder_version=\u00bb4.20.2&#8243; _module_preset=\u00bbdefault\u00bb background_color=\u00bb#ea2c59&#8243; global_colors_info=\u00bb{}\u00bb follow_button=\u00bboff\u00bb url_new_window=\u00bbon\u00bb]instagram[\/et_pb_social_media_follow_network][\/et_pb_social_media_follow][et_pb_text _builder_version=\u00bb4.19.2&#8243; _module_preset=\u00bbdefault\u00bb global_colors_info=\u00bb{}\u00bb][\/et_pb_text][\/et_pb_column][et_pb_column type=\u00bb3_5&#8243; _builder_version=\u00bb4.19.1&#8243; _module_preset=\u00bbdefault\u00bb global_colors_info=\u00bb{}\u00bb][et_pb_button button_url=\u00bbhttps:\/\/dara.aragon.es\/opac\/app\/simple\/cag\u00bb url_new_window=\u00bbon\u00bb button_text=\u00bbIr al buscador\u00bb button_alignment=\u00bbleft\u00bb _builder_version=\u00bb4.27.0&#8243; _module_preset=\u00bbdefault\u00bb button_icon=\u00bb&#x39;||divi||400&#8243; custom_margin=\u00bb0px|0px|0px|0px|false|false\u00bb custom_padding=\u00bb0px|15px|0px|10px|false|false\u00bb animation_style=\u00bbbounce\u00bb hover_enabled=\u00bb0&#8243; global_colors_info=\u00bb{}\u00bb sticky_enabled=\u00bb0&#8243;][\/et_pb_button][et_pb_divider show_divider=\u00bboff\u00bb _builder_version=\u00bb4.26.1&#8243; _module_preset=\u00bbdefault\u00bb global_colors_info=\u00bb{}\u00bb][\/et_pb_divider][et_pb_button button_url=\u00bbhttps:\/\/dara.aragon.es\/opac\/app\/results\/cag?q=*&#038;ob=re:1&#8243; url_new_window=\u00bbon\u00bb button_text=\u00bbConsultar todo el fondo\u00bb button_alignment=\u00bbleft\u00bb _builder_version=\u00bb4.27.0&#8243; _module_preset=\u00bbdefault\u00bb button_icon=\u00bb&#xe02f;||divi||400&#8243; custom_margin=\u00bb0px|0px|0px|0px|false|false\u00bb custom_padding=\u00bb0px|15px|0px|10px|false|false\u00bb animation_style=\u00bbbounce\u00bb hover_enabled=\u00bb0&#8243; global_colors_info=\u00bb{}\u00bb sticky_enabled=\u00bb0&#8243;][\/et_pb_button][et_pb_divider show_divider=\u00bboff\u00bb _builder_version=\u00bb4.26.1&#8243; _module_preset=\u00bbdefault\u00bb global_colors_info=\u00bb{}\u00bb][\/et_pb_divider][et_pb_tabs _builder_version=\u00bb4.27.0&#8243; _module_preset=\u00bbdefault\u00bb width=\u00bb91.7%\u00bb min_height=\u00bb438.4px\u00bb custom_margin=\u00bb0px|0px|0px|0px|false|false\u00bb custom_padding=\u00bb|0px||34px|false|false\u00bb global_colors_info=\u00bb{}\u00bb][et_pb_tab title=\u00bbARCHIVOS MUNICIPALES\u00bb _builder_version=\u00bb4.20.2&#8243; _module_preset=\u00bbdefault\u00bb global_colors_info=\u00bb{}\u00bb]<\/p>\n<p>&nbsp;<\/p>\n<ul>\n<li><a href=\"http:\/\/www.sipca.es\/dara\/archivos\/98\/Entidad\/Local\/Menor\/de\/Escarrilla.html\">Entidad Local Menor de Escarrilla<\/a><\/li>\n<li><a href=\"http:\/\/www.sipca.es\/dara\/archivos\/99\/Entidad\/Local\/Menor\/de\/Tramacastilla.html\">Entidad Local Menor de Tramacastilla<\/a><\/li>\n<li><a href=\"http:\/\/www.sipca.es\/dara\/archivos\/100\/Ercros.html\">Ercros<\/a><\/li>\n<li><a href=\"http:\/\/www.sipca.es\/dara\/archivos\/92\/Ayuntamiento\/de\/Sabi%C3%B1%C3%A1nigo.html\">Ayuntamiento de Sabi\u00f1\u00e1nigo<\/a><\/li>\n<li><a href=\"http:\/\/www.sipca.es\/dara\/archivos\/97\/Ayuntamiento\/de\/Hoz\/de\/Jaca.html\">Ayuntamiento de Hoz de Jaca<\/a><\/li>\n<li><a href=\"http:\/\/www.sipca.es\/dara\/archivos\/47\/Amigos\/de\/Serrablo.html\">Amigos de Serrablo<\/a><\/li>\n<li><a href=\"http:\/\/www.sipca.es\/dara\/archivos\/77\/Entidad\/Local\/Menor\/de\/Escarrilla.html\">Entidad Local Menor de Escarrilla<\/a><\/li>\n<li><a href=\"http:\/\/www.sipca.es\/dara\/archivos\/76\/Ayuntamiento\/de\/Panticosa.html\">Ayuntamiento de Panticosa<\/a><\/li>\n<li><a href=\"http:\/\/www.sipca.es\/dara\/archivos\/96\/Ayuntamiento\/de\/Caldearenas.html\">Ayuntamiento de Caldearenas<\/a><\/li>\n<li><a href=\"http:\/\/www.sipca.es\/dara\/archivos\/95\/Ayuntamiento\/de\/Sallent\/de\/G%C3%A1llego.html\">Ayuntamiento de Sallent de G\u00e1llego<\/a><\/li>\n<\/ul>\n<p>[\/et_pb_tab][et_pb_tab title=\u00bbM\u00c1S DE INFORMACI\u00d3N\u00bb _builder_version=\u00bb4.20.2&#8243; _module_preset=\u00bbdefault\u00bb global_colors_info=\u00bb{}\u00bb]<\/p>\n<p><a href=\"https:\/\/www.google.com\/maps\/d\/u\/0\/viewer?mid=1MCFokJO0Dc4s1HiyIEnBQaB3KJTgr9mT&amp;ll=42.564605343016936%2C-0.384346562705411&amp;z=10\">Localizaci\u00f3n geogr\u00e1fica de archivos y documentos en DARA<\/a><span>\u00a0<\/span><\/p>\n<p>&nbsp;<\/p>\n<p>[\/et_pb_tab][\/et_pb_tabs][\/et_pb_column][\/et_pb_row][\/et_pb_section]<\/p>\n","protected":false},"excerpt":{"rendered":"<p>COMARCA ALTO G\u00c1LLEGO La Comarca Alto G\u00e1llego fue creada por la Ley 13\/2001 de 2 de Julio, publicada en el\u00a0Bolet\u00edn Oficial de Arag\u00f3n\u00a0con fecha 20 de julio de 2001. Est\u00e1 integrada por los municipios de Biescas, Caldearenas, Hoz de Jaca, Panticosa, Sabi\u00f1\u00e1nigo, Sallent de G\u00e1llego, Yebra de Basa y Y\u00e9sero. Tiene su capitalidad en Sabi\u00f1\u00e1nigo, [&hellip;]<\/p>\n","protected":false},"author":1,"featured_media":3285,"parent":0,"menu_order":0,"comment_status":"closed","ping_status":"closed","template":"","meta":{"_et_pb_use_builder":"on","_et_pb_old_content":"","_et_gb_content_width":"","om_disable_all_campaigns":false,"_monsterinsights_skip_tracking":false,"_monsterinsights_sitenote_active":false,"_monsterinsights_sitenote_note":"","_monsterinsights_sitenote_category":0,"_uf_show_specific_survey":0,"_uf_disable_surveys":false,"footnotes":""},"class_list":["post-3306","page","type-page","status-publish","has-post-thumbnail","hentry"],"yoast_head":"<!-- This site is optimized with the Yoast SEO plugin v26.2 - https:\/\/yoast.com\/wordpress\/plugins\/seo\/ -->\n<title>Comarca Alto G\u00e1llego - DARA GENERAL<\/title>\n<meta name=\"robots\" content=\"index, follow, max-snippet:-1, max-image-preview:large, max-video-preview:-1\" \/>\n<link rel=\"canonical\" href=\"https:\/\/dara.aragon.es\/dara\/comarca-de-alto-gallego\/\" \/>\n<meta property=\"og:locale\" content=\"es_ES\" \/>\n<meta property=\"og:type\" content=\"article\" \/>\n<meta property=\"og:title\" content=\"Comarca Alto G\u00e1llego - DARA GENERAL\" \/>\n<meta property=\"og:description\" content=\"COMARCA ALTO G\u00c1LLEGO La Comarca Alto G\u00e1llego fue creada por la Ley 13\/2001 de 2 de Julio, publicada en el\u00a0Bolet\u00edn Oficial de Arag\u00f3n\u00a0con fecha 20 de julio de 2001. Est\u00e1 integrada por los municipios de Biescas, Caldearenas, Hoz de Jaca, Panticosa, Sabi\u00f1\u00e1nigo, Sallent de G\u00e1llego, Yebra de Basa y Y\u00e9sero. Tiene su capitalidad en Sabi\u00f1\u00e1nigo, [&hellip;]\" \/>\n<meta property=\"og:url\" content=\"https:\/\/dara.aragon.es\/dara\/comarca-de-alto-gallego\/\" \/>\n<meta property=\"og:site_name\" content=\"DARA GENERAL\" \/>\n<meta property=\"article:modified_time\" content=\"2024-07-19T07:09:41+00:00\" \/>\n<meta property=\"og:image\" content=\"https:\/\/dara.aragon.es\/dara\/wp-content\/uploads\/2024\/01\/Comarca-Alto-Gallego.jpg\" \/>\n\t<meta property=\"og:image:width\" content=\"225\" \/>\n\t<meta property=\"og:image:height\" content=\"225\" \/>\n\t<meta property=\"og:image:type\" content=\"image\/jpeg\" \/>\n<meta name=\"twitter:card\" content=\"summary_large_image\" \/>\n<meta name=\"twitter:label1\" content=\"Tiempo de lectura\" \/>\n\t<meta name=\"twitter:data1\" content=\"6 minutos\" \/>\n<script type=\"application\/ld+json\" class=\"yoast-schema-graph\">{\"@context\":\"https:\/\/schema.org\",\"@graph\":[{\"@type\":\"WebPage\",\"@id\":\"https:\/\/dara.aragon.es\/dara\/comarca-de-alto-gallego\/\",\"url\":\"https:\/\/dara.aragon.es\/dara\/comarca-de-alto-gallego\/\",\"name\":\"Comarca Alto G\u00e1llego - DARA GENERAL\",\"isPartOf\":{\"@id\":\"https:\/\/dara.aragon.es\/dara\/#website\"},\"primaryImageOfPage\":{\"@id\":\"https:\/\/dara.aragon.es\/dara\/comarca-de-alto-gallego\/#primaryimage\"},\"image\":{\"@id\":\"https:\/\/dara.aragon.es\/dara\/comarca-de-alto-gallego\/#primaryimage\"},\"thumbnailUrl\":\"https:\/\/dara.aragon.es\/dara\/wp-content\/uploads\/2024\/01\/Comarca-Alto-Gallego.jpg\",\"datePublished\":\"2024-01-15T10:15:38+00:00\",\"dateModified\":\"2024-07-19T07:09:41+00:00\",\"breadcrumb\":{\"@id\":\"https:\/\/dara.aragon.es\/dara\/comarca-de-alto-gallego\/#breadcrumb\"},\"inLanguage\":\"es\",\"potentialAction\":[{\"@type\":\"ReadAction\",\"target\":[\"https:\/\/dara.aragon.es\/dara\/comarca-de-alto-gallego\/\"]}]},{\"@type\":\"ImageObject\",\"inLanguage\":\"es\",\"@id\":\"https:\/\/dara.aragon.es\/dara\/comarca-de-alto-gallego\/#primaryimage\",\"url\":\"https:\/\/dara.aragon.es\/dara\/wp-content\/uploads\/2024\/01\/Comarca-Alto-Gallego.jpg\",\"contentUrl\":\"https:\/\/dara.aragon.es\/dara\/wp-content\/uploads\/2024\/01\/Comarca-Alto-Gallego.jpg\",\"width\":225,\"height\":225},{\"@type\":\"BreadcrumbList\",\"@id\":\"https:\/\/dara.aragon.es\/dara\/comarca-de-alto-gallego\/#breadcrumb\",\"itemListElement\":[{\"@type\":\"ListItem\",\"position\":1,\"name\":\"Portada\",\"item\":\"https:\/\/dara.aragon.es\/dara\/\"},{\"@type\":\"ListItem\",\"position\":2,\"name\":\"Comarca Alto G\u00e1llego\"}]},{\"@type\":\"WebSite\",\"@id\":\"https:\/\/dara.aragon.es\/dara\/#website\",\"url\":\"https:\/\/dara.aragon.es\/dara\/\",\"name\":\"DARA GENERAL\",\"description\":\"Documentos y archivos de Arag\u00f3n\",\"potentialAction\":[{\"@type\":\"SearchAction\",\"target\":{\"@type\":\"EntryPoint\",\"urlTemplate\":\"https:\/\/dara.aragon.es\/dara\/?s={search_term_string}\"},\"query-input\":{\"@type\":\"PropertyValueSpecification\",\"valueRequired\":true,\"valueName\":\"search_term_string\"}}],\"inLanguage\":\"es\"}]}<\/script>\n<!-- \/ Yoast SEO plugin. -->","yoast_head_json":{"title":"Comarca Alto G\u00e1llego - DARA GENERAL","robots":{"index":"index","follow":"follow","max-snippet":"max-snippet:-1","max-image-preview":"max-image-preview:large","max-video-preview":"max-video-preview:-1"},"canonical":"https:\/\/dara.aragon.es\/dara\/comarca-de-alto-gallego\/","og_locale":"es_ES","og_type":"article","og_title":"Comarca Alto G\u00e1llego - DARA GENERAL","og_description":"COMARCA ALTO G\u00c1LLEGO La Comarca Alto G\u00e1llego fue creada por la Ley 13\/2001 de 2 de Julio, publicada en el\u00a0Bolet\u00edn Oficial de Arag\u00f3n\u00a0con fecha 20 de julio de 2001. Est\u00e1 integrada por los municipios de Biescas, Caldearenas, Hoz de Jaca, Panticosa, Sabi\u00f1\u00e1nigo, Sallent de G\u00e1llego, Yebra de Basa y Y\u00e9sero. Tiene su capitalidad en Sabi\u00f1\u00e1nigo, [&hellip;]","og_url":"https:\/\/dara.aragon.es\/dara\/comarca-de-alto-gallego\/","og_site_name":"DARA GENERAL","article_modified_time":"2024-07-19T07:09:41+00:00","og_image":[{"width":225,"height":225,"url":"https:\/\/dara.aragon.es\/dara\/wp-content\/uploads\/2024\/01\/Comarca-Alto-Gallego.jpg","type":"image\/jpeg"}],"twitter_card":"summary_large_image","twitter_misc":{"Tiempo de lectura":"6 minutos"},"schema":{"@context":"https:\/\/schema.org","@graph":[{"@type":"WebPage","@id":"https:\/\/dara.aragon.es\/dara\/comarca-de-alto-gallego\/","url":"https:\/\/dara.aragon.es\/dara\/comarca-de-alto-gallego\/","name":"Comarca Alto G\u00e1llego - DARA GENERAL","isPartOf":{"@id":"https:\/\/dara.aragon.es\/dara\/#website"},"primaryImageOfPage":{"@id":"https:\/\/dara.aragon.es\/dara\/comarca-de-alto-gallego\/#primaryimage"},"image":{"@id":"https:\/\/dara.aragon.es\/dara\/comarca-de-alto-gallego\/#primaryimage"},"thumbnailUrl":"https:\/\/dara.aragon.es\/dara\/wp-content\/uploads\/2024\/01\/Comarca-Alto-Gallego.jpg","datePublished":"2024-01-15T10:15:38+00:00","dateModified":"2024-07-19T07:09:41+00:00","breadcrumb":{"@id":"https:\/\/dara.aragon.es\/dara\/comarca-de-alto-gallego\/#breadcrumb"},"inLanguage":"es","potentialAction":[{"@type":"ReadAction","target":["https:\/\/dara.aragon.es\/dara\/comarca-de-alto-gallego\/"]}]},{"@type":"ImageObject","inLanguage":"es","@id":"https:\/\/dara.aragon.es\/dara\/comarca-de-alto-gallego\/#primaryimage","url":"https:\/\/dara.aragon.es\/dara\/wp-content\/uploads\/2024\/01\/Comarca-Alto-Gallego.jpg","contentUrl":"https:\/\/dara.aragon.es\/dara\/wp-content\/uploads\/2024\/01\/Comarca-Alto-Gallego.jpg","width":225,"height":225},{"@type":"BreadcrumbList","@id":"https:\/\/dara.aragon.es\/dara\/comarca-de-alto-gallego\/#breadcrumb","itemListElement":[{"@type":"ListItem","position":1,"name":"Portada","item":"https:\/\/dara.aragon.es\/dara\/"},{"@type":"ListItem","position":2,"name":"Comarca Alto G\u00e1llego"}]},{"@type":"WebSite","@id":"https:\/\/dara.aragon.es\/dara\/#website","url":"https:\/\/dara.aragon.es\/dara\/","name":"DARA GENERAL","description":"Documentos y archivos de Arag\u00f3n","potentialAction":[{"@type":"SearchAction","target":{"@type":"EntryPoint","urlTemplate":"https:\/\/dara.aragon.es\/dara\/?s={search_term_string}"},"query-input":{"@type":"PropertyValueSpecification","valueRequired":true,"valueName":"search_term_string"}}],"inLanguage":"es"}]}},"_links":{"self":[{"href":"https:\/\/dara.aragon.es\/dara\/wp-json\/wp\/v2\/pages\/3306","targetHints":{"allow":["GET"]}}],"collection":[{"href":"https:\/\/dara.aragon.es\/dara\/wp-json\/wp\/v2\/pages"}],"about":[{"href":"https:\/\/dara.aragon.es\/dara\/wp-json\/wp\/v2\/types\/page"}],"author":[{"embeddable":true,"href":"https:\/\/dara.aragon.es\/dara\/wp-json\/wp\/v2\/users\/1"}],"replies":[{"embeddable":true,"href":"https:\/\/dara.aragon.es\/dara\/wp-json\/wp\/v2\/comments?post=3306"}],"version-history":[{"count":0,"href":"https:\/\/dara.aragon.es\/dara\/wp-json\/wp\/v2\/pages\/3306\/revisions"}],"wp:featuredmedia":[{"embeddable":true,"href":"https:\/\/dara.aragon.es\/dara\/wp-json\/wp\/v2\/media\/3285"}],"wp:attachment":[{"href":"https:\/\/dara.aragon.es\/dara\/wp-json\/wp\/v2\/media?parent=3306"}],"curies":[{"name":"wp","href":"https:\/\/api.w.org\/{rel}","templated":true}]}}