{"id":4871,"date":"2024-07-23T10:13:52","date_gmt":"2024-07-23T10:13:52","guid":{"rendered":"https:\/\/dara.aragon.es\/dara\/?page_id=4871"},"modified":"2024-12-13T14:25:21","modified_gmt":"2024-12-13T14:25:21","slug":"archivo-de-la-casa-de-ganaderos-de-zaragoza","status":"publish","type":"page","link":"https:\/\/dara.aragon.es\/dara\/archivo-de-la-casa-de-ganaderos-de-zaragoza\/","title":{"rendered":"Archivo de Casa Ganaderos de Zaragoza"},"content":{"rendered":"<p>[et_pb_section fb_built=\u00bb1&#8243; fullwidth=\u00bbon\u00bb admin_label=\u00bbHeader Section\u00bb _builder_version=\u00bb4.27.0&#8243; _module_preset=\u00bbdefault\u00bb background_color=\u00bb#26528D\u00bb background_enable_image=\u00bboff\u00bb parallax=\u00bbon\u00bb custom_padding=\u00bb|||\u00bb saved_tabs=\u00bball\u00bb locked=\u00bboff\u00bb global_colors_info=\u00bb{}\u00bb][et_pb_fullwidth_header title=\u00bbCASA DE GANADEROS DE ZARAGOZA\u00bb text_orientation=\u00bbcenter\u00bb background_overlay_color=\u00bbrgba(0,0,0,0.4)\u00bb admin_label=\u00bbContents\u00bb _builder_version=\u00bb4.27.2&#8243; _module_preset=\u00bbdefault\u00bb title_font=\u00bbOswald|||on|\u00bb title_text_align=\u00bbcenter\u00bb title_font_size=\u00bb35px\u00bb title_letter_spacing=\u00bb0.05em\u00bb title_line_height=\u00bb1.5em\u00bb subhead_font=\u00bbNunito|600|||||||\u00bb subhead_font_size=\u00bb20px\u00bb subhead_line_height=\u00bb1.9em\u00bb background_color=\u00bbrgba(255, 255, 255, 0)\u00bb background_enable_image=\u00bboff\u00bb parallax=\u00bbon\u00bb parallax_method=\u00bbon\u00bb custom_button_one=\u00bbon\u00bb button_one_text_size=\u00bb15px\u00bb button_one_bg_color=\u00bb#dca57d\u00bb button_one_border_width=\u00bb10px\u00bb button_one_border_color=\u00bb#dca57d\u00bb button_one_border_radius=\u00bb0px\u00bb button_one_letter_spacing=\u00bb3px\u00bb button_one_font=\u00bbOswald|||on|\u00bb button_one_use_icon=\u00bboff\u00bb custom_margin=\u00bb|||\u00bb custom_padding=\u00bb1%||1%||false|false\u00bb animation_style=\u00bbfade\u00bb animation_starting_opacity=\u00bb50%\u00bb animation_speed_curve=\u00bbease-in\u00bb title_font_size_tablet=\u00bb60px\u00bb title_font_size_phone=\u00bb40px\u00bb title_font_size_last_edited=\u00bbon|phone\u00bb button_one_border_color_hover=\u00bb#c99872&#8243; button_one_border_radius_hover=\u00bb0px\u00bb button_one_letter_spacing_hover=\u00bb3px\u00bb button_one_bg_color_hover=\u00bb#c99872&#8243; global_colors_info=\u00bb{}\u00bb button_one_text_size__hover_enabled=\u00bboff\u00bb button_two_text_size__hover_enabled=\u00bboff\u00bb button_one_text_color__hover_enabled=\u00bboff\u00bb button_two_text_color__hover_enabled=\u00bboff\u00bb button_one_border_width__hover_enabled=\u00bboff\u00bb button_two_border_width__hover_enabled=\u00bboff\u00bb button_one_border_color__hover_enabled=\u00bbon\u00bb button_one_border_color__hover=\u00bb#c99872&#8243; button_two_border_color__hover_enabled=\u00bboff\u00bb button_one_border_radius__hover_enabled=\u00bbon\u00bb button_one_border_radius__hover=\u00bb0px\u00bb button_two_border_radius__hover_enabled=\u00bboff\u00bb button_one_letter_spacing__hover_enabled=\u00bbon\u00bb button_one_letter_spacing__hover=\u00bb3px\u00bb button_two_letter_spacing__hover_enabled=\u00bboff\u00bb button_one_bg_color__hover_enabled=\u00bbon\u00bb button_one_bg_color__hover=\u00bb#c99872&#8243; button_two_bg_color__hover_enabled=\u00bboff\u00bb][\/et_pb_fullwidth_header][\/et_pb_section][et_pb_section fb_built=\u00bb1&#8243; _builder_version=\u00bb4.19.0&#8243; _module_preset=\u00bbdefault\u00bb global_colors_info=\u00bb{}\u00bb][et_pb_row column_structure=\u00bb1_3,2_3&#8243; _builder_version=\u00bb4.27.0&#8243; _module_preset=\u00bb_initial\u00bb min_height=\u00bb351.6px\u00bb custom_margin=\u00bb0px|auto||auto|false|false\u00bb custom_padding=\u00bb|0px|0px|0px|false|false\u00bb global_colors_info=\u00bb{}\u00bb][et_pb_column type=\u00bb1_3&#8243; _builder_version=\u00bb4.19.0&#8243; _module_preset=\u00bbdefault\u00bb global_colors_info=\u00bb{}\u00bb][et_pb_image src=\u00bbhttps:\/\/dara.aragon.es\/dara\/wp-content\/uploads\/2024\/12\/SedeCasaGanaderos-2.png\u00bb title_text=\u00bbSedeCasaGanaderos (2)\u00bb align=\u00bbcenter\u00bb _builder_version=\u00bb4.27.4&#8243; _module_preset=\u00bbdefault\u00bb width=\u00bb60%\u00bb min_height=\u00bb0px\u00bb hover_enabled=\u00bb0&#8243; global_colors_info=\u00bb{}\u00bb max_width=\u00bb60%\u00bb sticky_enabled=\u00bb0&#8243;][\/et_pb_image][\/et_pb_column][et_pb_column type=\u00bb2_3&#8243; _builder_version=\u00bb4.19.0&#8243; _module_preset=\u00bbdefault\u00bb global_colors_info=\u00bb{}\u00bb][et_pb_text _builder_version=\u00bb4.27.4&#8243; _module_preset=\u00bb_initial\u00bb background_color=\u00bb#FFFFFF\u00bb width=\u00bb80%\u00bb max_width=\u00bb80%\u00bb min_height=\u00bb276.6px\u00bb custom_margin=\u00bb|0px|0px|0px|false|true\u00bb custom_padding=\u00bb0px|||0px||\u00bb global_colors_info=\u00bb{}\u00bb]<\/p>\n<p>La Fundaci\u00f3n Casa de Ganaderos naci\u00f3 el 5 de febrero de 1988, setecientos sesenta y nueve a\u00f1os despu\u00e9s de que el rey Alfonso I de Arag\u00f3n concediera derechos de pastos a la ciudad de Zaragoza y setecientos setenta desde que, por privilegio real de Jaime I de Arag\u00f3n, nac\u00eda formalmente la instituci\u00f3n de Casa de Ganaderos.<\/p>\n<p>El objeto de la Fundaci\u00f3n era, y sigue siendo, custodiar, estudiar y difundir el importante legado hist\u00f3rico que, a lo largo de estos 800 a\u00f1os, se ha ido recopilando por la Casa. Este legado se inicia con el documento fundacional firmado por el rey Jaime I en 1218, e incluye, entre otros, pergaminos de Fernando Cat\u00f3lico y del resto de reyes aragoneses desde el siglo XIII, el libro de las Marcas y se\u00f1ales de los cofrades de Casa de Ganaderos de 1722, casi 5.000 procesos hist\u00f3ricos y todas las actas del Consejo de Casa de Ganaderos desde el siglo XV hasta nuestros d\u00edas.<\/p>\n<p>La Fundaci\u00f3n \u201cCasa de Ganaderos\u201d es una instituci\u00f3n viva. Su labor de difusi\u00f3n, con la realizaci\u00f3n de cursos, jornadas y conferencias, la ha convertido en un foro de estudio y debate del mundo de los archivos en Arag\u00f3n. Se ha realizado tambi\u00e9n un importante esfuerzo de actualizaci\u00f3n del archivo -humano y econ\u00f3mico-. A d\u00eda de hoy el archivo est\u00e1 informatizado en su totalidad y digitalizado hasta 1900.<\/p>\n<p>El archivo fue calificado por el profesor Canellas como \u00abuno de los archivos m\u00e1s celosamente custodiados en Arag\u00f3n\u00bb. Este celo es f\u00e1cil de explicar por la importancia que, para la pervivencia de la Casa, ten\u00eda su archivo. El poder de Casa de Ganaderos ha descansado, b\u00e1sicamente, sobre los derechos y pactos que a lo largo de ocho siglos se han ido renovando y actualizando. Por ello siempre ha sido vital conservar los documentos que daban fe de estos derechos.<\/p>\n<p>Este inter\u00e9s en conservar los documentos ha permitido que el archivo haya llegado hasta nuestros d\u00edas en perfecto estado. Tambi\u00e9n ha generado algunas cr\u00edticas de los investigadores que en ocasiones ve\u00edan imposibilitado su acceso. El mismo Canellas anotaba, en las Actas de las Jornadas del Estado Actual de los Archivos con fondos aragoneses, que por varias razones ha llegado \u00abhasta nuestros d\u00edas su archivo en aparente inaccesibilidad, salvo para selectos investigadores\u00bb.<\/p>\n<p>El inter\u00e9s por los fondos del archivo ha existido siempre y adem\u00e1s es f\u00e1cil documentar c\u00f3mo la propia Casa ha sido consciente de la utilidad de estos fondos y de su significado para la historia de Arag\u00f3n. Hay \u00cdndices Generales realizados en los a\u00f1os 1687, 1771, 1814, 1855 y el de principio de siglo, hecho por Jos\u00e9 Vidal en 1907 y publicado por \u00c1ngel Canellas en 1982.<\/p>\n<p>Autores como Moneva, en 1914, Mar\u00edn y Pe\u00f1a, en 1929, Lacarra en la d\u00e9cada de 1960, o el especialista de la Mesta Julio Klein, en 1920, se han dedicado a trabajar con sus documentos o, como en el caso de Lacarra, a efectuar referencias y se\u00f1alar su enorme importancia para el conocimiento de pasado aragon\u00e9s.<\/p>\n<p>[\/et_pb_text][\/et_pb_column][\/et_pb_row][\/et_pb_section][et_pb_section fb_built=\u00bb1&#8243; _builder_version=\u00bb4.19.0&#8243; _module_preset=\u00bb1a08a2a8-4ab4-4d5a-aa64-ccfffe0d51c6&#8243; locked=\u00bboff\u00bb global_colors_info=\u00bb{}\u00bb][et_pb_row column_structure=\u00bb1_4,1_4,1_4,1_4&#8243; make_equal=\u00bbon\u00bb _builder_version=\u00bb4.27.0&#8243; _module_preset=\u00bb_initial\u00bb background_enable_image=\u00bboff\u00bb custom_margin=\u00bb50px|0px|0px|0px|false|false\u00bb global_colors_info=\u00bb{}\u00bb][et_pb_column type=\u00bb1_4&#8243; _builder_version=\u00bb4.27.0&#8243; _module_preset=\u00bbdefault\u00bb background_enable_image=\u00bboff\u00bb global_colors_info=\u00bb{}\u00bb][\/et_pb_column][et_pb_column type=\u00bb1_4&#8243; _builder_version=\u00bb4.27.0&#8243; _module_preset=\u00bbdefault\u00bb global_colors_info=\u00bb{}\u00bb][et_pb_button button_url=\u00bbhttps:\/\/dara.aragon.es\/opac\/app\/classification\/afcg\u00bb url_new_window=\u00bbon\u00bb button_text=\u00bbCuadro de clasificaci\u00f3n\u00bb _builder_version=\u00bb4.27.2&#8243; _module_preset=\u00bb_initial\u00bb global_colors_info=\u00bb{}\u00bb][\/et_pb_button][\/et_pb_column][et_pb_column type=\u00bb1_4&#8243; _builder_version=\u00bb4.27.0&#8243; _module_preset=\u00bbdefault\u00bb global_colors_info=\u00bb{}\u00bb][et_pb_button button_url=\u00bbhttps:\/\/dara.aragon.es\/opac\/app\/simple\/afcg\u00bb url_new_window=\u00bbon\u00bb button_text=\u00bbBuscador de documentos\u00bb _builder_version=\u00bb4.27.2&#8243; _module_preset=\u00bb_initial\u00bb global_colors_info=\u00bb{}\u00bb][\/et_pb_button][\/et_pb_column][et_pb_column type=\u00bb1_4&#8243; _builder_version=\u00bb4.19.0&#8243; _module_preset=\u00bbdefault\u00bb global_colors_info=\u00bb{}\u00bb][et_pb_button button_url=\u00bbhttps:\/\/dara.aragon.es\/opac\/app\/results\/afcg?p=0&#038;q=*&#038;ob=re:1&#038;vm=mv\u00bb url_new_window=\u00bbon\u00bb button_text=\u00bbTodos los registros\u00bb _builder_version=\u00bb4.27.2&#8243; _module_preset=\u00bb_initial\u00bb global_colors_info=\u00bb{}\u00bb][\/et_pb_button][\/et_pb_column][\/et_pb_row][et_pb_row _builder_version=\u00bb4.27.0&#8243; _module_preset=\u00bb_initial\u00bb custom_margin=\u00bb100px|0px|0px|0px|false|false\u00bb locked=\u00bboff\u00bb global_colors_info=\u00bb{}\u00bb][et_pb_column type=\u00bb4_4&#8243; _builder_version=\u00bb4.25.1&#8243; _module_preset=\u00bbdefault\u00bb global_colors_info=\u00bb{}\u00bb][et_pb_text admin_label=\u00bbTittle\u00bb _builder_version=\u00bb4.27.2&#8243; _module_preset=\u00bb_initial\u00bb text_font=\u00bbNunito|||||on|||\u00bb text_text_color=\u00bb#26528D\u00bb text_font_size=\u00bb18px\u00bb text_line_height=\u00bb1.8em\u00bb header_font=\u00bb||||||||\u00bb header_text_color=\u00bb#26528D\u00bb header_2_font=\u00bbOswald|||on|||||\u00bb header_2_text_align=\u00bbcenter\u00bb header_2_font_size=\u00bb40px\u00bb header_2_letter_spacing=\u00bb1px\u00bb header_2_line_height=\u00bb1.5em\u00bb header_3_font=\u00bb||||||||\u00bb max_width_last_edited=\u00bboff|desktop\u00bb module_alignment=\u00bbcenter\u00bb custom_margin=\u00bb||10px||false|false\u00bb global_colors_info=\u00bb{}\u00bb]<\/p>\n<h2><span style=\"color: #26528d;\">destacados- series documentales y documentos<\/span><\/h2>\n<p>[\/et_pb_text][ba_image_carousel animation_speed=\u00bb500ms\u00bb is_autoplay=\u00bboff\u00bb is_variable_width=\u00bbon\u00bb slide_width=\u00bb290px\u00bb slide_spacing=\u00bb2px\u00bb nav_height=\u00bb51px\u00bb nav_width=\u00bb48px\u00bb nav_color=\u00bb#26528D\u00bb nav_bg=\u00bb#FFFFFF\u00bb icon_left=\u00bb&#x23;||divi||400&#8243; icon_right=\u00bb&#x24;||divi||400&#8243; pagi_radius=\u00bbon|0px|0px|0px|0px\u00bb _builder_version=\u00bb4.27.2&#8243; _module_preset=\u00bbdefault\u00bb title_font=\u00bb||||||||\u00bb title_line_height=\u00bb1em\u00bb subtitle_level=\u00bbh3&#8243; background_enable_image=\u00bboff\u00bb text_orientation=\u00bbleft\u00bb global_colors_info=\u00bb{}\u00bb nav_color__hover_enabled=\u00bbon|hover\u00bb nav_color__hover=\u00bb#0D3857&#8243;][ba_image_carousel_child photo=\u00bbhttps:\/\/dara.aragon.es\/dara\/wp-content\/uploads\/2024\/09\/2.png\u00bb title=\u00bbPrivilegios\u00bb _builder_version=\u00bb4.27.2&#8243; _module_preset=\u00bbdefault\u00bb link_option_url=\u00bbhttps:\/\/dara.aragon.es\/opac\/app\/results\/doma?p=0&#038;st=.349997.349856.620964.620978&#038;ob=df:1&#038;vm=mv\u00bb link_option_url_new_window=\u00bbon\u00bb border_width_all_item=\u00bb2px\u00bb border_color_all_item=\u00bb#E1DAD0&#8243; button_text_shadow_color=\u00bb#E1DAD0&#8243; global_colors_info=\u00bb{}\u00bb][\/ba_image_carousel_child][ba_image_carousel_child photo=\u00bbhttps:\/\/dara.aragon.es\/dara\/wp-content\/uploads\/2024\/10\/00-Notariales-3-e1727951630870.png\u00bb title=\u00bbLibros de actas\u00bb _builder_version=\u00bb4.27.2&#8243; _module_preset=\u00bbdefault\u00bb link_option_url=\u00bbhttps:\/\/dara.aragon.es\/opac\/app\/results\/doma?p=0&#038;st=.349997.349856.620965.620979&#038;ob=df:1&#038;vm=mv\u00bb link_option_url_new_window=\u00bbon\u00bb border_width_all_item=\u00bb2px\u00bb border_color_all_item=\u00bb#E1DAD0&#8243; global_colors_info=\u00bb{}\u00bb][\/ba_image_carousel_child][ba_image_carousel_child photo=\u00bbhttps:\/\/dara.aragon.es\/dara\/wp-content\/uploads\/2024\/10\/00-Notariales-3-e1727951630870.png\u00bb title=\u00bbProcesos ante el Tribunal de Ganaderos\u00bb _builder_version=\u00bb4.27.2&#8243; _module_preset=\u00bbdefault\u00bb background_enable_image=\u00bboff\u00bb link_option_url=\u00bbhttps:\/\/dara.aragon.es\/opac\/app\/results\/doma?p=0&#038;st=.349997.349856.620965.620979&#038;ob=df:1&#038;vm=mv\u00bb link_option_url_new_window=\u00bbon\u00bb border_width_all_item=\u00bb2px\u00bb border_color_all_item=\u00bb#E1DAD0&#8243; global_colors_info=\u00bb{}\u00bb][\/ba_image_carousel_child][ba_image_carousel_child photo=\u00bbhttps:\/\/dara.aragon.es\/dara\/wp-content\/uploads\/2024\/10\/5-1.png\u00bb title=\u00bbPastos\u00bb _builder_version=\u00bb4.27.2&#8243; _module_preset=\u00bbdefault\u00bb link_option_url=\u00bbhttps:\/\/dara.aragon.es\/opac\/app\/results\/doma?p=0&#038;st=.349997.349856.620964.620971&#038;ob=df:1&#038;vm=mv\u00bb link_option_url_new_window=\u00bbon\u00bb border_width_all_item=\u00bb2px\u00bb border_color_all_item=\u00bb#E1DAD0&#8243; global_colors_info=\u00bb{}\u00bb][\/ba_image_carousel_child][\/ba_image_carousel][\/et_pb_column][\/et_pb_row][et_pb_row _builder_version=\u00bb4.27.0&#8243; _module_preset=\u00bb_initial\u00bb custom_margin=\u00bb50px|0px|0px|0px|false|false\u00bb global_colors_info=\u00bb{}\u00bb][et_pb_column type=\u00bb4_4&#8243; _builder_version=\u00bb4.27.0&#8243; _module_preset=\u00bbdefault\u00bb global_colors_info=\u00bb{}\u00bb][et_pb_divider _builder_version=\u00bb4.27.0&#8243; _module_preset=\u00bbdefault\u00bb global_colors_info=\u00bb{}\u00bb][\/et_pb_divider][\/et_pb_column][\/et_pb_row][et_pb_row column_structure=\u00bb1_4,1_4,1_4,1_4&#8243; use_custom_gutter=\u00bbon\u00bb make_equal=\u00bbon\u00bb admin_label=\u00bbFila\u00bb _builder_version=\u00bb4.27.0&#8243; _module_preset=\u00bb_initial\u00bb width=\u00bb91%\u00bb global_colors_info=\u00bb{}\u00bb][et_pb_column type=\u00bb1_4&#8243; _builder_version=\u00bb4.27.0&#8243; _module_preset=\u00bbdefault\u00bb background_image=\u00bbhttps:\/\/dara.aragon.es\/dara\/wp-content\/uploads\/2024\/09\/Mapa-AHPTE.png\u00bb link_option_url_new_window=\u00bbon\u00bb global_colors_info=\u00bb{}\u00bb][et_pb_text _builder_version=\u00bb4.27.2&#8243; _module_preset=\u00bb_initial\u00bb global_colors_info=\u00bb{}\u00bb]<iframe src=\"https:\/\/www.google.com\/maps\/embed?pb=!1m18!1m12!1m3!1d2981.148427752778!2d-0.8809817225752576!3d41.65253497950449!2m3!1f0!2f0!3f0!3m2!1i1024!2i768!4f13.1!3m3!1m2!1s0xd5914ee7457d4dd%3A0x5bcbdc9794d2b71e!2sC.%20de%20San%20Andr%C3%A9s%2C%208%2C%20Casco%20Antiguo%2C%2050001%20Zaragoza!5e0!3m2!1ses!2ses!4v1729146931462!5m2!1ses!2ses\" width=\"600\" height=\"450\" style=\"border:0;\" allowfullscreen=\"\" loading=\"lazy\" referrerpolicy=\"no-referrer-when-downgrade\"><\/iframe>[\/et_pb_text][\/et_pb_column][et_pb_column type=\u00bb1_4&#8243; _builder_version=\u00bb4.27.0&#8243; _module_preset=\u00bbdefault\u00bb global_colors_info=\u00bb{}\u00bb][et_pb_text admin_label=\u00bbTexto\u00bb _builder_version=\u00bb4.27.2&#8243; _module_preset=\u00bb_initial\u00bb width=\u00bb77.4%\u00bb max_width=\u00bb75%\u00bb module_alignment=\u00bbleft\u00bb min_height=\u00bb315px\u00bb height=\u00bb339px\u00bb max_height=\u00bb273px\u00bb custom_margin=\u00bb||||false|false\u00bb custom_padding=\u00bb||0px||false|false\u00bb global_colors_info=\u00bb{}\u00bb]<\/p>\n<h3><strong>Direcci\u00f3n<\/strong><\/h3>\n<p><span>C\/ San Andr\u00e9s, 8 <\/span><span>50001 Zaragoza<\/span><\/p>\n<h3><strong>Tel\u00e9fono de contacto:<\/strong><\/h3>\n<p>(34) 976 296 970<\/p>\n<h3><strong>E-mail:<\/strong><\/h3>\n<p><a href=\"mailto:maito:fundacion@casaganaderos.com\" target=\"_blank\" rel=\"noopener\">fundacion@casaganaderos.com<\/a><br \/><strong><i class=\"fa fa-external-link naranja\"><br \/><\/i><\/strong><\/p>\n<h3><a href=\"http:\/\/casaganaderos.com\/fundacion-y-archivo.html\" target=\"_blank\" rel=\"noopener\"><strong>Sitio web del archivo<\/strong><\/a><\/h3>\n<p>[\/et_pb_text][\/et_pb_column][et_pb_column type=\u00bb1_4&#8243; _builder_version=\u00bb4.27.0&#8243; _module_preset=\u00bbdefault\u00bb global_colors_info=\u00bb{}\u00bb][et_pb_text _builder_version=\u00bb4.27.2&#8243; _module_preset=\u00bb_initial\u00bb custom_margin=\u00bb||||false|false\u00bb custom_margin_tablet=\u00bb|||0px|false|false\u00bb custom_margin_phone=\u00bb|||0px|false|false\u00bb custom_margin_last_edited=\u00bbon|tablet\u00bb custom_padding=\u00bb||||false|false\u00bb global_colors_info=\u00bb{}\u00bb]<\/p>\n<h3><a href=\"https:\/\/culturadearagon.es\/archivo\/servicios\/\" target=\"_blank\" rel=\"noopener\">Servicios<\/a><\/h3>\n<p>&nbsp;<\/p>\n<p>&#8211;<a href=\"http:\/\/casaganaderos.com\/fundacion-y-archivo.html\" target=\"_blank\" rel=\"noopener\"> Consulta de fondos documentales: acceso al\u00a0 documentos o copias.<\/a><\/p>\n<p><a href=\"http:\/\/casaganaderos.com\/fundacion-y-archivo.html\" target=\"_blank\" rel=\"noopener\">&#8211; Reproducci\u00f3n de documentos.<\/a><\/p>\n<p>&#8211;<a href=\"http:\/\/casaganaderos.com\/fundacion-y-archivo.html\" target=\"_blank\" rel=\"noopener\"> Difusi\u00f3n: visitas, exposiciones, publicaciones, recursos did\u00e1cticos<\/a><\/p>\n<p>&nbsp;<\/p>\n<p>[\/et_pb_text][\/et_pb_column][et_pb_column type=\u00bb1_4&#8243; _builder_version=\u00bb4.27.0&#8243; _module_preset=\u00bbdefault\u00bb custom_padding=\u00bb||||false|false\u00bb global_colors_info=\u00bb{}\u00bb][et_pb_text _builder_version=\u00bb4.27.2&#8243; _module_preset=\u00bb_initial\u00bb custom_margin=\u00bb||||false|false\u00bb custom_margin_tablet=\u00bb|||0px|false|false\u00bb custom_margin_phone=\u00bb|||0px|false|false\u00bb custom_margin_last_edited=\u00bbon|desktop\u00bb global_colors_info=\u00bb{}\u00bb]<\/p>\n<h3>Bibliograf\u00eda<\/h3>\n<ul>\n<li class=\"p-rrafo\"><span>\u00c1ngel Canellas L\u00f3pez,\u00a0<\/span><i>El archivo de la Casa de Ganaderos de Zaragoza: Noticia e inventario<\/i><span>, Zaragoza, Instituci\u00f3n Fernando el Cat\u00f3lico, 1982.<\/span><span><\/span><\/li>\n<li class=\"p-rrafo\"><span>\u00c1ngel Canellas L\u00f3pez, <\/span><i>Diplomatario medieval de la Casa de Ganaderos de Zaragoza<\/i><span>, Zaragoza, Real Sociedad Econ\u00f3mica Aragonesa de Amigos del Pa\u00eds, 1988.<\/span><\/li>\n<\/ul>\n<h3><a href=\"https:\/\/dara.aragon.es\/opac\/doma\/instCorp-Ganaderos.jsp\" target=\"_blank\" rel=\"noopener\"><span>M\u00e1s publicaciones<\/span><\/a><\/h3>\n<p>[\/et_pb_text][\/et_pb_column][\/et_pb_row][\/et_pb_section]<\/p>\n","protected":false},"excerpt":{"rendered":"<p>La Fundaci\u00f3n Casa de Ganaderos naci\u00f3 el 5 de febrero de 1988, setecientos sesenta y nueve a\u00f1os despu\u00e9s de que el rey Alfonso I de Arag\u00f3n concediera derechos de pastos a la ciudad de Zaragoza y setecientos setenta desde que, por privilegio real de Jaime I de Arag\u00f3n, nac\u00eda formalmente la instituci\u00f3n de Casa de [&hellip;]<\/p>\n","protected":false},"author":1,"featured_media":4876,"parent":0,"menu_order":0,"comment_status":"closed","ping_status":"closed","template":"","meta":{"_et_pb_use_builder":"on","_et_pb_old_content":"","_et_gb_content_width":"","om_disable_all_campaigns":false,"_monsterinsights_skip_tracking":false,"_monsterinsights_sitenote_active":false,"_monsterinsights_sitenote_note":"","_monsterinsights_sitenote_category":0,"_uf_show_specific_survey":0,"_uf_disable_surveys":false,"footnotes":""},"class_list":["post-4871","page","type-page","status-publish","has-post-thumbnail","hentry"],"yoast_head":"<!-- This site is optimized with the Yoast SEO plugin v26.2 - https:\/\/yoast.com\/wordpress\/plugins\/seo\/ -->\n<title>Archivo de Casa Ganaderos de Zaragoza - DARA GENERAL<\/title>\n<meta name=\"robots\" content=\"index, follow, max-snippet:-1, max-image-preview:large, max-video-preview:-1\" \/>\n<link rel=\"canonical\" href=\"https:\/\/dara.aragon.es\/dara\/archivo-de-la-casa-de-ganaderos-de-zaragoza\/\" \/>\n<meta property=\"og:locale\" content=\"es_ES\" \/>\n<meta property=\"og:type\" content=\"article\" \/>\n<meta property=\"og:title\" content=\"Archivo de Casa Ganaderos de Zaragoza - DARA GENERAL\" \/>\n<meta property=\"og:description\" content=\"La Fundaci\u00f3n Casa de Ganaderos naci\u00f3 el 5 de febrero de 1988, setecientos sesenta y nueve a\u00f1os despu\u00e9s de que el rey Alfonso I de Arag\u00f3n concediera derechos de pastos a la ciudad de Zaragoza y setecientos setenta desde que, por privilegio real de Jaime I de Arag\u00f3n, nac\u00eda formalmente la instituci\u00f3n de Casa de [&hellip;]\" \/>\n<meta property=\"og:url\" content=\"https:\/\/dara.aragon.es\/dara\/archivo-de-la-casa-de-ganaderos-de-zaragoza\/\" \/>\n<meta property=\"og:site_name\" content=\"DARA GENERAL\" \/>\n<meta property=\"article:modified_time\" content=\"2024-12-13T14:25:21+00:00\" \/>\n<meta property=\"og:image\" content=\"https:\/\/dara.aragon.es\/dara\/wp-content\/uploads\/2024\/07\/SedeCasaGanaderos.png\" \/>\n\t<meta property=\"og:image:width\" content=\"426\" \/>\n\t<meta property=\"og:image:height\" content=\"426\" \/>\n\t<meta property=\"og:image:type\" content=\"image\/png\" \/>\n<meta name=\"twitter:card\" content=\"summary_large_image\" \/>\n<meta name=\"twitter:label1\" content=\"Tiempo de lectura\" \/>\n\t<meta name=\"twitter:data1\" content=\"11 minutos\" \/>\n<script type=\"application\/ld+json\" class=\"yoast-schema-graph\">{\"@context\":\"https:\/\/schema.org\",\"@graph\":[{\"@type\":\"WebPage\",\"@id\":\"https:\/\/dara.aragon.es\/dara\/archivo-de-la-casa-de-ganaderos-de-zaragoza\/\",\"url\":\"https:\/\/dara.aragon.es\/dara\/archivo-de-la-casa-de-ganaderos-de-zaragoza\/\",\"name\":\"Archivo de Casa Ganaderos de Zaragoza - DARA GENERAL\",\"isPartOf\":{\"@id\":\"https:\/\/dara.aragon.es\/dara\/#website\"},\"primaryImageOfPage\":{\"@id\":\"https:\/\/dara.aragon.es\/dara\/archivo-de-la-casa-de-ganaderos-de-zaragoza\/#primaryimage\"},\"image\":{\"@id\":\"https:\/\/dara.aragon.es\/dara\/archivo-de-la-casa-de-ganaderos-de-zaragoza\/#primaryimage\"},\"thumbnailUrl\":\"https:\/\/dara.aragon.es\/dara\/wp-content\/uploads\/2024\/07\/SedeCasaGanaderos.png\",\"datePublished\":\"2024-07-23T10:13:52+00:00\",\"dateModified\":\"2024-12-13T14:25:21+00:00\",\"breadcrumb\":{\"@id\":\"https:\/\/dara.aragon.es\/dara\/archivo-de-la-casa-de-ganaderos-de-zaragoza\/#breadcrumb\"},\"inLanguage\":\"es\",\"potentialAction\":[{\"@type\":\"ReadAction\",\"target\":[\"https:\/\/dara.aragon.es\/dara\/archivo-de-la-casa-de-ganaderos-de-zaragoza\/\"]}]},{\"@type\":\"ImageObject\",\"inLanguage\":\"es\",\"@id\":\"https:\/\/dara.aragon.es\/dara\/archivo-de-la-casa-de-ganaderos-de-zaragoza\/#primaryimage\",\"url\":\"https:\/\/dara.aragon.es\/dara\/wp-content\/uploads\/2024\/07\/SedeCasaGanaderos.png\",\"contentUrl\":\"https:\/\/dara.aragon.es\/dara\/wp-content\/uploads\/2024\/07\/SedeCasaGanaderos.png\",\"width\":426,\"height\":426},{\"@type\":\"BreadcrumbList\",\"@id\":\"https:\/\/dara.aragon.es\/dara\/archivo-de-la-casa-de-ganaderos-de-zaragoza\/#breadcrumb\",\"itemListElement\":[{\"@type\":\"ListItem\",\"position\":1,\"name\":\"Portada\",\"item\":\"https:\/\/dara.aragon.es\/dara\/\"},{\"@type\":\"ListItem\",\"position\":2,\"name\":\"Archivo de Casa Ganaderos de Zaragoza\"}]},{\"@type\":\"WebSite\",\"@id\":\"https:\/\/dara.aragon.es\/dara\/#website\",\"url\":\"https:\/\/dara.aragon.es\/dara\/\",\"name\":\"DARA GENERAL\",\"description\":\"Documentos y archivos de Arag\u00f3n\",\"potentialAction\":[{\"@type\":\"SearchAction\",\"target\":{\"@type\":\"EntryPoint\",\"urlTemplate\":\"https:\/\/dara.aragon.es\/dara\/?s={search_term_string}\"},\"query-input\":{\"@type\":\"PropertyValueSpecification\",\"valueRequired\":true,\"valueName\":\"search_term_string\"}}],\"inLanguage\":\"es\"}]}<\/script>\n<!-- \/ Yoast SEO plugin. -->","yoast_head_json":{"title":"Archivo de Casa Ganaderos de Zaragoza - DARA GENERAL","robots":{"index":"index","follow":"follow","max-snippet":"max-snippet:-1","max-image-preview":"max-image-preview:large","max-video-preview":"max-video-preview:-1"},"canonical":"https:\/\/dara.aragon.es\/dara\/archivo-de-la-casa-de-ganaderos-de-zaragoza\/","og_locale":"es_ES","og_type":"article","og_title":"Archivo de Casa Ganaderos de Zaragoza - DARA GENERAL","og_description":"La Fundaci\u00f3n Casa de Ganaderos naci\u00f3 el 5 de febrero de 1988, setecientos sesenta y nueve a\u00f1os despu\u00e9s de que el rey Alfonso I de Arag\u00f3n concediera derechos de pastos a la ciudad de Zaragoza y setecientos setenta desde que, por privilegio real de Jaime I de Arag\u00f3n, nac\u00eda formalmente la instituci\u00f3n de Casa de [&hellip;]","og_url":"https:\/\/dara.aragon.es\/dara\/archivo-de-la-casa-de-ganaderos-de-zaragoza\/","og_site_name":"DARA GENERAL","article_modified_time":"2024-12-13T14:25:21+00:00","og_image":[{"width":426,"height":426,"url":"https:\/\/dara.aragon.es\/dara\/wp-content\/uploads\/2024\/07\/SedeCasaGanaderos.png","type":"image\/png"}],"twitter_card":"summary_large_image","twitter_misc":{"Tiempo de lectura":"11 minutos"},"schema":{"@context":"https:\/\/schema.org","@graph":[{"@type":"WebPage","@id":"https:\/\/dara.aragon.es\/dara\/archivo-de-la-casa-de-ganaderos-de-zaragoza\/","url":"https:\/\/dara.aragon.es\/dara\/archivo-de-la-casa-de-ganaderos-de-zaragoza\/","name":"Archivo de Casa Ganaderos de Zaragoza - DARA GENERAL","isPartOf":{"@id":"https:\/\/dara.aragon.es\/dara\/#website"},"primaryImageOfPage":{"@id":"https:\/\/dara.aragon.es\/dara\/archivo-de-la-casa-de-ganaderos-de-zaragoza\/#primaryimage"},"image":{"@id":"https:\/\/dara.aragon.es\/dara\/archivo-de-la-casa-de-ganaderos-de-zaragoza\/#primaryimage"},"thumbnailUrl":"https:\/\/dara.aragon.es\/dara\/wp-content\/uploads\/2024\/07\/SedeCasaGanaderos.png","datePublished":"2024-07-23T10:13:52+00:00","dateModified":"2024-12-13T14:25:21+00:00","breadcrumb":{"@id":"https:\/\/dara.aragon.es\/dara\/archivo-de-la-casa-de-ganaderos-de-zaragoza\/#breadcrumb"},"inLanguage":"es","potentialAction":[{"@type":"ReadAction","target":["https:\/\/dara.aragon.es\/dara\/archivo-de-la-casa-de-ganaderos-de-zaragoza\/"]}]},{"@type":"ImageObject","inLanguage":"es","@id":"https:\/\/dara.aragon.es\/dara\/archivo-de-la-casa-de-ganaderos-de-zaragoza\/#primaryimage","url":"https:\/\/dara.aragon.es\/dara\/wp-content\/uploads\/2024\/07\/SedeCasaGanaderos.png","contentUrl":"https:\/\/dara.aragon.es\/dara\/wp-content\/uploads\/2024\/07\/SedeCasaGanaderos.png","width":426,"height":426},{"@type":"BreadcrumbList","@id":"https:\/\/dara.aragon.es\/dara\/archivo-de-la-casa-de-ganaderos-de-zaragoza\/#breadcrumb","itemListElement":[{"@type":"ListItem","position":1,"name":"Portada","item":"https:\/\/dara.aragon.es\/dara\/"},{"@type":"ListItem","position":2,"name":"Archivo de Casa Ganaderos de Zaragoza"}]},{"@type":"WebSite","@id":"https:\/\/dara.aragon.es\/dara\/#website","url":"https:\/\/dara.aragon.es\/dara\/","name":"DARA GENERAL","description":"Documentos y archivos de Arag\u00f3n","potentialAction":[{"@type":"SearchAction","target":{"@type":"EntryPoint","urlTemplate":"https:\/\/dara.aragon.es\/dara\/?s={search_term_string}"},"query-input":{"@type":"PropertyValueSpecification","valueRequired":true,"valueName":"search_term_string"}}],"inLanguage":"es"}]}},"_links":{"self":[{"href":"https:\/\/dara.aragon.es\/dara\/wp-json\/wp\/v2\/pages\/4871","targetHints":{"allow":["GET"]}}],"collection":[{"href":"https:\/\/dara.aragon.es\/dara\/wp-json\/wp\/v2\/pages"}],"about":[{"href":"https:\/\/dara.aragon.es\/dara\/wp-json\/wp\/v2\/types\/page"}],"author":[{"embeddable":true,"href":"https:\/\/dara.aragon.es\/dara\/wp-json\/wp\/v2\/users\/1"}],"replies":[{"embeddable":true,"href":"https:\/\/dara.aragon.es\/dara\/wp-json\/wp\/v2\/comments?post=4871"}],"version-history":[{"count":0,"href":"https:\/\/dara.aragon.es\/dara\/wp-json\/wp\/v2\/pages\/4871\/revisions"}],"wp:featuredmedia":[{"embeddable":true,"href":"https:\/\/dara.aragon.es\/dara\/wp-json\/wp\/v2\/media\/4876"}],"wp:attachment":[{"href":"https:\/\/dara.aragon.es\/dara\/wp-json\/wp\/v2\/media?parent=4871"}],"curies":[{"name":"wp","href":"https:\/\/api.w.org\/{rel}","templated":true}]}}