{"id":5507,"date":"2024-10-10T07:25:48","date_gmt":"2024-10-10T07:25:48","guid":{"rendered":"https:\/\/dara.aragon.es\/dara\/?page_id=5507"},"modified":"2026-01-20T11:38:42","modified_gmt":"2026-01-20T11:38:42","slug":"archivo-administracion-aragon","status":"publish","type":"page","link":"https:\/\/dara.aragon.es\/dara\/archivo-administracion-aragon\/","title":{"rendered":"Archivo de la Administraci\u00f3n de la C. A. de Arag\u00f3n"},"content":{"rendered":"<p>[et_pb_section fb_built=\u00bb1&#8243; _builder_version=\u00bb4.27.4&#8243; _module_preset=\u00bbdefault\u00bb background_color=\u00bb#26528D\u00bb min_height=\u00bb199px\u00bb height=\u00bb0px\u00bb max_height=\u00bb271px\u00bb global_colors_info=\u00bb%91%93&#8243;][et_pb_row _builder_version=\u00bb4.27.4&#8243; _module_preset=\u00bbdefault\u00bb custom_margin=\u00bb100px|0px|0px|0px|false|false\u00bb locked=\u00bboff\u00bb global_colors_info=\u00bb%91%93&#8243;][et_pb_column type=\u00bb4_4&#8243; _builder_version=\u00bb4.25.1&#8243; _module_preset=\u00bbdefault\u00bb global_colors_info=\u00bb{}\u00bb][et_pb_text admin_label=\u00bbTittle\u00bb _builder_version=\u00bb4.27.4&#8243; text_font=\u00bbNunito|||||on|||\u00bb text_text_color=\u00bb#FFFFFF\u00bb text_font_size=\u00bb18px\u00bb text_line_height=\u00bb1.8em\u00bb header_font=\u00bb||||||||\u00bb header_text_color=\u00bb#26528D\u00bb header_2_font=\u00bbOswald|||on|||||\u00bb header_2_text_align=\u00bbcenter\u00bb header_2_font_size=\u00bb40px\u00bb header_2_letter_spacing=\u00bb1px\u00bb header_2_line_height=\u00bb1.5em\u00bb header_3_font=\u00bb||||||||\u00bb max_width_last_edited=\u00bboff|desktop\u00bb module_alignment=\u00bbcenter\u00bb custom_margin=\u00bb-88px||10px||false|false\u00bb global_colors_info=\u00bb%91%93&#8243;]<\/p>\n<h2 style=\"text-align: center\"><span style=\"color: #ffffff;font-size: 40px\">ARCHIVO DE LA ADMINISTRACI\u00d3N DE LA COMUNIDAD AUT\u00d3NOMA DE ARAG\u00d3N<\/span><\/h2>\n<p>[\/et_pb_text][\/et_pb_column][\/et_pb_row][\/et_pb_section][et_pb_section fb_built=\u00bb1&#8243; _builder_version=\u00bb4.19.0&#8243; _module_preset=\u00bbdefault\u00bb global_colors_info=\u00bb%91%93&#8243;][et_pb_row column_structure=\u00bb1_4,3_4&#8243; make_equal=\u00bbon\u00bb _builder_version=\u00bb4.27.4&#8243; _module_preset=\u00bbdefault\u00bb background_enable_image=\u00bboff\u00bb global_colors_info=\u00bb%91%93&#8243;][et_pb_column type=\u00bb1_4&#8243; _builder_version=\u00bb4.27.4&#8243; _module_preset=\u00bbdefault\u00bb background_image=\u00bbhttps:\/\/dara.aragon.es\/dara\/wp-content\/uploads\/2024\/12\/AACAA_DEF.png\u00bb border_radii=\u00bbon|29px|29px|29px|29px\u00bb global_colors_info=\u00bb{}\u00bb][\/et_pb_column][et_pb_column type=\u00bb3_4&#8243; _builder_version=\u00bb4.19.0&#8243; _module_preset=\u00bbdefault\u00bb global_colors_info=\u00bb{}\u00bb][et_pb_text _builder_version=\u00bb4.27.4&#8243; _module_preset=\u00bbdefault\u00bb custom_padding=\u00bb|||0px||\u00bb global_colors_info=\u00bb%91%93&#8243;]<\/p>\n<h2><\/h2>\n<p>&nbsp;<\/p>\n<p>El Archivo de la Administraci\u00f3n del Gobierno de Arag\u00f3n se crea en 1993 con el fin de recoger, conservar, organizar y poner al servicio de la Administraci\u00f3n y de los ciudadanos la documentaci\u00f3n generada por los Departamentos y Organismos que lo integran.<\/p>\n<p>El fondo documental se compone de m\u00e1s de 192.000 cajas, planos y material fotogr\u00e1fico conservados en los archivos de Zaragoza, Huesca y Teruel. En este Archivo se custodia documentaci\u00f3n relativa a La Presidencia del Gobierno, industria, energ\u00eda, minas, tributos, vivienda, urbanismo, medio ambiente, patrimonio cultural, agricultura, servicios sociales, educaci\u00f3n, trabajo y empleo.<\/p>\n<p><span>En esta p\u00e1gina se ofrece el cuadro de clasificaci\u00f3n de todos los documentos conservados en el Archivo de la Administraci\u00f3n. En<em> Series Documentales por Temas<\/em> se van a\u00f1adiendo progresivamente las descripciones de aquellas que por su contenido pueden ser de mayor inter\u00e9s para la ciudadan\u00eda.<\/span><\/p>\n<p>&nbsp;<\/p>\n<p>[\/et_pb_text][\/et_pb_column][\/et_pb_row][et_pb_row column_structure=\u00bb1_4,1_4,1_4,1_4&#8243; make_equal=\u00bbon\u00bb _builder_version=\u00bb4.27.0&#8243; _module_preset=\u00bbdefault\u00bb background_enable_image=\u00bboff\u00bb custom_margin=\u00bb50px|0px|0px|0px|false|false\u00bb global_colors_info=\u00bb%91%93&#8243;][et_pb_column type=\u00bb1_4&#8243; _builder_version=\u00bb4.27.0&#8243; _module_preset=\u00bbdefault\u00bb background_enable_image=\u00bboff\u00bb global_colors_info=\u00bb{}\u00bb][\/et_pb_column][et_pb_column type=\u00bb1_4&#8243; _builder_version=\u00bb4.27.0&#8243; _module_preset=\u00bbdefault\u00bb global_colors_info=\u00bb{}\u00bb][et_pb_button button_url=\u00bbhttps:\/\/bi.aragon.es\/dv_pub\/ui\/home.jsp?pageid=visualAnalyzer&amp;reportmode=full&amp;reportpath=%2F%40Catalog%2Fshared%2FDHAP-P%C3%9ABLICA%2Farchivo%2FCuadro%20Funcional%20Ciudadanos\u00bb url_new_window=\u00bbon\u00bb button_text=\u00bbCuadro de clasificaci\u00f3n\u00bb _builder_version=\u00bb4.27.4&#8243; _module_preset=\u00bbdefault\u00bb button_border_radius=\u00bb12px\u00bb button_icon=\u00bb&#xe03e;||divi||400&#8243; button_icon_color=\u00bb#A6A4A3&#8243; button_on_hover=\u00bboff\u00bb box_shadow_style=\u00bbpreset6&#8243; box_shadow_horizontal=\u00bb3px\u00bb box_shadow_blur=\u00bb13px\u00bb global_colors_info=\u00bb%91%93&#8243;][\/et_pb_button][\/et_pb_column][et_pb_column type=\u00bb1_4&#8243; _builder_version=\u00bb4.27.0&#8243; _module_preset=\u00bbdefault\u00bb global_colors_info=\u00bb{}\u00bb][et_pb_button button_url=\u00bbhttps:\/\/dara.aragon.es\/opac\/app\/simple\/aacaa\/\u00bb button_text=\u00bbBuscador de documentos\u00bb _builder_version=\u00bb4.27.4&#8243; _module_preset=\u00bbdefault\u00bb button_border_radius=\u00bb12px\u00bb button_icon_color=\u00bb#A6A4A3&#8243; button_on_hover=\u00bboff\u00bb box_shadow_style=\u00bbpreset6&#8243; box_shadow_horizontal=\u00bb3px\u00bb box_shadow_blur=\u00bb13px\u00bb global_colors_info=\u00bb%91%93&#8243;][\/et_pb_button][\/et_pb_column][et_pb_column type=\u00bb1_4&#8243; _builder_version=\u00bb4.19.0&#8243; _module_preset=\u00bbdefault\u00bb global_colors_info=\u00bb{}\u00bb][et_pb_button button_url=\u00bbhttps:\/\/dara.aragon.es\/opac\/app\/results\/?st=.589612&amp;ob=dl:1&amp;sr=1&#8243; button_text=\u00bbTodos los registros\u00bb _builder_version=\u00bb4.27.4&#8243; _module_preset=\u00bbdefault\u00bb button_border_radius=\u00bb12px\u00bb button_icon_color=\u00bb#A6A4A3&#8243; button_on_hover=\u00bboff\u00bb custom_margin=\u00bb|||-45px|false|false\u00bb custom_padding=\u00bb|||19px|false|false\u00bb box_shadow_style=\u00bbpreset6&#8243; box_shadow_horizontal=\u00bb3px\u00bb box_shadow_blur=\u00bb13px\u00bb global_colors_info=\u00bb%91%93&#8243;][\/et_pb_button][\/et_pb_column][\/et_pb_row][et_pb_row _builder_version=\u00bb4.27.2&#8243; _module_preset=\u00bbdefault\u00bb custom_margin=\u00bb55px|0px|0px|0px|false|false\u00bb locked=\u00bboff\u00bb global_colors_info=\u00bb%91%93&#8243;][et_pb_column type=\u00bb4_4&#8243; _builder_version=\u00bb4.25.1&#8243; _module_preset=\u00bbdefault\u00bb global_colors_info=\u00bb{}\u00bb][et_pb_text admin_label=\u00bbTittle\u00bb _builder_version=\u00bb4.27.4&#8243; text_font=\u00bbNunito|||||on|||\u00bb text_text_color=\u00bb#26528D\u00bb text_font_size=\u00bb18px\u00bb text_line_height=\u00bb1.8em\u00bb header_font=\u00bb||||||||\u00bb header_text_color=\u00bb#26528D\u00bb header_2_font=\u00bbOswald|||on|||||\u00bb header_2_text_align=\u00bbcenter\u00bb header_2_font_size=\u00bb40px\u00bb header_2_letter_spacing=\u00bb1px\u00bb header_2_line_height=\u00bb1.5em\u00bb header_3_font=\u00bb||||||||\u00bb max_width_last_edited=\u00bboff|desktop\u00bb module_alignment=\u00bbcenter\u00bb custom_margin=\u00bb||10px||false|false\u00bb global_colors_info=\u00bb%91%93&#8243;]<\/p>\n<h2><span style=\"color: #26528d\">series documentales por temas<\/span><\/h2>\n<p>[\/et_pb_text][\/et_pb_column][\/et_pb_row][et_pb_row _builder_version=\u00bb4.27.4&#8243; _module_preset=\u00bb_initial\u00bb background_color=\u00bb#F2EEEB\u00bb hover_enabled=\u00bb0&#8243; locked=\u00bboff\u00bb global_colors_info=\u00bb{}\u00bb sticky_enabled=\u00bb0&#8243;][et_pb_column type=\u00bb4_4&#8243; _builder_version=\u00bb4.27.4&#8243; _module_preset=\u00bbdefault\u00bb global_colors_info=\u00bb{}\u00bb][ba_image_carousel animation_speed=\u00bb500ms\u00bb is_autoplay=\u00bboff\u00bb is_variable_width=\u00bbon\u00bb slide_width=\u00bb179px\u00bb slide_spacing=\u00bb3px\u00bb nav_height=\u00bb48px\u00bb nav_width=\u00bb48px\u00bb nav_color=\u00bb#26528D\u00bb nav_bg=\u00bb#FFFFFF\u00bb icon_left=\u00bb&#x23;||divi||400&#8243; icon_right=\u00bb&#x24;||divi||400&#8243; pagi_radius=\u00bbon|0px|0px|0px|0px\u00bb _builder_version=\u00bb4.27.4&#8243; _module_preset=\u00bbdefault\u00bb width=\u00bb100%\u00bb min_height=\u00bb252px\u00bb custom_margin=\u00bb-20px||4px|||\u00bb custom_padding=\u00bb0px|2px|0px|13px||\u00bb link_option_url=\u00bbhttps:\/\/dara.aragon.es\/opac\/app\/results\/crbv?q=*&amp;st=.349996.326089.331683&amp;ob=df:1&#8243; hover_enabled=\u00bb0&#8243; border_radii_carousel=\u00bbon|11px|11px|11px|11px\u00bb border_color_all_carousel=\u00bb#A6A4A3&#8243; border_radii_image=\u00bbon|7px|7px|7px|7px\u00bb global_colors_info=\u00bb{}\u00bb nav_color__hover_enabled=\u00bbon|hover\u00bb nav_color__hover=\u00bb#0D3857&#8243; sticky_enabled=\u00bb0&#8243; height=\u00bb341px\u00bb][ba_image_carousel_child photo=\u00bbhttps:\/\/dara.aragon.es\/dara\/wp-content\/uploads\/2025\/12\/agricul-scaled.jpg\u00bb title=\u00bbAgricultura\u00bb _builder_version=\u00bb4.27.4&#8243; link_option_url=\u00bbhttps:\/\/dara.aragon.es\/dara\/archivo-administracion-aragon\/agricultura\/\u00bb global_colors_info=\u00bb{}\u00bb][\/ba_image_carousel_child][ba_image_carousel_child photo=\u00bbhttps:\/\/dara.aragon.es\/dara\/wp-content\/uploads\/2025\/12\/deportiv-2-scaled.png\u00bb title=\u00bbDeportes\u00bb _builder_version=\u00bb4.27.4&#8243; title_text_color=\u00bb#232323&#8243; link_option_url=\u00bbhttps:\/\/dara.aragon.es\/dara\/archivo-administracion-aragon\/deportes\/\u00bb global_colors_info=\u00bb{}\u00bb][\/ba_image_carousel_child][ba_image_carousel_child photo=\u00bbhttps:\/\/dara.aragon.es\/dara\/wp-content\/uploads\/2025\/12\/presidentes.png\u00bb title=\u00bbFotograf\u00eda institucional\u00bb _builder_version=\u00bb4.27.4&#8243; _module_preset=\u00bbdefault\u00bb link_option_url=\u00bbhttps:\/\/dara.aragon.es\/dara\/archivo-administracion-aragon\/presidentes\/\u00bb global_colors_info=\u00bb{}\u00bb][\/ba_image_carousel_child][ba_image_carousel_child photo=\u00bbhttps:\/\/dara.aragon.es\/dara\/wp-content\/uploads\/2025\/12\/funda1-1-scaled.jpg\u00bb title=\u00bbFundaciones\u00bb _builder_version=\u00bb4.27.4&#8243; link_option_url=\u00bbhttps:\/\/dara.aragon.es\/dara\/archivo-administracion-aragon\/fundaciones\/\u00bb global_colors_info=\u00bb{}\u00bb][\/ba_image_carousel_child][ba_image_carousel_child photo=\u00bbhttps:\/\/dara.aragon.es\/dara\/wp-content\/uploads\/2025\/12\/heraldica-scaled.png\u00bb photo_alt=\u00bbEscudo de her\u00e1dica de Huerto (Huesca)\u00bb title=\u00bbHer\u00e1ldica\u00bb btn_spacing_top=\u00bb13px\u00bb content_bg_color=\u00bbRGBA(255,255,255,0)\u00bb _builder_version=\u00bb4.27.4&#8243; _module_preset=\u00bbdefault\u00bb background_color=\u00bbRGBA(255,255,255,0)\u00bb background_enable_color=\u00bbon\u00bb custom_button=\u00bbon\u00bb button_text_size=\u00bb13px\u00bb button_text_color=\u00bb#960234&#8243; button_bg_color=\u00bb#fcf4f6&#8243; button_border_width=\u00bb1px\u00bb button_border_color=\u00bb#000000&#8243; button_border_radius=\u00bb5px\u00bb button_use_icon=\u00bbon\u00bb button_icon=\u00bb&#x69;||divi||400&#8243; button_icon_placement=\u00bbleft\u00bb button_on_hover=\u00bbon\u00bb button_custom_margin=\u00bb|||10px|false|false\u00bb text_orientation=\u00bbleft\u00bb link_option_url=\u00bbhttps:\/\/dara.aragon.es\/dara\/archivo-administracion-aragon\/heraldica\/\u00bb button_text_shadow_blur_strength=\u00bb0.02em\u00bb button_text_shadow_color=\u00bb#000000&#8243; global_colors_info=\u00bb{}\u00bb][\/ba_image_carousel_child][ba_image_carousel_child photo=\u00bbhttps:\/\/dara.aragon.es\/dara\/wp-content\/uploads\/2025\/12\/minas-scaled.png\u00bb title=\u00bbMinas\u00bb _builder_version=\u00bb4.27.4&#8243; _module_preset=\u00bbdefault\u00bb link_option_url=\u00bbhttps:\/\/dara.aragon.es\/dara\/archivo-administracion-aragon\/minas\u00bb global_colors_info=\u00bb{}\u00bb][\/ba_image_carousel_child][ba_image_carousel_child photo=\u00bbhttps:\/\/dara.aragon.es\/dara\/wp-content\/uploads\/2025\/12\/ObrasHidraulicas-scaled.png\u00bb title=\u00bbObras hidr\u00e1ulicas\u00bb _builder_version=\u00bb4.27.4&#8243; _module_preset=\u00bbdefault\u00bb link_option_url=\u00bbhttps:\/\/dara.aragon.es\/dara\/archivo-administracion-aragon\/obras-hidraulicas\/\u00bb global_colors_info=\u00bb{}\u00bb][\/ba_image_carousel_child][ba_image_carousel_child photo=\u00bbhttps:\/\/dara.aragon.es\/dara\/wp-content\/uploads\/2025\/12\/PatrimonioCu2-scaled.png\u00bb title=\u00bbPatrimonio\u00bb _builder_version=\u00bb4.27.4&#8243; _module_preset=\u00bbdefault\u00bb link_option_url=\u00bbhttps:\/\/dara.aragon.es\/dara\/archivo-administracion-aragon\/patrimonio\/\u00bb global_colors_info=\u00bb{}\u00bb][\/ba_image_carousel_child][ba_image_carousel_child photo=\u00bbhttps:\/\/dara.aragon.es\/dara\/wp-content\/uploads\/2025\/12\/politicaTerritorial.png\u00bb title=\u00bbPol\u00edtica Territorial\u00bb _builder_version=\u00bb4.27.4&#8243; _module_preset=\u00bbdefault\u00bb link_option_url=\u00bbhttps:\/\/dara.aragon.es\/dara\/archivo-administracion-aragon\/politica-territorial\/\u00bb global_colors_info=\u00bb{}\u00bb][\/ba_image_carousel_child][ba_image_carousel_child photo=\u00bbhttps:\/\/dara.aragon.es\/dara\/wp-content\/uploads\/2026\/01\/hosped-scaled.png\u00bb title=\u00bbTurismo\u00bb _builder_version=\u00bb4.27.4&#8243; _module_preset=\u00bbdefault\u00bb link_option_url=\u00bbhttps:\/\/dara.aragon.es\/dara\/archivo-administracion-aragon\/turismo\/\u00bb global_colors_info=\u00bb{}\u00bb][\/ba_image_carousel_child][\/ba_image_carousel][et_pb_divider _builder_version=\u00bb4.27.4&#8243; _module_preset=\u00bbdefault\u00bb background_color=\u00bb#A6A4A3&#8243; global_colors_info=\u00bb{}\u00bb][\/et_pb_divider][\/et_pb_column][\/et_pb_row][et_pb_row column_structure=\u00bb1_3,1_3,1_3&#8243; use_custom_gutter=\u00bbon\u00bb make_equal=\u00bbon\u00bb admin_label=\u00bbFila\u00bb _builder_version=\u00bb4.27.4&#8243; _module_preset=\u00bbdefault\u00bb background_color=\u00bb#F2EEEB\u00bb width=\u00bb95.4%\u00bb min_height=\u00bb100px\u00bb custom_margin=\u00bb0px|0px|0px|-51px|false|false\u00bb global_colors_info=\u00bb%91%93&#8243;][et_pb_column type=\u00bb1_3&#8243; _builder_version=\u00bb4.27.0&#8243; _module_preset=\u00bbdefault\u00bb global_colors_info=\u00bb{}\u00bb][et_pb_text _builder_version=\u00bb4.27.4&#8243; _module_preset=\u00bbdefault\u00bb width=\u00bb75.7%\u00bb max_width=\u00bb75%\u00bb module_alignment=\u00bbleft\u00bb min_height=\u00bb315px\u00bb height=\u00bb339px\u00bb max_height=\u00bb273px\u00bb custom_margin=\u00bb15px|||-39px|false|false\u00bb custom_padding=\u00bb||0px|15px|false|false\u00bb global_colors_info=\u00bb%91%93&#8243;]<\/p>\n<h3>Direcci\u00f3n<\/h3>\n<p>Edificio Pignatelli<br \/>Paseo de Mar\u00eda Agust\u00edn, 36 50004 Zaragoza<\/p>\n<h3>Tel\u00e9fono<\/h3>\n<p>976 714 457<\/p>\n<h3>Email<\/h3>\n<p><a href=\"mailto:maito:aacaa@aragon.es\" target=\"_blank\" rel=\"noopener\">aacaa@aragon.es<\/a><\/p>\n<p>&nbsp;<\/p>\n<h3><a href=\"https:\/\/www.aragon.es\/-\/archivo-de-la-administracion\" target=\"_blank\" rel=\"noopener\">Sitio web del archivo: <\/a><span style=\"text-decoration: underline\"><a href=\"https:\/\/www.aragon.es\/-\/archivo-de-la-administracion\" target=\"_blank\" rel=\"noopener\">http:\/\/www.aragon.es\/archivo<\/a><\/span><\/h3>\n<p>[\/et_pb_text][\/et_pb_column][et_pb_column type=\u00bb1_3&#8243; _builder_version=\u00bb4.27.0&#8243; _module_preset=\u00bbdefault\u00bb global_colors_info=\u00bb{}\u00bb][et_pb_text _builder_version=\u00bb4.27.4&#8243; _module_preset=\u00bbdefault\u00bb custom_margin=\u00bb15px||||false|false\u00bb custom_margin_tablet=\u00bb|||0px|false|false\u00bb custom_margin_phone=\u00bb|||0px|false|false\u00bb custom_margin_last_edited=\u00bbon|tablet\u00bb custom_padding=\u00bb||||false|false\u00bb link_option_url=\u00bbhttps:\/\/bibliotecas.aragon.es\/cgi-bin\/opac\/\u00bb link_option_url_new_window=\u00bbon\u00bb global_colors_info=\u00bb%91%93&#8243;]<\/p>\n<h3><a href=\"https:\/\/culturadearagon.es\/archivos\/archivo-historico-provincial-de-huesca\/\" target=\"_blank\" rel=\"noopener\"><span>Servicios<\/span><\/a><\/h3>\n<p><a href=\"https:\/\/www.aragon.es\/-\/archivo-de-la-administracion\" target=\"_blank\" rel=\"noopener\"><span>&#8211; Acceso e informaci\u00f3n: consultas gen\u00e9ricas, informaci\u00f3n sobre los fondos, compulsas, informes y certificaciones.<\/span><\/a><\/p>\n<p><a href=\"https:\/\/www.aragon.es\/-\/archivo-de-la-administracion\" target=\"_blank\" rel=\"noopener\"><span>&#8211; Consulta de fondos documentales: acceso al\u00a0 documentos o copias.<\/span><\/a><\/p>\n<p><a href=\"https:\/\/www.aragon.es\/-\/archivo-de-la-administracion\" target=\"_blank\" rel=\"noopener\"><span>&#8211; Reproducci\u00f3n de documentos.<\/span><\/a><\/p>\n<p><a href=\"https:\/\/www.aragon.es\/-\/estudios-de-valoracion-de-series\" target=\"_blank\" rel=\"noopener\"><span>&#8211; Estudio y valoraci\u00f3n de series documentales<\/span><\/a><\/p>\n<p><a href=\"https:\/\/www.aragon.es\/-\/archivo-de-la-administracion\" target=\"_blank\" rel=\"noopener\"><span>&#8211; Servicio a administraciones p\u00fablicas<\/span><\/a><\/p>\n<p><a href=\"https:\/\/www.aragon.es\/-\/archivo-de-la-administracion\" target=\"_blank\" rel=\"noopener\"><span>&#8211; Proyectos en desarrollo<\/span><\/a><\/p>\n<p>&nbsp;<\/p>\n<p>[\/et_pb_text][\/et_pb_column][et_pb_column type=\u00bb1_3&#8243; _builder_version=\u00bb4.27.0&#8243; _module_preset=\u00bbdefault\u00bb global_colors_info=\u00bb{}\u00bb][et_pb_text _builder_version=\u00bb4.27.4&#8243; _module_preset=\u00bbdefault\u00bb custom_margin=\u00bb15px||||false|false\u00bb custom_margin_tablet=\u00bb|||0px|false|false\u00bb custom_margin_phone=\u00bb|||0px|false|false\u00bb custom_margin_last_edited=\u00bbon|desktop\u00bb custom_padding=\u00bb|10px|||false|false\u00bb global_colors_info=\u00bb%91%93&#8243;]<\/p>\n<h3>Bibliograf\u00eda<\/h3>\n<ul>\n<li><span>G\u00f3mez de Valenzuela, Magdalena. \u00abEl Archivo Central de la Comunidad Aut\u00f3noma de Arag\u00f3n: legislaci\u00f3n y metodolog\u00eda de trabajo\u00bb. En:\u00a0J<em>ornadas sobre metodolog\u00eda para la Identificaci\u00f3n y valoraci\u00f3n de fondos documentales de las Administraciones Publicaciones<\/em> . Madrid, 1991.<\/span><\/li>\n<\/ul>\n<h3><\/h3>\n<h3><a href=\"https:\/\/www.aragon.es\/-\/publicaciones-sobre-el-archivo-y-recursos-de-interes\" target=\"_blank\" rel=\"noopener\">M\u00e1s publicaciones<\/a><\/h3>\n<p>&nbsp;<\/p>\n<p>&nbsp;<\/p>\n<p>[\/et_pb_text][\/et_pb_column][\/et_pb_row][\/et_pb_section]<\/p>\n","protected":false},"excerpt":{"rendered":"<p>ARCHIVO DE LA ADMINISTRACI\u00d3N DE LA COMUNIDAD AUT\u00d3NOMA DE ARAG\u00d3N &nbsp; El Archivo de la Administraci\u00f3n del Gobierno de Arag\u00f3n se crea en 1993 con el fin de recoger, conservar, organizar y poner al servicio de la Administraci\u00f3n y de los ciudadanos la documentaci\u00f3n generada por los Departamentos y Organismos que lo integran. El fondo [&hellip;]<\/p>\n","protected":false},"author":1,"featured_media":0,"parent":0,"menu_order":0,"comment_status":"closed","ping_status":"closed","template":"","meta":{"_et_pb_use_builder":"on","_et_pb_old_content":"","_et_gb_content_width":"","om_disable_all_campaigns":false,"_monsterinsights_skip_tracking":false,"_monsterinsights_sitenote_active":false,"_monsterinsights_sitenote_note":"","_monsterinsights_sitenote_category":0,"_uf_show_specific_survey":0,"_uf_disable_surveys":false,"footnotes":""},"class_list":["post-5507","page","type-page","status-publish","hentry"],"yoast_head":"<!-- This site is optimized with the Yoast SEO plugin v26.2 - https:\/\/yoast.com\/wordpress\/plugins\/seo\/ -->\n<title>Archivo de la Administraci\u00f3n de la C. A. de Arag\u00f3n - DARA GENERAL<\/title>\n<meta name=\"robots\" content=\"index, follow, max-snippet:-1, max-image-preview:large, max-video-preview:-1\" \/>\n<link rel=\"canonical\" href=\"https:\/\/dara.aragon.es\/dara\/archivo-administracion-aragon\/\" \/>\n<meta property=\"og:locale\" content=\"es_ES\" \/>\n<meta property=\"og:type\" content=\"article\" \/>\n<meta property=\"og:title\" content=\"Archivo de la Administraci\u00f3n de la C. A. de Arag\u00f3n - DARA GENERAL\" \/>\n<meta property=\"og:description\" content=\"ARCHIVO DE LA ADMINISTRACI\u00d3N DE LA COMUNIDAD AUT\u00d3NOMA DE ARAG\u00d3N &nbsp; El Archivo de la Administraci\u00f3n del Gobierno de Arag\u00f3n se crea en 1993 con el fin de recoger, conservar, organizar y poner al servicio de la Administraci\u00f3n y de los ciudadanos la documentaci\u00f3n generada por los Departamentos y Organismos que lo integran. El fondo [&hellip;]\" \/>\n<meta property=\"og:url\" content=\"https:\/\/dara.aragon.es\/dara\/archivo-administracion-aragon\/\" \/>\n<meta property=\"og:site_name\" content=\"DARA GENERAL\" \/>\n<meta property=\"article:modified_time\" content=\"2026-01-20T11:38:42+00:00\" \/>\n<meta name=\"twitter:card\" content=\"summary_large_image\" \/>\n<meta name=\"twitter:label1\" content=\"Tiempo de lectura\" \/>\n\t<meta name=\"twitter:data1\" content=\"4 minutos\" \/>\n<script type=\"application\/ld+json\" class=\"yoast-schema-graph\">{\"@context\":\"https:\/\/schema.org\",\"@graph\":[{\"@type\":\"WebPage\",\"@id\":\"https:\/\/dara.aragon.es\/dara\/archivo-administracion-aragon\/\",\"url\":\"https:\/\/dara.aragon.es\/dara\/archivo-administracion-aragon\/\",\"name\":\"Archivo de la Administraci\u00f3n de la C. A. de Arag\u00f3n - DARA GENERAL\",\"isPartOf\":{\"@id\":\"https:\/\/dara.aragon.es\/dara\/#website\"},\"datePublished\":\"2024-10-10T07:25:48+00:00\",\"dateModified\":\"2026-01-20T11:38:42+00:00\",\"breadcrumb\":{\"@id\":\"https:\/\/dara.aragon.es\/dara\/archivo-administracion-aragon\/#breadcrumb\"},\"inLanguage\":\"es\",\"potentialAction\":[{\"@type\":\"ReadAction\",\"target\":[\"https:\/\/dara.aragon.es\/dara\/archivo-administracion-aragon\/\"]}]},{\"@type\":\"BreadcrumbList\",\"@id\":\"https:\/\/dara.aragon.es\/dara\/archivo-administracion-aragon\/#breadcrumb\",\"itemListElement\":[{\"@type\":\"ListItem\",\"position\":1,\"name\":\"Portada\",\"item\":\"https:\/\/dara.aragon.es\/dara\/\"},{\"@type\":\"ListItem\",\"position\":2,\"name\":\"Archivo de la Administraci\u00f3n de la C. A. de Arag\u00f3n\"}]},{\"@type\":\"WebSite\",\"@id\":\"https:\/\/dara.aragon.es\/dara\/#website\",\"url\":\"https:\/\/dara.aragon.es\/dara\/\",\"name\":\"DARA GENERAL\",\"description\":\"Documentos y archivos de Arag\u00f3n\",\"potentialAction\":[{\"@type\":\"SearchAction\",\"target\":{\"@type\":\"EntryPoint\",\"urlTemplate\":\"https:\/\/dara.aragon.es\/dara\/?s={search_term_string}\"},\"query-input\":{\"@type\":\"PropertyValueSpecification\",\"valueRequired\":true,\"valueName\":\"search_term_string\"}}],\"inLanguage\":\"es\"}]}<\/script>\n<!-- \/ Yoast SEO plugin. -->","yoast_head_json":{"title":"Archivo de la Administraci\u00f3n de la C. A. de Arag\u00f3n - DARA GENERAL","robots":{"index":"index","follow":"follow","max-snippet":"max-snippet:-1","max-image-preview":"max-image-preview:large","max-video-preview":"max-video-preview:-1"},"canonical":"https:\/\/dara.aragon.es\/dara\/archivo-administracion-aragon\/","og_locale":"es_ES","og_type":"article","og_title":"Archivo de la Administraci\u00f3n de la C. A. de Arag\u00f3n - DARA GENERAL","og_description":"ARCHIVO DE LA ADMINISTRACI\u00d3N DE LA COMUNIDAD AUT\u00d3NOMA DE ARAG\u00d3N &nbsp; El Archivo de la Administraci\u00f3n del Gobierno de Arag\u00f3n se crea en 1993 con el fin de recoger, conservar, organizar y poner al servicio de la Administraci\u00f3n y de los ciudadanos la documentaci\u00f3n generada por los Departamentos y Organismos que lo integran. El fondo [&hellip;]","og_url":"https:\/\/dara.aragon.es\/dara\/archivo-administracion-aragon\/","og_site_name":"DARA GENERAL","article_modified_time":"2026-01-20T11:38:42+00:00","twitter_card":"summary_large_image","twitter_misc":{"Tiempo de lectura":"4 minutos"},"schema":{"@context":"https:\/\/schema.org","@graph":[{"@type":"WebPage","@id":"https:\/\/dara.aragon.es\/dara\/archivo-administracion-aragon\/","url":"https:\/\/dara.aragon.es\/dara\/archivo-administracion-aragon\/","name":"Archivo de la Administraci\u00f3n de la C. A. de Arag\u00f3n - DARA GENERAL","isPartOf":{"@id":"https:\/\/dara.aragon.es\/dara\/#website"},"datePublished":"2024-10-10T07:25:48+00:00","dateModified":"2026-01-20T11:38:42+00:00","breadcrumb":{"@id":"https:\/\/dara.aragon.es\/dara\/archivo-administracion-aragon\/#breadcrumb"},"inLanguage":"es","potentialAction":[{"@type":"ReadAction","target":["https:\/\/dara.aragon.es\/dara\/archivo-administracion-aragon\/"]}]},{"@type":"BreadcrumbList","@id":"https:\/\/dara.aragon.es\/dara\/archivo-administracion-aragon\/#breadcrumb","itemListElement":[{"@type":"ListItem","position":1,"name":"Portada","item":"https:\/\/dara.aragon.es\/dara\/"},{"@type":"ListItem","position":2,"name":"Archivo de la Administraci\u00f3n de la C. A. de Arag\u00f3n"}]},{"@type":"WebSite","@id":"https:\/\/dara.aragon.es\/dara\/#website","url":"https:\/\/dara.aragon.es\/dara\/","name":"DARA GENERAL","description":"Documentos y archivos de Arag\u00f3n","potentialAction":[{"@type":"SearchAction","target":{"@type":"EntryPoint","urlTemplate":"https:\/\/dara.aragon.es\/dara\/?s={search_term_string}"},"query-input":{"@type":"PropertyValueSpecification","valueRequired":true,"valueName":"search_term_string"}}],"inLanguage":"es"}]}},"_links":{"self":[{"href":"https:\/\/dara.aragon.es\/dara\/wp-json\/wp\/v2\/pages\/5507","targetHints":{"allow":["GET"]}}],"collection":[{"href":"https:\/\/dara.aragon.es\/dara\/wp-json\/wp\/v2\/pages"}],"about":[{"href":"https:\/\/dara.aragon.es\/dara\/wp-json\/wp\/v2\/types\/page"}],"author":[{"embeddable":true,"href":"https:\/\/dara.aragon.es\/dara\/wp-json\/wp\/v2\/users\/1"}],"replies":[{"embeddable":true,"href":"https:\/\/dara.aragon.es\/dara\/wp-json\/wp\/v2\/comments?post=5507"}],"version-history":[{"count":2,"href":"https:\/\/dara.aragon.es\/dara\/wp-json\/wp\/v2\/pages\/5507\/revisions"}],"predecessor-version":[{"id":9951,"href":"https:\/\/dara.aragon.es\/dara\/wp-json\/wp\/v2\/pages\/5507\/revisions\/9951"}],"wp:attachment":[{"href":"https:\/\/dara.aragon.es\/dara\/wp-json\/wp\/v2\/media?parent=5507"}],"curies":[{"name":"wp","href":"https:\/\/api.w.org\/{rel}","templated":true}]}}