{"id":6725,"date":"2024-11-04T10:57:29","date_gmt":"2024-11-04T10:57:29","guid":{"rendered":"https:\/\/dara.aragon.es\/dara\/?page_id=6725"},"modified":"2025-01-24T07:17:09","modified_gmt":"2025-01-24T07:17:09","slug":"estadisticas-dara-transparencia","status":"publish","type":"page","link":"https:\/\/dara.aragon.es\/dara\/estadisticas-dara-transparencia\/","title":{"rendered":"Estad\u00edsticas DARA &#8211; Transparencia"},"content":{"rendered":"<p>[et_pb_section fb_built=\u00bb1&#8243; fullwidth=\u00bbon\u00bb admin_label=\u00bbHeader Section\u00bb _builder_version=\u00bb4.20.2&#8243; background_color=\u00bb#0D3857&#8243; background_enable_image=\u00bboff\u00bb parallax=\u00bbon\u00bb custom_padding=\u00bb|||\u00bb saved_tabs=\u00bball\u00bb locked=\u00bboff\u00bb global_colors_info=\u00bb{}\u00bb][et_pb_fullwidth_header title=\u00bbEstad\u00edsticas \u00bb text_orientation=\u00bbcenter\u00bb background_overlay_color=\u00bbrgba(0,0,0,0.4)\u00bb admin_label=\u00bbContents\u00bb _builder_version=\u00bb4.27.2&#8243; title_font=\u00bbOswald|||on|\u00bb title_text_align=\u00bbcenter\u00bb title_font_size=\u00bb38px\u00bb title_letter_spacing=\u00bb0.05em\u00bb title_line_height=\u00bb1.5em\u00bb subhead_font=\u00bbNunito|600|||||||\u00bb subhead_font_size=\u00bb20px\u00bb subhead_line_height=\u00bb1.9em\u00bb background_color=\u00bbrgba(255, 255, 255, 0)\u00bb background_enable_image=\u00bboff\u00bb parallax=\u00bbon\u00bb parallax_method=\u00bbon\u00bb custom_button_one=\u00bbon\u00bb button_one_text_size=\u00bb15px\u00bb button_one_bg_color=\u00bb#dca57d\u00bb button_one_border_width=\u00bb10px\u00bb button_one_border_color=\u00bb#dca57d\u00bb button_one_border_radius=\u00bb0px\u00bb button_one_letter_spacing=\u00bb3px\u00bb button_one_font=\u00bbOswald|||on|\u00bb button_one_use_icon=\u00bboff\u00bb custom_margin=\u00bb|||\u00bb custom_padding=\u00bb1%||1%||false|false\u00bb animation_style=\u00bbfade\u00bb animation_starting_opacity=\u00bb50%\u00bb animation_speed_curve=\u00bbease-in\u00bb title_font_size_tablet=\u00bb60px\u00bb title_font_size_phone=\u00bb40px\u00bb title_font_size_last_edited=\u00bbon|phone\u00bb button_one_border_color_hover=\u00bb#c99872&#8243; button_one_border_radius_hover=\u00bb0px\u00bb button_one_letter_spacing_hover=\u00bb3px\u00bb button_one_bg_color_hover=\u00bb#c99872&#8243; global_colors_info=\u00bb{}\u00bb button_one_text_size__hover_enabled=\u00bboff\u00bb button_two_text_size__hover_enabled=\u00bboff\u00bb button_one_text_color__hover_enabled=\u00bboff\u00bb button_two_text_color__hover_enabled=\u00bboff\u00bb button_one_border_width__hover_enabled=\u00bboff\u00bb button_two_border_width__hover_enabled=\u00bboff\u00bb button_one_border_color__hover_enabled=\u00bbon\u00bb button_one_border_color__hover=\u00bb#c99872&#8243; button_two_border_color__hover_enabled=\u00bboff\u00bb button_one_border_radius__hover_enabled=\u00bbon\u00bb button_one_border_radius__hover=\u00bb0px\u00bb button_two_border_radius__hover_enabled=\u00bboff\u00bb button_one_letter_spacing__hover_enabled=\u00bbon\u00bb button_one_letter_spacing__hover=\u00bb3px\u00bb button_two_letter_spacing__hover_enabled=\u00bboff\u00bb button_one_bg_color__hover_enabled=\u00bbon\u00bb button_one_bg_color__hover=\u00bb#c99872&#8243; button_two_bg_color__hover_enabled=\u00bboff\u00bb][\/et_pb_fullwidth_header][\/et_pb_section][et_pb_section fb_built=\u00bb1&#8243; _builder_version=\u00bb4.27.2&#8243; _module_preset=\u00bbdefault\u00bb width=\u00bb100%\u00bb max_width=\u00bb100%\u00bb module_alignment=\u00bbcenter\u00bb min_height=\u00bb0px\u00bb max_height=\u00bb1000px\u00bb custom_margin=\u00bb0px|0px|0px|0px|false|false\u00bb custom_padding=\u00bb0px|0px|0px|0px|false|false\u00bb saved_tabs=\u00bball\u00bb locked=\u00bboff\u00bb global_colors_info=\u00bb{}\u00bb][et_pb_row column_structure=\u00bb1_2,1_2&#8243; use_custom_gutter=\u00bbon\u00bb gutter_width=\u00bb1&#8243; make_equal=\u00bbon\u00bb admin_label=\u00bbBest Beans Row\u00bb module_class=\u00bb et_pb_row_fullwidth\u00bb _builder_version=\u00bb4.27.2&#8243; width=\u00bb100%\u00bb width_tablet=\u00bb100%\u00bb width_phone=\u00bb\u00bb width_last_edited=\u00bbon|desktop\u00bb max_width_tablet=\u00bb100%\u00bb max_width_phone=\u00bb\u00bb max_width_last_edited=\u00bbon|desktop\u00bb custom_margin=\u00bb|||\u00bb custom_padding=\u00bb0px|0px|0px|0px\u00bb make_fullwidth=\u00bbon\u00bb global_colors_info=\u00bb{}\u00bb][et_pb_column type=\u00bb1_2&#8243; _builder_version=\u00bb4.27.2&#8243; background_color=\u00bbRGBA(255,255,255,0)\u00bb use_background_color_gradient=\u00bbon\u00bb background_color_gradient_stops=\u00bb#26528d 0%|#24b0bf 100%\u00bb background_color_gradient_start=\u00bb#26528d\u00bb background_color_gradient_end=\u00bb#24b0bf\u00bb custom_padding=\u00bb50px|0%|50px|5%|false|false\u00bb global_colors_info=\u00bb{}\u00bb custom_padding__hover=\u00bb|||\u00bb][et_pb_gallery gallery_ids=\u00bb8407,8408&#8243; fullwidth=\u00bbon\u00bb _builder_version=\u00bb4.27.4&#8243; _module_preset=\u00bbdefault\u00bb text_orientation=\u00bbcenter\u00bb width=\u00bb70%\u00bb module_alignment=\u00bbcenter\u00bb animation_style=\u00bbfold\u00bb auto=\u00bbon\u00bb auto_speed=\u00bb6000&#8243; locked=\u00bboff\u00bb global_colors_info=\u00bb{}\u00bb][\/et_pb_gallery][\/et_pb_column][et_pb_column type=\u00bb1_2&#8243; _builder_version=\u00bb4.27.2&#8243; background_enable_color=\u00bboff\u00bb background_enable_image=\u00bboff\u00bb background_repeat=\u00bbrepeat\u00bb background_blend=\u00bbmultiply\u00bb custom_padding=\u00bb80px|5%|80px|5%\u00bb global_colors_info=\u00bb{}\u00bb custom_padding__hover=\u00bb|||\u00bb][et_pb_text _builder_version=\u00bb4.27.4&#8243; _module_preset=\u00bbdefault\u00bb text_font=\u00bbNunito||||||||\u00bb width=\u00bb90%\u00bb module_alignment=\u00bbcenter\u00bb custom_margin=\u00bb2px|||||\u00bb custom_padding=\u00bb||0px|||\u00bb link_option_url_new_window=\u00bbon\u00bb global_colors_info=\u00bb{}\u00bb]<\/p>\n<h2><span style=\"color: #0d3857;\">\u00bfCu\u00e1l el n\u00famero de registros y documentos digitalizados que tiene DARA?<\/span><\/h2>\n<p>El <strong>portal de Documentos y Archivos de Arag\u00f3n (DARA)<\/strong> contiene<strong> registros descriptivos e im\u00e1genes digitalizadas<\/strong> de los fondos documentales conservados en el <strong>Sistema de Informaci\u00f3n de Archivos de Arag\u00f3n.<\/strong><\/p>\n<p>Cada documento escrito en DARA puede estar asociado a una o varias im\u00e1genes\/objetos digitales. Hasta el 31 de diciembre de <strong>2024<\/strong> en DARA hay <strong>1.008.132\u00a0descripciones publicadas,<\/strong> asociadas a un total de <strong>311.325\u00a0de im\u00e1genes\/objetos digitales publicados<\/strong><\/p>\n<p>\u00bfEst\u00e1n digitalizados todos los documentos descritos en DARA?<\/p>\n<p><strong>No toda la documentaci\u00f3n descrita en DARA tiene im\u00e1genes asociadas.<\/strong> Hasta el 31 de diciembre de<strong> 2024<\/strong> los registros descriptivos digitalizados, lo que supone <strong>aproximadamente un 20,9% del total<\/strong>. Este porcentaje va aumentando progresivamente, a medida que se desarrollan los trabajos de digitalizaci\u00f3n en los archivos.<\/p>\n<p><strong>Fuente\u00a0<\/strong> <img loading=\"lazy\" decoding=\"async\" src=\"https:\/\/www.gstatic.com\/analytics-suite\/header\/suite\/v2\/ic_analytics.svg\" width=\"22\" height=\"22\" \/> Google Anaytics<\/p>\n<p>[\/et_pb_text][\/et_pb_column][\/et_pb_row][\/et_pb_section][et_pb_section fb_built=\u00bb1&#8243; _builder_version=\u00bb4.27.2&#8243; _module_preset=\u00bbdefault\u00bb module_alignment=\u00bbleft\u00bb custom_margin=\u00bb0px|0px|0px|0px|false|false\u00bb custom_padding=\u00bb0px|0px|0px|0px|false|false\u00bb saved_tabs=\u00bball\u00bb locked=\u00bboff\u00bb global_colors_info=\u00bb{}\u00bb][et_pb_row column_structure=\u00bb1_2,1_2&#8243; use_custom_gutter=\u00bbon\u00bb gutter_width=\u00bb1&#8243; make_equal=\u00bbon\u00bb admin_label=\u00bbBest Beans Row\u00bb module_class=\u00bb et_pb_row_fullwidth\u00bb _builder_version=\u00bb4.27.2&#8243; background_color=\u00bb#FFFFFF\u00bb use_background_color_gradient=\u00bbon\u00bb width=\u00bb100%\u00bb width_tablet=\u00bb100%\u00bb width_phone=\u00bb\u00bb width_last_edited=\u00bbon|desktop\u00bb max_width_tablet=\u00bb100%\u00bb max_width_phone=\u00bb\u00bb max_width_last_edited=\u00bbon|desktop\u00bb custom_margin=\u00bb|||\u00bb custom_padding=\u00bb0px|0px|0px|0px\u00bb make_fullwidth=\u00bbon\u00bb global_colors_info=\u00bb{}\u00bb][et_pb_column type=\u00bb1_2&#8243; _builder_version=\u00bb4.27.2&#8243; background_color=\u00bb#FFFFFF\u00bb custom_padding=\u00bb80px|5%|80px|5%\u00bb global_colors_info=\u00bb{}\u00bb custom_padding__hover=\u00bb|||\u00bb][et_pb_text _builder_version=\u00bb4.27.4&#8243; _module_preset=\u00bbdefault\u00bb text_font=\u00bbNunito||||||||\u00bb background_color=\u00bb#FFFFFF\u00bb width=\u00bb90%\u00bb custom_margin=\u00bb2px|||||\u00bb custom_padding=\u00bb||0px|||\u00bb link_option_url_new_window=\u00bbon\u00bb global_colors_info=\u00bb{}\u00bb]<\/p>\n<h2><span style=\"color: #0d3857;\">\u00bfCu\u00e1l el n\u00famero de usuarios y de consultas que tiene DARA?<\/span><\/h2>\n<p>Los datos de los \u00faltimos a\u00f1os reflejan un <strong>aumento general de la visibilidad de DARA<\/strong> en internet. Se trata de un <strong>portal destinado a un p\u00fablico especializado<\/strong>, aunque cada vez m\u00e1s tambi\u00e9n <strong>accede el p\u00fablico en general<\/strong>. La mayor\u00eda emplea el<strong> formulario web<\/strong> de consulta para que les resolvamos sus dudas o remite un<strong> correo electr\u00f3nico<\/strong> al archivo que conserva la documentaci\u00f3n.<\/p>\n<p>La <strong>visualizaci\u00f3n de p\u00e1ginas web<\/strong> comprende p\u00e1ginas est\u00e1ticas, formularios de b\u00fasquedas, resultados de b\u00fasquedas y visualizaci\u00f3n de registros documentales. Las cifras totales, en estos 13 a\u00f1os de vida, nos hablan de casi medio mill\u00f3n de usuarios nuevos, del m\u00e1ximo hist\u00f3rico de <strong>1.283.658<\/strong> sesiones alcanzado en el <strong>a\u00f1o 2024<\/strong>.<\/p>\n<p>Las cifras nos sit\u00faan ante el perfil de usuarios que entran en DARA con un objetivo definido. La <strong>evoluci\u00f3n del n\u00famero de sesiones<\/strong>, como se aprecia en las gr\u00e1ficas, contin\u00faa <strong>creciendo a\u00f1o a a\u00f1o<\/strong>.<\/p>\n<p><strong>Fuente\u00a0<\/strong> <img loading=\"lazy\" decoding=\"async\" src=\"https:\/\/www.gstatic.com\/analytics-suite\/header\/suite\/v2\/ic_analytics.svg\" width=\"22\" height=\"22\" \/> Google Anaytics<\/p>\n<p>[\/et_pb_text][\/et_pb_column][et_pb_column type=\u00bb1_2&#8243; _builder_version=\u00bb4.16&#8243; background_enable_color=\u00bboff\u00bb background_enable_image=\u00bboff\u00bb background_repeat=\u00bbrepeat\u00bb background_blend=\u00bbmultiply\u00bb custom_padding=\u00bb80px|5%|80px|5%\u00bb global_colors_info=\u00bb{}\u00bb custom_padding__hover=\u00bb|||\u00bb][et_pb_gallery gallery_ids=\u00bb8418,8419,8424,8404,8411,8436&#8243; fullwidth=\u00bbon\u00bb _builder_version=\u00bb4.27.4&#8243; _module_preset=\u00bbdefault\u00bb width=\u00bb75%\u00bb module_alignment=\u00bbcenter\u00bb animation_style=\u00bbfold\u00bb auto=\u00bbon\u00bb auto_speed=\u00bb6000&#8243; hover_enabled=\u00bb0&#8243; locked=\u00bboff\u00bb global_colors_info=\u00bb{}\u00bb sticky_enabled=\u00bb0&#8243;][\/et_pb_gallery][\/et_pb_column][\/et_pb_row][\/et_pb_section][et_pb_section fb_built=\u00bb1&#8243; _builder_version=\u00bb4.27.2&#8243; _module_preset=\u00bbdefault\u00bb custom_margin=\u00bb0px|0px|0px|0px|false|false\u00bb custom_padding=\u00bb0px|0px|0px|0px|false|false\u00bb saved_tabs=\u00bball\u00bb locked=\u00bboff\u00bb global_colors_info=\u00bb{}\u00bb][et_pb_row column_structure=\u00bb1_2,1_2&#8243; use_custom_gutter=\u00bbon\u00bb gutter_width=\u00bb1&#8243; make_equal=\u00bbon\u00bb admin_label=\u00bbBest Beans Row\u00bb module_class=\u00bb et_pb_row_fullwidth\u00bb _builder_version=\u00bb4.16&#8243; width=\u00bb100%\u00bb width_tablet=\u00bb100%\u00bb width_phone=\u00bb\u00bb width_last_edited=\u00bbon|desktop\u00bb max_width_tablet=\u00bb100%\u00bb max_width_phone=\u00bb\u00bb max_width_last_edited=\u00bbon|desktop\u00bb custom_margin=\u00bb|||\u00bb custom_padding=\u00bb0px|0px|0px|0px\u00bb make_fullwidth=\u00bbon\u00bb global_colors_info=\u00bb{}\u00bb][et_pb_column type=\u00bb1_2&#8243; _builder_version=\u00bb4.16&#8243; use_background_color_gradient=\u00bbon\u00bb background_color_gradient_stops=\u00bb#26528d 0%|#24b0bf 100%\u00bb background_color_gradient_start=\u00bb#26528d\u00bb background_color_gradient_end=\u00bb#24b0bf\u00bb custom_padding=\u00bb80px|5%|80px|5%\u00bb global_colors_info=\u00bb{}\u00bb custom_padding__hover=\u00bb|||\u00bb][et_pb_gallery gallery_ids=\u00bb8416,8427,8426,8425&#8243; fullwidth=\u00bbon\u00bb _builder_version=\u00bb4.27.4&#8243; _module_preset=\u00bbdefault\u00bb width=\u00bb80%\u00bb module_alignment=\u00bbcenter\u00bb animation_style=\u00bbfold\u00bb auto=\u00bbon\u00bb auto_speed=\u00bb6000&#8243; locked=\u00bboff\u00bb global_colors_info=\u00bb{}\u00bb][\/et_pb_gallery][\/et_pb_column][et_pb_column type=\u00bb1_2&#8243; _builder_version=\u00bb4.16&#8243; background_enable_color=\u00bboff\u00bb background_enable_image=\u00bboff\u00bb background_repeat=\u00bbrepeat\u00bb background_blend=\u00bbmultiply\u00bb custom_padding=\u00bb80px|5%|80px|5%\u00bb global_colors_info=\u00bb{}\u00bb custom_padding__hover=\u00bb|||\u00bb][et_pb_text _builder_version=\u00bb4.27.4&#8243; _module_preset=\u00bbdefault\u00bb text_font=\u00bbNunito||||||||\u00bb width=\u00bb90%\u00bb custom_margin=\u00bb2px|||||\u00bb custom_padding=\u00bb15px||0px|||\u00bb link_option_url_new_window=\u00bbon\u00bb global_colors_info=\u00bb{}\u00bb]<\/p>\n<h2><span style=\"color: #0d3857;\">\u00a0\u00bfQu\u00e9 archivos son los m\u00e1s consultados?<\/span><\/h2>\n<p>Los<strong> archivos m\u00e1s consultados<\/strong> en el buscador de DARA son los <strong>Archivos Hist\u00f3ricos Provinciales, Archivo Municipal de Zaragoza,\u00a0 Fototeca de la Diputaci\u00f3n Provincial de Huesca, Comarca del Somontano Barbastro, Fundaci\u00f3n Bernardo Aladr\u00e9n y el Archivo General de la Administraci\u00f3n de la Comunidad Aut\u00f3noma de Arag\u00f3n.<\/strong> Tambi\u00e9n, se realizan muchas consultas sobre los archivos municipales y comarcales en el buscador.<\/p>\n<h2><span style=\"color: #0d3857;\">Informaci\u00f3n del resto de nuestros portales monogr\u00e1ficos<\/span><\/h2>\n<p>En el siguiente gr\u00e1fico se desglosan los usos del Buscador General y de los 21 buscadores especializados con m\u00e1s de 300 b\u00fasquedas.<\/p>\n<p><strong>Fuente\u00a0<\/strong> <img loading=\"lazy\" decoding=\"async\" src=\"https:\/\/www.gstatic.com\/analytics-suite\/header\/suite\/v2\/ic_analytics.svg\" width=\"22\" height=\"22\" \/> Google Anaytics<\/p>\n<p>&nbsp;<\/p>\n<p>[\/et_pb_text][\/et_pb_column][\/et_pb_row][\/et_pb_section]<\/p>\n","protected":false},"excerpt":{"rendered":"<p>\u00bfCu\u00e1l el n\u00famero de registros y documentos digitalizados que tiene DARA? El portal de Documentos y Archivos de Arag\u00f3n (DARA) contiene registros descriptivos e im\u00e1genes digitalizadas de los fondos documentales conservados en el Sistema de Informaci\u00f3n de Archivos de Arag\u00f3n. Cada documento escrito en DARA puede estar asociado a una o varias im\u00e1genes\/objetos digitales. Hasta [&hellip;]<\/p>\n","protected":false},"author":1,"featured_media":6317,"parent":0,"menu_order":0,"comment_status":"closed","ping_status":"closed","template":"","meta":{"_et_pb_use_builder":"on","_et_pb_old_content":"","_et_gb_content_width":"","om_disable_all_campaigns":false,"_monsterinsights_skip_tracking":false,"_monsterinsights_sitenote_active":false,"_monsterinsights_sitenote_note":"","_monsterinsights_sitenote_category":0,"_uf_show_specific_survey":0,"_uf_disable_surveys":false,"footnotes":""},"class_list":["post-6725","page","type-page","status-publish","has-post-thumbnail","hentry"],"yoast_head":"<!-- This site is optimized with the Yoast SEO plugin v26.2 - https:\/\/yoast.com\/wordpress\/plugins\/seo\/ -->\n<title>Estad\u00edsticas DARA - Transparencia - DARA GENERAL<\/title>\n<meta name=\"robots\" content=\"index, follow, max-snippet:-1, max-image-preview:large, max-video-preview:-1\" \/>\n<link rel=\"canonical\" href=\"https:\/\/dara.aragon.es\/dara\/estadisticas-dara-transparencia\/\" \/>\n<meta property=\"og:locale\" content=\"es_ES\" \/>\n<meta property=\"og:type\" content=\"article\" \/>\n<meta property=\"og:title\" content=\"Estad\u00edsticas DARA - Transparencia - DARA GENERAL\" \/>\n<meta property=\"og:description\" content=\"\u00bfCu\u00e1l el n\u00famero de registros y documentos digitalizados que tiene DARA? El portal de Documentos y Archivos de Arag\u00f3n (DARA) contiene registros descriptivos e im\u00e1genes digitalizadas de los fondos documentales conservados en el Sistema de Informaci\u00f3n de Archivos de Arag\u00f3n. Cada documento escrito en DARA puede estar asociado a una o varias im\u00e1genes\/objetos digitales. Hasta [&hellip;]\" \/>\n<meta property=\"og:url\" content=\"https:\/\/dara.aragon.es\/dara\/estadisticas-dara-transparencia\/\" \/>\n<meta property=\"og:site_name\" content=\"DARA GENERAL\" \/>\n<meta property=\"article:modified_time\" content=\"2025-01-24T07:17:09+00:00\" \/>\n<meta property=\"og:image\" content=\"https:\/\/dara.aragon.es\/dara\/wp-content\/uploads\/2024\/10\/Grafico-n1-registros-2023-DEF.png\" \/>\n\t<meta property=\"og:image:width\" content=\"518\" \/>\n\t<meta property=\"og:image:height\" content=\"418\" \/>\n\t<meta property=\"og:image:type\" content=\"image\/png\" \/>\n<meta name=\"twitter:card\" content=\"summary_large_image\" \/>\n<meta name=\"twitter:label1\" content=\"Tiempo de lectura\" \/>\n\t<meta name=\"twitter:data1\" content=\"8 minutos\" \/>\n<script type=\"application\/ld+json\" class=\"yoast-schema-graph\">{\"@context\":\"https:\/\/schema.org\",\"@graph\":[{\"@type\":\"WebPage\",\"@id\":\"https:\/\/dara.aragon.es\/dara\/estadisticas-dara-transparencia\/\",\"url\":\"https:\/\/dara.aragon.es\/dara\/estadisticas-dara-transparencia\/\",\"name\":\"Estad\u00edsticas DARA - Transparencia - DARA GENERAL\",\"isPartOf\":{\"@id\":\"https:\/\/dara.aragon.es\/dara\/#website\"},\"primaryImageOfPage\":{\"@id\":\"https:\/\/dara.aragon.es\/dara\/estadisticas-dara-transparencia\/#primaryimage\"},\"image\":{\"@id\":\"https:\/\/dara.aragon.es\/dara\/estadisticas-dara-transparencia\/#primaryimage\"},\"thumbnailUrl\":\"https:\/\/dara.aragon.es\/dara\/wp-content\/uploads\/2024\/10\/Grafico-n1-registros-2023-DEF.png\",\"datePublished\":\"2024-11-04T10:57:29+00:00\",\"dateModified\":\"2025-01-24T07:17:09+00:00\",\"breadcrumb\":{\"@id\":\"https:\/\/dara.aragon.es\/dara\/estadisticas-dara-transparencia\/#breadcrumb\"},\"inLanguage\":\"es\",\"potentialAction\":[{\"@type\":\"ReadAction\",\"target\":[\"https:\/\/dara.aragon.es\/dara\/estadisticas-dara-transparencia\/\"]}]},{\"@type\":\"ImageObject\",\"inLanguage\":\"es\",\"@id\":\"https:\/\/dara.aragon.es\/dara\/estadisticas-dara-transparencia\/#primaryimage\",\"url\":\"https:\/\/dara.aragon.es\/dara\/wp-content\/uploads\/2024\/10\/Grafico-n1-registros-2023-DEF.png\",\"contentUrl\":\"https:\/\/dara.aragon.es\/dara\/wp-content\/uploads\/2024\/10\/Grafico-n1-registros-2023-DEF.png\",\"width\":518,\"height\":418},{\"@type\":\"BreadcrumbList\",\"@id\":\"https:\/\/dara.aragon.es\/dara\/estadisticas-dara-transparencia\/#breadcrumb\",\"itemListElement\":[{\"@type\":\"ListItem\",\"position\":1,\"name\":\"Portada\",\"item\":\"https:\/\/dara.aragon.es\/dara\/\"},{\"@type\":\"ListItem\",\"position\":2,\"name\":\"Estad\u00edsticas DARA &#8211; Transparencia\"}]},{\"@type\":\"WebSite\",\"@id\":\"https:\/\/dara.aragon.es\/dara\/#website\",\"url\":\"https:\/\/dara.aragon.es\/dara\/\",\"name\":\"DARA GENERAL\",\"description\":\"Documentos y archivos de Arag\u00f3n\",\"potentialAction\":[{\"@type\":\"SearchAction\",\"target\":{\"@type\":\"EntryPoint\",\"urlTemplate\":\"https:\/\/dara.aragon.es\/dara\/?s={search_term_string}\"},\"query-input\":{\"@type\":\"PropertyValueSpecification\",\"valueRequired\":true,\"valueName\":\"search_term_string\"}}],\"inLanguage\":\"es\"}]}<\/script>\n<!-- \/ Yoast SEO plugin. -->","yoast_head_json":{"title":"Estad\u00edsticas DARA - Transparencia - DARA GENERAL","robots":{"index":"index","follow":"follow","max-snippet":"max-snippet:-1","max-image-preview":"max-image-preview:large","max-video-preview":"max-video-preview:-1"},"canonical":"https:\/\/dara.aragon.es\/dara\/estadisticas-dara-transparencia\/","og_locale":"es_ES","og_type":"article","og_title":"Estad\u00edsticas DARA - Transparencia - DARA GENERAL","og_description":"\u00bfCu\u00e1l el n\u00famero de registros y documentos digitalizados que tiene DARA? El portal de Documentos y Archivos de Arag\u00f3n (DARA) contiene registros descriptivos e im\u00e1genes digitalizadas de los fondos documentales conservados en el Sistema de Informaci\u00f3n de Archivos de Arag\u00f3n. Cada documento escrito en DARA puede estar asociado a una o varias im\u00e1genes\/objetos digitales. Hasta [&hellip;]","og_url":"https:\/\/dara.aragon.es\/dara\/estadisticas-dara-transparencia\/","og_site_name":"DARA GENERAL","article_modified_time":"2025-01-24T07:17:09+00:00","og_image":[{"width":518,"height":418,"url":"https:\/\/dara.aragon.es\/dara\/wp-content\/uploads\/2024\/10\/Grafico-n1-registros-2023-DEF.png","type":"image\/png"}],"twitter_card":"summary_large_image","twitter_misc":{"Tiempo de lectura":"8 minutos"},"schema":{"@context":"https:\/\/schema.org","@graph":[{"@type":"WebPage","@id":"https:\/\/dara.aragon.es\/dara\/estadisticas-dara-transparencia\/","url":"https:\/\/dara.aragon.es\/dara\/estadisticas-dara-transparencia\/","name":"Estad\u00edsticas DARA - Transparencia - DARA GENERAL","isPartOf":{"@id":"https:\/\/dara.aragon.es\/dara\/#website"},"primaryImageOfPage":{"@id":"https:\/\/dara.aragon.es\/dara\/estadisticas-dara-transparencia\/#primaryimage"},"image":{"@id":"https:\/\/dara.aragon.es\/dara\/estadisticas-dara-transparencia\/#primaryimage"},"thumbnailUrl":"https:\/\/dara.aragon.es\/dara\/wp-content\/uploads\/2024\/10\/Grafico-n1-registros-2023-DEF.png","datePublished":"2024-11-04T10:57:29+00:00","dateModified":"2025-01-24T07:17:09+00:00","breadcrumb":{"@id":"https:\/\/dara.aragon.es\/dara\/estadisticas-dara-transparencia\/#breadcrumb"},"inLanguage":"es","potentialAction":[{"@type":"ReadAction","target":["https:\/\/dara.aragon.es\/dara\/estadisticas-dara-transparencia\/"]}]},{"@type":"ImageObject","inLanguage":"es","@id":"https:\/\/dara.aragon.es\/dara\/estadisticas-dara-transparencia\/#primaryimage","url":"https:\/\/dara.aragon.es\/dara\/wp-content\/uploads\/2024\/10\/Grafico-n1-registros-2023-DEF.png","contentUrl":"https:\/\/dara.aragon.es\/dara\/wp-content\/uploads\/2024\/10\/Grafico-n1-registros-2023-DEF.png","width":518,"height":418},{"@type":"BreadcrumbList","@id":"https:\/\/dara.aragon.es\/dara\/estadisticas-dara-transparencia\/#breadcrumb","itemListElement":[{"@type":"ListItem","position":1,"name":"Portada","item":"https:\/\/dara.aragon.es\/dara\/"},{"@type":"ListItem","position":2,"name":"Estad\u00edsticas DARA &#8211; Transparencia"}]},{"@type":"WebSite","@id":"https:\/\/dara.aragon.es\/dara\/#website","url":"https:\/\/dara.aragon.es\/dara\/","name":"DARA GENERAL","description":"Documentos y archivos de Arag\u00f3n","potentialAction":[{"@type":"SearchAction","target":{"@type":"EntryPoint","urlTemplate":"https:\/\/dara.aragon.es\/dara\/?s={search_term_string}"},"query-input":{"@type":"PropertyValueSpecification","valueRequired":true,"valueName":"search_term_string"}}],"inLanguage":"es"}]}},"_links":{"self":[{"href":"https:\/\/dara.aragon.es\/dara\/wp-json\/wp\/v2\/pages\/6725","targetHints":{"allow":["GET"]}}],"collection":[{"href":"https:\/\/dara.aragon.es\/dara\/wp-json\/wp\/v2\/pages"}],"about":[{"href":"https:\/\/dara.aragon.es\/dara\/wp-json\/wp\/v2\/types\/page"}],"author":[{"embeddable":true,"href":"https:\/\/dara.aragon.es\/dara\/wp-json\/wp\/v2\/users\/1"}],"replies":[{"embeddable":true,"href":"https:\/\/dara.aragon.es\/dara\/wp-json\/wp\/v2\/comments?post=6725"}],"version-history":[{"count":0,"href":"https:\/\/dara.aragon.es\/dara\/wp-json\/wp\/v2\/pages\/6725\/revisions"}],"wp:featuredmedia":[{"embeddable":true,"href":"https:\/\/dara.aragon.es\/dara\/wp-json\/wp\/v2\/media\/6317"}],"wp:attachment":[{"href":"https:\/\/dara.aragon.es\/dara\/wp-json\/wp\/v2\/media?parent=6725"}],"curies":[{"name":"wp","href":"https:\/\/api.w.org\/{rel}","templated":true}]}}