{"id":7933,"date":"2024-12-05T08:05:31","date_gmt":"2024-12-05T08:05:31","guid":{"rendered":"https:\/\/dara.aragon.es\/dara\/?page_id=7933"},"modified":"2024-12-05T08:59:45","modified_gmt":"2024-12-05T08:59:45","slug":"valle-de-benasque-fundacion-hospital-de-benasque","status":"publish","type":"page","link":"https:\/\/dara.aragon.es\/dara\/valle-de-benasque-fundacion-hospital-de-benasque\/","title":{"rendered":"VALLE DE BENASQUE- Fundaci\u00f3n Hospital de Benasque"},"content":{"rendered":"<p>[et_pb_section fb_built=\u00bb1&#8243; fullwidth=\u00bbon\u00bb admin_label=\u00bbHeader Section\u00bb _builder_version=\u00bb4.27.0&#8243; _module_preset=\u00bbdefault\u00bb background_color=\u00bb#26528D\u00bb background_enable_image=\u00bboff\u00bb parallax=\u00bbon\u00bb custom_padding=\u00bb|||\u00bb saved_tabs=\u00bball\u00bb locked=\u00bboff\u00bb global_colors_info=\u00bb{}\u00bb][et_pb_fullwidth_header title=\u00bbvalle de benasque \u00bb text_orientation=\u00bbcenter\u00bb background_overlay_color=\u00bbrgba(0,0,0,0.4)\u00bb admin_label=\u00bbContents\u00bb _builder_version=\u00bb4.27.4&#8243; _module_preset=\u00bbdefault\u00bb title_font=\u00bbOswald|||on|\u00bb title_text_align=\u00bbcenter\u00bb title_font_size=\u00bb35px\u00bb title_letter_spacing=\u00bb0.05em\u00bb title_line_height=\u00bb1.5em\u00bb subhead_font=\u00bbNunito|600|||||||\u00bb subhead_font_size=\u00bb20px\u00bb subhead_line_height=\u00bb1.9em\u00bb background_color=\u00bbrgba(255, 255, 255, 0)\u00bb background_enable_image=\u00bboff\u00bb parallax=\u00bbon\u00bb parallax_method=\u00bbon\u00bb custom_button_one=\u00bbon\u00bb button_one_text_size=\u00bb15px\u00bb button_one_bg_color=\u00bb#dca57d\u00bb button_one_border_width=\u00bb10px\u00bb button_one_border_color=\u00bb#dca57d\u00bb button_one_border_radius=\u00bb0px\u00bb button_one_letter_spacing=\u00bb3px\u00bb button_one_font=\u00bbOswald|||on|\u00bb button_one_use_icon=\u00bboff\u00bb custom_margin=\u00bb|||\u00bb custom_padding=\u00bb1%||1%||false|false\u00bb animation_style=\u00bbfade\u00bb animation_starting_opacity=\u00bb50%\u00bb animation_speed_curve=\u00bbease-in\u00bb hover_enabled=\u00bb0&#8243; title_font_size_tablet=\u00bb60px\u00bb title_font_size_phone=\u00bb40px\u00bb title_font_size_last_edited=\u00bbon|phone\u00bb button_one_border_color_hover=\u00bb#c99872&#8243; button_one_border_radius_hover=\u00bb0px\u00bb button_one_letter_spacing_hover=\u00bb3px\u00bb button_one_bg_color_hover=\u00bb#c99872&#8243; global_colors_info=\u00bb{}\u00bb button_one_text_size__hover_enabled=\u00bboff\u00bb button_two_text_size__hover_enabled=\u00bboff\u00bb button_one_text_color__hover_enabled=\u00bboff\u00bb button_two_text_color__hover_enabled=\u00bboff\u00bb button_one_border_width__hover_enabled=\u00bboff\u00bb button_two_border_width__hover_enabled=\u00bboff\u00bb button_one_border_color__hover_enabled=\u00bbon\u00bb button_one_border_color__hover=\u00bb#c99872&#8243; button_two_border_color__hover_enabled=\u00bboff\u00bb button_one_border_radius__hover_enabled=\u00bbon\u00bb button_one_border_radius__hover=\u00bb0px\u00bb button_two_border_radius__hover_enabled=\u00bboff\u00bb button_one_letter_spacing__hover_enabled=\u00bbon\u00bb button_one_letter_spacing__hover=\u00bb3px\u00bb button_two_letter_spacing__hover_enabled=\u00bboff\u00bb button_one_bg_color__hover_enabled=\u00bbon\u00bb button_one_bg_color__hover=\u00bb#c99872&#8243; button_two_bg_color__hover_enabled=\u00bboff\u00bb subhead=\u00bbArchivos municipales y comarcales\u00bb sticky_enabled=\u00bb0&#8243;][\/et_pb_fullwidth_header][\/et_pb_section][et_pb_section fb_built=\u00bb1&#8243; _builder_version=\u00bb4.19.0&#8243; _module_preset=\u00bbdefault\u00bb global_colors_info=\u00bb%91%93&#8243;][et_pb_row column_structure=\u00bb1_3,2_3&#8243; _builder_version=\u00bb4.27.4&#8243; _module_preset=\u00bb_initial\u00bb min_height=\u00bb351.6px\u00bb custom_margin=\u00bb0px|auto||auto|false|false\u00bb custom_padding=\u00bb|0px|0px|0px|false|false\u00bb global_colors_info=\u00bb%91%93&#8243;][et_pb_column type=\u00bb1_3&#8243; _builder_version=\u00bb4.27.4&#8243; _module_preset=\u00bbdefault\u00bb background_enable_image=\u00bboff\u00bb global_colors_info=\u00bb{}\u00bb][et_pb_image src=\u00bbhttps:\/\/dara.aragon.es\/dara\/wp-content\/uploads\/2024\/08\/hospitalbenasque426.png\u00bb title_text=\u00bbhospitalbenasque426&#8243; _builder_version=\u00bb4.27.4&#8243; _module_preset=\u00bbdefault\u00bb hover_enabled=\u00bb0&#8243; global_colors_info=\u00bb{}\u00bb sticky_enabled=\u00bb0&#8243;][\/et_pb_image][\/et_pb_column][et_pb_column type=\u00bb2_3&#8243; _builder_version=\u00bb4.27.4&#8243; _module_preset=\u00bbdefault\u00bb global_colors_info=\u00bb{}\u00bb][et_pb_text _builder_version=\u00bb4.27.4&#8243; _module_preset=\u00bb_initial\u00bb background_color=\u00bb#FFFFFF\u00bb width=\u00bb80%\u00bb max_width=\u00bb80%\u00bb min_height=\u00bb253.6px\u00bb custom_margin=\u00bb|0px|0px|0px|false|true\u00bb custom_padding=\u00bb0px|||0px||\u00bb global_colors_info=\u00bb%91%93&#8243;]<\/p>\n<p><span>Desde la creaci\u00f3n de la Fundaci\u00f3n Hospital de Benasque, en 2006, diversos organismos p\u00fablicos y privados del Valle han hecho un esfuerzo por facilitar el acceso a sus patrimonio documental. Por iniciativa de su primer gerente, Jorge Mayoral, la Fundaci\u00f3n adquiri\u00f3 importantes colecciones documentales, especialmente de fotograf\u00eda antigua y cartograf\u00eda.\u00a0<\/span><\/p>\n<p><span><\/span><\/p>\n<div><\/div>\n<div>\n<p>Tambi\u00e9n dirigidos por Jorge Mayoral, a partir de 2014, la misma Fundaci\u00f3n promovi\u00f3 la digitalizaci\u00f3n de fondos privados, archivos familiares y patrimoniales de las antiguas casas del Valle. Integrado posteriormente en el programa \u00abLos papeles de la Casa\u00bb del Gobierno de Arag\u00f3n, el valle de Benasque es el que m\u00e1s documentos ha incorporado al programa.<\/p>\n<div><\/div>\n<div>En 2021 se ha dado un paso m\u00e1s con la digitalizaci\u00f3n y publicaci\u00f3n en DARA de una parte importante del Archivo municipal de Benasque\u00a0<\/div>\n<\/div>\n<p>[\/et_pb_text][\/et_pb_column][\/et_pb_row][\/et_pb_section][et_pb_section fb_built=\u00bb1&#8243; _builder_version=\u00bb4.27.4&#8243; _module_preset=\u00bb1a08a2a8-4ab4-4d5a-aa64-ccfffe0d51c6&#8243; hover_enabled=\u00bb0&#8243; locked=\u00bboff\u00bb global_colors_info=\u00bb%91%93&#8243; sticky_enabled=\u00bb0&#8243;][et_pb_row column_structure=\u00bb1_4,1_4,1_4,1_4&#8243; make_equal=\u00bbon\u00bb _builder_version=\u00bb4.27.0&#8243; _module_preset=\u00bb_initial\u00bb background_enable_image=\u00bboff\u00bb custom_margin=\u00bb50px|0px|0px|0px|false|false\u00bb global_colors_info=\u00bb%91%93&#8243;][et_pb_column type=\u00bb1_4&#8243; _builder_version=\u00bb4.27.0&#8243; _module_preset=\u00bbdefault\u00bb background_enable_image=\u00bboff\u00bb global_colors_info=\u00bb{}\u00bb][\/et_pb_column][et_pb_column type=\u00bb1_4&#8243; _builder_version=\u00bb4.27.0&#8243; _module_preset=\u00bbdefault\u00bb global_colors_info=\u00bb{}\u00bb][et_pb_button button_url=\u00bbhttps:\/\/dara.aragon.es\/opac\/app\/classification\/afhb\u00bb url_new_window=\u00bbon\u00bb button_text=\u00bbCuadro de clasificaci\u00f3n\u00bb _builder_version=\u00bb4.27.4&#8243; _module_preset=\u00bb_initial\u00bb global_colors_info=\u00bb%91%93&#8243;][\/et_pb_button][\/et_pb_column][et_pb_column type=\u00bb1_4&#8243; _builder_version=\u00bb4.27.0&#8243; _module_preset=\u00bbdefault\u00bb global_colors_info=\u00bb{}\u00bb][et_pb_button button_url=\u00bbhttps:\/\/dara.aragon.es\/opac\/app\/simple\/afhb\u00bb url_new_window=\u00bbon\u00bb button_text=\u00bbBuscador de documentos\u00bb _builder_version=\u00bb4.27.4&#8243; _module_preset=\u00bb_initial\u00bb global_colors_info=\u00bb%91%93&#8243;][\/et_pb_button][\/et_pb_column][et_pb_column type=\u00bb1_4&#8243; _builder_version=\u00bb4.19.0&#8243; _module_preset=\u00bbdefault\u00bb global_colors_info=\u00bb{}\u00bb][et_pb_button button_url=\u00bbhttps:\/\/dara.aragon.es\/opac\/app\/results\/afhb?q=*&#038;ob=re:1&#8243; url_new_window=\u00bbon\u00bb button_text=\u00bbTodos los registros\u00bb _builder_version=\u00bb4.27.4&#8243; _module_preset=\u00bb_initial\u00bb global_colors_info=\u00bb%91%93&#8243;][\/et_pb_button][\/et_pb_column][\/et_pb_row][et_pb_row _builder_version=\u00bb4.27.0&#8243; _module_preset=\u00bb_initial\u00bb custom_margin=\u00bb100px|0px|0px|0px|false|false\u00bb locked=\u00bboff\u00bb global_colors_info=\u00bb%91%93&#8243;][et_pb_column type=\u00bb4_4&#8243; _builder_version=\u00bb4.25.1&#8243; _module_preset=\u00bbdefault\u00bb global_colors_info=\u00bb{}\u00bb][et_pb_text admin_label=\u00bbTittle\u00bb _builder_version=\u00bb4.27.2&#8243; _module_preset=\u00bb_initial\u00bb text_font=\u00bbNunito|||||on|||\u00bb text_text_color=\u00bb#26528D\u00bb text_font_size=\u00bb18px\u00bb text_line_height=\u00bb1.8em\u00bb header_font=\u00bb||||||||\u00bb header_text_color=\u00bb#26528D\u00bb header_2_font=\u00bbOswald|||on|||||\u00bb header_2_text_align=\u00bbcenter\u00bb header_2_font_size=\u00bb40px\u00bb header_2_letter_spacing=\u00bb1px\u00bb header_2_line_height=\u00bb1.5em\u00bb header_3_font=\u00bb||||||||\u00bb max_width_last_edited=\u00bboff|desktop\u00bb module_alignment=\u00bbcenter\u00bb custom_margin=\u00bb||10px||false|false\u00bb global_colors_info=\u00bb%91%93&#8243;]<\/p>\n<h2><span style=\"color: #26528d;\">destacados- series documentales y documentos<\/span><\/h2>\n<p>[\/et_pb_text][ba_image_carousel animation_speed=\u00bb500ms\u00bb is_autoplay=\u00bboff\u00bb is_variable_width=\u00bbon\u00bb slide_width=\u00bb290px\u00bb slide_spacing=\u00bb2px\u00bb nav_height=\u00bb51px\u00bb nav_width=\u00bb48px\u00bb nav_color=\u00bb#26528D\u00bb nav_bg=\u00bb#FFFFFF\u00bb icon_left=\u00bb&#x23;||divi||400&#8243; icon_right=\u00bb&#x24;||divi||400&#8243; pagi_radius=\u00bbon|0px|0px|0px|0px\u00bb _builder_version=\u00bb4.27.4&#8243; _module_preset=\u00bbdefault\u00bb title_font=\u00bb||||||||\u00bb title_line_height=\u00bb1em\u00bb subtitle_level=\u00bbh3&#8243; background_enable_image=\u00bboff\u00bb text_orientation=\u00bbleft\u00bb global_colors_info=\u00bb{}\u00bb nav_color__hover_enabled=\u00bbon|hover\u00bb nav_color__hover=\u00bb#0D3857&#8243;][ba_image_carousel_child photo=\u00bbhttps:\/\/dara.aragon.es\/dara\/wp-content\/uploads\/2024\/09\/2.png\u00bb title=\u00bbArchivos familiares y patrimoniales\u00bb _builder_version=\u00bb4.27.4&#8243; _module_preset=\u00bbdefault\u00bb link_option_url=\u00bbhttps:\/\/dara.aragon.es\/opac\/app\/results\/doma?p=0&#038;st=.349997.349856.620964.620978&#038;ob=df:1&#038;vm=mv\u00bb link_option_url_new_window=\u00bbon\u00bb border_width_all_item=\u00bb2px\u00bb border_color_all_item=\u00bb#E1DAD0&#8243; button_text_shadow_color=\u00bb#E1DAD0&#8243; global_colors_info=\u00bb{}\u00bb][\/ba_image_carousel_child][ba_image_carousel_child photo=\u00bbhttps:\/\/dara.aragon.es\/dara\/wp-content\/uploads\/2024\/10\/00-Notariales-3-e1727951630870.png\u00bb title=\u00bbFundaci\u00f3n Hospital de Benasque &#8211; Documentos textuales\u00bb _builder_version=\u00bb4.27.4&#8243; _module_preset=\u00bbdefault\u00bb link_option_url=\u00bbhttps:\/\/dara.aragon.es\/opac\/app\/results\/doma?p=0&#038;st=.349997.349856.620965.620979&#038;ob=df:1&#038;vm=mv\u00bb link_option_url_new_window=\u00bbon\u00bb border_width_all_item=\u00bb2px\u00bb border_color_all_item=\u00bb#E1DAD0&#8243; global_colors_info=\u00bb{}\u00bb][\/ba_image_carousel_child][ba_image_carousel_child photo=\u00bbhttps:\/\/dara.aragon.es\/dara\/wp-content\/uploads\/2024\/10\/00-Notariales-3-e1727951630870.png\u00bb title=\u00bbFundaci\u00f3n Hospital de Benasque &#8211; Cartograf\u00eda\u00bb _builder_version=\u00bb4.27.4&#8243; _module_preset=\u00bbdefault\u00bb background_enable_image=\u00bboff\u00bb link_option_url=\u00bbhttps:\/\/dara.aragon.es\/opac\/app\/results\/doma?p=0&#038;st=.349997.349856.620965.620979&#038;ob=df:1&#038;vm=mv\u00bb link_option_url_new_window=\u00bbon\u00bb border_width_all_item=\u00bb2px\u00bb border_color_all_item=\u00bb#E1DAD0&#8243; global_colors_info=\u00bb{}\u00bb][\/ba_image_carousel_child][ba_image_carousel_child photo=\u00bbhttps:\/\/dara.aragon.es\/dara\/wp-content\/uploads\/2024\/10\/5-1.png\u00bb title=\u00bbFundaci\u00f3n Hospital de Benasque &#8211; Fotograf\u00edas\u00bb _builder_version=\u00bb4.27.4&#8243; _module_preset=\u00bbdefault\u00bb link_option_url=\u00bbhttps:\/\/dara.aragon.es\/opac\/app\/results\/doma?p=0&#038;st=.349997.349856.620964.620971&#038;ob=df:1&#038;vm=mv\u00bb link_option_url_new_window=\u00bbon\u00bb border_width_all_item=\u00bb2px\u00bb border_color_all_item=\u00bb#E1DAD0&#8243; global_colors_info=\u00bb{}\u00bb][\/ba_image_carousel_child][ba_image_carousel_child photo=\u00bbhttps:\/\/dara.aragon.es\/dara\/wp-content\/uploads\/2024\/12\/Valle-de-Benasque.png\u00bb title=\u00bbAyuntamiento de Benasque\u00bb content_bg_color=\u00bb#FFFFFF\u00bb _builder_version=\u00bb4.27.4&#8243; _module_preset=\u00bbdefault\u00bb border_radii_item=\u00bbon||||\u00bb border_width_all_item=\u00bb2px\u00bb border_color_all_item=\u00bb#E1DAD0&#8243; global_colors_info=\u00bb{}\u00bb][\/ba_image_carousel_child][ba_image_carousel_child photo=\u00bbhttps:\/\/dara.aragon.es\/dara\/wp-content\/uploads\/2024\/12\/minFHB_CD_ALCORT_D_0064.jpg\u00bb photo_alt=\u00bbFundaci\u00f3n Alcort\u00bb title=\u00bbFundaci\u00f3n Alcort\u00bb _builder_version=\u00bb4.27.4&#8243; _module_preset=\u00bbdefault\u00bb border_width_all_item=\u00bb2px\u00bb border_color_all_item=\u00bb#E1DAD0&#8243; global_colors_info=\u00bb{}\u00bb][\/ba_image_carousel_child][\/ba_image_carousel][\/et_pb_column][\/et_pb_row][et_pb_row _builder_version=\u00bb4.27.0&#8243; _module_preset=\u00bb_initial\u00bb custom_margin=\u00bb50px|0px|0px|0px|false|false\u00bb global_colors_info=\u00bb%91%93&#8243;][et_pb_column type=\u00bb4_4&#8243; _builder_version=\u00bb4.27.0&#8243; _module_preset=\u00bbdefault\u00bb global_colors_info=\u00bb{}\u00bb][et_pb_divider _builder_version=\u00bb4.27.0&#8243; _module_preset=\u00bbdefault\u00bb global_colors_info=\u00bb{}\u00bb][\/et_pb_divider][\/et_pb_column][\/et_pb_row][et_pb_row column_structure=\u00bb1_4,1_4,1_4,1_4&#8243; use_custom_gutter=\u00bbon\u00bb make_equal=\u00bbon\u00bb admin_label=\u00bbFila\u00bb _builder_version=\u00bb4.27.4&#8243; _module_preset=\u00bb_initial\u00bb width=\u00bb91%\u00bb global_colors_info=\u00bb%91%93&#8243;][et_pb_column type=\u00bb1_4&#8243; _builder_version=\u00bb4.27.4&#8243; _module_preset=\u00bbdefault\u00bb background_enable_image=\u00bboff\u00bb link_option_url_new_window=\u00bbon\u00bb global_colors_info=\u00bb{}\u00bb][et_pb_text _builder_version=\u00bb4.27.4&#8243; _module_preset=\u00bbdefault\u00bb global_colors_info=\u00bb{}\u00bb]<iframe src=\"https:\/\/www.google.com\/maps\/embed?pb=!1m18!1m12!1m3!1d2932.946475192251!2d0.6093373774500236!3d42.68367611459307!2m3!1f0!2f0!3f0!3m2!1i1024!2i768!4f13.1!3m3!1m2!1s0x12a8879266cadcef%3A0xb9fe97d3a543fad!2sLlanos%20del%20Hospital!5e0!3m2!1ses!2ses!4v1733388885859!5m2!1ses!2ses\" width=\"600\" height=\"450\" style=\"border:0;\" allowfullscreen=\"\" loading=\"lazy\" referrerpolicy=\"no-referrer-when-downgrade\"><\/iframe>[\/et_pb_text][\/et_pb_column][et_pb_column type=\u00bb1_4&#8243; _builder_version=\u00bb4.27.0&#8243; _module_preset=\u00bbdefault\u00bb global_colors_info=\u00bb{}\u00bb][et_pb_text admin_label=\u00bbTexto\u00bb _builder_version=\u00bb4.27.4&#8243; _module_preset=\u00bb_initial\u00bb width=\u00bb77.4%\u00bb max_width=\u00bb75%\u00bb module_alignment=\u00bbleft\u00bb min_height=\u00bb315px\u00bb height=\u00bb339px\u00bb max_height=\u00bb273px\u00bb custom_margin=\u00bb||||false|false\u00bb custom_padding=\u00bb||0px||false|false\u00bb global_colors_info=\u00bb%91%93&#8243;]<\/p>\n<h3><strong>Fundaci\u00f3n Hospital de Benasque<\/strong><\/h3>\n<p><strong><\/strong><\/p>\n<h3><strong>Direcci\u00f3n<\/strong><\/h3>\n<div>Camino Real de Francia, s\/n<\/div>\n<div>22440 Benasque (Huesca)<\/div>\n<div><\/div>\n<h3><strong>Tel\u00e9fono de contacto:<\/strong><\/h3>\n<p>(34) 974 558 101<\/p>\n<h3><strong>E-mail:<\/strong><\/h3>\n<p><span>info@fundacion-hospital-benasque.org<\/span><\/p>\n<div class=\"et-module-ba660cac-5ea2-4506-868e-49d14b3c4f66 et_pb_column ui-sortable et-animated--vb et_pb_column_1_4 et_pb_column_15 et-last-child-3 et_pb_with_border et_pb_hovered_child\" data-address=\"3.3.1\" style=\"margin-right: 95.2344px; font-size: 14px; background-size: cover; background-repeat: no-repeat; background-color: #ffffff; width: 361.484px; -webkit-box-ordinal-group: 2; order: 1; z-index: 10 !important;\">\n<div class=\"et_pb_hovered et_fb_editing_enabled et_fb_element_controls_visible et-module-39059adc-4c4b-4450-872c-d642fc58703a et_pb_text et_pb_module ui-sortable et_pb_text_3 et-animated--vb et_pb_text_align_left et_pb_bg_layout_light et-pb-with-global-presets et-first-child et-last-child\" data-address=\"3.3.1.0\" dynamic=\"[object Object]\" matching=\"[object Object]\" parent_slug=\"et_pb_column\" theme_builder_suffix=\"\" wp_editor_suffix=\"\" wrapper_settings=\"[object Object]\" _key=\"39059adc-4c4b-4450-872c-d642fc58703a\" style=\"background-size: cover; background-repeat: no-repeat; width: 271.109px;\">\n<div class=\"et_pb_text_inner\" style=\"font-size: 16px;\">\n<div data-shortcode-id=\"3.3.1.0-1733387954075\" data-quickaccess-editable=\"yes\" class=\"et-fb-popover-tinymce\" style=\"font-size: 16px;\">\n<div class=\"mce-content-body\" style=\"font-size: 16px; position: relative;\">\n<p style=\"font-size: 16px;\"><span style=\"font-size: 16px; font-weight: bold;\"><i class=\"fa fa-external-link naranja\" style=\"font-size: 16px;\">\u00a0<\/i><\/span><\/p>\n<h3><a href=\"http:\/\/casaganaderos.com\/fundacion-y-archivo.html\" target=\"_blank\" rel=\"noopener\" style=\"font-size: 20px;\"><span style=\"font-size: 20px; font-weight: bold;\">Sitio web del archivo<\/span><\/a><\/h3>\n<\/div>\n<\/div>\n<\/div>\n<\/div>\n<\/div>\n<div class=\"et-module-465b06b6-dee3-49ac-9ec7-c5b35ff4a4de et_pb_column ui-sortable et-animated--vb et_pb_column_1_4 et_pb_column_16 et-last-child-2 et_pb_with_border\" data-address=\"3.3.2\" style=\"margin-right: 95.2344px; font-size: 14px; background-size: cover; background-repeat: no-repeat; background-color: #ffffff; width: 361.484px; -webkit-box-ordinal-group: 2; order: 1;\"><\/div>\n<p>&nbsp;<\/p>\n<p>[\/et_pb_text][\/et_pb_column][et_pb_column type=\u00bb1_4&#8243; _builder_version=\u00bb4.27.0&#8243; _module_preset=\u00bbdefault\u00bb global_colors_info=\u00bb{}\u00bb][et_pb_text _builder_version=\u00bb4.27.4&#8243; _module_preset=\u00bb_initial\u00bb custom_margin=\u00bb||||false|false\u00bb custom_margin_tablet=\u00bb|||0px|false|false\u00bb custom_margin_phone=\u00bb|||0px|false|false\u00bb custom_margin_last_edited=\u00bbon|tablet\u00bb custom_padding=\u00bb||||false|false\u00bb global_colors_info=\u00bb%91%93&#8243;]<\/p>\n<h3><strong>Ayuntamiento de Benasque<\/strong><\/h3>\n<h3><strong>Direcci\u00f3n<\/strong><\/h3>\n<div>Pza. Ayuntamiento, 1<\/div>\n<div>22440 Benasque (Huesca)<\/div>\n<h3><strong>Tel\u00e9fono de contacto:<\/strong><\/h3>\n<p>(34)974 551001<\/p>\n<h3><strong>E-mail:<\/strong><\/h3>\n<p><a href=\"mailto:maito:ayto@benasque.es\" target=\"_blank\" rel=\"noopener\">ayto@benasque.es<\/a><\/p>\n<h3><a href=\"https:\/\/benasque.es\/\" target=\"_blank\" rel=\"noopener\">Sitio web<\/a><\/h3>\n<div><\/div>\n<p>&nbsp;<\/p>\n<p>&nbsp;<\/p>\n<p>[\/et_pb_text][\/et_pb_column][et_pb_column type=\u00bb1_4&#8243; _builder_version=\u00bb4.27.0&#8243; _module_preset=\u00bbdefault\u00bb custom_padding=\u00bb||||false|false\u00bb global_colors_info=\u00bb{}\u00bb][et_pb_text _builder_version=\u00bb4.27.4&#8243; _module_preset=\u00bb_initial\u00bb custom_margin=\u00bb||||false|false\u00bb custom_margin_tablet=\u00bb|||0px|false|false\u00bb custom_margin_phone=\u00bb|||0px|false|false\u00bb custom_margin_last_edited=\u00bbon|desktop\u00bb global_colors_info=\u00bb%91%93&#8243;]<\/p>\n<h3><strong>Bibliograf\u00eda<\/strong><\/h3>\n<h3><strong>M\u00e1s publicaciones<\/strong><\/h3>\n<p>&nbsp;<\/p>\n<p>&nbsp;<\/p>\n<p>[\/et_pb_text][\/et_pb_column][\/et_pb_row][\/et_pb_section]<\/p>\n","protected":false},"excerpt":{"rendered":"<p>Desde la creaci\u00f3n de la Fundaci\u00f3n Hospital de Benasque, en 2006, diversos organismos p\u00fablicos y privados del Valle han hecho un esfuerzo por facilitar el acceso a sus patrimonio documental. Por iniciativa de su primer gerente, Jorge Mayoral, la Fundaci\u00f3n adquiri\u00f3 importantes colecciones documentales, especialmente de fotograf\u00eda antigua y cartograf\u00eda.\u00a0 Tambi\u00e9n dirigidos por Jorge Mayoral, [&hellip;]<\/p>\n","protected":false},"author":1,"featured_media":5114,"parent":0,"menu_order":0,"comment_status":"closed","ping_status":"closed","template":"","meta":{"_et_pb_use_builder":"on","_et_pb_old_content":"","_et_gb_content_width":"","om_disable_all_campaigns":false,"_monsterinsights_skip_tracking":false,"_monsterinsights_sitenote_active":false,"_monsterinsights_sitenote_note":"","_monsterinsights_sitenote_category":0,"_uf_show_specific_survey":0,"_uf_disable_surveys":false,"footnotes":""},"class_list":["post-7933","page","type-page","status-publish","has-post-thumbnail","hentry"],"yoast_head":"<!-- This site is optimized with the Yoast SEO plugin v26.2 - https:\/\/yoast.com\/wordpress\/plugins\/seo\/ -->\n<title>VALLE DE BENASQUE- Fundaci\u00f3n Hospital de Benasque - DARA GENERAL<\/title>\n<meta name=\"robots\" content=\"index, follow, max-snippet:-1, max-image-preview:large, max-video-preview:-1\" \/>\n<link rel=\"canonical\" href=\"https:\/\/dara.aragon.es\/dara\/valle-de-benasque-fundacion-hospital-de-benasque\/\" \/>\n<meta property=\"og:locale\" content=\"es_ES\" \/>\n<meta property=\"og:type\" content=\"article\" \/>\n<meta property=\"og:title\" content=\"VALLE DE BENASQUE- Fundaci\u00f3n Hospital de Benasque - DARA GENERAL\" \/>\n<meta property=\"og:description\" content=\"Desde la creaci\u00f3n de la Fundaci\u00f3n Hospital de Benasque, en 2006, diversos organismos p\u00fablicos y privados del Valle han hecho un esfuerzo por facilitar el acceso a sus patrimonio documental. Por iniciativa de su primer gerente, Jorge Mayoral, la Fundaci\u00f3n adquiri\u00f3 importantes colecciones documentales, especialmente de fotograf\u00eda antigua y cartograf\u00eda.\u00a0 Tambi\u00e9n dirigidos por Jorge Mayoral, [&hellip;]\" \/>\n<meta property=\"og:url\" content=\"https:\/\/dara.aragon.es\/dara\/valle-de-benasque-fundacion-hospital-de-benasque\/\" \/>\n<meta property=\"og:site_name\" content=\"DARA GENERAL\" \/>\n<meta property=\"article:modified_time\" content=\"2024-12-05T08:59:45+00:00\" \/>\n<meta property=\"og:image\" content=\"https:\/\/dara.aragon.es\/dara\/wp-content\/uploads\/2024\/08\/hospitalbenasque426.png\" \/>\n\t<meta property=\"og:image:width\" content=\"456\" \/>\n\t<meta property=\"og:image:height\" content=\"456\" \/>\n\t<meta property=\"og:image:type\" content=\"image\/png\" \/>\n<meta name=\"twitter:card\" content=\"summary_large_image\" \/>\n<meta name=\"twitter:label1\" content=\"Tiempo de lectura\" \/>\n\t<meta name=\"twitter:data1\" content=\"9 minutos\" \/>\n<script type=\"application\/ld+json\" class=\"yoast-schema-graph\">{\"@context\":\"https:\/\/schema.org\",\"@graph\":[{\"@type\":\"WebPage\",\"@id\":\"https:\/\/dara.aragon.es\/dara\/valle-de-benasque-fundacion-hospital-de-benasque\/\",\"url\":\"https:\/\/dara.aragon.es\/dara\/valle-de-benasque-fundacion-hospital-de-benasque\/\",\"name\":\"VALLE DE BENASQUE- Fundaci\u00f3n Hospital de Benasque - DARA GENERAL\",\"isPartOf\":{\"@id\":\"https:\/\/dara.aragon.es\/dara\/#website\"},\"primaryImageOfPage\":{\"@id\":\"https:\/\/dara.aragon.es\/dara\/valle-de-benasque-fundacion-hospital-de-benasque\/#primaryimage\"},\"image\":{\"@id\":\"https:\/\/dara.aragon.es\/dara\/valle-de-benasque-fundacion-hospital-de-benasque\/#primaryimage\"},\"thumbnailUrl\":\"https:\/\/dara.aragon.es\/dara\/wp-content\/uploads\/2024\/08\/hospitalbenasque426.png\",\"datePublished\":\"2024-12-05T08:05:31+00:00\",\"dateModified\":\"2024-12-05T08:59:45+00:00\",\"breadcrumb\":{\"@id\":\"https:\/\/dara.aragon.es\/dara\/valle-de-benasque-fundacion-hospital-de-benasque\/#breadcrumb\"},\"inLanguage\":\"es\",\"potentialAction\":[{\"@type\":\"ReadAction\",\"target\":[\"https:\/\/dara.aragon.es\/dara\/valle-de-benasque-fundacion-hospital-de-benasque\/\"]}]},{\"@type\":\"ImageObject\",\"inLanguage\":\"es\",\"@id\":\"https:\/\/dara.aragon.es\/dara\/valle-de-benasque-fundacion-hospital-de-benasque\/#primaryimage\",\"url\":\"https:\/\/dara.aragon.es\/dara\/wp-content\/uploads\/2024\/08\/hospitalbenasque426.png\",\"contentUrl\":\"https:\/\/dara.aragon.es\/dara\/wp-content\/uploads\/2024\/08\/hospitalbenasque426.png\",\"width\":456,\"height\":456},{\"@type\":\"BreadcrumbList\",\"@id\":\"https:\/\/dara.aragon.es\/dara\/valle-de-benasque-fundacion-hospital-de-benasque\/#breadcrumb\",\"itemListElement\":[{\"@type\":\"ListItem\",\"position\":1,\"name\":\"Portada\",\"item\":\"https:\/\/dara.aragon.es\/dara\/\"},{\"@type\":\"ListItem\",\"position\":2,\"name\":\"VALLE DE BENASQUE- Fundaci\u00f3n Hospital de Benasque\"}]},{\"@type\":\"WebSite\",\"@id\":\"https:\/\/dara.aragon.es\/dara\/#website\",\"url\":\"https:\/\/dara.aragon.es\/dara\/\",\"name\":\"DARA GENERAL\",\"description\":\"Documentos y archivos de Arag\u00f3n\",\"potentialAction\":[{\"@type\":\"SearchAction\",\"target\":{\"@type\":\"EntryPoint\",\"urlTemplate\":\"https:\/\/dara.aragon.es\/dara\/?s={search_term_string}\"},\"query-input\":{\"@type\":\"PropertyValueSpecification\",\"valueRequired\":true,\"valueName\":\"search_term_string\"}}],\"inLanguage\":\"es\"}]}<\/script>\n<!-- \/ Yoast SEO plugin. -->","yoast_head_json":{"title":"VALLE DE BENASQUE- Fundaci\u00f3n Hospital de Benasque - DARA GENERAL","robots":{"index":"index","follow":"follow","max-snippet":"max-snippet:-1","max-image-preview":"max-image-preview:large","max-video-preview":"max-video-preview:-1"},"canonical":"https:\/\/dara.aragon.es\/dara\/valle-de-benasque-fundacion-hospital-de-benasque\/","og_locale":"es_ES","og_type":"article","og_title":"VALLE DE BENASQUE- Fundaci\u00f3n Hospital de Benasque - DARA GENERAL","og_description":"Desde la creaci\u00f3n de la Fundaci\u00f3n Hospital de Benasque, en 2006, diversos organismos p\u00fablicos y privados del Valle han hecho un esfuerzo por facilitar el acceso a sus patrimonio documental. Por iniciativa de su primer gerente, Jorge Mayoral, la Fundaci\u00f3n adquiri\u00f3 importantes colecciones documentales, especialmente de fotograf\u00eda antigua y cartograf\u00eda.\u00a0 Tambi\u00e9n dirigidos por Jorge Mayoral, [&hellip;]","og_url":"https:\/\/dara.aragon.es\/dara\/valle-de-benasque-fundacion-hospital-de-benasque\/","og_site_name":"DARA GENERAL","article_modified_time":"2024-12-05T08:59:45+00:00","og_image":[{"width":456,"height":456,"url":"https:\/\/dara.aragon.es\/dara\/wp-content\/uploads\/2024\/08\/hospitalbenasque426.png","type":"image\/png"}],"twitter_card":"summary_large_image","twitter_misc":{"Tiempo de lectura":"9 minutos"},"schema":{"@context":"https:\/\/schema.org","@graph":[{"@type":"WebPage","@id":"https:\/\/dara.aragon.es\/dara\/valle-de-benasque-fundacion-hospital-de-benasque\/","url":"https:\/\/dara.aragon.es\/dara\/valle-de-benasque-fundacion-hospital-de-benasque\/","name":"VALLE DE BENASQUE- Fundaci\u00f3n Hospital de Benasque - DARA GENERAL","isPartOf":{"@id":"https:\/\/dara.aragon.es\/dara\/#website"},"primaryImageOfPage":{"@id":"https:\/\/dara.aragon.es\/dara\/valle-de-benasque-fundacion-hospital-de-benasque\/#primaryimage"},"image":{"@id":"https:\/\/dara.aragon.es\/dara\/valle-de-benasque-fundacion-hospital-de-benasque\/#primaryimage"},"thumbnailUrl":"https:\/\/dara.aragon.es\/dara\/wp-content\/uploads\/2024\/08\/hospitalbenasque426.png","datePublished":"2024-12-05T08:05:31+00:00","dateModified":"2024-12-05T08:59:45+00:00","breadcrumb":{"@id":"https:\/\/dara.aragon.es\/dara\/valle-de-benasque-fundacion-hospital-de-benasque\/#breadcrumb"},"inLanguage":"es","potentialAction":[{"@type":"ReadAction","target":["https:\/\/dara.aragon.es\/dara\/valle-de-benasque-fundacion-hospital-de-benasque\/"]}]},{"@type":"ImageObject","inLanguage":"es","@id":"https:\/\/dara.aragon.es\/dara\/valle-de-benasque-fundacion-hospital-de-benasque\/#primaryimage","url":"https:\/\/dara.aragon.es\/dara\/wp-content\/uploads\/2024\/08\/hospitalbenasque426.png","contentUrl":"https:\/\/dara.aragon.es\/dara\/wp-content\/uploads\/2024\/08\/hospitalbenasque426.png","width":456,"height":456},{"@type":"BreadcrumbList","@id":"https:\/\/dara.aragon.es\/dara\/valle-de-benasque-fundacion-hospital-de-benasque\/#breadcrumb","itemListElement":[{"@type":"ListItem","position":1,"name":"Portada","item":"https:\/\/dara.aragon.es\/dara\/"},{"@type":"ListItem","position":2,"name":"VALLE DE BENASQUE- Fundaci\u00f3n Hospital de Benasque"}]},{"@type":"WebSite","@id":"https:\/\/dara.aragon.es\/dara\/#website","url":"https:\/\/dara.aragon.es\/dara\/","name":"DARA GENERAL","description":"Documentos y archivos de Arag\u00f3n","potentialAction":[{"@type":"SearchAction","target":{"@type":"EntryPoint","urlTemplate":"https:\/\/dara.aragon.es\/dara\/?s={search_term_string}"},"query-input":{"@type":"PropertyValueSpecification","valueRequired":true,"valueName":"search_term_string"}}],"inLanguage":"es"}]}},"_links":{"self":[{"href":"https:\/\/dara.aragon.es\/dara\/wp-json\/wp\/v2\/pages\/7933","targetHints":{"allow":["GET"]}}],"collection":[{"href":"https:\/\/dara.aragon.es\/dara\/wp-json\/wp\/v2\/pages"}],"about":[{"href":"https:\/\/dara.aragon.es\/dara\/wp-json\/wp\/v2\/types\/page"}],"author":[{"embeddable":true,"href":"https:\/\/dara.aragon.es\/dara\/wp-json\/wp\/v2\/users\/1"}],"replies":[{"embeddable":true,"href":"https:\/\/dara.aragon.es\/dara\/wp-json\/wp\/v2\/comments?post=7933"}],"version-history":[{"count":0,"href":"https:\/\/dara.aragon.es\/dara\/wp-json\/wp\/v2\/pages\/7933\/revisions"}],"wp:featuredmedia":[{"embeddable":true,"href":"https:\/\/dara.aragon.es\/dara\/wp-json\/wp\/v2\/media\/5114"}],"wp:attachment":[{"href":"https:\/\/dara.aragon.es\/dara\/wp-json\/wp\/v2\/media?parent=7933"}],"curies":[{"name":"wp","href":"https:\/\/api.w.org\/{rel}","templated":true}]}}