{"id":8018,"date":"2024-12-05T11:39:33","date_gmt":"2024-12-05T11:39:33","guid":{"rendered":"https:\/\/dara.aragon.es\/dara\/?page_id=8018"},"modified":"2024-12-20T10:40:48","modified_gmt":"2024-12-20T10:40:48","slug":"ccoo-aragon-fundacion-sindicalismo-y-cultural","status":"publish","type":"page","link":"https:\/\/dara.aragon.es\/dara\/ccoo-aragon-fundacion-sindicalismo-y-cultural\/","title":{"rendered":"CCOO ARAG\u00d3N &#8211; Fundaci\u00f3n Sindicalismo y Cultural"},"content":{"rendered":"<p>[et_pb_section fb_built=\u00bb1&#8243; fullwidth=\u00bbon\u00bb admin_label=\u00bbHeader Section\u00bb _builder_version=\u00bb4.27.0&#8243; _module_preset=\u00bbdefault\u00bb background_color=\u00bb#26528D\u00bb background_enable_image=\u00bboff\u00bb parallax=\u00bbon\u00bb custom_padding=\u00bb|||\u00bb saved_tabs=\u00bball\u00bb locked=\u00bboff\u00bb global_colors_info=\u00bb{}\u00bb][et_pb_fullwidth_header title=\u00bbcomisiones obreras de arag\u00f3n \u00bb subhead=\u00bbFundaci\u00f3n Sindicalismo y Cultura\u00bb text_orientation=\u00bbcenter\u00bb background_overlay_color=\u00bbrgba(0,0,0,0.4)\u00bb admin_label=\u00bbContents\u00bb _builder_version=\u00bb4.27.4&#8243; _module_preset=\u00bbdefault\u00bb title_font=\u00bbOswald|||on|\u00bb title_text_align=\u00bbcenter\u00bb title_font_size=\u00bb35px\u00bb title_letter_spacing=\u00bb0.05em\u00bb title_line_height=\u00bb1.5em\u00bb subhead_font=\u00bbNunito|600|||||||\u00bb subhead_font_size=\u00bb20px\u00bb subhead_line_height=\u00bb1.9em\u00bb background_color=\u00bbrgba(255, 255, 255, 0)\u00bb background_enable_image=\u00bboff\u00bb parallax=\u00bbon\u00bb parallax_method=\u00bbon\u00bb custom_button_one=\u00bbon\u00bb button_one_text_size=\u00bb15px\u00bb button_one_bg_color=\u00bb#dca57d\u00bb button_one_border_width=\u00bb10px\u00bb button_one_border_color=\u00bb#dca57d\u00bb button_one_border_radius=\u00bb0px\u00bb button_one_letter_spacing=\u00bb3px\u00bb button_one_font=\u00bbOswald|||on|\u00bb button_one_use_icon=\u00bboff\u00bb custom_margin=\u00bb|||\u00bb custom_padding=\u00bb1%||1%||false|false\u00bb animation_style=\u00bbfade\u00bb animation_starting_opacity=\u00bb50%\u00bb animation_speed_curve=\u00bbease-in\u00bb title_font_size_tablet=\u00bb60px\u00bb title_font_size_phone=\u00bb40px\u00bb title_font_size_last_edited=\u00bbon|phone\u00bb button_one_border_color_hover=\u00bb#c99872&#8243; button_one_border_radius_hover=\u00bb0px\u00bb button_one_letter_spacing_hover=\u00bb3px\u00bb button_one_bg_color_hover=\u00bb#c99872&#8243; global_colors_info=\u00bb{}\u00bb button_one_text_size__hover_enabled=\u00bboff\u00bb button_two_text_size__hover_enabled=\u00bboff\u00bb button_one_text_color__hover_enabled=\u00bboff\u00bb button_two_text_color__hover_enabled=\u00bboff\u00bb button_one_border_width__hover_enabled=\u00bboff\u00bb button_two_border_width__hover_enabled=\u00bboff\u00bb button_one_border_color__hover_enabled=\u00bbon\u00bb button_one_border_color__hover=\u00bb#c99872&#8243; button_two_border_color__hover_enabled=\u00bboff\u00bb button_one_border_radius__hover_enabled=\u00bbon\u00bb button_one_border_radius__hover=\u00bb0px\u00bb button_two_border_radius__hover_enabled=\u00bboff\u00bb button_one_letter_spacing__hover_enabled=\u00bbon\u00bb button_one_letter_spacing__hover=\u00bb3px\u00bb button_two_letter_spacing__hover_enabled=\u00bboff\u00bb button_one_bg_color__hover_enabled=\u00bbon\u00bb button_one_bg_color__hover=\u00bb#c99872&#8243; button_two_bg_color__hover_enabled=\u00bboff\u00bb][\/et_pb_fullwidth_header][\/et_pb_section][et_pb_section fb_built=\u00bb1&#8243; _builder_version=\u00bb4.19.0&#8243; _module_preset=\u00bbdefault\u00bb global_colors_info=\u00bb%91%93&#8243;][et_pb_row column_structure=\u00bb1_3,2_3&#8243; _builder_version=\u00bb4.27.0&#8243; _module_preset=\u00bb_initial\u00bb min_height=\u00bb351.6px\u00bb custom_margin=\u00bb0px|auto||auto|false|false\u00bb custom_padding=\u00bb|0px|0px|0px|false|false\u00bb global_colors_info=\u00bb%91%93&#8243;][et_pb_column type=\u00bb1_3&#8243; _builder_version=\u00bb4.19.0&#8243; _module_preset=\u00bbdefault\u00bb global_colors_info=\u00bb{}\u00bb][et_pb_image src=\u00bbhttps:\/\/dara.aragon.es\/dara\/wp-content\/uploads\/2024\/12\/fachadaCCOO.png\u00bb alt=\u00bbammequinenza\u00bb title_text=\u00bbfachadaCCOO\u00bb show_bottom_space=\u00bboff\u00bb align=\u00bbcenter\u00bb _builder_version=\u00bb4.27.4&#8243; _module_preset=\u00bbdefault\u00bb width=\u00bb60%\u00bb max_width=\u00bb60%\u00bb module_alignment=\u00bbcenter\u00bb global_colors_info=\u00bb{}\u00bb][\/et_pb_image][\/et_pb_column][et_pb_column type=\u00bb2_3&#8243; _builder_version=\u00bb4.19.0&#8243; _module_preset=\u00bbdefault\u00bb global_colors_info=\u00bb{}\u00bb][et_pb_text _builder_version=\u00bb4.27.4&#8243; _module_preset=\u00bb_initial\u00bb background_color=\u00bb#FFFFFF\u00bb width=\u00bb80%\u00bb max_width=\u00bb80%\u00bb min_height=\u00bb276.6px\u00bb custom_margin=\u00bb|0px|0px|0px|false|true\u00bb custom_padding=\u00bb0px|||0px||\u00bb global_colors_info=\u00bb%91%93&#8243;]<\/p>\n<p>A finales de la d\u00e9cada de los ochenta se pone en marcha a nivel confederal la recuperaci\u00f3n de los archivos de CCOO para su incorporaci\u00f3n al patrimonio documental del estado espa\u00f1ol. Este trabajo comenzado y coordinado por la Fundaci\u00f3n 1\u00ba de mayo propuso a su vez la incorporaci\u00f3n de las organizaciones territoriales al proyecto, siendo Arag\u00f3n una de ellas.<br \/>El primer trabajo de catalogaci\u00f3n de los fondos recopilados en Arag\u00f3n se llev\u00f3 a cabo a lo largo de 1991, edit\u00e1ndose una gu\u00eda-cat\u00e1logo en 1992 coincidiendo con el VI Congreso de la US de Arag\u00f3n. As\u00ed qued\u00f3 constituido el Archivo Hist\u00f3rico, quedando instalado en la sede central con acceso a consultarlo para las personas interesadas en la documentaci\u00f3n.<\/p>\n<p>Dos traslados f\u00edsicos del Archivo realizados posteriormente supusieron la desorganizaci\u00f3n de \u00e9ste y el planteamiento de una nueva catalogaci\u00f3n y organizaci\u00f3n, lo que dio lugar a una segunda fase de trabajo que culmin\u00f3 en 2008 con la edici\u00f3n de un segundo cat\u00e1logo de referencia. Otro traslado f\u00edsico y la posibilidad de digitalizaci\u00f3n de parte de los documentos custodiados hasta entonces, propici\u00f3 una nueva actualizaci\u00f3n de la base de datos concluida a comienzos de 2010, con documentos nuevos y la puesta al d\u00eda de los \u00edndices onom\u00e1stico, geogr\u00e1fico, de instituciones y materias.<\/p>\n<p>Desde finales de 2014 y bajo la direcci\u00f3n de Javier Delgado, se retoman los trabajos de puesta en marcha del Archivo Hist\u00f3rico de CCOO Arag\u00f3n.<\/p>\n<p>Se comienza as\u00ed por la realizaci\u00f3n de un \u00edndice topogr\u00e1fico de documentos y otros materiales de archivo, adem\u00e1s de acoger en dep\u00f3sito nuevos fondos documentales personales como los de Manolo Gil o Floreal Torguet.<\/p>\n<p>A mediados de 2015 se decide el traslado e instalaci\u00f3n definitiva de los fondos a la sede central en Paseo de la Constituci\u00f3n, habilitando una zona de dep\u00f3sito y otra de trabajo, y dando un nuevo impulso al establecimiento de un Archivo Hist\u00f3rico e intermedio consolidado.<\/p>\n<p>Se contin\u00faa con el \u00edndice topogr\u00e1fico y se comienza la catalogaci\u00f3n de otros fondos como el de carteles y la Biblioteca. A la vez se imparte un curso sobre la organizaci\u00f3n de los Archivos en las oficinas y el procedimiento de transferencia al Archivo central, poniendo as\u00ed los cimientos de la organizaci\u00f3n y normalizaci\u00f3n de la documentaci\u00f3n de la US para su posterior dep\u00f3sito en el Archivo intermedio primero e Hist\u00f3rico despu\u00e9s.<\/p>\n<p>[\/et_pb_text][\/et_pb_column][\/et_pb_row][\/et_pb_section][et_pb_section fb_built=\u00bb1&#8243; _builder_version=\u00bb4.19.0&#8243; _module_preset=\u00bb1a08a2a8-4ab4-4d5a-aa64-ccfffe0d51c6&#8243; locked=\u00bboff\u00bb global_colors_info=\u00bb%91%93&#8243;][et_pb_row column_structure=\u00bb1_4,1_4,1_4,1_4&#8243; make_equal=\u00bbon\u00bb _builder_version=\u00bb4.27.0&#8243; _module_preset=\u00bb_initial\u00bb background_enable_image=\u00bboff\u00bb custom_margin=\u00bb50px|0px|0px|0px|false|false\u00bb global_colors_info=\u00bb%91%93&#8243;][et_pb_column type=\u00bb1_4&#8243; _builder_version=\u00bb4.27.0&#8243; _module_preset=\u00bbdefault\u00bb background_enable_image=\u00bboff\u00bb global_colors_info=\u00bb{}\u00bb][\/et_pb_column][et_pb_column type=\u00bb1_4&#8243; _builder_version=\u00bb4.27.0&#8243; _module_preset=\u00bbdefault\u00bb global_colors_info=\u00bb{}\u00bb][et_pb_button button_url=\u00bbhttps:\/\/dara.aragon.es\/opac\/app\/classification\/ccoo\u00bb url_new_window=\u00bbon\u00bb button_text=\u00bbCuadro de clasificaci\u00f3n\u00bb _builder_version=\u00bb4.27.4&#8243; _module_preset=\u00bb_initial\u00bb global_colors_info=\u00bb%91%93&#8243;][\/et_pb_button][\/et_pb_column][et_pb_column type=\u00bb1_4&#8243; _builder_version=\u00bb4.27.0&#8243; _module_preset=\u00bbdefault\u00bb global_colors_info=\u00bb{}\u00bb][et_pb_button button_url=\u00bbhttps:\/\/dara.aragon.es\/opac\/app\/simple\/ccoo\u00bb url_new_window=\u00bbon\u00bb button_text=\u00bbBuscador de documentos\u00bb _builder_version=\u00bb4.27.4&#8243; _module_preset=\u00bb_initial\u00bb global_colors_info=\u00bb%91%93&#8243;][\/et_pb_button][\/et_pb_column][et_pb_column type=\u00bb1_4&#8243; _builder_version=\u00bb4.19.0&#8243; _module_preset=\u00bbdefault\u00bb global_colors_info=\u00bb{}\u00bb][et_pb_button button_url=\u00bbhttps:\/\/dara.aragon.es\/opac\/app\/results\/ccoo?q=*&#038;ob=re:1&#8243; url_new_window=\u00bbon\u00bb button_text=\u00bbTodos los registros\u00bb _builder_version=\u00bb4.27.4&#8243; _module_preset=\u00bb_initial\u00bb global_colors_info=\u00bb%91%93&#8243;][\/et_pb_button][\/et_pb_column][\/et_pb_row][et_pb_row _builder_version=\u00bb4.27.0&#8243; _module_preset=\u00bb_initial\u00bb custom_margin=\u00bb100px|0px|0px|0px|false|false\u00bb locked=\u00bboff\u00bb global_colors_info=\u00bb%91%93&#8243;][et_pb_column type=\u00bb4_4&#8243; _builder_version=\u00bb4.25.1&#8243; _module_preset=\u00bbdefault\u00bb global_colors_info=\u00bb{}\u00bb][et_pb_text admin_label=\u00bbTittle\u00bb _builder_version=\u00bb4.27.2&#8243; _module_preset=\u00bb_initial\u00bb text_font=\u00bbNunito|||||on|||\u00bb text_text_color=\u00bb#26528D\u00bb text_font_size=\u00bb18px\u00bb text_line_height=\u00bb1.8em\u00bb header_font=\u00bb||||||||\u00bb header_text_color=\u00bb#26528D\u00bb header_2_font=\u00bbOswald|||on|||||\u00bb header_2_text_align=\u00bbcenter\u00bb header_2_font_size=\u00bb40px\u00bb header_2_letter_spacing=\u00bb1px\u00bb header_2_line_height=\u00bb1.5em\u00bb header_3_font=\u00bb||||||||\u00bb max_width_last_edited=\u00bboff|desktop\u00bb module_alignment=\u00bbcenter\u00bb custom_margin=\u00bb||10px||false|false\u00bb global_colors_info=\u00bb%91%93&#8243;]<\/p>\n<h2><span style=\"color: #26528d;\">destacad0s- fotograf\u00edas<\/span><\/h2>\n<p>[\/et_pb_text][ba_image_carousel animation_speed=\u00bb500ms\u00bb is_autoplay=\u00bboff\u00bb is_variable_width=\u00bbon\u00bb slide_width=\u00bb290px\u00bb slide_spacing=\u00bb2px\u00bb nav_height=\u00bb51px\u00bb nav_width=\u00bb48px\u00bb nav_color=\u00bb#26528D\u00bb nav_bg=\u00bb#FFFFFF\u00bb icon_left=\u00bb&#x23;||divi||400&#8243; icon_right=\u00bb&#x24;||divi||400&#8243; pagi_radius=\u00bbon|0px|0px|0px|0px\u00bb _builder_version=\u00bb4.27.4&#8243; _module_preset=\u00bbdefault\u00bb title_font=\u00bb||||||||\u00bb title_line_height=\u00bb1em\u00bb subtitle_level=\u00bbh3&#8243; background_enable_image=\u00bboff\u00bb text_orientation=\u00bbleft\u00bb global_colors_info=\u00bb{}\u00bb nav_color__hover_enabled=\u00bbon|hover\u00bb nav_color__hover=\u00bb#0D3857&#8243;][ba_image_carousel_child photo=\u00bbhttps:\/\/dara.aragon.es\/dara\/wp-content\/uploads\/2024\/12\/Estatuto-Trabajadores_AHCOAR_FFT_00001_0106.jpg\u00bb title=\u00bbManifestaciones\u00bb content_width=\u00bb98%\u00bb image_height=\u00bb404px\u00bb _builder_version=\u00bb4.27.4&#8243; _module_preset=\u00bbdefault\u00bb link_option_url=\u00bbhttps:\/\/dara.aragon.es\/opac\/app\/results\/ccoo?q=*&#038;pa=1&#038;ob=re:1&#038;ft=descriptor:Manifestaciones\u00bb link_option_url_new_window=\u00bbon\u00bb border_width_all_item=\u00bb2px\u00bb border_color_all_item=\u00bb#E1DAD0&#8243; button_text_shadow_color=\u00bb#E1DAD0&#8243; global_colors_info=\u00bb{}\u00bb][\/ba_image_carousel_child][ba_image_carousel_child photo=\u00bbhttps:\/\/dara.aragon.es\/dara\/wp-content\/uploads\/2024\/12\/Reuniones_AHCOAR_FFT_00001_0006.jpg\u00bb title=\u00bbEstatuto de los Trabajadores\u00bb _builder_version=\u00bb4.27.4&#8243; _module_preset=\u00bbdefault\u00bb link_option_url=\u00bbhttps:\/\/dara.aragon.es\/opac\/app\/results\/?st=.349997.817656&#038;ft=descriptor:Estatuto+de+los+Trabajadores\u00bb link_option_url_new_window=\u00bbon\u00bb border_width_all_item=\u00bb2px\u00bb border_color_all_item=\u00bb#E1DAD0&#8243; global_colors_info=\u00bb{}\u00bb][\/ba_image_carousel_child][ba_image_carousel_child photo=\u00bbhttps:\/\/dara.aragon.es\/dara\/wp-content\/uploads\/2024\/12\/gears-94220_640.jpg\u00bb title=\u00bbSindicatos\u00bb content_width=\u00bb110%\u00bb image_height=\u00bb405px\u00bb _builder_version=\u00bb4.27.4&#8243; _module_preset=\u00bbdefault\u00bb background_enable_image=\u00bboff\u00bb link_option_url=\u00bbhttps:\/\/dara.aragon.es\/opac\/app\/results\/ccoo?q=*&#038;ob=re:1&#038;ft=descriptor:Sindicatos\u00bb link_option_url_new_window=\u00bbon\u00bb border_width_all_item=\u00bb2px\u00bb border_color_all_item=\u00bb#E1DAD0&#8243; global_colors_info=\u00bb{}\u00bb][\/ba_image_carousel_child][ba_image_carousel_child photo=\u00bbhttps:\/\/dara.aragon.es\/dara\/wp-content\/uploads\/2024\/12\/boardroom-5453288_640.jpg\u00bb title=\u00bbAsambleas y Reuniones\u00bb image_height=\u00bb404px\u00bb _builder_version=\u00bb4.27.4&#8243; _module_preset=\u00bbdefault\u00bb link_option_url=\u00bbhttps:\/\/dara.aragon.es\/opac\/app\/results\/ccoo?q=*&#038;pa=1&#038;ob=re:1&#038;ft=descriptor:Asambleas+y+reuniones\u00bb link_option_url_new_window=\u00bbon\u00bb border_width_all_item=\u00bb2px\u00bb border_color_all_item=\u00bb#E1DAD0&#8243; global_colors_info=\u00bb{}\u00bb][\/ba_image_carousel_child][\/ba_image_carousel][\/et_pb_column][\/et_pb_row][et_pb_row _builder_version=\u00bb4.27.0&#8243; _module_preset=\u00bb_initial\u00bb custom_margin=\u00bb50px|0px|0px|0px|false|false\u00bb global_colors_info=\u00bb%91%93&#8243;][et_pb_column type=\u00bb4_4&#8243; _builder_version=\u00bb4.27.0&#8243; _module_preset=\u00bbdefault\u00bb global_colors_info=\u00bb{}\u00bb][et_pb_divider _builder_version=\u00bb4.27.0&#8243; _module_preset=\u00bbdefault\u00bb global_colors_info=\u00bb{}\u00bb][\/et_pb_divider][\/et_pb_column][\/et_pb_row][et_pb_row column_structure=\u00bb1_4,1_4,1_4,1_4&#8243; use_custom_gutter=\u00bbon\u00bb make_equal=\u00bbon\u00bb admin_label=\u00bbFila\u00bb _builder_version=\u00bb4.27.0&#8243; _module_preset=\u00bb_initial\u00bb width=\u00bb91%\u00bb global_colors_info=\u00bb%91%93&#8243;][et_pb_column type=\u00bb1_4&#8243; _builder_version=\u00bb4.27.0&#8243; _module_preset=\u00bbdefault\u00bb background_image=\u00bbhttps:\/\/dara.aragon.es\/dara\/wp-content\/uploads\/2024\/09\/Mapa-AHPTE.png\u00bb link_option_url_new_window=\u00bbon\u00bb global_colors_info=\u00bb{}\u00bb][et_pb_text _builder_version=\u00bb4.27.4&#8243; _module_preset=\u00bb_initial\u00bb global_colors_info=\u00bb%91%93&#8243;]<iframe src=\"https:\/\/www.google.com\/maps\/embed?pb=!1m18!1m12!1m3!1d2981.3667923499097!2d-0.8851794225753833!3d41.64781647979876!2m3!1f0!2f0!3f0!3m2!1i1024!2i768!4f13.1!3m3!1m2!1s0xd5914e8a64ce771%3A0x29bc9a507bbff7eb!2sP.%C2%BA%20de%20la%20Constitucion%2C%2012%2C%203%C2%BA%2C%2050008%20Zaragoza!5e0!3m2!1ses!2ses!4v1733400095371!5m2!1ses!2ses\" width=\"600\" height=\"450\" style=\"border:0;\" allowfullscreen=\"\" loading=\"lazy\" referrerpolicy=\"no-referrer-when-downgrade\"><\/iframe>[\/et_pb_text][\/et_pb_column][et_pb_column type=\u00bb1_4&#8243; _builder_version=\u00bb4.27.0&#8243; _module_preset=\u00bbdefault\u00bb global_colors_info=\u00bb{}\u00bb][et_pb_text admin_label=\u00bbTexto\u00bb _builder_version=\u00bb4.27.4&#8243; _module_preset=\u00bb_initial\u00bb width=\u00bb77.4%\u00bb max_width=\u00bb75%\u00bb module_alignment=\u00bbleft\u00bb min_height=\u00bb315px\u00bb height=\u00bb339px\u00bb max_height=\u00bb273px\u00bb custom_margin=\u00bb||||false|false\u00bb custom_padding=\u00bb||0px||false|false\u00bb global_colors_info=\u00bb%91%93&#8243;]<\/p>\n<h3><strong>Direcci\u00f3n<\/strong><\/h3>\n<p>Paseo de la Constituci\u00f3n, 12, 3\u00ba<br \/>50008 Zaragoza<\/p>\n<h3><strong>Tel\u00e9fono de contacto:<\/strong><\/h3>\n<p>(34) 976 483 247<\/p>\n<h3><strong>E-mail:<\/strong><\/h3>\n<p><a href=\"mailto:archivohistorico@aragon.ccoo.es\">archivohistorico@aragon.ccoo.es<\/a><\/p>\n<p>&nbsp;<\/p>\n<h3><strong>Sitio web del archivo<\/strong><\/h3>\n<p>[\/et_pb_text][\/et_pb_column][et_pb_column type=\u00bb1_4&#8243; _builder_version=\u00bb4.27.0&#8243; _module_preset=\u00bbdefault\u00bb global_colors_info=\u00bb{}\u00bb][et_pb_text _builder_version=\u00bb4.27.4&#8243; _module_preset=\u00bb_initial\u00bb custom_margin=\u00bb||||false|false\u00bb custom_margin_tablet=\u00bb|||0px|false|false\u00bb custom_margin_phone=\u00bb|||0px|false|false\u00bb custom_margin_last_edited=\u00bbon|tablet\u00bb custom_padding=\u00bb||||false|false\u00bb global_colors_info=\u00bb%91%93&#8243;]<\/p>\n<h3><strong><a href=\"https:\/\/culturadearagon.es\/archivo\/servicios\/\" target=\"_blank\" rel=\"noopener\">Servicios<\/a><\/strong><\/h3>\n<p><strong>\u00a0<\/strong><\/p>\n<p>&nbsp;<\/p>\n<p>&nbsp;<\/p>\n<p>[\/et_pb_text][\/et_pb_column][et_pb_column type=\u00bb1_4&#8243; _builder_version=\u00bb4.27.0&#8243; _module_preset=\u00bbdefault\u00bb custom_padding=\u00bb||||false|false\u00bb global_colors_info=\u00bb{}\u00bb][et_pb_text _builder_version=\u00bb4.27.4&#8243; _module_preset=\u00bb_initial\u00bb custom_margin=\u00bb||||false|false\u00bb custom_margin_tablet=\u00bb|||0px|false|false\u00bb custom_margin_phone=\u00bb|||0px|false|false\u00bb custom_margin_last_edited=\u00bbon|desktop\u00bb global_colors_info=\u00bb%91%93&#8243;]<\/p>\n<h3><strong>Bibliograf\u00eda<\/strong><\/h3>\n<ul><\/ul>\n<h3><\/h3>\n<p>[\/et_pb_text][\/et_pb_column][\/et_pb_row][\/et_pb_section]<\/p>\n","protected":false},"excerpt":{"rendered":"<p>A finales de la d\u00e9cada de los ochenta se pone en marcha a nivel confederal la recuperaci\u00f3n de los archivos de CCOO para su incorporaci\u00f3n al patrimonio documental del estado espa\u00f1ol. Este trabajo comenzado y coordinado por la Fundaci\u00f3n 1\u00ba de mayo propuso a su vez la incorporaci\u00f3n de las organizaciones territoriales al proyecto, siendo [&hellip;]<\/p>\n","protected":false},"author":1,"featured_media":6020,"parent":0,"menu_order":0,"comment_status":"closed","ping_status":"closed","template":"","meta":{"_et_pb_use_builder":"on","_et_pb_old_content":"","_et_gb_content_width":"","om_disable_all_campaigns":false,"_monsterinsights_skip_tracking":false,"_monsterinsights_sitenote_active":false,"_monsterinsights_sitenote_note":"","_monsterinsights_sitenote_category":0,"_uf_show_specific_survey":0,"_uf_disable_surveys":false,"footnotes":""},"class_list":["post-8018","page","type-page","status-publish","has-post-thumbnail","hentry"],"yoast_head":"<!-- This site is optimized with the Yoast SEO plugin v27.5 - https:\/\/yoast.com\/product\/yoast-seo-wordpress\/ -->\n<title>CCOO ARAG\u00d3N - Fundaci\u00f3n Sindicalismo y Cultural - DARA GENERAL<\/title>\n<meta name=\"robots\" content=\"index, follow, max-snippet:-1, max-image-preview:large, max-video-preview:-1\" \/>\n<link rel=\"canonical\" href=\"https:\/\/dara.aragon.es\/dara\/ccoo-aragon-fundacion-sindicalismo-y-cultural\/\" \/>\n<meta property=\"og:locale\" content=\"es_ES\" \/>\n<meta property=\"og:type\" content=\"article\" \/>\n<meta property=\"og:title\" content=\"CCOO ARAG\u00d3N - Fundaci\u00f3n Sindicalismo y Cultural - DARA GENERAL\" \/>\n<meta property=\"og:description\" content=\"A finales de la d\u00e9cada de los ochenta se pone en marcha a nivel confederal la recuperaci\u00f3n de los archivos de CCOO para su incorporaci\u00f3n al patrimonio documental del estado espa\u00f1ol. Este trabajo comenzado y coordinado por la Fundaci\u00f3n 1\u00ba de mayo propuso a su vez la incorporaci\u00f3n de las organizaciones territoriales al proyecto, siendo [&hellip;]\" \/>\n<meta property=\"og:url\" content=\"https:\/\/dara.aragon.es\/dara\/ccoo-aragon-fundacion-sindicalismo-y-cultural\/\" \/>\n<meta property=\"og:site_name\" content=\"DARA GENERAL\" \/>\n<meta property=\"article:modified_time\" content=\"2024-12-20T10:40:48+00:00\" \/>\n<meta property=\"og:image\" content=\"https:\/\/dara.aragon.es\/dara\/wp-content\/uploads\/2024\/10\/casaganaderosfachada3.jpg\" \/>\n\t<meta property=\"og:image:width\" content=\"208\" \/>\n\t<meta property=\"og:image:height\" content=\"256\" \/>\n\t<meta property=\"og:image:type\" content=\"image\/jpeg\" \/>\n<meta name=\"twitter:card\" content=\"summary_large_image\" \/>\n<meta name=\"twitter:label1\" content=\"Tiempo de lectura\" \/>\n\t<meta name=\"twitter:data1\" content=\"10 minutos\" \/>\n<script type=\"application\/ld+json\" class=\"yoast-schema-graph\">{\"@context\":\"https:\\\/\\\/schema.org\",\"@graph\":[{\"@type\":\"WebPage\",\"@id\":\"https:\\\/\\\/dara.aragon.es\\\/dara\\\/ccoo-aragon-fundacion-sindicalismo-y-cultural\\\/\",\"url\":\"https:\\\/\\\/dara.aragon.es\\\/dara\\\/ccoo-aragon-fundacion-sindicalismo-y-cultural\\\/\",\"name\":\"CCOO ARAG\u00d3N - Fundaci\u00f3n Sindicalismo y Cultural - DARA GENERAL\",\"isPartOf\":{\"@id\":\"https:\\\/\\\/dara.aragon.es\\\/dara\\\/#website\"},\"primaryImageOfPage\":{\"@id\":\"https:\\\/\\\/dara.aragon.es\\\/dara\\\/ccoo-aragon-fundacion-sindicalismo-y-cultural\\\/#primaryimage\"},\"image\":{\"@id\":\"https:\\\/\\\/dara.aragon.es\\\/dara\\\/ccoo-aragon-fundacion-sindicalismo-y-cultural\\\/#primaryimage\"},\"thumbnailUrl\":\"https:\\\/\\\/dara.aragon.es\\\/dara\\\/wp-content\\\/uploads\\\/2024\\\/10\\\/casaganaderosfachada3.jpg\",\"datePublished\":\"2024-12-05T11:39:33+00:00\",\"dateModified\":\"2024-12-20T10:40:48+00:00\",\"breadcrumb\":{\"@id\":\"https:\\\/\\\/dara.aragon.es\\\/dara\\\/ccoo-aragon-fundacion-sindicalismo-y-cultural\\\/#breadcrumb\"},\"inLanguage\":\"es\",\"potentialAction\":[{\"@type\":\"ReadAction\",\"target\":[\"https:\\\/\\\/dara.aragon.es\\\/dara\\\/ccoo-aragon-fundacion-sindicalismo-y-cultural\\\/\"]}]},{\"@type\":\"ImageObject\",\"inLanguage\":\"es\",\"@id\":\"https:\\\/\\\/dara.aragon.es\\\/dara\\\/ccoo-aragon-fundacion-sindicalismo-y-cultural\\\/#primaryimage\",\"url\":\"https:\\\/\\\/dara.aragon.es\\\/dara\\\/wp-content\\\/uploads\\\/2024\\\/10\\\/casaganaderosfachada3.jpg\",\"contentUrl\":\"https:\\\/\\\/dara.aragon.es\\\/dara\\\/wp-content\\\/uploads\\\/2024\\\/10\\\/casaganaderosfachada3.jpg\",\"width\":208,\"height\":256},{\"@type\":\"BreadcrumbList\",\"@id\":\"https:\\\/\\\/dara.aragon.es\\\/dara\\\/ccoo-aragon-fundacion-sindicalismo-y-cultural\\\/#breadcrumb\",\"itemListElement\":[{\"@type\":\"ListItem\",\"position\":1,\"name\":\"Portada\",\"item\":\"https:\\\/\\\/dara.aragon.es\\\/dara\\\/\"},{\"@type\":\"ListItem\",\"position\":2,\"name\":\"CCOO ARAG\u00d3N &#8211; Fundaci\u00f3n Sindicalismo y Cultural\"}]},{\"@type\":\"WebSite\",\"@id\":\"https:\\\/\\\/dara.aragon.es\\\/dara\\\/#website\",\"url\":\"https:\\\/\\\/dara.aragon.es\\\/dara\\\/\",\"name\":\"DARA GENERAL\",\"description\":\"Documentos y archivos de Arag\u00f3n\",\"potentialAction\":[{\"@type\":\"SearchAction\",\"target\":{\"@type\":\"EntryPoint\",\"urlTemplate\":\"https:\\\/\\\/dara.aragon.es\\\/dara\\\/?s={search_term_string}\"},\"query-input\":{\"@type\":\"PropertyValueSpecification\",\"valueRequired\":true,\"valueName\":\"search_term_string\"}}],\"inLanguage\":\"es\"}]}<\/script>\n<!-- \/ Yoast SEO plugin. -->","yoast_head_json":{"title":"CCOO ARAG\u00d3N - Fundaci\u00f3n Sindicalismo y Cultural - DARA GENERAL","robots":{"index":"index","follow":"follow","max-snippet":"max-snippet:-1","max-image-preview":"max-image-preview:large","max-video-preview":"max-video-preview:-1"},"canonical":"https:\/\/dara.aragon.es\/dara\/ccoo-aragon-fundacion-sindicalismo-y-cultural\/","og_locale":"es_ES","og_type":"article","og_title":"CCOO ARAG\u00d3N - Fundaci\u00f3n Sindicalismo y Cultural - DARA GENERAL","og_description":"A finales de la d\u00e9cada de los ochenta se pone en marcha a nivel confederal la recuperaci\u00f3n de los archivos de CCOO para su incorporaci\u00f3n al patrimonio documental del estado espa\u00f1ol. Este trabajo comenzado y coordinado por la Fundaci\u00f3n 1\u00ba de mayo propuso a su vez la incorporaci\u00f3n de las organizaciones territoriales al proyecto, siendo [&hellip;]","og_url":"https:\/\/dara.aragon.es\/dara\/ccoo-aragon-fundacion-sindicalismo-y-cultural\/","og_site_name":"DARA GENERAL","article_modified_time":"2024-12-20T10:40:48+00:00","og_image":[{"width":208,"height":256,"url":"https:\/\/dara.aragon.es\/dara\/wp-content\/uploads\/2024\/10\/casaganaderosfachada3.jpg","type":"image\/jpeg"}],"twitter_card":"summary_large_image","twitter_misc":{"Tiempo de lectura":"10 minutos"},"schema":{"@context":"https:\/\/schema.org","@graph":[{"@type":"WebPage","@id":"https:\/\/dara.aragon.es\/dara\/ccoo-aragon-fundacion-sindicalismo-y-cultural\/","url":"https:\/\/dara.aragon.es\/dara\/ccoo-aragon-fundacion-sindicalismo-y-cultural\/","name":"CCOO ARAG\u00d3N - Fundaci\u00f3n Sindicalismo y Cultural - DARA GENERAL","isPartOf":{"@id":"https:\/\/dara.aragon.es\/dara\/#website"},"primaryImageOfPage":{"@id":"https:\/\/dara.aragon.es\/dara\/ccoo-aragon-fundacion-sindicalismo-y-cultural\/#primaryimage"},"image":{"@id":"https:\/\/dara.aragon.es\/dara\/ccoo-aragon-fundacion-sindicalismo-y-cultural\/#primaryimage"},"thumbnailUrl":"https:\/\/dara.aragon.es\/dara\/wp-content\/uploads\/2024\/10\/casaganaderosfachada3.jpg","datePublished":"2024-12-05T11:39:33+00:00","dateModified":"2024-12-20T10:40:48+00:00","breadcrumb":{"@id":"https:\/\/dara.aragon.es\/dara\/ccoo-aragon-fundacion-sindicalismo-y-cultural\/#breadcrumb"},"inLanguage":"es","potentialAction":[{"@type":"ReadAction","target":["https:\/\/dara.aragon.es\/dara\/ccoo-aragon-fundacion-sindicalismo-y-cultural\/"]}]},{"@type":"ImageObject","inLanguage":"es","@id":"https:\/\/dara.aragon.es\/dara\/ccoo-aragon-fundacion-sindicalismo-y-cultural\/#primaryimage","url":"https:\/\/dara.aragon.es\/dara\/wp-content\/uploads\/2024\/10\/casaganaderosfachada3.jpg","contentUrl":"https:\/\/dara.aragon.es\/dara\/wp-content\/uploads\/2024\/10\/casaganaderosfachada3.jpg","width":208,"height":256},{"@type":"BreadcrumbList","@id":"https:\/\/dara.aragon.es\/dara\/ccoo-aragon-fundacion-sindicalismo-y-cultural\/#breadcrumb","itemListElement":[{"@type":"ListItem","position":1,"name":"Portada","item":"https:\/\/dara.aragon.es\/dara\/"},{"@type":"ListItem","position":2,"name":"CCOO ARAG\u00d3N &#8211; Fundaci\u00f3n Sindicalismo y Cultural"}]},{"@type":"WebSite","@id":"https:\/\/dara.aragon.es\/dara\/#website","url":"https:\/\/dara.aragon.es\/dara\/","name":"DARA GENERAL","description":"Documentos y archivos de Arag\u00f3n","potentialAction":[{"@type":"SearchAction","target":{"@type":"EntryPoint","urlTemplate":"https:\/\/dara.aragon.es\/dara\/?s={search_term_string}"},"query-input":{"@type":"PropertyValueSpecification","valueRequired":true,"valueName":"search_term_string"}}],"inLanguage":"es"}]}},"_links":{"self":[{"href":"https:\/\/dara.aragon.es\/dara\/wp-json\/wp\/v2\/pages\/8018","targetHints":{"allow":["GET"]}}],"collection":[{"href":"https:\/\/dara.aragon.es\/dara\/wp-json\/wp\/v2\/pages"}],"about":[{"href":"https:\/\/dara.aragon.es\/dara\/wp-json\/wp\/v2\/types\/page"}],"author":[{"embeddable":true,"href":"https:\/\/dara.aragon.es\/dara\/wp-json\/wp\/v2\/users\/1"}],"replies":[{"embeddable":true,"href":"https:\/\/dara.aragon.es\/dara\/wp-json\/wp\/v2\/comments?post=8018"}],"version-history":[{"count":0,"href":"https:\/\/dara.aragon.es\/dara\/wp-json\/wp\/v2\/pages\/8018\/revisions"}],"wp:featuredmedia":[{"embeddable":true,"href":"https:\/\/dara.aragon.es\/dara\/wp-json\/wp\/v2\/media\/6020"}],"wp:attachment":[{"href":"https:\/\/dara.aragon.es\/dara\/wp-json\/wp\/v2\/media?parent=8018"}],"curies":[{"name":"wp","href":"https:\/\/api.w.org\/{rel}","templated":true}]}}